{"id":16445,"date":"2025-11-24T15:37:27","date_gmt":"2025-11-24T14:37:27","guid":{"rendered":"https:\/\/alejandro-gomez-weddings.com\/?page_id=16445"},"modified":"2025-11-24T17:23:39","modified_gmt":"2025-11-24T16:23:39","slug":"blog-villa-wenkenhof-basel-viviansantiago","status":"publish","type":"page","link":"https:\/\/alejandro-gomez-weddings.com\/es\/blog-villa-wenkenhof-basel-viviansantiago\/","title":{"rendered":"BLOG &#8211; VILLA WENKENHOF, BASEL &#8211; Vivian&amp;Santiago"},"content":{"rendered":"<style>.wp-block-kadence-advancedheading.kt-adv-heading15057_f26c51-9b, .wp-block-kadence-advancedheading.kt-adv-heading15057_f26c51-9b[data-kb-block=\"kb-adv-heading15057_f26c51-9b\"]{text-align:center;font-size:var(--global-kb-font-size-xxl, 4rem);font-style:normal;}.wp-block-kadence-advancedheading.kt-adv-heading15057_f26c51-9b mark.kt-highlight, .wp-block-kadence-advancedheading.kt-adv-heading15057_f26c51-9b[data-kb-block=\"kb-adv-heading15057_f26c51-9b\"] mark.kt-highlight{font-style:normal;color:#f76a0c;-webkit-box-decoration-break:clone;box-decoration-break:clone;padding-top:0px;padding-right:0px;padding-bottom:0px;padding-left:0px;}<\/style>\n<h1 class=\"kt-adv-heading15057_f26c51-9b wp-block-kadence-advancedheading\" data-kb-block=\"kb-adv-heading15057_f26c51-9b\">BODA EN VILLA WENKENHOF, BASILEA<\/h1>\n<style>.kb-row-layout-id15057_94c147-25 > .kt-row-column-wrap{align-content:start;}:where(.kb-row-layout-id15057_94c147-25 > .kt-row-column-wrap) > .wp-block-kadence-column{justify-content:start;}.kb-row-layout-id15057_94c147-25 > .kt-row-column-wrap{column-gap:var(--global-kb-gap-md, 2rem);row-gap:var(--global-kb-gap-md, 2rem);padding-top:var(--global-kb-spacing-sm, 1.5rem);padding-bottom:var(--global-kb-spacing-sm, 1.5rem);grid-template-columns:minmax(0, 1fr);}.kb-row-layout-id15057_94c147-25 > .kt-row-layout-overlay{opacity:0.30;}@media all and (max-width: 1024px){.kb-row-layout-id15057_94c147-25 > .kt-row-column-wrap{grid-template-columns:minmax(0, 1fr);}}@media all and (max-width: 767px){.kb-row-layout-id15057_94c147-25 > .kt-row-column-wrap{grid-template-columns:minmax(0, 1fr);}}<\/style><div class=\"kb-row-layout-wrap kb-row-layout-id15057_94c147-25 alignnone wp-block-kadence-rowlayout\"><div class=\"kt-row-column-wrap kt-has-1-columns kt-row-layout-equal kt-tab-layout-inherit kt-mobile-layout-row kt-row-valign-top\">\n<style>.kadence-column15057_32ab60-cd > .kt-inside-inner-col,.kadence-column15057_32ab60-cd > .kt-inside-inner-col:before{border-top-left-radius:0px;border-top-right-radius:0px;border-bottom-right-radius:0px;border-bottom-left-radius:0px;}.kadence-column15057_32ab60-cd > .kt-inside-inner-col{column-gap:var(--global-kb-gap-sm, 1rem);}.kadence-column15057_32ab60-cd > .kt-inside-inner-col{flex-direction:column;}.kadence-column15057_32ab60-cd > .kt-inside-inner-col > .aligncenter{width:100%;}.kadence-column15057_32ab60-cd > .kt-inside-inner-col:before{opacity:0.3;}.kadence-column15057_32ab60-cd{position:relative;}@media all and (max-width: 1024px){.kadence-column15057_32ab60-cd > .kt-inside-inner-col{flex-direction:column;justify-content:center;}}@media all and (max-width: 767px){.kadence-column15057_32ab60-cd > .kt-inside-inner-col{flex-direction:column;justify-content:center;}}<\/style>\n<div class=\"wp-block-kadence-column kadence-column15057_32ab60-cd\"><div class=\"kt-inside-inner-col\"><div class=\"wp-block-image\">\n<figure class=\"aligncenter size-large\"><img loading=\"lazy\" decoding=\"async\" width=\"1024\" height=\"683\" src=\"https:\/\/alejandro-gomez-weddings.com\/wp-content\/uploads\/2025\/11\/2S6A3751-1024x683.jpg\" alt=\"Villa Wenkenhof, Basilea. Novia y novio en el oldtimer \" class=\"wp-image-15424\" srcset=\"https:\/\/alejandro-gomez-weddings.com\/wp-content\/uploads\/2025\/11\/2S6A3751-1024x683.jpg 1024w, https:\/\/alejandro-gomez-weddings.com\/wp-content\/uploads\/2025\/11\/2S6A3751-300x200.jpg 300w, https:\/\/alejandro-gomez-weddings.com\/wp-content\/uploads\/2025\/11\/2S6A3751-768x512.jpg 768w, https:\/\/alejandro-gomez-weddings.com\/wp-content\/uploads\/2025\/11\/2S6A3751-1536x1025.jpg 1536w, https:\/\/alejandro-gomez-weddings.com\/wp-content\/uploads\/2025\/11\/2S6A3751.jpg 2000w\" sizes=\"auto, (max-width: 1024px) 100vw, 1024px\" \/><\/figure>\n<\/div><\/div><\/div>\n\n<\/div><\/div><style>.wp-block-kadence-advancedheading.kt-adv-heading15057_df738a-c4, .wp-block-kadence-advancedheading.kt-adv-heading15057_df738a-c4[data-kb-block=\"kb-adv-heading15057_df738a-c4\"]{text-align:center;font-size:40px;line-height:1.2;font-weight:400;font-style:normal;font-family:'Libre Caslon Display';border-top:30px solid transparent;border-right:30px solid transparent;border-bottom:30px solid transparent;border-left:30px solid transparent;}.wp-block-kadence-advancedheading.kt-adv-heading15057_df738a-c4 mark.kt-highlight, .wp-block-kadence-advancedheading.kt-adv-heading15057_df738a-c4[data-kb-block=\"kb-adv-heading15057_df738a-c4\"] mark.kt-highlight{font-style:normal;color:#f76a0c;-webkit-box-decoration-break:clone;box-decoration-break:clone;padding-top:0px;padding-right:0px;padding-bottom:0px;padding-left:0px;}@media all and (max-width: 1024px){.wp-block-kadence-advancedheading.kt-adv-heading15057_df738a-c4, .wp-block-kadence-advancedheading.kt-adv-heading15057_df738a-c4[data-kb-block=\"kb-adv-heading15057_df738a-c4\"]{border-top:30px solid transparent;border-right:30px solid transparent;border-bottom:30px solid transparent;border-left:30px solid transparent;}}@media all and (max-width: 767px){.wp-block-kadence-advancedheading.kt-adv-heading15057_df738a-c4, .wp-block-kadence-advancedheading.kt-adv-heading15057_df738a-c4[data-kb-block=\"kb-adv-heading15057_df738a-c4\"]{font-size:20px;border-top:30px solid transparent;border-right:30px solid transparent;border-bottom:30px solid transparent;border-left:30px solid transparent;}}<\/style>\n<p class=\"kt-adv-heading15057_df738a-c4 wp-block-kadence-advancedheading\" data-kb-block=\"kb-adv-heading15057_df738a-c4\">Algunas bodas se sienten como una c\u00e1lida noche de finales de verano que nunca quieres que termine.<br\/>La celebraci\u00f3n chilena-espa\u00f1ola-italiana de Vivian y Santiago en Villa Wenkenhof fue precisamente as\u00ed: un d\u00eda lleno de luz, emoci\u00f3n, alegr\u00eda y con una pista de baile que nunca par\u00f3.<\/p>\n<style>.wp-block-kadence-advancedheading.kt-adv-heading15057_361d77-04, .wp-block-kadence-advancedheading.kt-adv-heading15057_361d77-04[data-kb-block=\"kb-adv-heading15057_361d77-04\"]{text-align:center;font-size:40px;line-height:1.2;font-weight:400;font-style:normal;font-family:'Libre Caslon Display';border-top:40px solid transparent;border-right:40px solid transparent;border-bottom:40px solid transparent;border-left:40px solid transparent;}.wp-block-kadence-advancedheading.kt-adv-heading15057_361d77-04 mark.kt-highlight, .wp-block-kadence-advancedheading.kt-adv-heading15057_361d77-04[data-kb-block=\"kb-adv-heading15057_361d77-04\"] mark.kt-highlight{font-style:normal;color:#f76a0c;-webkit-box-decoration-break:clone;box-decoration-break:clone;padding-top:0px;padding-right:0px;padding-bottom:0px;padding-left:0px;}@media all and (max-width: 1024px){.wp-block-kadence-advancedheading.kt-adv-heading15057_361d77-04, .wp-block-kadence-advancedheading.kt-adv-heading15057_361d77-04[data-kb-block=\"kb-adv-heading15057_361d77-04\"]{border-top:40px solid transparent;border-right:40px solid transparent;border-bottom:40px solid transparent;border-left:40px solid transparent;}}@media all and (max-width: 767px){.wp-block-kadence-advancedheading.kt-adv-heading15057_361d77-04, .wp-block-kadence-advancedheading.kt-adv-heading15057_361d77-04[data-kb-block=\"kb-adv-heading15057_361d77-04\"]{font-size:20px;border-top:40px solid transparent;border-right:40px solid transparent;border-bottom:40px solid transparent;border-left:40px solid transparent;}}<\/style>\n<p class=\"kt-adv-heading15057_361d77-04 wp-block-kadence-advancedheading\" data-kb-block=\"kb-adv-heading15057_361d77-04\">Una ceremonia religiosa en la hermosa iglesia de Arlesheim, seguida de una elegante recepci\u00f3n en Villa Wenkenhof en Riehen, cerca de Basilea. Rodeados de familiares que hab\u00edan viajado desde muy lejos, finalmente celebraron la boda religiosa con la que hab\u00edan so\u00f1ado durante tanto tiempo. <\/p>\n<style>.wp-block-kadence-advancedheading.kt-adv-heading15057_464c0f-22, .wp-block-kadence-advancedheading.kt-adv-heading15057_464c0f-22[data-kb-block=\"kb-adv-heading15057_464c0f-22\"]{text-align:center;font-size:40px;line-height:1.2;font-weight:400;font-style:normal;font-family:'Libre Caslon Display';border-top:30px solid transparent;border-right:30px solid transparent;border-bottom:30px solid transparent;border-left:30px solid transparent;}.wp-block-kadence-advancedheading.kt-adv-heading15057_464c0f-22 mark.kt-highlight, .wp-block-kadence-advancedheading.kt-adv-heading15057_464c0f-22[data-kb-block=\"kb-adv-heading15057_464c0f-22\"] mark.kt-highlight{font-style:normal;color:#f76a0c;-webkit-box-decoration-break:clone;box-decoration-break:clone;padding-top:0px;padding-right:0px;padding-bottom:0px;padding-left:0px;}@media all and (max-width: 1024px){.wp-block-kadence-advancedheading.kt-adv-heading15057_464c0f-22, .wp-block-kadence-advancedheading.kt-adv-heading15057_464c0f-22[data-kb-block=\"kb-adv-heading15057_464c0f-22\"]{border-top:30px solid transparent;border-right:30px solid transparent;border-bottom:30px solid transparent;border-left:30px solid transparent;}}@media all and (max-width: 767px){.wp-block-kadence-advancedheading.kt-adv-heading15057_464c0f-22, .wp-block-kadence-advancedheading.kt-adv-heading15057_464c0f-22[data-kb-block=\"kb-adv-heading15057_464c0f-22\"]{font-size:20px;border-top:30px solid transparent;border-right:30px solid transparent;border-bottom:30px solid transparent;border-left:30px solid transparent;}}<\/style>\n<p class=\"kt-adv-heading15057_464c0f-22 wp-block-kadence-advancedheading\" data-kb-block=\"kb-adv-heading15057_464c0f-22\">Aqu\u00ed podr\u00e1s adentrarte en su d\u00eda a d\u00eda a trav\u00e9s de fotograf\u00edas y v\u00eddeos: desde los tranquilos preparativos, hasta la luz dorada en los jardines, pasando por la animada fiesta latino-italiana por la noche.<\/p>\n\n<p><\/p>\n<style>.wp-block-kadence-advancedheading.kt-adv-heading15057_4456bb-b7, .wp-block-kadence-advancedheading.kt-adv-heading15057_4456bb-b7[data-kb-block=\"kb-adv-heading15057_4456bb-b7\"]{text-align:center;font-size:60px;font-style:normal;text-transform:uppercase;}.wp-block-kadence-advancedheading.kt-adv-heading15057_4456bb-b7 mark.kt-highlight, .wp-block-kadence-advancedheading.kt-adv-heading15057_4456bb-b7[data-kb-block=\"kb-adv-heading15057_4456bb-b7\"] mark.kt-highlight{font-style:normal;color:#f76a0c;-webkit-box-decoration-break:clone;box-decoration-break:clone;padding-top:0px;padding-right:0px;padding-bottom:0px;padding-left:0px;}@media all and (max-width: 767px){.wp-block-kadence-advancedheading.kt-adv-heading15057_4456bb-b7, .wp-block-kadence-advancedheading.kt-adv-heading15057_4456bb-b7[data-kb-block=\"kb-adv-heading15057_4456bb-b7\"]{font-size:30px;}}<\/style>\n<h2 class=\"kt-adv-heading15057_4456bb-b7 wp-block-kadence-advancedheading\" data-kb-block=\"kb-adv-heading15057_4456bb-b7\">Una rom\u00e1ntica boda a finales de septiembre en Villa Wenkenhof<\/h2>\n<style>.wp-block-kadence-advancedheading.kt-adv-heading15057_0b6d5c-20, .wp-block-kadence-advancedheading.kt-adv-heading15057_0b6d5c-20[data-kb-block=\"kb-adv-heading15057_0b6d5c-20\"]{text-align:center;font-size:40px;line-height:1.2;font-weight:400;font-style:normal;font-family:'Libre Caslon Display';border-top:30px solid transparent;border-right:30px solid transparent;border-bottom:30px solid transparent;border-left:30px solid transparent;}.wp-block-kadence-advancedheading.kt-adv-heading15057_0b6d5c-20 mark.kt-highlight, .wp-block-kadence-advancedheading.kt-adv-heading15057_0b6d5c-20[data-kb-block=\"kb-adv-heading15057_0b6d5c-20\"] mark.kt-highlight{font-style:normal;color:#f76a0c;-webkit-box-decoration-break:clone;box-decoration-break:clone;padding-top:0px;padding-right:0px;padding-bottom:0px;padding-left:0px;}@media all and (max-width: 1024px){.wp-block-kadence-advancedheading.kt-adv-heading15057_0b6d5c-20, .wp-block-kadence-advancedheading.kt-adv-heading15057_0b6d5c-20[data-kb-block=\"kb-adv-heading15057_0b6d5c-20\"]{border-top:30px solid transparent;border-right:30px solid transparent;border-bottom:30px solid transparent;border-left:30px solid transparent;}}@media all and (max-width: 767px){.wp-block-kadence-advancedheading.kt-adv-heading15057_0b6d5c-20, .wp-block-kadence-advancedheading.kt-adv-heading15057_0b6d5c-20[data-kb-block=\"kb-adv-heading15057_0b6d5c-20\"]{font-size:20px;border-top:30px solid transparent;border-right:30px solid transparent;border-bottom:30px solid transparent;border-left:30px solid transparent;}}<\/style>\n<p class=\"kt-adv-heading15057_0b6d5c-20 wp-block-kadence-advancedheading\" data-kb-block=\"kb-adv-heading15057_0b6d5c-20\">Vivian y Santiago eligieron Villa Wenkenhof para su recepci\u00f3n: una villa hist\u00f3rica rodeada de jardines impecables, estatuas y vistas que ya de por s\u00ed parecen un escenario de pel\u00edcula. Incluso con una decoraci\u00f3n sencilla, el lugar en s\u00ed aport\u00f3 much\u00edsima personalidad y belleza al d\u00eda. <\/p>\n<style>.wp-block-kadence-advancedheading.kt-adv-heading15057_ff1448-48, .wp-block-kadence-advancedheading.kt-adv-heading15057_ff1448-48[data-kb-block=\"kb-adv-heading15057_ff1448-48\"]{text-align:center;font-size:40px;line-height:1.2;font-weight:400;font-style:normal;font-family:'Libre Caslon Display';border-top:30px solid transparent;border-right:30px solid transparent;border-bottom:30px solid transparent;border-left:30px solid transparent;}.wp-block-kadence-advancedheading.kt-adv-heading15057_ff1448-48 mark.kt-highlight, .wp-block-kadence-advancedheading.kt-adv-heading15057_ff1448-48[data-kb-block=\"kb-adv-heading15057_ff1448-48\"] mark.kt-highlight{font-style:normal;color:#f76a0c;-webkit-box-decoration-break:clone;box-decoration-break:clone;padding-top:0px;padding-right:0px;padding-bottom:0px;padding-left:0px;}@media all and (max-width: 1024px){.wp-block-kadence-advancedheading.kt-adv-heading15057_ff1448-48, .wp-block-kadence-advancedheading.kt-adv-heading15057_ff1448-48[data-kb-block=\"kb-adv-heading15057_ff1448-48\"]{border-top:30px solid transparent;border-right:30px solid transparent;border-bottom:30px solid transparent;border-left:30px solid transparent;}}@media all and (max-width: 767px){.wp-block-kadence-advancedheading.kt-adv-heading15057_ff1448-48, .wp-block-kadence-advancedheading.kt-adv-heading15057_ff1448-48[data-kb-block=\"kb-adv-heading15057_ff1448-48\"]{font-size:20px;border-top:30px solid transparent;border-right:30px solid transparent;border-bottom:30px solid transparent;border-left:30px solid transparent;}}<\/style>\n<p class=\"kt-adv-heading15057_ff1448-48 wp-block-kadence-advancedheading\" data-kb-block=\"kb-adv-heading15057_ff1448-48\">Su boda tuvo lugar el 27 de septiembre, un soleado d\u00eda de finales de verano. La luz era suave y c\u00e1lida, perfecta para capturar momentos emotivos en el jard\u00edn, con la villa de fondo y los invitados de Chile, Espa\u00f1a e Italia compartiendo historias, abrazos y risas. <\/p>\n<style>.wp-block-kadence-advancedheading.kt-adv-heading15057_c3bfd0-f2, .wp-block-kadence-advancedheading.kt-adv-heading15057_c3bfd0-f2[data-kb-block=\"kb-adv-heading15057_c3bfd0-f2\"]{text-align:center;font-size:40px;line-height:1.2;font-weight:400;font-style:normal;font-family:'Libre Caslon Display';border-top:30px solid transparent;border-right:30px solid transparent;border-bottom:30px solid transparent;border-left:30px solid transparent;}.wp-block-kadence-advancedheading.kt-adv-heading15057_c3bfd0-f2 mark.kt-highlight, .wp-block-kadence-advancedheading.kt-adv-heading15057_c3bfd0-f2[data-kb-block=\"kb-adv-heading15057_c3bfd0-f2\"] mark.kt-highlight{font-style:normal;color:#f76a0c;-webkit-box-decoration-break:clone;box-decoration-break:clone;padding-top:0px;padding-right:0px;padding-bottom:0px;padding-left:0px;}@media all and (max-width: 1024px){.wp-block-kadence-advancedheading.kt-adv-heading15057_c3bfd0-f2, .wp-block-kadence-advancedheading.kt-adv-heading15057_c3bfd0-f2[data-kb-block=\"kb-adv-heading15057_c3bfd0-f2\"]{border-top:30px solid transparent;border-right:30px solid transparent;border-bottom:30px solid transparent;border-left:30px solid transparent;}}@media all and (max-width: 767px){.wp-block-kadence-advancedheading.kt-adv-heading15057_c3bfd0-f2, .wp-block-kadence-advancedheading.kt-adv-heading15057_c3bfd0-f2[data-kb-block=\"kb-adv-heading15057_c3bfd0-f2\"]{font-size:20px;border-top:30px solid transparent;border-right:30px solid transparent;border-bottom:30px solid transparent;border-left:30px solid transparent;}}<\/style>\n<p class=\"kt-adv-heading15057_c3bfd0-f2 wp-block-kadence-advancedheading\" data-kb-block=\"kb-adv-heading15057_c3bfd0-f2\">Desde los primeros mensajes, qued\u00f3 claro cu\u00e1nto se quer\u00edan y lo importante que era este d\u00eda para ellos como familia. Se les ve muy cari\u00f1osos juntos, r\u00eden mucho y su hija es una parte fundamental de su vida y su historia; algo que se refleja de forma natural en las fotos y el v\u00eddeo. <\/p>\n<style>.wp-block-kadence-advancedheading.kt-adv-heading15057_a5a5a9-28, .wp-block-kadence-advancedheading.kt-adv-heading15057_a5a5a9-28[data-kb-block=\"kb-adv-heading15057_a5a5a9-28\"]{text-align:center;font-size:60px;font-style:normal;text-transform:uppercase;}.wp-block-kadence-advancedheading.kt-adv-heading15057_a5a5a9-28 mark.kt-highlight, .wp-block-kadence-advancedheading.kt-adv-heading15057_a5a5a9-28[data-kb-block=\"kb-adv-heading15057_a5a5a9-28\"] mark.kt-highlight{font-style:normal;color:#f76a0c;-webkit-box-decoration-break:clone;box-decoration-break:clone;padding-top:0px;padding-right:0px;padding-bottom:0px;padding-left:0px;}@media all and (max-width: 767px){.wp-block-kadence-advancedheading.kt-adv-heading15057_a5a5a9-28, .wp-block-kadence-advancedheading.kt-adv-heading15057_a5a5a9-28[data-kb-block=\"kb-adv-heading15057_a5a5a9-28\"]{font-size:30px;}}<\/style>\n<h2 class=\"kt-adv-heading15057_a5a5a9-28 wp-block-kadence-advancedheading\" data-kb-block=\"kb-adv-heading15057_a5a5a9-28\">Preparativos: las emociones se acumulan en casa<\/h2>\n<style>.wp-block-kadence-advancedheading.kt-adv-heading15057_648f6c-a2, .wp-block-kadence-advancedheading.kt-adv-heading15057_648f6c-a2[data-kb-block=\"kb-adv-heading15057_648f6c-a2\"]{text-align:center;font-size:40px;line-height:1.2;font-weight:400;font-style:normal;font-family:'Libre Caslon Display';border-top:30px solid transparent;border-right:30px solid transparent;border-bottom:30px solid transparent;border-left:30px solid transparent;}.wp-block-kadence-advancedheading.kt-adv-heading15057_648f6c-a2 mark.kt-highlight, .wp-block-kadence-advancedheading.kt-adv-heading15057_648f6c-a2[data-kb-block=\"kb-adv-heading15057_648f6c-a2\"] mark.kt-highlight{font-style:normal;color:#f76a0c;-webkit-box-decoration-break:clone;box-decoration-break:clone;padding-top:0px;padding-right:0px;padding-bottom:0px;padding-left:0px;}@media all and (max-width: 1024px){.wp-block-kadence-advancedheading.kt-adv-heading15057_648f6c-a2, .wp-block-kadence-advancedheading.kt-adv-heading15057_648f6c-a2[data-kb-block=\"kb-adv-heading15057_648f6c-a2\"]{border-top:30px solid transparent;border-right:30px solid transparent;border-bottom:30px solid transparent;border-left:30px solid transparent;}}@media all and (max-width: 767px){.wp-block-kadence-advancedheading.kt-adv-heading15057_648f6c-a2, .wp-block-kadence-advancedheading.kt-adv-heading15057_648f6c-a2[data-kb-block=\"kb-adv-heading15057_648f6c-a2\"]{font-size:20px;border-top:30px solid transparent;border-right:30px solid transparent;border-bottom:30px solid transparent;border-left:30px solid transparent;}}<\/style>\n<p class=\"kt-adv-heading15057_648f6c-a2 wp-block-kadence-advancedheading\" data-kb-block=\"kb-adv-heading15057_648f6c-a2\">El d\u00eda comenz\u00f3 de una forma muy \u00edntima: Vivian prepar\u00e1ndose en casa.<br\/>Rodeada de paredes familiares y objetos cotidianos, esta parte del d\u00eda estuvo llena de anticipaci\u00f3n y emoci\u00f3n.<\/p>\n<style>.wp-block-kadence-advancedheading.kt-adv-heading15057_f77efb-4d, .wp-block-kadence-advancedheading.kt-adv-heading15057_f77efb-4d[data-kb-block=\"kb-adv-heading15057_f77efb-4d\"]{text-align:center;font-size:40px;line-height:1.2;font-weight:400;font-style:normal;font-family:'Libre Caslon Display';border-top:30px solid transparent;border-right:30px solid transparent;border-bottom:30px solid transparent;border-left:30px solid transparent;}.wp-block-kadence-advancedheading.kt-adv-heading15057_f77efb-4d mark.kt-highlight, .wp-block-kadence-advancedheading.kt-adv-heading15057_f77efb-4d[data-kb-block=\"kb-adv-heading15057_f77efb-4d\"] mark.kt-highlight{font-style:normal;color:#f76a0c;-webkit-box-decoration-break:clone;box-decoration-break:clone;padding-top:0px;padding-right:0px;padding-bottom:0px;padding-left:0px;}@media all and (max-width: 1024px){.wp-block-kadence-advancedheading.kt-adv-heading15057_f77efb-4d, .wp-block-kadence-advancedheading.kt-adv-heading15057_f77efb-4d[data-kb-block=\"kb-adv-heading15057_f77efb-4d\"]{border-top:30px solid transparent;border-right:30px solid transparent;border-bottom:30px solid transparent;border-left:30px solid transparent;}}@media all and (max-width: 767px){.wp-block-kadence-advancedheading.kt-adv-heading15057_f77efb-4d, .wp-block-kadence-advancedheading.kt-adv-heading15057_f77efb-4d[data-kb-block=\"kb-adv-heading15057_f77efb-4d\"]{font-size:20px;border-top:30px solid transparent;border-right:30px solid transparent;border-bottom:30px solid transparent;border-left:30px solid transparent;}}<\/style>\n<p class=\"kt-adv-heading15057_f77efb-4d wp-block-kadence-advancedheading\" data-kb-block=\"kb-adv-heading15057_f77efb-4d\">Mientras se pon\u00eda el vestido y los zapatos, se pod\u00eda ver en su rostro la mezcla de nervios, alegr\u00eda y la certeza de que \u00abhoy por fin es el d\u00eda\u00bb. Son momentos tranquilos, pero llenos de emoci\u00f3n: las manos ajustando los detalles, las respiraciones profundas, las peque\u00f1as sonrisas frente al espejo. <\/p>\n<style>.wp-block-kadence-advancedheading.kt-adv-heading15057_8d8ca3-bd, .wp-block-kadence-advancedheading.kt-adv-heading15057_8d8ca3-bd[data-kb-block=\"kb-adv-heading15057_8d8ca3-bd\"]{text-align:center;font-size:40px;line-height:1.2;font-weight:400;font-style:normal;font-family:'Libre Caslon Display';border-top:30px solid transparent;border-right:30px solid transparent;border-bottom:30px solid transparent;border-left:30px solid transparent;}.wp-block-kadence-advancedheading.kt-adv-heading15057_8d8ca3-bd mark.kt-highlight, .wp-block-kadence-advancedheading.kt-adv-heading15057_8d8ca3-bd[data-kb-block=\"kb-adv-heading15057_8d8ca3-bd\"] mark.kt-highlight{font-style:normal;color:#f76a0c;-webkit-box-decoration-break:clone;box-decoration-break:clone;padding-top:0px;padding-right:0px;padding-bottom:0px;padding-left:0px;}@media all and (max-width: 1024px){.wp-block-kadence-advancedheading.kt-adv-heading15057_8d8ca3-bd, .wp-block-kadence-advancedheading.kt-adv-heading15057_8d8ca3-bd[data-kb-block=\"kb-adv-heading15057_8d8ca3-bd\"]{border-top:30px solid transparent;border-right:30px solid transparent;border-bottom:30px solid transparent;border-left:30px solid transparent;}}@media all and (max-width: 767px){.wp-block-kadence-advancedheading.kt-adv-heading15057_8d8ca3-bd, .wp-block-kadence-advancedheading.kt-adv-heading15057_8d8ca3-bd[data-kb-block=\"kb-adv-heading15057_8d8ca3-bd\"]{font-size:20px;border-top:30px solid transparent;border-right:30px solid transparent;border-bottom:30px solid transparent;border-left:30px solid transparent;}}<\/style>\n<p class=\"kt-adv-heading15057_8d8ca3-bd wp-block-kadence-advancedheading\" data-kb-block=\"kb-adv-heading15057_8d8ca3-bd\">Para m\u00ed, como fot\u00f3grafo y cineasta, es un privilegio estar all\u00ed, observando con atenci\u00f3n y capturando esas expresiones que a menudo solo aparecen en esos minutos privados antes de que todo comience.<\/p>\n<style>.wp-block-kadence-advancedgallery .kb-gallery-type-masonry.kb-gallery-id-15057_1776cb-31{margin:-1px;}.kb-gallery-type-masonry.kb-gallery-id-15057_1776cb-31 .kadence-blocks-gallery-item{padding:1px;}.kb-gallery-id-15057_1776cb-31 .kadence-blocks-gallery-item .kb-gal-image-radius, .kb-gallery-id-15057_1776cb-31 .kb-slide-item .kb-gal-image-radius img{border-radius:0px 0px 0px 0px;;}<\/style><div class=\"kb-gallery-wrap-id-15057_1776cb-31 alignnone wp-block-kadence-advancedgallery\"><ul class=\"kb-gallery-ul kb-gallery-non-static kb-gallery-type-masonry kb-masonry-init kb-gallery-id-15057_1776cb-31 kb-gallery-caption-style-bottom-hover kb-gallery-filter-none\" data-image-filter=\"none\" data-item-selector=\".kadence-blocks-gallery-item\" data-lightbox-caption=\"true\" data-columns-xxl=\"2\" data-columns-xl=\"2\" data-columns-md=\"2\" data-columns-sm=\"2\" data-columns-xs=\"1\" data-columns-ss=\"1\"><li class=\"kadence-blocks-gallery-item\"><div class=\"kadence-blocks-gallery-item-inner\"><figure class=\"kb-gallery-figure kadence-blocks-gallery-item-hide-caption\"><div class=\"kb-gal-image-radius\" style=\"max-width:1024px;\"><div class=\"kb-gallery-image-contain kadence-blocks-gallery-intrinsic\" style=\"padding-bottom:66%;\"><img loading=\"lazy\" decoding=\"async\" src=\"https:\/\/alejandro-gomez-weddings.com\/wp-content\/uploads\/2025\/11\/I2A9677-1024x683.jpg\" width=\"1024\" height=\"683\" alt=\"Villa Wenkenhof, Basel. Bride in her Getting Ready\" data-full-image=\"https:\/\/alejandro-gomez-weddings.com\/wp-content\/uploads\/2025\/11\/I2A9677.jpg\" data-light-image=\"https:\/\/alejandro-gomez-weddings.com\/wp-content\/uploads\/2025\/11\/I2A9677.jpg\" data-id=\"15123\" class=\"wp-image-15123\" srcset=\"https:\/\/alejandro-gomez-weddings.com\/wp-content\/uploads\/2025\/11\/I2A9677-1024x683.jpg 1024w, https:\/\/alejandro-gomez-weddings.com\/wp-content\/uploads\/2025\/11\/I2A9677-300x200.jpg 300w, https:\/\/alejandro-gomez-weddings.com\/wp-content\/uploads\/2025\/11\/I2A9677-768x512.jpg 768w, https:\/\/alejandro-gomez-weddings.com\/wp-content\/uploads\/2025\/11\/I2A9677-1536x1025.jpg 1536w, https:\/\/alejandro-gomez-weddings.com\/wp-content\/uploads\/2025\/11\/I2A9677.jpg 2000w\" sizes=\"auto, (max-width: 1024px) 100vw, 1024px\" \/><\/div><\/div><\/figure><\/div><\/li><li class=\"kadence-blocks-gallery-item\"><div class=\"kadence-blocks-gallery-item-inner\"><figure class=\"kb-gallery-figure kadence-blocks-gallery-item-hide-caption\"><div class=\"kb-gal-image-radius\" style=\"max-width:1024px;\"><div class=\"kb-gallery-image-contain kadence-blocks-gallery-intrinsic\" style=\"padding-bottom:59%;\"><img loading=\"lazy\" decoding=\"async\" src=\"https:\/\/alejandro-gomez-weddings.com\/wp-content\/uploads\/2025\/11\/I2A9684-1024x611.jpg\" width=\"1024\" height=\"611\" alt=\"Villa Wenkenhof, Basel. Bride in her Getting Ready\" data-full-image=\"https:\/\/alejandro-gomez-weddings.com\/wp-content\/uploads\/2025\/11\/I2A9684.jpg\" data-light-image=\"https:\/\/alejandro-gomez-weddings.com\/wp-content\/uploads\/2025\/11\/I2A9684.jpg\" data-id=\"15128\" class=\"wp-image-15128\" srcset=\"https:\/\/alejandro-gomez-weddings.com\/wp-content\/uploads\/2025\/11\/I2A9684-1024x611.jpg 1024w, https:\/\/alejandro-gomez-weddings.com\/wp-content\/uploads\/2025\/11\/I2A9684-300x179.jpg 300w, https:\/\/alejandro-gomez-weddings.com\/wp-content\/uploads\/2025\/11\/I2A9684-768x458.jpg 768w, https:\/\/alejandro-gomez-weddings.com\/wp-content\/uploads\/2025\/11\/I2A9684-1536x917.jpg 1536w, https:\/\/alejandro-gomez-weddings.com\/wp-content\/uploads\/2025\/11\/I2A9684.jpg 2000w\" sizes=\"auto, (max-width: 1024px) 100vw, 1024px\" \/><\/div><\/div><\/figure><\/div><\/li><li class=\"kadence-blocks-gallery-item\"><div class=\"kadence-blocks-gallery-item-inner\"><figure class=\"kb-gallery-figure kadence-blocks-gallery-item-hide-caption\"><div class=\"kb-gal-image-radius\" style=\"max-width:1024px;\"><div class=\"kb-gallery-image-contain kadence-blocks-gallery-intrinsic\" style=\"padding-bottom:63%;\"><img loading=\"lazy\" decoding=\"async\" src=\"https:\/\/alejandro-gomez-weddings.com\/wp-content\/uploads\/2025\/11\/2S6A3599-1024x651.jpg\" width=\"1024\" height=\"651\" alt=\"Villa Wenkenhof, Basel. Bride in her Getting Ready\" data-full-image=\"https:\/\/alejandro-gomez-weddings.com\/wp-content\/uploads\/2025\/11\/2S6A3599.jpg\" data-light-image=\"https:\/\/alejandro-gomez-weddings.com\/wp-content\/uploads\/2025\/11\/2S6A3599.jpg\" data-id=\"15163\" class=\"wp-image-15163\" srcset=\"https:\/\/alejandro-gomez-weddings.com\/wp-content\/uploads\/2025\/11\/2S6A3599-1024x651.jpg 1024w, https:\/\/alejandro-gomez-weddings.com\/wp-content\/uploads\/2025\/11\/2S6A3599-300x191.jpg 300w, https:\/\/alejandro-gomez-weddings.com\/wp-content\/uploads\/2025\/11\/2S6A3599-768x488.jpg 768w, https:\/\/alejandro-gomez-weddings.com\/wp-content\/uploads\/2025\/11\/2S6A3599-1536x977.jpg 1536w, https:\/\/alejandro-gomez-weddings.com\/wp-content\/uploads\/2025\/11\/2S6A3599.jpg 2000w\" sizes=\"auto, (max-width: 1024px) 100vw, 1024px\" \/><\/div><\/div><\/figure><\/div><\/li><li class=\"kadence-blocks-gallery-item\"><div class=\"kadence-blocks-gallery-item-inner\"><figure class=\"kb-gallery-figure kadence-blocks-gallery-item-hide-caption\"><div class=\"kb-gal-image-radius\" style=\"max-width:683px;\"><div class=\"kb-gallery-image-contain kadence-blocks-gallery-intrinsic\" style=\"padding-bottom:149%;\"><img loading=\"lazy\" decoding=\"async\" src=\"https:\/\/alejandro-gomez-weddings.com\/wp-content\/uploads\/2025\/11\/I2A9687-683x1024.jpg\" width=\"683\" height=\"1024\" alt=\"Villa Wenkenhof, Basel. Bride in her Getting Ready\" data-full-image=\"https:\/\/alejandro-gomez-weddings.com\/wp-content\/uploads\/2025\/11\/I2A9687.jpg\" data-light-image=\"https:\/\/alejandro-gomez-weddings.com\/wp-content\/uploads\/2025\/11\/I2A9687.jpg\" data-id=\"15133\" class=\"wp-image-15133\" srcset=\"https:\/\/alejandro-gomez-weddings.com\/wp-content\/uploads\/2025\/11\/I2A9687-683x1024.jpg 683w, https:\/\/alejandro-gomez-weddings.com\/wp-content\/uploads\/2025\/11\/I2A9687-200x300.jpg 200w, https:\/\/alejandro-gomez-weddings.com\/wp-content\/uploads\/2025\/11\/I2A9687-768x1151.jpg 768w, https:\/\/alejandro-gomez-weddings.com\/wp-content\/uploads\/2025\/11\/I2A9687-1025x1536.jpg 1025w, https:\/\/alejandro-gomez-weddings.com\/wp-content\/uploads\/2025\/11\/I2A9687.jpg 1334w\" sizes=\"auto, (max-width: 683px) 100vw, 683px\" \/><\/div><\/div><\/figure><\/div><\/li><li class=\"kadence-blocks-gallery-item\"><div class=\"kadence-blocks-gallery-item-inner\"><figure class=\"kb-gallery-figure kadence-blocks-gallery-item-hide-caption\"><div class=\"kb-gal-image-radius\" style=\"max-width:683px;\"><div class=\"kb-gallery-image-contain kadence-blocks-gallery-intrinsic\" style=\"padding-bottom:149%;\"><img loading=\"lazy\" decoding=\"async\" src=\"https:\/\/alejandro-gomez-weddings.com\/wp-content\/uploads\/2025\/11\/I2A9688-683x1024.jpg\" width=\"683\" height=\"1024\" alt=\"Villa Wenkenhof, Basel. Bride in her Getting Ready\" data-full-image=\"https:\/\/alejandro-gomez-weddings.com\/wp-content\/uploads\/2025\/11\/I2A9688.jpg\" data-light-image=\"https:\/\/alejandro-gomez-weddings.com\/wp-content\/uploads\/2025\/11\/I2A9688.jpg\" data-id=\"15138\" class=\"wp-image-15138\" srcset=\"https:\/\/alejandro-gomez-weddings.com\/wp-content\/uploads\/2025\/11\/I2A9688-683x1024.jpg 683w, https:\/\/alejandro-gomez-weddings.com\/wp-content\/uploads\/2025\/11\/I2A9688-200x300.jpg 200w, https:\/\/alejandro-gomez-weddings.com\/wp-content\/uploads\/2025\/11\/I2A9688-768x1151.jpg 768w, https:\/\/alejandro-gomez-weddings.com\/wp-content\/uploads\/2025\/11\/I2A9688-1025x1536.jpg 1025w, https:\/\/alejandro-gomez-weddings.com\/wp-content\/uploads\/2025\/11\/I2A9688.jpg 1334w\" sizes=\"auto, (max-width: 683px) 100vw, 683px\" \/><\/div><\/div><\/figure><\/div><\/li><li class=\"kadence-blocks-gallery-item\"><div class=\"kadence-blocks-gallery-item-inner\"><figure class=\"kb-gallery-figure kadence-blocks-gallery-item-hide-caption\"><div class=\"kb-gal-image-radius\" style=\"max-width:683px;\"><div class=\"kb-gallery-image-contain kadence-blocks-gallery-intrinsic\" style=\"padding-bottom:149%;\"><img loading=\"lazy\" decoding=\"async\" src=\"https:\/\/alejandro-gomez-weddings.com\/wp-content\/uploads\/2025\/11\/I2A9692-683x1024.jpg\" width=\"683\" height=\"1024\" alt=\"Villa Wenkenhof, Basel. Bride in her Getting Ready\" data-full-image=\"https:\/\/alejandro-gomez-weddings.com\/wp-content\/uploads\/2025\/11\/I2A9692.jpg\" data-light-image=\"https:\/\/alejandro-gomez-weddings.com\/wp-content\/uploads\/2025\/11\/I2A9692.jpg\" data-id=\"15143\" class=\"wp-image-15143\" srcset=\"https:\/\/alejandro-gomez-weddings.com\/wp-content\/uploads\/2025\/11\/I2A9692-683x1024.jpg 683w, https:\/\/alejandro-gomez-weddings.com\/wp-content\/uploads\/2025\/11\/I2A9692-200x300.jpg 200w, https:\/\/alejandro-gomez-weddings.com\/wp-content\/uploads\/2025\/11\/I2A9692-768x1151.jpg 768w, https:\/\/alejandro-gomez-weddings.com\/wp-content\/uploads\/2025\/11\/I2A9692-1025x1536.jpg 1025w, https:\/\/alejandro-gomez-weddings.com\/wp-content\/uploads\/2025\/11\/I2A9692.jpg 1334w\" sizes=\"auto, (max-width: 683px) 100vw, 683px\" \/><\/div><\/div><\/figure><\/div><\/li><li class=\"kadence-blocks-gallery-item\"><div class=\"kadence-blocks-gallery-item-inner\"><figure class=\"kb-gallery-figure kadence-blocks-gallery-item-hide-caption\"><div class=\"kb-gal-image-radius\" style=\"max-width:1024px;\"><div class=\"kb-gallery-image-contain kadence-blocks-gallery-intrinsic\" style=\"padding-bottom:66%;\"><img loading=\"lazy\" decoding=\"async\" src=\"https:\/\/alejandro-gomez-weddings.com\/wp-content\/uploads\/2025\/11\/I2A9706-1024x683.jpg\" width=\"1024\" height=\"683\" alt=\"Villa Wenkenhof, Basel. Bride in her Getting Ready\" data-full-image=\"https:\/\/alejandro-gomez-weddings.com\/wp-content\/uploads\/2025\/11\/I2A9706.jpg\" data-light-image=\"https:\/\/alejandro-gomez-weddings.com\/wp-content\/uploads\/2025\/11\/I2A9706.jpg\" data-id=\"15148\" class=\"wp-image-15148\" srcset=\"https:\/\/alejandro-gomez-weddings.com\/wp-content\/uploads\/2025\/11\/I2A9706-1024x683.jpg 1024w, https:\/\/alejandro-gomez-weddings.com\/wp-content\/uploads\/2025\/11\/I2A9706-300x200.jpg 300w, https:\/\/alejandro-gomez-weddings.com\/wp-content\/uploads\/2025\/11\/I2A9706-768x512.jpg 768w, https:\/\/alejandro-gomez-weddings.com\/wp-content\/uploads\/2025\/11\/I2A9706-1536x1025.jpg 1536w, https:\/\/alejandro-gomez-weddings.com\/wp-content\/uploads\/2025\/11\/I2A9706.jpg 2000w\" sizes=\"auto, (max-width: 1024px) 100vw, 1024px\" \/><\/div><\/div><\/figure><\/div><\/li><li class=\"kadence-blocks-gallery-item\"><div class=\"kadence-blocks-gallery-item-inner\"><figure class=\"kb-gallery-figure kadence-blocks-gallery-item-hide-caption\"><div class=\"kb-gal-image-radius\" style=\"max-width:1024px;\"><div class=\"kb-gallery-image-contain kadence-blocks-gallery-intrinsic\" style=\"padding-bottom:66%;\"><img loading=\"lazy\" decoding=\"async\" src=\"https:\/\/alejandro-gomez-weddings.com\/wp-content\/uploads\/2025\/11\/I2A9708-1024x676.jpg\" width=\"1024\" height=\"676\" alt=\"Villa Wenkenhof, Basel. Bride in her Getting Ready\" data-full-image=\"https:\/\/alejandro-gomez-weddings.com\/wp-content\/uploads\/2025\/11\/I2A9708.jpg\" data-light-image=\"https:\/\/alejandro-gomez-weddings.com\/wp-content\/uploads\/2025\/11\/I2A9708.jpg\" data-id=\"15153\" class=\"wp-image-15153\" srcset=\"https:\/\/alejandro-gomez-weddings.com\/wp-content\/uploads\/2025\/11\/I2A9708-1024x676.jpg 1024w, https:\/\/alejandro-gomez-weddings.com\/wp-content\/uploads\/2025\/11\/I2A9708-300x198.jpg 300w, https:\/\/alejandro-gomez-weddings.com\/wp-content\/uploads\/2025\/11\/I2A9708-768x507.jpg 768w, https:\/\/alejandro-gomez-weddings.com\/wp-content\/uploads\/2025\/11\/I2A9708-1536x1014.jpg 1536w, https:\/\/alejandro-gomez-weddings.com\/wp-content\/uploads\/2025\/11\/I2A9708.jpg 2000w\" sizes=\"auto, (max-width: 1024px) 100vw, 1024px\" \/><\/div><\/div><\/figure><\/div><\/li><li class=\"kadence-blocks-gallery-item\"><div class=\"kadence-blocks-gallery-item-inner\"><figure class=\"kb-gallery-figure kadence-blocks-gallery-item-hide-caption\"><div class=\"kb-gal-image-radius\" style=\"max-width:683px;\"><div class=\"kb-gallery-image-contain kadence-blocks-gallery-intrinsic\" style=\"padding-bottom:149%;\"><img loading=\"lazy\" decoding=\"async\" src=\"https:\/\/alejandro-gomez-weddings.com\/wp-content\/uploads\/2025\/11\/I2A9725-683x1024.jpg\" width=\"683\" height=\"1024\" alt=\"Villa Wenkenhof, Basel. Bride in her Getting Ready\" data-full-image=\"https:\/\/alejandro-gomez-weddings.com\/wp-content\/uploads\/2025\/11\/I2A9725.jpg\" data-light-image=\"https:\/\/alejandro-gomez-weddings.com\/wp-content\/uploads\/2025\/11\/I2A9725.jpg\" data-id=\"15158\" class=\"wp-image-15158\" srcset=\"https:\/\/alejandro-gomez-weddings.com\/wp-content\/uploads\/2025\/11\/I2A9725-683x1024.jpg 683w, https:\/\/alejandro-gomez-weddings.com\/wp-content\/uploads\/2025\/11\/I2A9725-200x300.jpg 200w, https:\/\/alejandro-gomez-weddings.com\/wp-content\/uploads\/2025\/11\/I2A9725-768x1151.jpg 768w, https:\/\/alejandro-gomez-weddings.com\/wp-content\/uploads\/2025\/11\/I2A9725-1025x1536.jpg 1025w, https:\/\/alejandro-gomez-weddings.com\/wp-content\/uploads\/2025\/11\/I2A9725.jpg 1334w\" sizes=\"auto, (max-width: 683px) 100vw, 683px\" \/><\/div><\/div><\/figure><\/div><\/li><li class=\"kadence-blocks-gallery-item\"><div class=\"kadence-blocks-gallery-item-inner\"><figure class=\"kb-gallery-figure kadence-blocks-gallery-item-hide-caption\"><div class=\"kb-gal-image-radius\" style=\"max-width:683px;\"><div class=\"kb-gallery-image-contain kadence-blocks-gallery-intrinsic\" style=\"padding-bottom:149%;\"><img loading=\"lazy\" decoding=\"async\" src=\"https:\/\/alejandro-gomez-weddings.com\/wp-content\/uploads\/2025\/11\/2S6A3621-683x1024.jpg\" width=\"683\" height=\"1024\" alt=\"Villa Wenkenhof, Basel. Bride in her Getting Ready\" data-full-image=\"https:\/\/alejandro-gomez-weddings.com\/wp-content\/uploads\/2025\/11\/2S6A3621.jpg\" data-light-image=\"https:\/\/alejandro-gomez-weddings.com\/wp-content\/uploads\/2025\/11\/2S6A3621.jpg\" data-id=\"15168\" class=\"wp-image-15168\" srcset=\"https:\/\/alejandro-gomez-weddings.com\/wp-content\/uploads\/2025\/11\/2S6A3621-683x1024.jpg 683w, https:\/\/alejandro-gomez-weddings.com\/wp-content\/uploads\/2025\/11\/2S6A3621-200x300.jpg 200w, https:\/\/alejandro-gomez-weddings.com\/wp-content\/uploads\/2025\/11\/2S6A3621-768x1151.jpg 768w, https:\/\/alejandro-gomez-weddings.com\/wp-content\/uploads\/2025\/11\/2S6A3621-1025x1536.jpg 1025w, https:\/\/alejandro-gomez-weddings.com\/wp-content\/uploads\/2025\/11\/2S6A3621.jpg 1334w\" sizes=\"auto, (max-width: 683px) 100vw, 683px\" \/><\/div><\/div><\/figure><\/div><\/li><\/ul><\/div>\n<p><\/p>\n\n<p><\/p>\n<style>.wp-block-kadence-advancedheading.kt-adv-heading15057_b0bf4c-56, .wp-block-kadence-advancedheading.kt-adv-heading15057_b0bf4c-56[data-kb-block=\"kb-adv-heading15057_b0bf4c-56\"]{text-align:center;font-size:60px;font-style:normal;text-transform:uppercase;}.wp-block-kadence-advancedheading.kt-adv-heading15057_b0bf4c-56 mark.kt-highlight, .wp-block-kadence-advancedheading.kt-adv-heading15057_b0bf4c-56[data-kb-block=\"kb-adv-heading15057_b0bf4c-56\"] mark.kt-highlight{font-style:normal;color:#f76a0c;-webkit-box-decoration-break:clone;box-decoration-break:clone;padding-top:0px;padding-right:0px;padding-bottom:0px;padding-left:0px;}@media all and (max-width: 767px){.wp-block-kadence-advancedheading.kt-adv-heading15057_b0bf4c-56, .wp-block-kadence-advancedheading.kt-adv-heading15057_b0bf4c-56[data-kb-block=\"kb-adv-heading15057_b0bf4c-56\"]{font-size:30px;}}<\/style>\n<h2 class=\"kt-adv-heading15057_b0bf4c-56 wp-block-kadence-advancedheading\" data-kb-block=\"kb-adv-heading15057_b0bf4c-56\">Una significativa ceremonia religiosa en la iglesia de Arlesheim<\/h2>\n<style>.wp-block-kadence-advancedheading.kt-adv-heading15057_cdb191-5d, .wp-block-kadence-advancedheading.kt-adv-heading15057_cdb191-5d[data-kb-block=\"kb-adv-heading15057_cdb191-5d\"]{text-align:center;font-size:40px;line-height:1.2;font-weight:400;font-style:normal;font-family:'Libre Caslon Display';border-top:30px solid transparent;border-right:30px solid transparent;border-bottom:30px solid transparent;border-left:30px solid transparent;}.wp-block-kadence-advancedheading.kt-adv-heading15057_cdb191-5d mark.kt-highlight, .wp-block-kadence-advancedheading.kt-adv-heading15057_cdb191-5d[data-kb-block=\"kb-adv-heading15057_cdb191-5d\"] mark.kt-highlight{font-style:normal;color:#f76a0c;-webkit-box-decoration-break:clone;box-decoration-break:clone;padding-top:0px;padding-right:0px;padding-bottom:0px;padding-left:0px;}@media all and (max-width: 1024px){.wp-block-kadence-advancedheading.kt-adv-heading15057_cdb191-5d, .wp-block-kadence-advancedheading.kt-adv-heading15057_cdb191-5d[data-kb-block=\"kb-adv-heading15057_cdb191-5d\"]{border-top:30px solid transparent;border-right:30px solid transparent;border-bottom:30px solid transparent;border-left:30px solid transparent;}}@media all and (max-width: 767px){.wp-block-kadence-advancedheading.kt-adv-heading15057_cdb191-5d, .wp-block-kadence-advancedheading.kt-adv-heading15057_cdb191-5d[data-kb-block=\"kb-adv-heading15057_cdb191-5d\"]{font-size:20px;border-top:30px solid transparent;border-right:30px solid transparent;border-bottom:30px solid transparent;border-left:30px solid transparent;}}<\/style>\n<p class=\"kt-adv-heading15057_cdb191-5d wp-block-kadence-advancedheading\" data-kb-block=\"kb-adv-heading15057_cdb191-5d\">La ceremonia tuvo lugar en la iglesia de Arlesheim, un escenario hermoso y simb\u00f3lico para ellos. Para Vivian y Santiago, esta boda religiosa era algo que hab\u00edan estado esperando y con lo que hab\u00edan so\u00f1ado durante mucho tiempo. Al hablar de ello, se pod\u00eda sentir lo mucho que significaba para ellos estar finalmente all\u00ed, juntos, ante el altar.  <\/p>\n<style>.wp-block-kadence-advancedheading.kt-adv-heading15057_3a050f-72, .wp-block-kadence-advancedheading.kt-adv-heading15057_3a050f-72[data-kb-block=\"kb-adv-heading15057_3a050f-72\"]{text-align:center;font-size:40px;line-height:1.2;font-weight:400;font-style:normal;font-family:'Libre Caslon Display';border-top:30px solid transparent;border-right:30px solid transparent;border-bottom:30px solid transparent;border-left:30px solid transparent;}.wp-block-kadence-advancedheading.kt-adv-heading15057_3a050f-72 mark.kt-highlight, .wp-block-kadence-advancedheading.kt-adv-heading15057_3a050f-72[data-kb-block=\"kb-adv-heading15057_3a050f-72\"] mark.kt-highlight{font-style:normal;color:#f76a0c;-webkit-box-decoration-break:clone;box-decoration-break:clone;padding-top:0px;padding-right:0px;padding-bottom:0px;padding-left:0px;}@media all and (max-width: 1024px){.wp-block-kadence-advancedheading.kt-adv-heading15057_3a050f-72, .wp-block-kadence-advancedheading.kt-adv-heading15057_3a050f-72[data-kb-block=\"kb-adv-heading15057_3a050f-72\"]{border-top:30px solid transparent;border-right:30px solid transparent;border-bottom:30px solid transparent;border-left:30px solid transparent;}}@media all and (max-width: 767px){.wp-block-kadence-advancedheading.kt-adv-heading15057_3a050f-72, .wp-block-kadence-advancedheading.kt-adv-heading15057_3a050f-72[data-kb-block=\"kb-adv-heading15057_3a050f-72\"]{font-size:20px;border-top:30px solid transparent;border-right:30px solid transparent;border-bottom:30px solid transparent;border-left:30px solid transparent;}}<\/style>\n<p class=\"kt-adv-heading15057_3a050f-72 wp-block-kadence-advancedheading\" data-kb-block=\"kb-adv-heading15057_3a050f-72\">Rodeados de familiares que hab\u00edan viajado desde distintos rincones del mundo, la ceremonia fue profundamente emotiva. No se trataba solo de firmar papeles o formalidades, sino de dar forma espiritual y simb\u00f3lica al amor y al compromiso que ya viv\u00edan. <\/p>\n<style>.wp-block-kadence-advancedheading.kt-adv-heading15057_977820-ca, .wp-block-kadence-advancedheading.kt-adv-heading15057_977820-ca[data-kb-block=\"kb-adv-heading15057_977820-ca\"]{text-align:center;font-size:40px;line-height:1.2;font-weight:400;font-style:normal;font-family:'Libre Caslon Display';border-top:30px solid transparent;border-right:30px solid transparent;border-bottom:30px solid transparent;border-left:30px solid transparent;}.wp-block-kadence-advancedheading.kt-adv-heading15057_977820-ca mark.kt-highlight, .wp-block-kadence-advancedheading.kt-adv-heading15057_977820-ca[data-kb-block=\"kb-adv-heading15057_977820-ca\"] mark.kt-highlight{font-style:normal;color:#f76a0c;-webkit-box-decoration-break:clone;box-decoration-break:clone;padding-top:0px;padding-right:0px;padding-bottom:0px;padding-left:0px;}@media all and (max-width: 1024px){.wp-block-kadence-advancedheading.kt-adv-heading15057_977820-ca, .wp-block-kadence-advancedheading.kt-adv-heading15057_977820-ca[data-kb-block=\"kb-adv-heading15057_977820-ca\"]{border-top:30px solid transparent;border-right:30px solid transparent;border-bottom:30px solid transparent;border-left:30px solid transparent;}}@media all and (max-width: 767px){.wp-block-kadence-advancedheading.kt-adv-heading15057_977820-ca, .wp-block-kadence-advancedheading.kt-adv-heading15057_977820-ca[data-kb-block=\"kb-adv-heading15057_977820-ca\"]{font-size:20px;border-top:30px solid transparent;border-right:30px solid transparent;border-bottom:30px solid transparent;border-left:30px solid transparent;}}<\/style>\n<p class=\"kt-adv-heading15057_977820-ca wp-block-kadence-advancedheading\" data-kb-block=\"kb-adv-heading15057_977820-ca\">Su hija los acompa\u00f1\u00f3 en todo momento, incluso en el altar. Su presencia a\u00f1adi\u00f3 una dimensi\u00f3n tierna y muy humana: esta no era solo la historia de una pareja, sino la de una familia. Miradas, peque\u00f1os gestos, una mano extendida\u2026 todos estos detalles hicieron que la ceremonia fuera incre\u00edblemente conmovedora.  <\/p>\n\n<p><\/p>\n\n<p><\/p>\n<style>.wp-block-kadence-advancedgallery .kb-gallery-type-masonry.kb-gallery-id-15057_f487f4-be{margin:-1px;}.kb-gallery-type-masonry.kb-gallery-id-15057_f487f4-be .kadence-blocks-gallery-item{padding:1px;}.kb-gallery-id-15057_f487f4-be .kadence-blocks-gallery-item .kb-gal-image-radius, .kb-gallery-id-15057_f487f4-be .kb-slide-item .kb-gal-image-radius img{border-radius:0px 0px 0px 0px;;}<\/style><div class=\"kb-gallery-wrap-id-15057_f487f4-be alignnone wp-block-kadence-advancedgallery\"><ul class=\"kb-gallery-ul kb-gallery-non-static kb-gallery-type-masonry kb-masonry-init kb-gallery-id-15057_f487f4-be kb-gallery-caption-style-bottom-hover kb-gallery-filter-none\" data-image-filter=\"none\" data-item-selector=\".kadence-blocks-gallery-item\" data-lightbox-caption=\"true\" data-columns-xxl=\"2\" data-columns-xl=\"2\" data-columns-md=\"2\" data-columns-sm=\"2\" data-columns-xs=\"1\" data-columns-ss=\"1\"><li class=\"kadence-blocks-gallery-item\"><div class=\"kadence-blocks-gallery-item-inner\"><figure class=\"kb-gallery-figure kadence-blocks-gallery-item-hide-caption\"><div class=\"kb-gal-image-radius\" style=\"max-width:1024px;\"><div class=\"kb-gallery-image-contain kadence-blocks-gallery-intrinsic\" style=\"padding-bottom:55%;\"><img alt=\"\" loading=\"lazy\" decoding=\"async\" src=\"https:\/\/alejandro-gomez-weddings.com\/wp-content\/uploads\/2025\/11\/2S6A3652-1024x567.jpg\" width=\"1024\" height=\"567\" alt=\"\" data-full-image=\"https:\/\/alejandro-gomez-weddings.com\/wp-content\/uploads\/2025\/11\/2S6A3652.jpg\" data-light-image=\"https:\/\/alejandro-gomez-weddings.com\/wp-content\/uploads\/2025\/11\/2S6A3652.jpg\" data-id=\"15364\" class=\"wp-image-15364\" srcset=\"https:\/\/alejandro-gomez-weddings.com\/wp-content\/uploads\/2025\/11\/2S6A3652-1024x567.jpg 1024w, https:\/\/alejandro-gomez-weddings.com\/wp-content\/uploads\/2025\/11\/2S6A3652-300x166.jpg 300w, https:\/\/alejandro-gomez-weddings.com\/wp-content\/uploads\/2025\/11\/2S6A3652-768x425.jpg 768w, https:\/\/alejandro-gomez-weddings.com\/wp-content\/uploads\/2025\/11\/2S6A3652-1536x850.jpg 1536w, https:\/\/alejandro-gomez-weddings.com\/wp-content\/uploads\/2025\/11\/2S6A3652.jpg 2000w\" sizes=\"auto, (max-width: 1024px) 100vw, 1024px\" \/><\/div><\/div><\/figure><\/div><\/li><li class=\"kadence-blocks-gallery-item\"><div class=\"kadence-blocks-gallery-item-inner\"><figure class=\"kb-gallery-figure kadence-blocks-gallery-item-hide-caption\"><div class=\"kb-gal-image-radius\" style=\"max-width:1024px;\"><div class=\"kb-gallery-image-contain kadence-blocks-gallery-intrinsic\" style=\"padding-bottom:66%;\"><img loading=\"lazy\" decoding=\"async\" src=\"https:\/\/alejandro-gomez-weddings.com\/wp-content\/uploads\/2025\/11\/I2A9735-1024x683.jpg\" width=\"1024\" height=\"683\" alt=\"Villa Wenkenhof, Basel. Ceremony in Arlesheim church\" data-full-image=\"https:\/\/alejandro-gomez-weddings.com\/wp-content\/uploads\/2025\/11\/I2A9735.jpg\" data-light-image=\"https:\/\/alejandro-gomez-weddings.com\/wp-content\/uploads\/2025\/11\/I2A9735.jpg\" data-id=\"15194\" class=\"wp-image-15194\" srcset=\"https:\/\/alejandro-gomez-weddings.com\/wp-content\/uploads\/2025\/11\/I2A9735-1024x683.jpg 1024w, https:\/\/alejandro-gomez-weddings.com\/wp-content\/uploads\/2025\/11\/I2A9735-300x200.jpg 300w, https:\/\/alejandro-gomez-weddings.com\/wp-content\/uploads\/2025\/11\/I2A9735-768x512.jpg 768w, https:\/\/alejandro-gomez-weddings.com\/wp-content\/uploads\/2025\/11\/I2A9735-1536x1025.jpg 1536w, https:\/\/alejandro-gomez-weddings.com\/wp-content\/uploads\/2025\/11\/I2A9735.jpg 2000w\" sizes=\"auto, (max-width: 1024px) 100vw, 1024px\" \/><\/div><\/div><\/figure><\/div><\/li><li class=\"kadence-blocks-gallery-item\"><div class=\"kadence-blocks-gallery-item-inner\"><figure class=\"kb-gallery-figure kadence-blocks-gallery-item-hide-caption\"><div class=\"kb-gal-image-radius\" style=\"max-width:683px;\"><div class=\"kb-gallery-image-contain kadence-blocks-gallery-intrinsic\" style=\"padding-bottom:149%;\"><img loading=\"lazy\" decoding=\"async\" src=\"https:\/\/alejandro-gomez-weddings.com\/wp-content\/uploads\/2025\/11\/I2A9738-683x1024.jpg\" width=\"683\" height=\"1024\" alt=\"Villa Wenkenhof, Basel. Ceremony in Arlesheim church\" data-full-image=\"https:\/\/alejandro-gomez-weddings.com\/wp-content\/uploads\/2025\/11\/I2A9738.jpg\" data-light-image=\"https:\/\/alejandro-gomez-weddings.com\/wp-content\/uploads\/2025\/11\/I2A9738.jpg\" data-id=\"15199\" class=\"wp-image-15199\" srcset=\"https:\/\/alejandro-gomez-weddings.com\/wp-content\/uploads\/2025\/11\/I2A9738-683x1024.jpg 683w, https:\/\/alejandro-gomez-weddings.com\/wp-content\/uploads\/2025\/11\/I2A9738-200x300.jpg 200w, https:\/\/alejandro-gomez-weddings.com\/wp-content\/uploads\/2025\/11\/I2A9738-768x1151.jpg 768w, https:\/\/alejandro-gomez-weddings.com\/wp-content\/uploads\/2025\/11\/I2A9738-1025x1536.jpg 1025w, https:\/\/alejandro-gomez-weddings.com\/wp-content\/uploads\/2025\/11\/I2A9738.jpg 1334w\" sizes=\"auto, (max-width: 683px) 100vw, 683px\" \/><\/div><\/div><\/figure><\/div><\/li><li class=\"kadence-blocks-gallery-item\"><div class=\"kadence-blocks-gallery-item-inner\"><figure class=\"kb-gallery-figure kadence-blocks-gallery-item-hide-caption\"><div class=\"kb-gal-image-radius\" style=\"max-width:683px;\"><div class=\"kb-gallery-image-contain kadence-blocks-gallery-intrinsic\" style=\"padding-bottom:149%;\"><img loading=\"lazy\" decoding=\"async\" src=\"https:\/\/alejandro-gomez-weddings.com\/wp-content\/uploads\/2025\/11\/2S6A3631-683x1024.jpg\" width=\"683\" height=\"1024\" alt=\"Villa Wenkenhof, Basel. Ceremony in Arlesheim church\" data-full-image=\"https:\/\/alejandro-gomez-weddings.com\/wp-content\/uploads\/2025\/11\/2S6A3631.jpg\" data-light-image=\"https:\/\/alejandro-gomez-weddings.com\/wp-content\/uploads\/2025\/11\/2S6A3631.jpg\" data-id=\"15354\" class=\"wp-image-15354\" srcset=\"https:\/\/alejandro-gomez-weddings.com\/wp-content\/uploads\/2025\/11\/2S6A3631-683x1024.jpg 683w, https:\/\/alejandro-gomez-weddings.com\/wp-content\/uploads\/2025\/11\/2S6A3631-200x300.jpg 200w, https:\/\/alejandro-gomez-weddings.com\/wp-content\/uploads\/2025\/11\/2S6A3631-768x1151.jpg 768w, https:\/\/alejandro-gomez-weddings.com\/wp-content\/uploads\/2025\/11\/2S6A3631-1025x1536.jpg 1025w, https:\/\/alejandro-gomez-weddings.com\/wp-content\/uploads\/2025\/11\/2S6A3631.jpg 1334w\" sizes=\"auto, (max-width: 683px) 100vw, 683px\" \/><\/div><\/div><\/figure><\/div><\/li><li class=\"kadence-blocks-gallery-item\"><div class=\"kadence-blocks-gallery-item-inner\"><figure class=\"kb-gallery-figure kadence-blocks-gallery-item-hide-caption\"><div class=\"kb-gal-image-radius\" style=\"max-width:683px;\"><div class=\"kb-gallery-image-contain kadence-blocks-gallery-intrinsic\" style=\"padding-bottom:149%;\"><img loading=\"lazy\" decoding=\"async\" src=\"https:\/\/alejandro-gomez-weddings.com\/wp-content\/uploads\/2025\/11\/I2A9747-683x1024.jpg\" width=\"683\" height=\"1024\" alt=\"Villa Wenkenhof, Basel. Ceremony in Arlesheim church\" data-full-image=\"https:\/\/alejandro-gomez-weddings.com\/wp-content\/uploads\/2025\/11\/I2A9747.jpg\" data-light-image=\"https:\/\/alejandro-gomez-weddings.com\/wp-content\/uploads\/2025\/11\/I2A9747.jpg\" data-id=\"15204\" class=\"wp-image-15204\" srcset=\"https:\/\/alejandro-gomez-weddings.com\/wp-content\/uploads\/2025\/11\/I2A9747-683x1024.jpg 683w, https:\/\/alejandro-gomez-weddings.com\/wp-content\/uploads\/2025\/11\/I2A9747-200x300.jpg 200w, https:\/\/alejandro-gomez-weddings.com\/wp-content\/uploads\/2025\/11\/I2A9747-768x1151.jpg 768w, https:\/\/alejandro-gomez-weddings.com\/wp-content\/uploads\/2025\/11\/I2A9747-1025x1536.jpg 1025w, https:\/\/alejandro-gomez-weddings.com\/wp-content\/uploads\/2025\/11\/I2A9747.jpg 1334w\" sizes=\"auto, (max-width: 683px) 100vw, 683px\" \/><\/div><\/div><\/figure><\/div><\/li><li class=\"kadence-blocks-gallery-item\"><div class=\"kadence-blocks-gallery-item-inner\"><figure class=\"kb-gallery-figure kadence-blocks-gallery-item-hide-caption\"><div class=\"kb-gal-image-radius\" style=\"max-width:1024px;\"><div class=\"kb-gallery-image-contain kadence-blocks-gallery-intrinsic\" style=\"padding-bottom:66%;\"><img loading=\"lazy\" decoding=\"async\" src=\"https:\/\/alejandro-gomez-weddings.com\/wp-content\/uploads\/2025\/11\/I2A9749-1024x683.jpg\" width=\"1024\" height=\"683\" alt=\"Villa Wenkenhof, Basel. Ceremony in Arlesheim church\" data-full-image=\"https:\/\/alejandro-gomez-weddings.com\/wp-content\/uploads\/2025\/11\/I2A9749.jpg\" data-light-image=\"https:\/\/alejandro-gomez-weddings.com\/wp-content\/uploads\/2025\/11\/I2A9749.jpg\" data-id=\"15209\" class=\"wp-image-15209\" srcset=\"https:\/\/alejandro-gomez-weddings.com\/wp-content\/uploads\/2025\/11\/I2A9749-1024x683.jpg 1024w, https:\/\/alejandro-gomez-weddings.com\/wp-content\/uploads\/2025\/11\/I2A9749-300x200.jpg 300w, https:\/\/alejandro-gomez-weddings.com\/wp-content\/uploads\/2025\/11\/I2A9749-768x512.jpg 768w, https:\/\/alejandro-gomez-weddings.com\/wp-content\/uploads\/2025\/11\/I2A9749-1536x1025.jpg 1536w, https:\/\/alejandro-gomez-weddings.com\/wp-content\/uploads\/2025\/11\/I2A9749.jpg 2000w\" sizes=\"auto, (max-width: 1024px) 100vw, 1024px\" \/><\/div><\/div><\/figure><\/div><\/li><li class=\"kadence-blocks-gallery-item\"><div class=\"kadence-blocks-gallery-item-inner\"><figure class=\"kb-gallery-figure kadence-blocks-gallery-item-hide-caption\"><div class=\"kb-gal-image-radius\" style=\"max-width:1024px;\"><div class=\"kb-gallery-image-contain kadence-blocks-gallery-intrinsic\" style=\"padding-bottom:66%;\"><img loading=\"lazy\" decoding=\"async\" src=\"https:\/\/alejandro-gomez-weddings.com\/wp-content\/uploads\/2025\/11\/I2A9752-1024x683.jpg\" width=\"1024\" height=\"683\" alt=\"Villa Wenkenhof, Basel. Ceremony in Arlesheim church\" data-full-image=\"https:\/\/alejandro-gomez-weddings.com\/wp-content\/uploads\/2025\/11\/I2A9752.jpg\" data-light-image=\"https:\/\/alejandro-gomez-weddings.com\/wp-content\/uploads\/2025\/11\/I2A9752.jpg\" data-id=\"15214\" class=\"wp-image-15214\" srcset=\"https:\/\/alejandro-gomez-weddings.com\/wp-content\/uploads\/2025\/11\/I2A9752-1024x683.jpg 1024w, https:\/\/alejandro-gomez-weddings.com\/wp-content\/uploads\/2025\/11\/I2A9752-300x200.jpg 300w, https:\/\/alejandro-gomez-weddings.com\/wp-content\/uploads\/2025\/11\/I2A9752-768x512.jpg 768w, https:\/\/alejandro-gomez-weddings.com\/wp-content\/uploads\/2025\/11\/I2A9752-1536x1025.jpg 1536w, https:\/\/alejandro-gomez-weddings.com\/wp-content\/uploads\/2025\/11\/I2A9752.jpg 2000w\" sizes=\"auto, (max-width: 1024px) 100vw, 1024px\" \/><\/div><\/div><\/figure><\/div><\/li><li class=\"kadence-blocks-gallery-item\"><div class=\"kadence-blocks-gallery-item-inner\"><figure class=\"kb-gallery-figure kadence-blocks-gallery-item-hide-caption\"><div class=\"kb-gal-image-radius\" style=\"max-width:683px;\"><div class=\"kb-gallery-image-contain kadence-blocks-gallery-intrinsic\" style=\"padding-bottom:149%;\"><img loading=\"lazy\" decoding=\"async\" src=\"https:\/\/alejandro-gomez-weddings.com\/wp-content\/uploads\/2025\/11\/I2A9758-683x1024.jpg\" width=\"683\" height=\"1024\" alt=\"Villa Wenkenhof, Basel. Ceremony in Arlesheim church\" data-full-image=\"https:\/\/alejandro-gomez-weddings.com\/wp-content\/uploads\/2025\/11\/I2A9758.jpg\" data-light-image=\"https:\/\/alejandro-gomez-weddings.com\/wp-content\/uploads\/2025\/11\/I2A9758.jpg\" data-id=\"15219\" class=\"wp-image-15219\" srcset=\"https:\/\/alejandro-gomez-weddings.com\/wp-content\/uploads\/2025\/11\/I2A9758-683x1024.jpg 683w, https:\/\/alejandro-gomez-weddings.com\/wp-content\/uploads\/2025\/11\/I2A9758-200x300.jpg 200w, https:\/\/alejandro-gomez-weddings.com\/wp-content\/uploads\/2025\/11\/I2A9758-768x1151.jpg 768w, https:\/\/alejandro-gomez-weddings.com\/wp-content\/uploads\/2025\/11\/I2A9758-1025x1536.jpg 1025w, https:\/\/alejandro-gomez-weddings.com\/wp-content\/uploads\/2025\/11\/I2A9758.jpg 1334w\" sizes=\"auto, (max-width: 683px) 100vw, 683px\" \/><\/div><\/div><\/figure><\/div><\/li><li class=\"kadence-blocks-gallery-item\"><div class=\"kadence-blocks-gallery-item-inner\"><figure class=\"kb-gallery-figure kadence-blocks-gallery-item-hide-caption\"><div class=\"kb-gal-image-radius\" style=\"max-width:1024px;\"><div class=\"kb-gallery-image-contain kadence-blocks-gallery-intrinsic\" style=\"padding-bottom:66%;\"><img loading=\"lazy\" decoding=\"async\" src=\"https:\/\/alejandro-gomez-weddings.com\/wp-content\/uploads\/2025\/11\/2S6A3660-1024x683.jpg\" width=\"1024\" height=\"683\" alt=\"Villa Wenkenhof, Basel. Ceremony in Arlesheim church\" data-full-image=\"https:\/\/alejandro-gomez-weddings.com\/wp-content\/uploads\/2025\/11\/2S6A3660.jpg\" data-light-image=\"https:\/\/alejandro-gomez-weddings.com\/wp-content\/uploads\/2025\/11\/2S6A3660.jpg\" data-id=\"15369\" class=\"wp-image-15369\" srcset=\"https:\/\/alejandro-gomez-weddings.com\/wp-content\/uploads\/2025\/11\/2S6A3660-1024x683.jpg 1024w, https:\/\/alejandro-gomez-weddings.com\/wp-content\/uploads\/2025\/11\/2S6A3660-300x200.jpg 300w, https:\/\/alejandro-gomez-weddings.com\/wp-content\/uploads\/2025\/11\/2S6A3660-768x512.jpg 768w, https:\/\/alejandro-gomez-weddings.com\/wp-content\/uploads\/2025\/11\/2S6A3660-1536x1025.jpg 1536w, https:\/\/alejandro-gomez-weddings.com\/wp-content\/uploads\/2025\/11\/2S6A3660.jpg 2000w\" sizes=\"auto, (max-width: 1024px) 100vw, 1024px\" \/><\/div><\/div><\/figure><\/div><\/li><li class=\"kadence-blocks-gallery-item\"><div class=\"kadence-blocks-gallery-item-inner\"><figure class=\"kb-gallery-figure kadence-blocks-gallery-item-hide-caption\"><div class=\"kb-gal-image-radius\" style=\"max-width:1024px;\"><div class=\"kb-gallery-image-contain kadence-blocks-gallery-intrinsic\" style=\"padding-bottom:66%;\"><img loading=\"lazy\" decoding=\"async\" src=\"https:\/\/alejandro-gomez-weddings.com\/wp-content\/uploads\/2025\/11\/2S6A3623-1024x683.jpg\" width=\"1024\" height=\"683\" alt=\"Villa Wenkenhof, Basel. Ceremony in Arlesheim church\" data-full-image=\"https:\/\/alejandro-gomez-weddings.com\/wp-content\/uploads\/2025\/11\/2S6A3623.jpg\" data-light-image=\"https:\/\/alejandro-gomez-weddings.com\/wp-content\/uploads\/2025\/11\/2S6A3623.jpg\" data-id=\"15344\" class=\"wp-image-15344\" srcset=\"https:\/\/alejandro-gomez-weddings.com\/wp-content\/uploads\/2025\/11\/2S6A3623-1024x683.jpg 1024w, https:\/\/alejandro-gomez-weddings.com\/wp-content\/uploads\/2025\/11\/2S6A3623-300x200.jpg 300w, https:\/\/alejandro-gomez-weddings.com\/wp-content\/uploads\/2025\/11\/2S6A3623-768x512.jpg 768w, https:\/\/alejandro-gomez-weddings.com\/wp-content\/uploads\/2025\/11\/2S6A3623-1536x1025.jpg 1536w, https:\/\/alejandro-gomez-weddings.com\/wp-content\/uploads\/2025\/11\/2S6A3623.jpg 2000w\" sizes=\"auto, (max-width: 1024px) 100vw, 1024px\" \/><\/div><\/div><\/figure><\/div><\/li><li class=\"kadence-blocks-gallery-item\"><div class=\"kadence-blocks-gallery-item-inner\"><figure class=\"kb-gallery-figure kadence-blocks-gallery-item-hide-caption\"><div class=\"kb-gal-image-radius\" style=\"max-width:1024px;\"><div class=\"kb-gallery-image-contain kadence-blocks-gallery-intrinsic\" style=\"padding-bottom:66%;\"><img loading=\"lazy\" decoding=\"async\" src=\"https:\/\/alejandro-gomez-weddings.com\/wp-content\/uploads\/2025\/11\/2S6A3627-1024x683.jpg\" width=\"1024\" height=\"683\" alt=\"Villa Wenkenhof, Basel. Ceremony in Arlesheim church\" data-full-image=\"https:\/\/alejandro-gomez-weddings.com\/wp-content\/uploads\/2025\/11\/2S6A3627.jpg\" data-light-image=\"https:\/\/alejandro-gomez-weddings.com\/wp-content\/uploads\/2025\/11\/2S6A3627.jpg\" data-id=\"15349\" class=\"wp-image-15349\" srcset=\"https:\/\/alejandro-gomez-weddings.com\/wp-content\/uploads\/2025\/11\/2S6A3627-1024x683.jpg 1024w, https:\/\/alejandro-gomez-weddings.com\/wp-content\/uploads\/2025\/11\/2S6A3627-300x200.jpg 300w, https:\/\/alejandro-gomez-weddings.com\/wp-content\/uploads\/2025\/11\/2S6A3627-768x512.jpg 768w, https:\/\/alejandro-gomez-weddings.com\/wp-content\/uploads\/2025\/11\/2S6A3627-1536x1025.jpg 1536w, https:\/\/alejandro-gomez-weddings.com\/wp-content\/uploads\/2025\/11\/2S6A3627.jpg 2000w\" sizes=\"auto, (max-width: 1024px) 100vw, 1024px\" \/><\/div><\/div><\/figure><\/div><\/li><li class=\"kadence-blocks-gallery-item\"><div class=\"kadence-blocks-gallery-item-inner\"><figure class=\"kb-gallery-figure kadence-blocks-gallery-item-hide-caption\"><div class=\"kb-gal-image-radius\" style=\"max-width:1024px;\"><div class=\"kb-gallery-image-contain kadence-blocks-gallery-intrinsic\" style=\"padding-bottom:66%;\"><img loading=\"lazy\" decoding=\"async\" src=\"https:\/\/alejandro-gomez-weddings.com\/wp-content\/uploads\/2025\/11\/I2A9769-1024x683.jpg\" width=\"1024\" height=\"683\" alt=\"Villa Wenkenhof, Basel. Ceremony in Arlesheim church\" data-full-image=\"https:\/\/alejandro-gomez-weddings.com\/wp-content\/uploads\/2025\/11\/I2A9769.jpg\" data-light-image=\"https:\/\/alejandro-gomez-weddings.com\/wp-content\/uploads\/2025\/11\/I2A9769.jpg\" data-id=\"15229\" class=\"wp-image-15229\" srcset=\"https:\/\/alejandro-gomez-weddings.com\/wp-content\/uploads\/2025\/11\/I2A9769-1024x683.jpg 1024w, https:\/\/alejandro-gomez-weddings.com\/wp-content\/uploads\/2025\/11\/I2A9769-300x200.jpg 300w, https:\/\/alejandro-gomez-weddings.com\/wp-content\/uploads\/2025\/11\/I2A9769-768x512.jpg 768w, https:\/\/alejandro-gomez-weddings.com\/wp-content\/uploads\/2025\/11\/I2A9769-1536x1025.jpg 1536w, https:\/\/alejandro-gomez-weddings.com\/wp-content\/uploads\/2025\/11\/I2A9769.jpg 2000w\" sizes=\"auto, (max-width: 1024px) 100vw, 1024px\" \/><\/div><\/div><\/figure><\/div><\/li><li class=\"kadence-blocks-gallery-item\"><div class=\"kadence-blocks-gallery-item-inner\"><figure class=\"kb-gallery-figure kadence-blocks-gallery-item-hide-caption\"><div class=\"kb-gal-image-radius\" style=\"max-width:1024px;\"><div class=\"kb-gallery-image-contain kadence-blocks-gallery-intrinsic\" style=\"padding-bottom:66%;\"><img loading=\"lazy\" decoding=\"async\" src=\"https:\/\/alejandro-gomez-weddings.com\/wp-content\/uploads\/2025\/11\/I2A9782-1024x683.jpg\" width=\"1024\" height=\"683\" alt=\"Villa Wenkenhof, Basel. Ceremony in Arlesheim church\" data-full-image=\"https:\/\/alejandro-gomez-weddings.com\/wp-content\/uploads\/2025\/11\/I2A9782.jpg\" data-light-image=\"https:\/\/alejandro-gomez-weddings.com\/wp-content\/uploads\/2025\/11\/I2A9782.jpg\" data-id=\"15234\" class=\"wp-image-15234\" srcset=\"https:\/\/alejandro-gomez-weddings.com\/wp-content\/uploads\/2025\/11\/I2A9782-1024x683.jpg 1024w, https:\/\/alejandro-gomez-weddings.com\/wp-content\/uploads\/2025\/11\/I2A9782-300x200.jpg 300w, https:\/\/alejandro-gomez-weddings.com\/wp-content\/uploads\/2025\/11\/I2A9782-768x512.jpg 768w, https:\/\/alejandro-gomez-weddings.com\/wp-content\/uploads\/2025\/11\/I2A9782-1536x1025.jpg 1536w, https:\/\/alejandro-gomez-weddings.com\/wp-content\/uploads\/2025\/11\/I2A9782.jpg 2000w\" sizes=\"auto, (max-width: 1024px) 100vw, 1024px\" \/><\/div><\/div><\/figure><\/div><\/li><li class=\"kadence-blocks-gallery-item\"><div class=\"kadence-blocks-gallery-item-inner\"><figure class=\"kb-gallery-figure kadence-blocks-gallery-item-hide-caption\"><div class=\"kb-gal-image-radius\" style=\"max-width:683px;\"><div class=\"kb-gallery-image-contain kadence-blocks-gallery-intrinsic\" style=\"padding-bottom:149%;\"><img loading=\"lazy\" decoding=\"async\" src=\"https:\/\/alejandro-gomez-weddings.com\/wp-content\/uploads\/2025\/11\/I2A9797-683x1024.jpg\" width=\"683\" height=\"1024\" alt=\"Villa Wenkenhof, Basel. Ceremony in Arlesheim church\" data-full-image=\"https:\/\/alejandro-gomez-weddings.com\/wp-content\/uploads\/2025\/11\/I2A9797.jpg\" data-light-image=\"https:\/\/alejandro-gomez-weddings.com\/wp-content\/uploads\/2025\/11\/I2A9797.jpg\" data-id=\"15239\" class=\"wp-image-15239\" srcset=\"https:\/\/alejandro-gomez-weddings.com\/wp-content\/uploads\/2025\/11\/I2A9797-683x1024.jpg 683w, https:\/\/alejandro-gomez-weddings.com\/wp-content\/uploads\/2025\/11\/I2A9797-200x300.jpg 200w, https:\/\/alejandro-gomez-weddings.com\/wp-content\/uploads\/2025\/11\/I2A9797-768x1151.jpg 768w, https:\/\/alejandro-gomez-weddings.com\/wp-content\/uploads\/2025\/11\/I2A9797-1025x1536.jpg 1025w, https:\/\/alejandro-gomez-weddings.com\/wp-content\/uploads\/2025\/11\/I2A9797.jpg 1334w\" sizes=\"auto, (max-width: 683px) 100vw, 683px\" \/><\/div><\/div><\/figure><\/div><\/li><li class=\"kadence-blocks-gallery-item\"><div class=\"kadence-blocks-gallery-item-inner\"><figure class=\"kb-gallery-figure kadence-blocks-gallery-item-hide-caption\"><div class=\"kb-gal-image-radius\" style=\"max-width:1024px;\"><div class=\"kb-gallery-image-contain kadence-blocks-gallery-intrinsic\" style=\"padding-bottom:65%;\"><img loading=\"lazy\" decoding=\"async\" src=\"https:\/\/alejandro-gomez-weddings.com\/wp-content\/uploads\/2025\/11\/I2A9810-1024x673.jpg\" width=\"1024\" height=\"673\" alt=\"Villa Wenkenhof, Basel. Ceremony in Arlesheim church\" data-full-image=\"https:\/\/alejandro-gomez-weddings.com\/wp-content\/uploads\/2025\/11\/I2A9810.jpg\" data-light-image=\"https:\/\/alejandro-gomez-weddings.com\/wp-content\/uploads\/2025\/11\/I2A9810.jpg\" data-id=\"15244\" class=\"wp-image-15244\" srcset=\"https:\/\/alejandro-gomez-weddings.com\/wp-content\/uploads\/2025\/11\/I2A9810-1024x673.jpg 1024w, https:\/\/alejandro-gomez-weddings.com\/wp-content\/uploads\/2025\/11\/I2A9810-300x197.jpg 300w, https:\/\/alejandro-gomez-weddings.com\/wp-content\/uploads\/2025\/11\/I2A9810-768x505.jpg 768w, https:\/\/alejandro-gomez-weddings.com\/wp-content\/uploads\/2025\/11\/I2A9810-1536x1009.jpg 1536w, https:\/\/alejandro-gomez-weddings.com\/wp-content\/uploads\/2025\/11\/I2A9810.jpg 2000w\" sizes=\"auto, (max-width: 1024px) 100vw, 1024px\" \/><\/div><\/div><\/figure><\/div><\/li><li class=\"kadence-blocks-gallery-item\"><div class=\"kadence-blocks-gallery-item-inner\"><figure class=\"kb-gallery-figure kadence-blocks-gallery-item-hide-caption\"><div class=\"kb-gal-image-radius\" style=\"max-width:683px;\"><div class=\"kb-gallery-image-contain kadence-blocks-gallery-intrinsic\" style=\"padding-bottom:149%;\"><img loading=\"lazy\" decoding=\"async\" src=\"https:\/\/alejandro-gomez-weddings.com\/wp-content\/uploads\/2025\/11\/I2A9812-683x1024.jpg\" width=\"683\" height=\"1024\" alt=\"Villa Wenkenhof, Basel. Ceremony in Arlesheim church\" data-full-image=\"https:\/\/alejandro-gomez-weddings.com\/wp-content\/uploads\/2025\/11\/I2A9812.jpg\" data-light-image=\"https:\/\/alejandro-gomez-weddings.com\/wp-content\/uploads\/2025\/11\/I2A9812.jpg\" data-id=\"15249\" class=\"wp-image-15249\" srcset=\"https:\/\/alejandro-gomez-weddings.com\/wp-content\/uploads\/2025\/11\/I2A9812-683x1024.jpg 683w, https:\/\/alejandro-gomez-weddings.com\/wp-content\/uploads\/2025\/11\/I2A9812-200x300.jpg 200w, https:\/\/alejandro-gomez-weddings.com\/wp-content\/uploads\/2025\/11\/I2A9812-768x1151.jpg 768w, https:\/\/alejandro-gomez-weddings.com\/wp-content\/uploads\/2025\/11\/I2A9812-1025x1536.jpg 1025w, https:\/\/alejandro-gomez-weddings.com\/wp-content\/uploads\/2025\/11\/I2A9812.jpg 1334w\" sizes=\"auto, (max-width: 683px) 100vw, 683px\" \/><\/div><\/div><\/figure><\/div><\/li><li class=\"kadence-blocks-gallery-item\"><div class=\"kadence-blocks-gallery-item-inner\"><figure class=\"kb-gallery-figure kadence-blocks-gallery-item-hide-caption\"><div class=\"kb-gal-image-radius\" style=\"max-width:1024px;\"><div class=\"kb-gallery-image-contain kadence-blocks-gallery-intrinsic\" style=\"padding-bottom:66%;\"><img loading=\"lazy\" decoding=\"async\" src=\"https:\/\/alejandro-gomez-weddings.com\/wp-content\/uploads\/2025\/11\/I2A9818-1024x683.jpg\" width=\"1024\" height=\"683\" alt=\"Villa Wenkenhof, Basel. Ceremony in Arlesheim church\" data-full-image=\"https:\/\/alejandro-gomez-weddings.com\/wp-content\/uploads\/2025\/11\/I2A9818.jpg\" data-light-image=\"https:\/\/alejandro-gomez-weddings.com\/wp-content\/uploads\/2025\/11\/I2A9818.jpg\" data-id=\"15254\" class=\"wp-image-15254\" srcset=\"https:\/\/alejandro-gomez-weddings.com\/wp-content\/uploads\/2025\/11\/I2A9818-1024x683.jpg 1024w, https:\/\/alejandro-gomez-weddings.com\/wp-content\/uploads\/2025\/11\/I2A9818-300x200.jpg 300w, https:\/\/alejandro-gomez-weddings.com\/wp-content\/uploads\/2025\/11\/I2A9818-768x512.jpg 768w, https:\/\/alejandro-gomez-weddings.com\/wp-content\/uploads\/2025\/11\/I2A9818-1536x1025.jpg 1536w, https:\/\/alejandro-gomez-weddings.com\/wp-content\/uploads\/2025\/11\/I2A9818.jpg 2000w\" sizes=\"auto, (max-width: 1024px) 100vw, 1024px\" \/><\/div><\/div><\/figure><\/div><\/li><li class=\"kadence-blocks-gallery-item\"><div class=\"kadence-blocks-gallery-item-inner\"><figure class=\"kb-gallery-figure kadence-blocks-gallery-item-hide-caption\"><div class=\"kb-gal-image-radius\" style=\"max-width:1024px;\"><div class=\"kb-gallery-image-contain kadence-blocks-gallery-intrinsic\" style=\"padding-bottom:66%;\"><img loading=\"lazy\" decoding=\"async\" src=\"https:\/\/alejandro-gomez-weddings.com\/wp-content\/uploads\/2025\/11\/I2A9821-1-1024x683.jpg\" width=\"1024\" height=\"683\" alt=\"Villa Wenkenhof, Basel. Ceremony in Arlesheim church\" data-full-image=\"https:\/\/alejandro-gomez-weddings.com\/wp-content\/uploads\/2025\/11\/I2A9821-1.jpg\" data-light-image=\"https:\/\/alejandro-gomez-weddings.com\/wp-content\/uploads\/2025\/11\/I2A9821-1.jpg\" data-id=\"15259\" class=\"wp-image-15259\" srcset=\"https:\/\/alejandro-gomez-weddings.com\/wp-content\/uploads\/2025\/11\/I2A9821-1-1024x683.jpg 1024w, https:\/\/alejandro-gomez-weddings.com\/wp-content\/uploads\/2025\/11\/I2A9821-1-300x200.jpg 300w, https:\/\/alejandro-gomez-weddings.com\/wp-content\/uploads\/2025\/11\/I2A9821-1-768x512.jpg 768w, https:\/\/alejandro-gomez-weddings.com\/wp-content\/uploads\/2025\/11\/I2A9821-1-1536x1025.jpg 1536w, https:\/\/alejandro-gomez-weddings.com\/wp-content\/uploads\/2025\/11\/I2A9821-1.jpg 2000w\" sizes=\"auto, (max-width: 1024px) 100vw, 1024px\" \/><\/div><\/div><\/figure><\/div><\/li><li class=\"kadence-blocks-gallery-item\"><div class=\"kadence-blocks-gallery-item-inner\"><figure class=\"kb-gallery-figure kadence-blocks-gallery-item-hide-caption\"><div class=\"kb-gal-image-radius\" style=\"max-width:1024px;\"><div class=\"kb-gallery-image-contain kadence-blocks-gallery-intrinsic\" style=\"padding-bottom:66%;\"><img loading=\"lazy\" decoding=\"async\" src=\"https:\/\/alejandro-gomez-weddings.com\/wp-content\/uploads\/2025\/11\/I2A9837-1024x683.jpg\" width=\"1024\" height=\"683\" alt=\"Villa Wenkenhof, Basel. Ceremony in Arlesheim church\" data-full-image=\"https:\/\/alejandro-gomez-weddings.com\/wp-content\/uploads\/2025\/11\/I2A9837.jpg\" data-light-image=\"https:\/\/alejandro-gomez-weddings.com\/wp-content\/uploads\/2025\/11\/I2A9837.jpg\" data-id=\"15264\" class=\"wp-image-15264\" srcset=\"https:\/\/alejandro-gomez-weddings.com\/wp-content\/uploads\/2025\/11\/I2A9837-1024x683.jpg 1024w, https:\/\/alejandro-gomez-weddings.com\/wp-content\/uploads\/2025\/11\/I2A9837-300x200.jpg 300w, https:\/\/alejandro-gomez-weddings.com\/wp-content\/uploads\/2025\/11\/I2A9837-768x512.jpg 768w, https:\/\/alejandro-gomez-weddings.com\/wp-content\/uploads\/2025\/11\/I2A9837-1536x1025.jpg 1536w, https:\/\/alejandro-gomez-weddings.com\/wp-content\/uploads\/2025\/11\/I2A9837.jpg 2000w\" sizes=\"auto, (max-width: 1024px) 100vw, 1024px\" \/><\/div><\/div><\/figure><\/div><\/li><li class=\"kadence-blocks-gallery-item\"><div class=\"kadence-blocks-gallery-item-inner\"><figure class=\"kb-gallery-figure kadence-blocks-gallery-item-hide-caption\"><div class=\"kb-gal-image-radius\" style=\"max-width:683px;\"><div class=\"kb-gallery-image-contain kadence-blocks-gallery-intrinsic\" style=\"padding-bottom:149%;\"><img loading=\"lazy\" decoding=\"async\" src=\"https:\/\/alejandro-gomez-weddings.com\/wp-content\/uploads\/2025\/11\/I2A9763-683x1024.jpg\" width=\"683\" height=\"1024\" alt=\"Villa Wenkenhof, Basel. Ceremony in Arlesheim church\" data-full-image=\"https:\/\/alejandro-gomez-weddings.com\/wp-content\/uploads\/2025\/11\/I2A9763.jpg\" data-light-image=\"https:\/\/alejandro-gomez-weddings.com\/wp-content\/uploads\/2025\/11\/I2A9763.jpg\" data-id=\"15224\" class=\"wp-image-15224\" srcset=\"https:\/\/alejandro-gomez-weddings.com\/wp-content\/uploads\/2025\/11\/I2A9763-683x1024.jpg 683w, https:\/\/alejandro-gomez-weddings.com\/wp-content\/uploads\/2025\/11\/I2A9763-200x300.jpg 200w, https:\/\/alejandro-gomez-weddings.com\/wp-content\/uploads\/2025\/11\/I2A9763-768x1151.jpg 768w, https:\/\/alejandro-gomez-weddings.com\/wp-content\/uploads\/2025\/11\/I2A9763-1025x1536.jpg 1025w, https:\/\/alejandro-gomez-weddings.com\/wp-content\/uploads\/2025\/11\/I2A9763.jpg 1334w\" sizes=\"auto, (max-width: 683px) 100vw, 683px\" \/><\/div><\/div><\/figure><\/div><\/li><li class=\"kadence-blocks-gallery-item\"><div class=\"kadence-blocks-gallery-item-inner\"><figure class=\"kb-gallery-figure kadence-blocks-gallery-item-hide-caption\"><div class=\"kb-gal-image-radius\" style=\"max-width:1024px;\"><div class=\"kb-gallery-image-contain kadence-blocks-gallery-intrinsic\" style=\"padding-bottom:66%;\"><img loading=\"lazy\" decoding=\"async\" src=\"https:\/\/alejandro-gomez-weddings.com\/wp-content\/uploads\/2025\/11\/I2A9851-1-1024x683.jpg\" width=\"1024\" height=\"683\" alt=\"Villa Wenkenhof, Basel. Ceremony in Arlesheim church\" data-full-image=\"https:\/\/alejandro-gomez-weddings.com\/wp-content\/uploads\/2025\/11\/I2A9851-1.jpg\" data-light-image=\"https:\/\/alejandro-gomez-weddings.com\/wp-content\/uploads\/2025\/11\/I2A9851-1.jpg\" data-id=\"15269\" class=\"wp-image-15269\" srcset=\"https:\/\/alejandro-gomez-weddings.com\/wp-content\/uploads\/2025\/11\/I2A9851-1-1024x683.jpg 1024w, https:\/\/alejandro-gomez-weddings.com\/wp-content\/uploads\/2025\/11\/I2A9851-1-300x200.jpg 300w, https:\/\/alejandro-gomez-weddings.com\/wp-content\/uploads\/2025\/11\/I2A9851-1-768x512.jpg 768w, https:\/\/alejandro-gomez-weddings.com\/wp-content\/uploads\/2025\/11\/I2A9851-1-1536x1025.jpg 1536w, https:\/\/alejandro-gomez-weddings.com\/wp-content\/uploads\/2025\/11\/I2A9851-1.jpg 2000w\" sizes=\"auto, (max-width: 1024px) 100vw, 1024px\" \/><\/div><\/div><\/figure><\/div><\/li><li class=\"kadence-blocks-gallery-item\"><div class=\"kadence-blocks-gallery-item-inner\"><figure class=\"kb-gallery-figure kadence-blocks-gallery-item-hide-caption\"><div class=\"kb-gal-image-radius\" style=\"max-width:1024px;\"><div class=\"kb-gallery-image-contain kadence-blocks-gallery-intrinsic\" style=\"padding-bottom:58%;\"><img loading=\"lazy\" decoding=\"async\" src=\"https:\/\/alejandro-gomez-weddings.com\/wp-content\/uploads\/2025\/11\/I2A9854-1024x602.jpg\" width=\"1024\" height=\"602\" alt=\"Villa Wenkenhof, Basel. Ceremony in Arlesheim church\" data-full-image=\"https:\/\/alejandro-gomez-weddings.com\/wp-content\/uploads\/2025\/11\/I2A9854.jpg\" data-light-image=\"https:\/\/alejandro-gomez-weddings.com\/wp-content\/uploads\/2025\/11\/I2A9854.jpg\" data-id=\"15274\" class=\"wp-image-15274\" srcset=\"https:\/\/alejandro-gomez-weddings.com\/wp-content\/uploads\/2025\/11\/I2A9854-1024x602.jpg 1024w, https:\/\/alejandro-gomez-weddings.com\/wp-content\/uploads\/2025\/11\/I2A9854-300x176.jpg 300w, https:\/\/alejandro-gomez-weddings.com\/wp-content\/uploads\/2025\/11\/I2A9854-768x451.jpg 768w, https:\/\/alejandro-gomez-weddings.com\/wp-content\/uploads\/2025\/11\/I2A9854-1536x902.jpg 1536w, https:\/\/alejandro-gomez-weddings.com\/wp-content\/uploads\/2025\/11\/I2A9854.jpg 2000w\" sizes=\"auto, (max-width: 1024px) 100vw, 1024px\" \/><\/div><\/div><\/figure><\/div><\/li><li class=\"kadence-blocks-gallery-item\"><div class=\"kadence-blocks-gallery-item-inner\"><figure class=\"kb-gallery-figure kadence-blocks-gallery-item-hide-caption\"><div class=\"kb-gal-image-radius\" style=\"max-width:1024px;\"><div class=\"kb-gallery-image-contain kadence-blocks-gallery-intrinsic\" style=\"padding-bottom:59%;\"><img loading=\"lazy\" decoding=\"async\" src=\"https:\/\/alejandro-gomez-weddings.com\/wp-content\/uploads\/2025\/11\/I2A9866-1024x613.jpg\" width=\"1024\" height=\"613\" alt=\"Villa Wenkenhof, Basel. Ceremony in Arlesheim church\" data-full-image=\"https:\/\/alejandro-gomez-weddings.com\/wp-content\/uploads\/2025\/11\/I2A9866.jpg\" data-light-image=\"https:\/\/alejandro-gomez-weddings.com\/wp-content\/uploads\/2025\/11\/I2A9866.jpg\" data-id=\"15279\" class=\"wp-image-15279\" srcset=\"https:\/\/alejandro-gomez-weddings.com\/wp-content\/uploads\/2025\/11\/I2A9866-1024x613.jpg 1024w, https:\/\/alejandro-gomez-weddings.com\/wp-content\/uploads\/2025\/11\/I2A9866-300x180.jpg 300w, https:\/\/alejandro-gomez-weddings.com\/wp-content\/uploads\/2025\/11\/I2A9866-768x460.jpg 768w, https:\/\/alejandro-gomez-weddings.com\/wp-content\/uploads\/2025\/11\/I2A9866-1536x919.jpg 1536w, https:\/\/alejandro-gomez-weddings.com\/wp-content\/uploads\/2025\/11\/I2A9866.jpg 2000w\" sizes=\"auto, (max-width: 1024px) 100vw, 1024px\" \/><\/div><\/div><\/figure><\/div><\/li><li class=\"kadence-blocks-gallery-item\"><div class=\"kadence-blocks-gallery-item-inner\"><figure class=\"kb-gallery-figure kadence-blocks-gallery-item-hide-caption\"><div class=\"kb-gal-image-radius\" style=\"max-width:1024px;\"><div class=\"kb-gallery-image-contain kadence-blocks-gallery-intrinsic\" style=\"padding-bottom:66%;\"><img loading=\"lazy\" decoding=\"async\" src=\"https:\/\/alejandro-gomez-weddings.com\/wp-content\/uploads\/2025\/11\/2S6A3650-1024x683.jpg\" width=\"1024\" height=\"683\" alt=\"Villa Wenkenhof, Basel. Ceremony in Arlesheim church\" data-full-image=\"https:\/\/alejandro-gomez-weddings.com\/wp-content\/uploads\/2025\/11\/2S6A3650.jpg\" data-light-image=\"https:\/\/alejandro-gomez-weddings.com\/wp-content\/uploads\/2025\/11\/2S6A3650.jpg\" data-id=\"15359\" class=\"wp-image-15359\" srcset=\"https:\/\/alejandro-gomez-weddings.com\/wp-content\/uploads\/2025\/11\/2S6A3650-1024x683.jpg 1024w, https:\/\/alejandro-gomez-weddings.com\/wp-content\/uploads\/2025\/11\/2S6A3650-300x200.jpg 300w, https:\/\/alejandro-gomez-weddings.com\/wp-content\/uploads\/2025\/11\/2S6A3650-768x512.jpg 768w, https:\/\/alejandro-gomez-weddings.com\/wp-content\/uploads\/2025\/11\/2S6A3650-1536x1025.jpg 1536w, https:\/\/alejandro-gomez-weddings.com\/wp-content\/uploads\/2025\/11\/2S6A3650.jpg 2000w\" sizes=\"auto, (max-width: 1024px) 100vw, 1024px\" \/><\/div><\/div><\/figure><\/div><\/li><li class=\"kadence-blocks-gallery-item\"><div class=\"kadence-blocks-gallery-item-inner\"><figure class=\"kb-gallery-figure kadence-blocks-gallery-item-hide-caption\"><div class=\"kb-gal-image-radius\" style=\"max-width:1024px;\"><div class=\"kb-gallery-image-contain kadence-blocks-gallery-intrinsic\" style=\"padding-bottom:66%;\"><img loading=\"lazy\" decoding=\"async\" src=\"https:\/\/alejandro-gomez-weddings.com\/wp-content\/uploads\/2025\/11\/I2A9876-1024x683.jpg\" width=\"1024\" height=\"683\" alt=\"Villa Wenkenhof, Basel. Ceremony in Arlesheim church\" data-full-image=\"https:\/\/alejandro-gomez-weddings.com\/wp-content\/uploads\/2025\/11\/I2A9876.jpg\" data-light-image=\"https:\/\/alejandro-gomez-weddings.com\/wp-content\/uploads\/2025\/11\/I2A9876.jpg\" data-id=\"15284\" class=\"wp-image-15284\" srcset=\"https:\/\/alejandro-gomez-weddings.com\/wp-content\/uploads\/2025\/11\/I2A9876-1024x683.jpg 1024w, https:\/\/alejandro-gomez-weddings.com\/wp-content\/uploads\/2025\/11\/I2A9876-300x200.jpg 300w, https:\/\/alejandro-gomez-weddings.com\/wp-content\/uploads\/2025\/11\/I2A9876-768x512.jpg 768w, https:\/\/alejandro-gomez-weddings.com\/wp-content\/uploads\/2025\/11\/I2A9876-1536x1025.jpg 1536w, https:\/\/alejandro-gomez-weddings.com\/wp-content\/uploads\/2025\/11\/I2A9876.jpg 2000w\" sizes=\"auto, (max-width: 1024px) 100vw, 1024px\" \/><\/div><\/div><\/figure><\/div><\/li><li class=\"kadence-blocks-gallery-item\"><div class=\"kadence-blocks-gallery-item-inner\"><figure class=\"kb-gallery-figure kadence-blocks-gallery-item-hide-caption\"><div class=\"kb-gal-image-radius\" style=\"max-width:1024px;\"><div class=\"kb-gallery-image-contain kadence-blocks-gallery-intrinsic\" style=\"padding-bottom:66%;\"><img loading=\"lazy\" decoding=\"async\" src=\"https:\/\/alejandro-gomez-weddings.com\/wp-content\/uploads\/2025\/11\/I2A9880-1024x683.jpg\" width=\"1024\" height=\"683\" alt=\"Villa Wenkenhof, Basel. Ceremony in Arlesheim church\" data-full-image=\"https:\/\/alejandro-gomez-weddings.com\/wp-content\/uploads\/2025\/11\/I2A9880.jpg\" data-light-image=\"https:\/\/alejandro-gomez-weddings.com\/wp-content\/uploads\/2025\/11\/I2A9880.jpg\" data-id=\"15289\" class=\"wp-image-15289\" srcset=\"https:\/\/alejandro-gomez-weddings.com\/wp-content\/uploads\/2025\/11\/I2A9880-1024x683.jpg 1024w, https:\/\/alejandro-gomez-weddings.com\/wp-content\/uploads\/2025\/11\/I2A9880-300x200.jpg 300w, https:\/\/alejandro-gomez-weddings.com\/wp-content\/uploads\/2025\/11\/I2A9880-768x512.jpg 768w, https:\/\/alejandro-gomez-weddings.com\/wp-content\/uploads\/2025\/11\/I2A9880-1536x1025.jpg 1536w, https:\/\/alejandro-gomez-weddings.com\/wp-content\/uploads\/2025\/11\/I2A9880.jpg 2000w\" sizes=\"auto, (max-width: 1024px) 100vw, 1024px\" \/><\/div><\/div><\/figure><\/div><\/li><li class=\"kadence-blocks-gallery-item\"><div class=\"kadence-blocks-gallery-item-inner\"><figure class=\"kb-gallery-figure kadence-blocks-gallery-item-hide-caption\"><div class=\"kb-gal-image-radius\" style=\"max-width:1024px;\"><div class=\"kb-gallery-image-contain kadence-blocks-gallery-intrinsic\" style=\"padding-bottom:66%;\"><img loading=\"lazy\" decoding=\"async\" src=\"https:\/\/alejandro-gomez-weddings.com\/wp-content\/uploads\/2025\/11\/I2A9907-1024x683.jpg\" width=\"1024\" height=\"683\" alt=\"Villa Wenkenhof, Basel. Ceremony in Arlesheim church\" data-full-image=\"https:\/\/alejandro-gomez-weddings.com\/wp-content\/uploads\/2025\/11\/I2A9907.jpg\" data-light-image=\"https:\/\/alejandro-gomez-weddings.com\/wp-content\/uploads\/2025\/11\/I2A9907.jpg\" data-id=\"15294\" class=\"wp-image-15294\" srcset=\"https:\/\/alejandro-gomez-weddings.com\/wp-content\/uploads\/2025\/11\/I2A9907-1024x683.jpg 1024w, https:\/\/alejandro-gomez-weddings.com\/wp-content\/uploads\/2025\/11\/I2A9907-300x200.jpg 300w, https:\/\/alejandro-gomez-weddings.com\/wp-content\/uploads\/2025\/11\/I2A9907-768x512.jpg 768w, https:\/\/alejandro-gomez-weddings.com\/wp-content\/uploads\/2025\/11\/I2A9907-1536x1025.jpg 1536w, https:\/\/alejandro-gomez-weddings.com\/wp-content\/uploads\/2025\/11\/I2A9907.jpg 2000w\" sizes=\"auto, (max-width: 1024px) 100vw, 1024px\" \/><\/div><\/div><\/figure><\/div><\/li><li class=\"kadence-blocks-gallery-item\"><div class=\"kadence-blocks-gallery-item-inner\"><figure class=\"kb-gallery-figure kadence-blocks-gallery-item-hide-caption\"><div class=\"kb-gal-image-radius\" style=\"max-width:1024px;\"><div class=\"kb-gallery-image-contain kadence-blocks-gallery-intrinsic\" style=\"padding-bottom:66%;\"><img loading=\"lazy\" decoding=\"async\" src=\"https:\/\/alejandro-gomez-weddings.com\/wp-content\/uploads\/2025\/11\/I2A9912-1024x683.jpg\" width=\"1024\" height=\"683\" alt=\"Villa Wenkenhof, Basel. Ceremony in Arlesheim church\" data-full-image=\"https:\/\/alejandro-gomez-weddings.com\/wp-content\/uploads\/2025\/11\/I2A9912.jpg\" data-light-image=\"https:\/\/alejandro-gomez-weddings.com\/wp-content\/uploads\/2025\/11\/I2A9912.jpg\" data-id=\"15299\" class=\"wp-image-15299\" srcset=\"https:\/\/alejandro-gomez-weddings.com\/wp-content\/uploads\/2025\/11\/I2A9912-1024x683.jpg 1024w, https:\/\/alejandro-gomez-weddings.com\/wp-content\/uploads\/2025\/11\/I2A9912-300x200.jpg 300w, https:\/\/alejandro-gomez-weddings.com\/wp-content\/uploads\/2025\/11\/I2A9912-768x512.jpg 768w, https:\/\/alejandro-gomez-weddings.com\/wp-content\/uploads\/2025\/11\/I2A9912-1536x1025.jpg 1536w, https:\/\/alejandro-gomez-weddings.com\/wp-content\/uploads\/2025\/11\/I2A9912.jpg 2000w\" sizes=\"auto, (max-width: 1024px) 100vw, 1024px\" \/><\/div><\/div><\/figure><\/div><\/li><li class=\"kadence-blocks-gallery-item\"><div class=\"kadence-blocks-gallery-item-inner\"><figure class=\"kb-gallery-figure kadence-blocks-gallery-item-hide-caption\"><div class=\"kb-gal-image-radius\" style=\"max-width:1024px;\"><div class=\"kb-gallery-image-contain kadence-blocks-gallery-intrinsic\" style=\"padding-bottom:66%;\"><img loading=\"lazy\" decoding=\"async\" src=\"https:\/\/alejandro-gomez-weddings.com\/wp-content\/uploads\/2025\/11\/I2A9918-1024x683.jpg\" width=\"1024\" height=\"683\" alt=\"Villa Wenkenhof, Basel. Ceremony in Arlesheim church\" data-full-image=\"https:\/\/alejandro-gomez-weddings.com\/wp-content\/uploads\/2025\/11\/I2A9918.jpg\" data-light-image=\"https:\/\/alejandro-gomez-weddings.com\/wp-content\/uploads\/2025\/11\/I2A9918.jpg\" data-id=\"15304\" class=\"wp-image-15304\" srcset=\"https:\/\/alejandro-gomez-weddings.com\/wp-content\/uploads\/2025\/11\/I2A9918-1024x683.jpg 1024w, https:\/\/alejandro-gomez-weddings.com\/wp-content\/uploads\/2025\/11\/I2A9918-300x200.jpg 300w, https:\/\/alejandro-gomez-weddings.com\/wp-content\/uploads\/2025\/11\/I2A9918-768x512.jpg 768w, https:\/\/alejandro-gomez-weddings.com\/wp-content\/uploads\/2025\/11\/I2A9918-1536x1025.jpg 1536w, https:\/\/alejandro-gomez-weddings.com\/wp-content\/uploads\/2025\/11\/I2A9918.jpg 2000w\" sizes=\"auto, (max-width: 1024px) 100vw, 1024px\" \/><\/div><\/div><\/figure><\/div><\/li><li class=\"kadence-blocks-gallery-item\"><div class=\"kadence-blocks-gallery-item-inner\"><figure class=\"kb-gallery-figure kadence-blocks-gallery-item-hide-caption\"><div class=\"kb-gal-image-radius\" style=\"max-width:1024px;\"><div class=\"kb-gallery-image-contain kadence-blocks-gallery-intrinsic\" style=\"padding-bottom:66%;\"><img loading=\"lazy\" decoding=\"async\" src=\"https:\/\/alejandro-gomez-weddings.com\/wp-content\/uploads\/2025\/11\/I2A9980-1024x683.jpg\" width=\"1024\" height=\"683\" alt=\"Villa Wenkenhof, Basel. Ceremony in Arlesheim church\" data-full-image=\"https:\/\/alejandro-gomez-weddings.com\/wp-content\/uploads\/2025\/11\/I2A9980.jpg\" data-light-image=\"https:\/\/alejandro-gomez-weddings.com\/wp-content\/uploads\/2025\/11\/I2A9980.jpg\" data-id=\"15309\" class=\"wp-image-15309\" srcset=\"https:\/\/alejandro-gomez-weddings.com\/wp-content\/uploads\/2025\/11\/I2A9980-1024x683.jpg 1024w, https:\/\/alejandro-gomez-weddings.com\/wp-content\/uploads\/2025\/11\/I2A9980-300x200.jpg 300w, https:\/\/alejandro-gomez-weddings.com\/wp-content\/uploads\/2025\/11\/I2A9980-768x512.jpg 768w, https:\/\/alejandro-gomez-weddings.com\/wp-content\/uploads\/2025\/11\/I2A9980-1536x1025.jpg 1536w, https:\/\/alejandro-gomez-weddings.com\/wp-content\/uploads\/2025\/11\/I2A9980.jpg 2000w\" sizes=\"auto, (max-width: 1024px) 100vw, 1024px\" \/><\/div><\/div><\/figure><\/div><\/li><li class=\"kadence-blocks-gallery-item\"><div class=\"kadence-blocks-gallery-item-inner\"><figure class=\"kb-gallery-figure kadence-blocks-gallery-item-hide-caption\"><div class=\"kb-gal-image-radius\" style=\"max-width:1024px;\"><div class=\"kb-gallery-image-contain kadence-blocks-gallery-intrinsic\" style=\"padding-bottom:66%;\"><img loading=\"lazy\" decoding=\"async\" src=\"https:\/\/alejandro-gomez-weddings.com\/wp-content\/uploads\/2025\/11\/I2A9986-1024x683.jpg\" width=\"1024\" height=\"683\" alt=\"Villa Wenkenhof, Basel. Ceremony in Arlesheim church\" data-full-image=\"https:\/\/alejandro-gomez-weddings.com\/wp-content\/uploads\/2025\/11\/I2A9986.jpg\" data-light-image=\"https:\/\/alejandro-gomez-weddings.com\/wp-content\/uploads\/2025\/11\/I2A9986.jpg\" data-id=\"15314\" class=\"wp-image-15314\" srcset=\"https:\/\/alejandro-gomez-weddings.com\/wp-content\/uploads\/2025\/11\/I2A9986-1024x683.jpg 1024w, https:\/\/alejandro-gomez-weddings.com\/wp-content\/uploads\/2025\/11\/I2A9986-300x200.jpg 300w, https:\/\/alejandro-gomez-weddings.com\/wp-content\/uploads\/2025\/11\/I2A9986-768x512.jpg 768w, https:\/\/alejandro-gomez-weddings.com\/wp-content\/uploads\/2025\/11\/I2A9986-1536x1025.jpg 1536w, https:\/\/alejandro-gomez-weddings.com\/wp-content\/uploads\/2025\/11\/I2A9986.jpg 2000w\" sizes=\"auto, (max-width: 1024px) 100vw, 1024px\" \/><\/div><\/div><\/figure><\/div><\/li><li class=\"kadence-blocks-gallery-item\"><div class=\"kadence-blocks-gallery-item-inner\"><figure class=\"kb-gallery-figure kadence-blocks-gallery-item-hide-caption\"><div class=\"kb-gal-image-radius\" style=\"max-width:1024px;\"><div class=\"kb-gallery-image-contain kadence-blocks-gallery-intrinsic\" style=\"padding-bottom:66%;\"><img loading=\"lazy\" decoding=\"async\" src=\"https:\/\/alejandro-gomez-weddings.com\/wp-content\/uploads\/2025\/11\/I2A9987-1024x683.jpg\" width=\"1024\" height=\"683\" alt=\"Villa Wenkenhof, Basel. Ceremony in Arlesheim church\" data-full-image=\"https:\/\/alejandro-gomez-weddings.com\/wp-content\/uploads\/2025\/11\/I2A9987.jpg\" data-light-image=\"https:\/\/alejandro-gomez-weddings.com\/wp-content\/uploads\/2025\/11\/I2A9987.jpg\" data-id=\"15319\" class=\"wp-image-15319\" srcset=\"https:\/\/alejandro-gomez-weddings.com\/wp-content\/uploads\/2025\/11\/I2A9987-1024x683.jpg 1024w, https:\/\/alejandro-gomez-weddings.com\/wp-content\/uploads\/2025\/11\/I2A9987-300x200.jpg 300w, https:\/\/alejandro-gomez-weddings.com\/wp-content\/uploads\/2025\/11\/I2A9987-768x512.jpg 768w, https:\/\/alejandro-gomez-weddings.com\/wp-content\/uploads\/2025\/11\/I2A9987-1536x1025.jpg 1536w, https:\/\/alejandro-gomez-weddings.com\/wp-content\/uploads\/2025\/11\/I2A9987.jpg 2000w\" sizes=\"auto, (max-width: 1024px) 100vw, 1024px\" \/><\/div><\/div><\/figure><\/div><\/li><li class=\"kadence-blocks-gallery-item\"><div class=\"kadence-blocks-gallery-item-inner\"><figure class=\"kb-gallery-figure kadence-blocks-gallery-item-hide-caption\"><div class=\"kb-gal-image-radius\" style=\"max-width:1024px;\"><div class=\"kb-gallery-image-contain kadence-blocks-gallery-intrinsic\" style=\"padding-bottom:64%;\"><img loading=\"lazy\" decoding=\"async\" src=\"https:\/\/alejandro-gomez-weddings.com\/wp-content\/uploads\/2025\/11\/I2A9990-1024x663.jpg\" width=\"1024\" height=\"663\" alt=\"Villa Wenkenhof, Basel. Ceremony in Arlesheim church\" data-full-image=\"https:\/\/alejandro-gomez-weddings.com\/wp-content\/uploads\/2025\/11\/I2A9990.jpg\" data-light-image=\"https:\/\/alejandro-gomez-weddings.com\/wp-content\/uploads\/2025\/11\/I2A9990.jpg\" data-id=\"15329\" class=\"wp-image-15329\" srcset=\"https:\/\/alejandro-gomez-weddings.com\/wp-content\/uploads\/2025\/11\/I2A9990-1024x663.jpg 1024w, https:\/\/alejandro-gomez-weddings.com\/wp-content\/uploads\/2025\/11\/I2A9990-300x194.jpg 300w, https:\/\/alejandro-gomez-weddings.com\/wp-content\/uploads\/2025\/11\/I2A9990-768x497.jpg 768w, https:\/\/alejandro-gomez-weddings.com\/wp-content\/uploads\/2025\/11\/I2A9990-1536x994.jpg 1536w, https:\/\/alejandro-gomez-weddings.com\/wp-content\/uploads\/2025\/11\/I2A9990.jpg 2000w\" sizes=\"auto, (max-width: 1024px) 100vw, 1024px\" \/><\/div><\/div><\/figure><\/div><\/li><li class=\"kadence-blocks-gallery-item\"><div class=\"kadence-blocks-gallery-item-inner\"><figure class=\"kb-gallery-figure kadence-blocks-gallery-item-hide-caption\"><div class=\"kb-gal-image-radius\" style=\"max-width:1024px;\"><div class=\"kb-gallery-image-contain kadence-blocks-gallery-intrinsic\" style=\"padding-bottom:60%;\"><img loading=\"lazy\" decoding=\"async\" src=\"https:\/\/alejandro-gomez-weddings.com\/wp-content\/uploads\/2025\/11\/I2A9989-1024x618.jpg\" width=\"1024\" height=\"618\" alt=\"Villa Wenkenhof, Basel. Ceremony in Arlesheim church\" data-full-image=\"https:\/\/alejandro-gomez-weddings.com\/wp-content\/uploads\/2025\/11\/I2A9989.jpg\" data-light-image=\"https:\/\/alejandro-gomez-weddings.com\/wp-content\/uploads\/2025\/11\/I2A9989.jpg\" data-id=\"15324\" class=\"wp-image-15324\" srcset=\"https:\/\/alejandro-gomez-weddings.com\/wp-content\/uploads\/2025\/11\/I2A9989-1024x618.jpg 1024w, https:\/\/alejandro-gomez-weddings.com\/wp-content\/uploads\/2025\/11\/I2A9989-300x181.jpg 300w, https:\/\/alejandro-gomez-weddings.com\/wp-content\/uploads\/2025\/11\/I2A9989-768x464.jpg 768w, https:\/\/alejandro-gomez-weddings.com\/wp-content\/uploads\/2025\/11\/I2A9989-1536x928.jpg 1536w, https:\/\/alejandro-gomez-weddings.com\/wp-content\/uploads\/2025\/11\/I2A9989.jpg 2000w\" sizes=\"auto, (max-width: 1024px) 100vw, 1024px\" \/><\/div><\/div><\/figure><\/div><\/li><li class=\"kadence-blocks-gallery-item\"><div class=\"kadence-blocks-gallery-item-inner\"><figure class=\"kb-gallery-figure kadence-blocks-gallery-item-hide-caption\"><div class=\"kb-gal-image-radius\" style=\"max-width:1024px;\"><div class=\"kb-gallery-image-contain kadence-blocks-gallery-intrinsic\" style=\"padding-bottom:66%;\"><img loading=\"lazy\" decoding=\"async\" src=\"https:\/\/alejandro-gomez-weddings.com\/wp-content\/uploads\/2025\/11\/I2A0013-1024x683.jpg\" width=\"1024\" height=\"683\" alt=\"Villa Wenkenhof, Basel. Ceremony in Arlesheim church\" data-full-image=\"https:\/\/alejandro-gomez-weddings.com\/wp-content\/uploads\/2025\/11\/I2A0013.jpg\" data-light-image=\"https:\/\/alejandro-gomez-weddings.com\/wp-content\/uploads\/2025\/11\/I2A0013.jpg\" data-id=\"15179\" class=\"wp-image-15179\" srcset=\"https:\/\/alejandro-gomez-weddings.com\/wp-content\/uploads\/2025\/11\/I2A0013-1024x683.jpg 1024w, https:\/\/alejandro-gomez-weddings.com\/wp-content\/uploads\/2025\/11\/I2A0013-300x200.jpg 300w, https:\/\/alejandro-gomez-weddings.com\/wp-content\/uploads\/2025\/11\/I2A0013-768x512.jpg 768w, https:\/\/alejandro-gomez-weddings.com\/wp-content\/uploads\/2025\/11\/I2A0013-1536x1025.jpg 1536w, https:\/\/alejandro-gomez-weddings.com\/wp-content\/uploads\/2025\/11\/I2A0013.jpg 2000w\" sizes=\"auto, (max-width: 1024px) 100vw, 1024px\" \/><\/div><\/div><\/figure><\/div><\/li><li class=\"kadence-blocks-gallery-item\"><div class=\"kadence-blocks-gallery-item-inner\"><figure class=\"kb-gallery-figure kadence-blocks-gallery-item-hide-caption\"><div class=\"kb-gal-image-radius\" style=\"max-width:1024px;\"><div class=\"kb-gallery-image-contain kadence-blocks-gallery-intrinsic\" style=\"padding-bottom:66%;\"><img loading=\"lazy\" decoding=\"async\" src=\"https:\/\/alejandro-gomez-weddings.com\/wp-content\/uploads\/2025\/11\/I2A9991-1024x683.jpg\" width=\"1024\" height=\"683\" alt=\"Villa Wenkenhof, Basel. Ceremony in Arlesheim church\" data-full-image=\"https:\/\/alejandro-gomez-weddings.com\/wp-content\/uploads\/2025\/11\/I2A9991.jpg\" data-light-image=\"https:\/\/alejandro-gomez-weddings.com\/wp-content\/uploads\/2025\/11\/I2A9991.jpg\" data-id=\"15334\" class=\"wp-image-15334\" srcset=\"https:\/\/alejandro-gomez-weddings.com\/wp-content\/uploads\/2025\/11\/I2A9991-1024x683.jpg 1024w, https:\/\/alejandro-gomez-weddings.com\/wp-content\/uploads\/2025\/11\/I2A9991-300x200.jpg 300w, https:\/\/alejandro-gomez-weddings.com\/wp-content\/uploads\/2025\/11\/I2A9991-768x512.jpg 768w, https:\/\/alejandro-gomez-weddings.com\/wp-content\/uploads\/2025\/11\/I2A9991-1536x1025.jpg 1536w, https:\/\/alejandro-gomez-weddings.com\/wp-content\/uploads\/2025\/11\/I2A9991.jpg 2000w\" sizes=\"auto, (max-width: 1024px) 100vw, 1024px\" \/><\/div><\/div><\/figure><\/div><\/li><li class=\"kadence-blocks-gallery-item\"><div class=\"kadence-blocks-gallery-item-inner\"><figure class=\"kb-gallery-figure kadence-blocks-gallery-item-hide-caption\"><div class=\"kb-gal-image-radius\" style=\"max-width:1024px;\"><div class=\"kb-gallery-image-contain kadence-blocks-gallery-intrinsic\" style=\"padding-bottom:66%;\"><img loading=\"lazy\" decoding=\"async\" src=\"https:\/\/alejandro-gomez-weddings.com\/wp-content\/uploads\/2025\/11\/I2A0010-1024x683.jpg\" width=\"1024\" height=\"683\" alt=\"Villa Wenkenhof, Basel. Ceremony in Arlesheim church\" data-full-image=\"https:\/\/alejandro-gomez-weddings.com\/wp-content\/uploads\/2025\/11\/I2A0010.jpg\" data-light-image=\"https:\/\/alejandro-gomez-weddings.com\/wp-content\/uploads\/2025\/11\/I2A0010.jpg\" data-id=\"15174\" class=\"wp-image-15174\" srcset=\"https:\/\/alejandro-gomez-weddings.com\/wp-content\/uploads\/2025\/11\/I2A0010-1024x683.jpg 1024w, https:\/\/alejandro-gomez-weddings.com\/wp-content\/uploads\/2025\/11\/I2A0010-300x200.jpg 300w, https:\/\/alejandro-gomez-weddings.com\/wp-content\/uploads\/2025\/11\/I2A0010-768x512.jpg 768w, https:\/\/alejandro-gomez-weddings.com\/wp-content\/uploads\/2025\/11\/I2A0010-1536x1025.jpg 1536w, https:\/\/alejandro-gomez-weddings.com\/wp-content\/uploads\/2025\/11\/I2A0010.jpg 2000w\" sizes=\"auto, (max-width: 1024px) 100vw, 1024px\" \/><\/div><\/div><\/figure><\/div><\/li><li class=\"kadence-blocks-gallery-item\"><div class=\"kadence-blocks-gallery-item-inner\"><figure class=\"kb-gallery-figure kadence-blocks-gallery-item-hide-caption\"><div class=\"kb-gal-image-radius\" style=\"max-width:1024px;\"><div class=\"kb-gallery-image-contain kadence-blocks-gallery-intrinsic\" style=\"padding-bottom:66%;\"><img loading=\"lazy\" decoding=\"async\" src=\"https:\/\/alejandro-gomez-weddings.com\/wp-content\/uploads\/2025\/11\/I2A9993-1024x683.jpg\" width=\"1024\" height=\"683\" alt=\"Villa Wenkenhof, Basel. Ceremony in Arlesheim church\" data-full-image=\"https:\/\/alejandro-gomez-weddings.com\/wp-content\/uploads\/2025\/11\/I2A9993.jpg\" data-light-image=\"https:\/\/alejandro-gomez-weddings.com\/wp-content\/uploads\/2025\/11\/I2A9993.jpg\" data-id=\"15339\" class=\"wp-image-15339\" srcset=\"https:\/\/alejandro-gomez-weddings.com\/wp-content\/uploads\/2025\/11\/I2A9993-1024x683.jpg 1024w, https:\/\/alejandro-gomez-weddings.com\/wp-content\/uploads\/2025\/11\/I2A9993-300x200.jpg 300w, https:\/\/alejandro-gomez-weddings.com\/wp-content\/uploads\/2025\/11\/I2A9993-768x512.jpg 768w, https:\/\/alejandro-gomez-weddings.com\/wp-content\/uploads\/2025\/11\/I2A9993-1536x1025.jpg 1536w, https:\/\/alejandro-gomez-weddings.com\/wp-content\/uploads\/2025\/11\/I2A9993.jpg 2000w\" sizes=\"auto, (max-width: 1024px) 100vw, 1024px\" \/><\/div><\/div><\/figure><\/div><\/li><li class=\"kadence-blocks-gallery-item\"><div class=\"kadence-blocks-gallery-item-inner\"><figure class=\"kb-gallery-figure kadence-blocks-gallery-item-hide-caption\"><div class=\"kb-gal-image-radius\" style=\"max-width:1024px;\"><div class=\"kb-gallery-image-contain kadence-blocks-gallery-intrinsic\" style=\"padding-bottom:63%;\"><img loading=\"lazy\" decoding=\"async\" src=\"https:\/\/alejandro-gomez-weddings.com\/wp-content\/uploads\/2025\/11\/I2A0024-1024x653.jpg\" width=\"1024\" height=\"653\" alt=\"Villa Wenkenhof, Basel. Ceremony in Arlesheim church\" data-full-image=\"https:\/\/alejandro-gomez-weddings.com\/wp-content\/uploads\/2025\/11\/I2A0024.jpg\" data-light-image=\"https:\/\/alejandro-gomez-weddings.com\/wp-content\/uploads\/2025\/11\/I2A0024.jpg\" data-id=\"15189\" class=\"wp-image-15189\" srcset=\"https:\/\/alejandro-gomez-weddings.com\/wp-content\/uploads\/2025\/11\/I2A0024-1024x653.jpg 1024w, https:\/\/alejandro-gomez-weddings.com\/wp-content\/uploads\/2025\/11\/I2A0024-300x191.jpg 300w, https:\/\/alejandro-gomez-weddings.com\/wp-content\/uploads\/2025\/11\/I2A0024-768x490.jpg 768w, https:\/\/alejandro-gomez-weddings.com\/wp-content\/uploads\/2025\/11\/I2A0024-1536x979.jpg 1536w, https:\/\/alejandro-gomez-weddings.com\/wp-content\/uploads\/2025\/11\/I2A0024.jpg 2000w\" sizes=\"auto, (max-width: 1024px) 100vw, 1024px\" \/><\/div><\/div><\/figure><\/div><\/li><li class=\"kadence-blocks-gallery-item\"><div class=\"kadence-blocks-gallery-item-inner\"><figure class=\"kb-gallery-figure kadence-blocks-gallery-item-hide-caption\"><div class=\"kb-gal-image-radius\" style=\"max-width:1024px;\"><div class=\"kb-gallery-image-contain kadence-blocks-gallery-intrinsic\" style=\"padding-bottom:66%;\"><img loading=\"lazy\" decoding=\"async\" src=\"https:\/\/alejandro-gomez-weddings.com\/wp-content\/uploads\/2025\/11\/I2A0015-1024x683.jpg\" width=\"1024\" height=\"683\" alt=\"Villa Wenkenhof, Basel. Ceremony in Arlesheim church\" data-full-image=\"https:\/\/alejandro-gomez-weddings.com\/wp-content\/uploads\/2025\/11\/I2A0015.jpg\" data-light-image=\"https:\/\/alejandro-gomez-weddings.com\/wp-content\/uploads\/2025\/11\/I2A0015.jpg\" data-id=\"15184\" class=\"wp-image-15184\" srcset=\"https:\/\/alejandro-gomez-weddings.com\/wp-content\/uploads\/2025\/11\/I2A0015-1024x683.jpg 1024w, https:\/\/alejandro-gomez-weddings.com\/wp-content\/uploads\/2025\/11\/I2A0015-300x200.jpg 300w, https:\/\/alejandro-gomez-weddings.com\/wp-content\/uploads\/2025\/11\/I2A0015-768x512.jpg 768w, https:\/\/alejandro-gomez-weddings.com\/wp-content\/uploads\/2025\/11\/I2A0015-1536x1025.jpg 1536w, https:\/\/alejandro-gomez-weddings.com\/wp-content\/uploads\/2025\/11\/I2A0015.jpg 2000w\" sizes=\"auto, (max-width: 1024px) 100vw, 1024px\" \/><\/div><\/div><\/figure><\/div><\/li><\/ul><\/div>\n<p><\/p>\n\n<p><\/p>\n<style>.wp-block-kadence-advancedheading.kt-adv-heading15057_927754-67, .wp-block-kadence-advancedheading.kt-adv-heading15057_927754-67[data-kb-block=\"kb-adv-heading15057_927754-67\"]{text-align:center;font-size:60px;font-style:normal;text-transform:uppercase;}.wp-block-kadence-advancedheading.kt-adv-heading15057_927754-67 mark.kt-highlight, .wp-block-kadence-advancedheading.kt-adv-heading15057_927754-67[data-kb-block=\"kb-adv-heading15057_927754-67\"] mark.kt-highlight{font-style:normal;color:#f76a0c;-webkit-box-decoration-break:clone;box-decoration-break:clone;padding-top:0px;padding-right:0px;padding-bottom:0px;padding-left:0px;}@media all and (max-width: 767px){.wp-block-kadence-advancedheading.kt-adv-heading15057_927754-67, .wp-block-kadence-advancedheading.kt-adv-heading15057_927754-67[data-kb-block=\"kb-adv-heading15057_927754-67\"]{font-size:30px;}}<\/style>\n<h2 class=\"kt-adv-heading15057_927754-67 wp-block-kadence-advancedheading\" data-kb-block=\"kb-adv-heading15057_927754-67\">Pompas de jab\u00f3n, un oldtimer y momentos tiernos despu\u00e9s de la iglesia<\/h2>\n<style>.wp-block-kadence-advancedheading.kt-adv-heading15057_4d4007-c6, .wp-block-kadence-advancedheading.kt-adv-heading15057_4d4007-c6[data-kb-block=\"kb-adv-heading15057_4d4007-c6\"]{text-align:center;font-size:40px;line-height:1.2;font-weight:400;font-style:normal;font-family:'Libre Caslon Display';border-top:30px solid transparent;border-right:30px solid transparent;border-bottom:30px solid transparent;border-left:30px solid transparent;}.wp-block-kadence-advancedheading.kt-adv-heading15057_4d4007-c6 mark.kt-highlight, .wp-block-kadence-advancedheading.kt-adv-heading15057_4d4007-c6[data-kb-block=\"kb-adv-heading15057_4d4007-c6\"] mark.kt-highlight{font-style:normal;color:#f76a0c;-webkit-box-decoration-break:clone;box-decoration-break:clone;padding-top:0px;padding-right:0px;padding-bottom:0px;padding-left:0px;}@media all and (max-width: 1024px){.wp-block-kadence-advancedheading.kt-adv-heading15057_4d4007-c6, .wp-block-kadence-advancedheading.kt-adv-heading15057_4d4007-c6[data-kb-block=\"kb-adv-heading15057_4d4007-c6\"]{border-top:30px solid transparent;border-right:30px solid transparent;border-bottom:30px solid transparent;border-left:30px solid transparent;}}@media all and (max-width: 767px){.wp-block-kadence-advancedheading.kt-adv-heading15057_4d4007-c6, .wp-block-kadence-advancedheading.kt-adv-heading15057_4d4007-c6[data-kb-block=\"kb-adv-heading15057_4d4007-c6\"]{font-size:20px;border-top:30px solid transparent;border-right:30px solid transparent;border-bottom:30px solid transparent;border-left:30px solid transparent;}}<\/style>\n<p class=\"kt-adv-heading15057_4d4007-c6 wp-block-kadence-advancedheading\" data-kb-block=\"kb-adv-heading15057_4d4007-c6\">Tras la ceremonia, se produjo esa hermosa explosi\u00f3n de emoci\u00f3n cuando todos salieron de la iglesia. Vivian y Santiago salieron entre una lluvia de burbujas, sonrisas y felicitaciones. Son momentos llenos de movimiento y espontaneidad: ni\u00f1os corriendo, familiares intentando abrazarse, amigos riendo y vitoreando.  <\/p>\n<style>.wp-block-kadence-advancedheading.kt-adv-heading15057_8ba89a-5d, .wp-block-kadence-advancedheading.kt-adv-heading15057_8ba89a-5d[data-kb-block=\"kb-adv-heading15057_8ba89a-5d\"]{text-align:center;font-size:40px;line-height:1.2;font-weight:400;font-style:normal;font-family:'Libre Caslon Display';border-top:30px solid transparent;border-right:30px solid transparent;border-bottom:30px solid transparent;border-left:30px solid transparent;}.wp-block-kadence-advancedheading.kt-adv-heading15057_8ba89a-5d mark.kt-highlight, .wp-block-kadence-advancedheading.kt-adv-heading15057_8ba89a-5d[data-kb-block=\"kb-adv-heading15057_8ba89a-5d\"] mark.kt-highlight{font-style:normal;color:#f76a0c;-webkit-box-decoration-break:clone;box-decoration-break:clone;padding-top:0px;padding-right:0px;padding-bottom:0px;padding-left:0px;}@media all and (max-width: 1024px){.wp-block-kadence-advancedheading.kt-adv-heading15057_8ba89a-5d, .wp-block-kadence-advancedheading.kt-adv-heading15057_8ba89a-5d[data-kb-block=\"kb-adv-heading15057_8ba89a-5d\"]{border-top:30px solid transparent;border-right:30px solid transparent;border-bottom:30px solid transparent;border-left:30px solid transparent;}}@media all and (max-width: 767px){.wp-block-kadence-advancedheading.kt-adv-heading15057_8ba89a-5d, .wp-block-kadence-advancedheading.kt-adv-heading15057_8ba89a-5d[data-kb-block=\"kb-adv-heading15057_8ba89a-5d\"]{font-size:20px;border-top:30px solid transparent;border-right:30px solid transparent;border-bottom:30px solid transparent;border-left:30px solid transparent;}}<\/style>\n<p class=\"kt-adv-heading15057_8ba89a-5d wp-block-kadence-advancedheading\" data-kb-block=\"kb-adv-heading15057_8ba89a-5d\">Uno de mis momentos favoritos fue cuando estuvieron con el oldtimer. El coche se convirti\u00f3 en un peque\u00f1o oasis de calma entre la iglesia y la recepci\u00f3n; una oportunidad para respirar, mirarse y sentir que \u00abahora s\u00ed estamos casados \u200b\u200bde verdad\u00bb. Las im\u00e1genes de ese momento del d\u00eda est\u00e1n llenas de ternura y una alegr\u00eda serena.  <\/p>\n\n<p><\/p>\n\n<p><\/p>\n<style>.wp-block-kadence-advancedgallery .kb-gallery-type-masonry.kb-gallery-id-15057_7202e1-b3{margin:-1px;}.kb-gallery-type-masonry.kb-gallery-id-15057_7202e1-b3 .kadence-blocks-gallery-item{padding:1px;}.kb-gallery-id-15057_7202e1-b3 .kadence-blocks-gallery-item .kb-gal-image-radius, .kb-gallery-id-15057_7202e1-b3 .kb-slide-item .kb-gal-image-radius img{border-radius:0px 0px 0px 0px;;}<\/style><div class=\"kb-gallery-wrap-id-15057_7202e1-b3 alignnone wp-block-kadence-advancedgallery\"><ul class=\"kb-gallery-ul kb-gallery-non-static kb-gallery-type-masonry kb-masonry-init kb-gallery-id-15057_7202e1-b3 kb-gallery-caption-style-bottom-hover kb-gallery-filter-none\" data-image-filter=\"none\" data-item-selector=\".kadence-blocks-gallery-item\" data-lightbox-caption=\"true\" data-columns-xxl=\"2\" data-columns-xl=\"2\" data-columns-md=\"2\" data-columns-sm=\"2\" data-columns-xs=\"1\" data-columns-ss=\"1\"><li class=\"kadence-blocks-gallery-item\"><div class=\"kadence-blocks-gallery-item-inner\"><figure class=\"kb-gallery-figure kadence-blocks-gallery-item-hide-caption\"><div class=\"kb-gal-image-radius\" style=\"max-width:1024px;\"><div class=\"kb-gallery-image-contain kadence-blocks-gallery-intrinsic\" style=\"padding-bottom:58%;\"><img loading=\"lazy\" decoding=\"async\" src=\"https:\/\/alejandro-gomez-weddings.com\/wp-content\/uploads\/2025\/11\/2S6A3678-1024x604.jpg\" width=\"1024\" height=\"604\" alt=\"Villa Wenkenhof, Basel. Ceremony in Arlesheim church. Group photo\" data-full-image=\"https:\/\/alejandro-gomez-weddings.com\/wp-content\/uploads\/2025\/11\/2S6A3678.jpg\" data-light-image=\"https:\/\/alejandro-gomez-weddings.com\/wp-content\/uploads\/2025\/11\/2S6A3678.jpg\" data-id=\"15394\" class=\"wp-image-15394\" srcset=\"https:\/\/alejandro-gomez-weddings.com\/wp-content\/uploads\/2025\/11\/2S6A3678-1024x604.jpg 1024w, https:\/\/alejandro-gomez-weddings.com\/wp-content\/uploads\/2025\/11\/2S6A3678-300x177.jpg 300w, https:\/\/alejandro-gomez-weddings.com\/wp-content\/uploads\/2025\/11\/2S6A3678-768x453.jpg 768w, https:\/\/alejandro-gomez-weddings.com\/wp-content\/uploads\/2025\/11\/2S6A3678-1536x905.jpg 1536w, https:\/\/alejandro-gomez-weddings.com\/wp-content\/uploads\/2025\/11\/2S6A3678.jpg 2000w\" sizes=\"auto, (max-width: 1024px) 100vw, 1024px\" \/><\/div><\/div><\/figure><\/div><\/li><li class=\"kadence-blocks-gallery-item\"><div class=\"kadence-blocks-gallery-item-inner\"><figure class=\"kb-gallery-figure kadence-blocks-gallery-item-hide-caption\"><div class=\"kb-gal-image-radius\" style=\"max-width:1024px;\"><div class=\"kb-gallery-image-contain kadence-blocks-gallery-intrinsic\" style=\"padding-bottom:66%;\"><img loading=\"lazy\" decoding=\"async\" src=\"https:\/\/alejandro-gomez-weddings.com\/wp-content\/uploads\/2025\/11\/I2A0120-1024x683.jpg\" width=\"1024\" height=\"683\" alt=\"Villa Wenkenhof, Basel. Ceremony in Arlesheim church. Group photo\" data-full-image=\"https:\/\/alejandro-gomez-weddings.com\/wp-content\/uploads\/2025\/11\/I2A0120.jpg\" data-light-image=\"https:\/\/alejandro-gomez-weddings.com\/wp-content\/uploads\/2025\/11\/I2A0120.jpg\" data-id=\"15374\" class=\"wp-image-15374\" srcset=\"https:\/\/alejandro-gomez-weddings.com\/wp-content\/uploads\/2025\/11\/I2A0120-1024x683.jpg 1024w, https:\/\/alejandro-gomez-weddings.com\/wp-content\/uploads\/2025\/11\/I2A0120-300x200.jpg 300w, https:\/\/alejandro-gomez-weddings.com\/wp-content\/uploads\/2025\/11\/I2A0120-768x512.jpg 768w, https:\/\/alejandro-gomez-weddings.com\/wp-content\/uploads\/2025\/11\/I2A0120-1536x1025.jpg 1536w, https:\/\/alejandro-gomez-weddings.com\/wp-content\/uploads\/2025\/11\/I2A0120.jpg 2000w\" sizes=\"auto, (max-width: 1024px) 100vw, 1024px\" \/><\/div><\/div><\/figure><\/div><\/li><li class=\"kadence-blocks-gallery-item\"><div class=\"kadence-blocks-gallery-item-inner\"><figure class=\"kb-gallery-figure kadence-blocks-gallery-item-hide-caption\"><div class=\"kb-gal-image-radius\" style=\"max-width:1024px;\"><div class=\"kb-gallery-image-contain kadence-blocks-gallery-intrinsic\" style=\"padding-bottom:66%;\"><img loading=\"lazy\" decoding=\"async\" src=\"https:\/\/alejandro-gomez-weddings.com\/wp-content\/uploads\/2025\/11\/2S6A3693-1024x683.jpg\" width=\"1024\" height=\"683\" alt=\"Villa Wenkenhof, Basel. Ceremony in Arlesheim church. Group photo\" data-full-image=\"https:\/\/alejandro-gomez-weddings.com\/wp-content\/uploads\/2025\/11\/2S6A3693.jpg\" data-light-image=\"https:\/\/alejandro-gomez-weddings.com\/wp-content\/uploads\/2025\/11\/2S6A3693.jpg\" data-id=\"15404\" class=\"wp-image-15404\" srcset=\"https:\/\/alejandro-gomez-weddings.com\/wp-content\/uploads\/2025\/11\/2S6A3693-1024x683.jpg 1024w, https:\/\/alejandro-gomez-weddings.com\/wp-content\/uploads\/2025\/11\/2S6A3693-300x200.jpg 300w, https:\/\/alejandro-gomez-weddings.com\/wp-content\/uploads\/2025\/11\/2S6A3693-768x512.jpg 768w, https:\/\/alejandro-gomez-weddings.com\/wp-content\/uploads\/2025\/11\/2S6A3693-1536x1025.jpg 1536w, https:\/\/alejandro-gomez-weddings.com\/wp-content\/uploads\/2025\/11\/2S6A3693.jpg 2000w\" sizes=\"auto, (max-width: 1024px) 100vw, 1024px\" \/><\/div><\/div><\/figure><\/div><\/li><li class=\"kadence-blocks-gallery-item\"><div class=\"kadence-blocks-gallery-item-inner\"><figure class=\"kb-gallery-figure kadence-blocks-gallery-item-hide-caption\"><div class=\"kb-gal-image-radius\" style=\"max-width:1024px;\"><div class=\"kb-gallery-image-contain kadence-blocks-gallery-intrinsic\" style=\"padding-bottom:59%;\"><img loading=\"lazy\" decoding=\"async\" src=\"https:\/\/alejandro-gomez-weddings.com\/wp-content\/uploads\/2025\/11\/2S6A3692-1024x609.jpg\" width=\"1024\" height=\"609\" alt=\"Villa Wenkenhof, Basel. Ceremony in Arlesheim church. Group photo\" data-full-image=\"https:\/\/alejandro-gomez-weddings.com\/wp-content\/uploads\/2025\/11\/2S6A3692.jpg\" data-light-image=\"https:\/\/alejandro-gomez-weddings.com\/wp-content\/uploads\/2025\/11\/2S6A3692.jpg\" data-id=\"15399\" class=\"wp-image-15399\" srcset=\"https:\/\/alejandro-gomez-weddings.com\/wp-content\/uploads\/2025\/11\/2S6A3692-1024x609.jpg 1024w, https:\/\/alejandro-gomez-weddings.com\/wp-content\/uploads\/2025\/11\/2S6A3692-300x178.jpg 300w, https:\/\/alejandro-gomez-weddings.com\/wp-content\/uploads\/2025\/11\/2S6A3692-768x457.jpg 768w, https:\/\/alejandro-gomez-weddings.com\/wp-content\/uploads\/2025\/11\/2S6A3692-1536x913.jpg 1536w, https:\/\/alejandro-gomez-weddings.com\/wp-content\/uploads\/2025\/11\/2S6A3692.jpg 2000w\" sizes=\"auto, (max-width: 1024px) 100vw, 1024px\" \/><\/div><\/div><\/figure><\/div><\/li><li class=\"kadence-blocks-gallery-item\"><div class=\"kadence-blocks-gallery-item-inner\"><figure class=\"kb-gallery-figure kadence-blocks-gallery-item-hide-caption\"><div class=\"kb-gal-image-radius\" style=\"max-width:1024px;\"><div class=\"kb-gallery-image-contain kadence-blocks-gallery-intrinsic\" style=\"padding-bottom:66%;\"><img loading=\"lazy\" decoding=\"async\" src=\"https:\/\/alejandro-gomez-weddings.com\/wp-content\/uploads\/2025\/11\/2S6A3741-1024x683.jpg\" width=\"1024\" height=\"683\" alt=\"Villa Wenkenhof, Basel. Ceremony in Arlesheim church. Oldtimer with bride and groom\" data-full-image=\"https:\/\/alejandro-gomez-weddings.com\/wp-content\/uploads\/2025\/11\/2S6A3741.jpg\" data-light-image=\"https:\/\/alejandro-gomez-weddings.com\/wp-content\/uploads\/2025\/11\/2S6A3741.jpg\" data-id=\"15409\" class=\"wp-image-15409\" srcset=\"https:\/\/alejandro-gomez-weddings.com\/wp-content\/uploads\/2025\/11\/2S6A3741-1024x683.jpg 1024w, https:\/\/alejandro-gomez-weddings.com\/wp-content\/uploads\/2025\/11\/2S6A3741-300x200.jpg 300w, https:\/\/alejandro-gomez-weddings.com\/wp-content\/uploads\/2025\/11\/2S6A3741-768x512.jpg 768w, https:\/\/alejandro-gomez-weddings.com\/wp-content\/uploads\/2025\/11\/2S6A3741-1536x1025.jpg 1536w, https:\/\/alejandro-gomez-weddings.com\/wp-content\/uploads\/2025\/11\/2S6A3741.jpg 2000w\" sizes=\"auto, (max-width: 1024px) 100vw, 1024px\" \/><\/div><\/div><\/figure><\/div><\/li><li class=\"kadence-blocks-gallery-item\"><div class=\"kadence-blocks-gallery-item-inner\"><figure class=\"kb-gallery-figure kadence-blocks-gallery-item-hide-caption\"><div class=\"kb-gal-image-radius\" style=\"max-width:1024px;\"><div class=\"kb-gallery-image-contain kadence-blocks-gallery-intrinsic\" style=\"padding-bottom:66%;\"><img loading=\"lazy\" decoding=\"async\" src=\"https:\/\/alejandro-gomez-weddings.com\/wp-content\/uploads\/2025\/11\/2S6A3744-1024x683.jpg\" width=\"1024\" height=\"683\" alt=\"Villa Wenkenhof, Basel. Ceremony in Arlesheim church. Oldtimer with bride and groom\" data-full-image=\"https:\/\/alejandro-gomez-weddings.com\/wp-content\/uploads\/2025\/11\/2S6A3744.jpg\" data-light-image=\"https:\/\/alejandro-gomez-weddings.com\/wp-content\/uploads\/2025\/11\/2S6A3744.jpg\" data-id=\"15414\" class=\"wp-image-15414\" srcset=\"https:\/\/alejandro-gomez-weddings.com\/wp-content\/uploads\/2025\/11\/2S6A3744-1024x683.jpg 1024w, https:\/\/alejandro-gomez-weddings.com\/wp-content\/uploads\/2025\/11\/2S6A3744-300x200.jpg 300w, https:\/\/alejandro-gomez-weddings.com\/wp-content\/uploads\/2025\/11\/2S6A3744-768x512.jpg 768w, https:\/\/alejandro-gomez-weddings.com\/wp-content\/uploads\/2025\/11\/2S6A3744-1536x1025.jpg 1536w, https:\/\/alejandro-gomez-weddings.com\/wp-content\/uploads\/2025\/11\/2S6A3744.jpg 2000w\" sizes=\"auto, (max-width: 1024px) 100vw, 1024px\" \/><\/div><\/div><\/figure><\/div><\/li><li class=\"kadence-blocks-gallery-item\"><div class=\"kadence-blocks-gallery-item-inner\"><figure class=\"kb-gallery-figure kadence-blocks-gallery-item-hide-caption\"><div class=\"kb-gal-image-radius\" style=\"max-width:1024px;\"><div class=\"kb-gallery-image-contain kadence-blocks-gallery-intrinsic\" style=\"padding-bottom:66%;\"><img loading=\"lazy\" decoding=\"async\" src=\"https:\/\/alejandro-gomez-weddings.com\/wp-content\/uploads\/2025\/11\/I2A0135-1024x683.jpg\" width=\"1024\" height=\"683\" alt=\"Villa Wenkenhof, Basel. Ceremony in Arlesheim church. Oldtimer with bride and groom\" data-full-image=\"https:\/\/alejandro-gomez-weddings.com\/wp-content\/uploads\/2025\/11\/I2A0135.jpg\" data-light-image=\"https:\/\/alejandro-gomez-weddings.com\/wp-content\/uploads\/2025\/11\/I2A0135.jpg\" data-id=\"15379\" class=\"wp-image-15379\" srcset=\"https:\/\/alejandro-gomez-weddings.com\/wp-content\/uploads\/2025\/11\/I2A0135-1024x683.jpg 1024w, https:\/\/alejandro-gomez-weddings.com\/wp-content\/uploads\/2025\/11\/I2A0135-300x200.jpg 300w, https:\/\/alejandro-gomez-weddings.com\/wp-content\/uploads\/2025\/11\/I2A0135-768x512.jpg 768w, https:\/\/alejandro-gomez-weddings.com\/wp-content\/uploads\/2025\/11\/I2A0135-1536x1025.jpg 1536w, https:\/\/alejandro-gomez-weddings.com\/wp-content\/uploads\/2025\/11\/I2A0135.jpg 2000w\" sizes=\"auto, (max-width: 1024px) 100vw, 1024px\" \/><\/div><\/div><\/figure><\/div><\/li><li class=\"kadence-blocks-gallery-item\"><div class=\"kadence-blocks-gallery-item-inner\"><figure class=\"kb-gallery-figure kadence-blocks-gallery-item-hide-caption\"><div class=\"kb-gal-image-radius\" style=\"max-width:1024px;\"><div class=\"kb-gallery-image-contain kadence-blocks-gallery-intrinsic\" style=\"padding-bottom:66%;\"><img loading=\"lazy\" decoding=\"async\" src=\"https:\/\/alejandro-gomez-weddings.com\/wp-content\/uploads\/2025\/11\/2S6A3750-1024x683.jpg\" width=\"1024\" height=\"683\" alt=\"Villa Wenkenhof, Basel. Ceremony in Arlesheim church. Oldtimer with bride and groom\" data-full-image=\"https:\/\/alejandro-gomez-weddings.com\/wp-content\/uploads\/2025\/11\/2S6A3750.jpg\" data-light-image=\"https:\/\/alejandro-gomez-weddings.com\/wp-content\/uploads\/2025\/11\/2S6A3750.jpg\" data-id=\"15419\" class=\"wp-image-15419\" srcset=\"https:\/\/alejandro-gomez-weddings.com\/wp-content\/uploads\/2025\/11\/2S6A3750-1024x683.jpg 1024w, https:\/\/alejandro-gomez-weddings.com\/wp-content\/uploads\/2025\/11\/2S6A3750-300x200.jpg 300w, https:\/\/alejandro-gomez-weddings.com\/wp-content\/uploads\/2025\/11\/2S6A3750-768x512.jpg 768w, https:\/\/alejandro-gomez-weddings.com\/wp-content\/uploads\/2025\/11\/2S6A3750-1536x1025.jpg 1536w, https:\/\/alejandro-gomez-weddings.com\/wp-content\/uploads\/2025\/11\/2S6A3750.jpg 2000w\" sizes=\"auto, (max-width: 1024px) 100vw, 1024px\" \/><\/div><\/div><\/figure><\/div><\/li><li class=\"kadence-blocks-gallery-item\"><div class=\"kadence-blocks-gallery-item-inner\"><figure class=\"kb-gallery-figure kadence-blocks-gallery-item-hide-caption\"><div class=\"kb-gal-image-radius\" style=\"max-width:1024px;\"><div class=\"kb-gallery-image-contain kadence-blocks-gallery-intrinsic\" style=\"padding-bottom:66%;\"><img loading=\"lazy\" decoding=\"async\" src=\"https:\/\/alejandro-gomez-weddings.com\/wp-content\/uploads\/2025\/11\/2S6A3751-1024x683.jpg\" width=\"1024\" height=\"683\" alt=\"Villa Wenkenhof, Basel. Ceremony in Arlesheim church. Oldtimer with bride and groom\" data-full-image=\"https:\/\/alejandro-gomez-weddings.com\/wp-content\/uploads\/2025\/11\/2S6A3751.jpg\" data-light-image=\"https:\/\/alejandro-gomez-weddings.com\/wp-content\/uploads\/2025\/11\/2S6A3751.jpg\" data-id=\"15424\" class=\"wp-image-15424\" srcset=\"https:\/\/alejandro-gomez-weddings.com\/wp-content\/uploads\/2025\/11\/2S6A3751-1024x683.jpg 1024w, https:\/\/alejandro-gomez-weddings.com\/wp-content\/uploads\/2025\/11\/2S6A3751-300x200.jpg 300w, https:\/\/alejandro-gomez-weddings.com\/wp-content\/uploads\/2025\/11\/2S6A3751-768x512.jpg 768w, https:\/\/alejandro-gomez-weddings.com\/wp-content\/uploads\/2025\/11\/2S6A3751-1536x1025.jpg 1536w, https:\/\/alejandro-gomez-weddings.com\/wp-content\/uploads\/2025\/11\/2S6A3751.jpg 2000w\" sizes=\"auto, (max-width: 1024px) 100vw, 1024px\" \/><\/div><\/div><\/figure><\/div><\/li><li class=\"kadence-blocks-gallery-item\"><div class=\"kadence-blocks-gallery-item-inner\"><figure class=\"kb-gallery-figure kadence-blocks-gallery-item-hide-caption\"><div class=\"kb-gal-image-radius\" style=\"max-width:1024px;\"><div class=\"kb-gallery-image-contain kadence-blocks-gallery-intrinsic\" style=\"padding-bottom:66%;\"><img loading=\"lazy\" decoding=\"async\" src=\"https:\/\/alejandro-gomez-weddings.com\/wp-content\/uploads\/2025\/11\/I2A0136-1024x683.jpg\" width=\"1024\" height=\"683\" alt=\"Villa Wenkenhof, Basel. Ceremony in Arlesheim church. Oldtimer with bride and groom\" data-full-image=\"https:\/\/alejandro-gomez-weddings.com\/wp-content\/uploads\/2025\/11\/I2A0136.jpg\" data-light-image=\"https:\/\/alejandro-gomez-weddings.com\/wp-content\/uploads\/2025\/11\/I2A0136.jpg\" data-id=\"15384\" class=\"wp-image-15384\" srcset=\"https:\/\/alejandro-gomez-weddings.com\/wp-content\/uploads\/2025\/11\/I2A0136-1024x683.jpg 1024w, https:\/\/alejandro-gomez-weddings.com\/wp-content\/uploads\/2025\/11\/I2A0136-300x200.jpg 300w, https:\/\/alejandro-gomez-weddings.com\/wp-content\/uploads\/2025\/11\/I2A0136-768x512.jpg 768w, https:\/\/alejandro-gomez-weddings.com\/wp-content\/uploads\/2025\/11\/I2A0136-1536x1025.jpg 1536w, https:\/\/alejandro-gomez-weddings.com\/wp-content\/uploads\/2025\/11\/I2A0136.jpg 2000w\" sizes=\"auto, (max-width: 1024px) 100vw, 1024px\" \/><\/div><\/div><\/figure><\/div><\/li><li class=\"kadence-blocks-gallery-item\"><div class=\"kadence-blocks-gallery-item-inner\"><figure class=\"kb-gallery-figure kadence-blocks-gallery-item-hide-caption\"><div class=\"kb-gal-image-radius\" style=\"max-width:1024px;\"><div class=\"kb-gallery-image-contain kadence-blocks-gallery-intrinsic\" style=\"padding-bottom:66%;\"><img loading=\"lazy\" decoding=\"async\" src=\"https:\/\/alejandro-gomez-weddings.com\/wp-content\/uploads\/2025\/11\/I2A0137-1024x683.jpg\" width=\"1024\" height=\"683\" alt=\"Villa Wenkenhof, Basel. Ceremony in Arlesheim church. Oldtimer with bride and groom\" data-full-image=\"https:\/\/alejandro-gomez-weddings.com\/wp-content\/uploads\/2025\/11\/I2A0137.jpg\" data-light-image=\"https:\/\/alejandro-gomez-weddings.com\/wp-content\/uploads\/2025\/11\/I2A0137.jpg\" data-id=\"15389\" class=\"wp-image-15389\" srcset=\"https:\/\/alejandro-gomez-weddings.com\/wp-content\/uploads\/2025\/11\/I2A0137-1024x683.jpg 1024w, https:\/\/alejandro-gomez-weddings.com\/wp-content\/uploads\/2025\/11\/I2A0137-300x200.jpg 300w, https:\/\/alejandro-gomez-weddings.com\/wp-content\/uploads\/2025\/11\/I2A0137-768x512.jpg 768w, https:\/\/alejandro-gomez-weddings.com\/wp-content\/uploads\/2025\/11\/I2A0137-1536x1025.jpg 1536w, https:\/\/alejandro-gomez-weddings.com\/wp-content\/uploads\/2025\/11\/I2A0137.jpg 2000w\" sizes=\"auto, (max-width: 1024px) 100vw, 1024px\" \/><\/div><\/div><\/figure><\/div><\/li><li class=\"kadence-blocks-gallery-item\"><div class=\"kadence-blocks-gallery-item-inner\"><figure class=\"kb-gallery-figure kadence-blocks-gallery-item-hide-caption\"><div class=\"kb-gal-image-radius\" style=\"max-width:1024px;\"><div class=\"kb-gallery-image-contain kadence-blocks-gallery-intrinsic\" style=\"padding-bottom:66%;\"><img loading=\"lazy\" decoding=\"async\" src=\"https:\/\/alejandro-gomez-weddings.com\/wp-content\/uploads\/2025\/11\/2S6A3766-1024x683.jpg\" width=\"1024\" height=\"683\" alt=\"Villa Wenkenhof, Basel. Ceremony in Arlesheim church. Oldtimer with bride and groom\" data-full-image=\"https:\/\/alejandro-gomez-weddings.com\/wp-content\/uploads\/2025\/11\/2S6A3766.jpg\" data-light-image=\"https:\/\/alejandro-gomez-weddings.com\/wp-content\/uploads\/2025\/11\/2S6A3766.jpg\" data-id=\"15429\" class=\"wp-image-15429\" srcset=\"https:\/\/alejandro-gomez-weddings.com\/wp-content\/uploads\/2025\/11\/2S6A3766-1024x683.jpg 1024w, https:\/\/alejandro-gomez-weddings.com\/wp-content\/uploads\/2025\/11\/2S6A3766-300x200.jpg 300w, https:\/\/alejandro-gomez-weddings.com\/wp-content\/uploads\/2025\/11\/2S6A3766-768x512.jpg 768w, https:\/\/alejandro-gomez-weddings.com\/wp-content\/uploads\/2025\/11\/2S6A3766-1536x1025.jpg 1536w, https:\/\/alejandro-gomez-weddings.com\/wp-content\/uploads\/2025\/11\/2S6A3766.jpg 2000w\" sizes=\"auto, (max-width: 1024px) 100vw, 1024px\" \/><\/div><\/div><\/figure><\/div><\/li><\/ul><\/div>\n<div class=\"wp-block-group\"><div class=\"wp-block-group__inner-container is-layout-constrained wp-block-group-is-layout-constrained\">\n<p><\/p>\n\n\n\n<p><\/p>\n\n\n<style>.wp-block-kadence-advancedheading.kt-adv-heading15057_b42e60-94, .wp-block-kadence-advancedheading.kt-adv-heading15057_b42e60-94[data-kb-block=\"kb-adv-heading15057_b42e60-94\"]{text-align:center;font-size:60px;font-style:normal;text-transform:uppercase;}.wp-block-kadence-advancedheading.kt-adv-heading15057_b42e60-94 mark.kt-highlight, .wp-block-kadence-advancedheading.kt-adv-heading15057_b42e60-94[data-kb-block=\"kb-adv-heading15057_b42e60-94\"] mark.kt-highlight{font-style:normal;color:#f76a0c;-webkit-box-decoration-break:clone;box-decoration-break:clone;padding-top:0px;padding-right:0px;padding-bottom:0px;padding-left:0px;}@media all and (max-width: 767px){.wp-block-kadence-advancedheading.kt-adv-heading15057_b42e60-94, .wp-block-kadence-advancedheading.kt-adv-heading15057_b42e60-94[data-kb-block=\"kb-adv-heading15057_b42e60-94\"]{font-size:30px;}}<\/style>\n<h2 class=\"kt-adv-heading15057_b42e60-94 wp-block-kadence-advancedheading\" data-kb-block=\"kb-adv-heading15057_b42e60-94\">Llegada a Villa Wenkenhof \u2013 primeros momentos<\/h2>\n\n\n<style>.wp-block-kadence-advancedheading.kt-adv-heading15057_0e5a82-86, .wp-block-kadence-advancedheading.kt-adv-heading15057_0e5a82-86[data-kb-block=\"kb-adv-heading15057_0e5a82-86\"]{text-align:center;font-size:40px;line-height:1.2;font-weight:400;font-style:normal;font-family:'Libre Caslon Display';border-top:30px solid transparent;border-right:30px solid transparent;border-bottom:30px solid transparent;border-left:30px solid transparent;}.wp-block-kadence-advancedheading.kt-adv-heading15057_0e5a82-86 mark.kt-highlight, .wp-block-kadence-advancedheading.kt-adv-heading15057_0e5a82-86[data-kb-block=\"kb-adv-heading15057_0e5a82-86\"] mark.kt-highlight{font-style:normal;color:#f76a0c;-webkit-box-decoration-break:clone;box-decoration-break:clone;padding-top:0px;padding-right:0px;padding-bottom:0px;padding-left:0px;}@media all and (max-width: 1024px){.wp-block-kadence-advancedheading.kt-adv-heading15057_0e5a82-86, .wp-block-kadence-advancedheading.kt-adv-heading15057_0e5a82-86[data-kb-block=\"kb-adv-heading15057_0e5a82-86\"]{border-top:30px solid transparent;border-right:30px solid transparent;border-bottom:30px solid transparent;border-left:30px solid transparent;}}@media all and (max-width: 767px){.wp-block-kadence-advancedheading.kt-adv-heading15057_0e5a82-86, .wp-block-kadence-advancedheading.kt-adv-heading15057_0e5a82-86[data-kb-block=\"kb-adv-heading15057_0e5a82-86\"]{font-size:20px;border-top:30px solid transparent;border-right:30px solid transparent;border-bottom:30px solid transparent;border-left:30px solid transparent;}}<\/style>\n<p class=\"kt-adv-heading15057_0e5a82-86 wp-block-kadence-advancedheading\" data-kb-block=\"kb-adv-heading15057_0e5a82-86\">Desde Arlesheim, se dirigieron a Villa Wenkenhof en Riehen, cerca de Basilea, para el aperitivo, la recepci\u00f3n y la fiesta.<br\/>La llegada a la villa siempre es especial: la arquitectura, los escalones, el jard\u00edn que se abre ante ti\u2026 es como entrar en un peque\u00f1o y elegante mundo creado exclusivamente para esta celebraci\u00f3n.<\/p>\n\n\n<style>.wp-block-kadence-advancedheading.kt-adv-heading15057_69dc27-41, .wp-block-kadence-advancedheading.kt-adv-heading15057_69dc27-41[data-kb-block=\"kb-adv-heading15057_69dc27-41\"]{text-align:center;font-size:40px;line-height:1.2;font-weight:400;font-style:normal;font-family:'Libre Caslon Display';border-top:30px solid transparent;border-right:30px solid transparent;border-bottom:30px solid transparent;border-left:30px solid transparent;}.wp-block-kadence-advancedheading.kt-adv-heading15057_69dc27-41 mark.kt-highlight, .wp-block-kadence-advancedheading.kt-adv-heading15057_69dc27-41[data-kb-block=\"kb-adv-heading15057_69dc27-41\"] mark.kt-highlight{font-style:normal;color:#f76a0c;-webkit-box-decoration-break:clone;box-decoration-break:clone;padding-top:0px;padding-right:0px;padding-bottom:0px;padding-left:0px;}@media all and (max-width: 1024px){.wp-block-kadence-advancedheading.kt-adv-heading15057_69dc27-41, .wp-block-kadence-advancedheading.kt-adv-heading15057_69dc27-41[data-kb-block=\"kb-adv-heading15057_69dc27-41\"]{border-top:30px solid transparent;border-right:30px solid transparent;border-bottom:30px solid transparent;border-left:30px solid transparent;}}@media all and (max-width: 767px){.wp-block-kadence-advancedheading.kt-adv-heading15057_69dc27-41, .wp-block-kadence-advancedheading.kt-adv-heading15057_69dc27-41[data-kb-block=\"kb-adv-heading15057_69dc27-41\"]{font-size:20px;border-top:30px solid transparent;border-right:30px solid transparent;border-bottom:30px solid transparent;border-left:30px solid transparent;}}<\/style>\n<p class=\"kt-adv-heading15057_69dc27-41 wp-block-kadence-advancedheading\" data-kb-block=\"kb-adv-heading15057_69dc27-41\">Al bajar del coche, la luz del sol de finales de septiembre ba\u00f1aba todo con un brillo c\u00e1lido. Los invitados se reunieron en el jard\u00edn, los ni\u00f1os exploraron el c\u00e9sped y las estatuas, y las conversaciones fluyeron entre el espa\u00f1ol, el italiano y otros idiomas: una hermosa mezcla de culturas y energ\u00eda. <\/p>\n\n\n\n<p><\/p>\n<\/div><\/div>\n\n<p><\/p>\n\n<div class=\"wp-block-group\"><div class=\"wp-block-group__inner-container is-layout-constrained wp-block-group-is-layout-constrained\"><style>.wp-block-kadence-advancedgallery .kb-gallery-type-masonry.kb-gallery-id-15057_a4fff1-df{margin:-1px;}.kb-gallery-type-masonry.kb-gallery-id-15057_a4fff1-df .kadence-blocks-gallery-item{padding:1px;}.kb-gallery-id-15057_a4fff1-df .kadence-blocks-gallery-item .kb-gal-image-radius, .kb-gallery-id-15057_a4fff1-df .kb-slide-item .kb-gal-image-radius img{border-radius:0px 0px 0px 0px;;}<\/style><div class=\"kb-gallery-wrap-id-15057_a4fff1-df alignnone wp-block-kadence-advancedgallery\"><ul class=\"kb-gallery-ul kb-gallery-non-static kb-gallery-type-masonry kb-masonry-init kb-gallery-id-15057_a4fff1-df kb-gallery-caption-style-bottom-hover kb-gallery-filter-none\" data-image-filter=\"none\" data-item-selector=\".kadence-blocks-gallery-item\" data-lightbox-caption=\"true\" data-columns-xxl=\"2\" data-columns-xl=\"2\" data-columns-md=\"2\" data-columns-sm=\"2\" data-columns-xs=\"1\" data-columns-ss=\"1\"><li class=\"kadence-blocks-gallery-item\"><div class=\"kadence-blocks-gallery-item-inner\"><figure class=\"kb-gallery-figure kadence-blocks-gallery-item-hide-caption\"><div class=\"kb-gal-image-radius\" style=\"max-width:683px;\"><div class=\"kb-gallery-image-contain kadence-blocks-gallery-intrinsic\" style=\"padding-bottom:149%;\"><img loading=\"lazy\" decoding=\"async\" src=\"https:\/\/alejandro-gomez-weddings.com\/wp-content\/uploads\/2025\/11\/I2A0201-683x1024.jpg\" width=\"683\" height=\"1024\" alt=\"Villa Wenkenhof, Basel. Oldtimer with bride and groom\" data-full-image=\"https:\/\/alejandro-gomez-weddings.com\/wp-content\/uploads\/2025\/11\/I2A0201.jpg\" data-light-image=\"https:\/\/alejandro-gomez-weddings.com\/wp-content\/uploads\/2025\/11\/I2A0201.jpg\" data-id=\"15434\" class=\"wp-image-15434\" srcset=\"https:\/\/alejandro-gomez-weddings.com\/wp-content\/uploads\/2025\/11\/I2A0201-683x1024.jpg 683w, https:\/\/alejandro-gomez-weddings.com\/wp-content\/uploads\/2025\/11\/I2A0201-200x300.jpg 200w, https:\/\/alejandro-gomez-weddings.com\/wp-content\/uploads\/2025\/11\/I2A0201-768x1151.jpg 768w, https:\/\/alejandro-gomez-weddings.com\/wp-content\/uploads\/2025\/11\/I2A0201-1025x1536.jpg 1025w, https:\/\/alejandro-gomez-weddings.com\/wp-content\/uploads\/2025\/11\/I2A0201.jpg 1334w\" sizes=\"auto, (max-width: 683px) 100vw, 683px\" \/><\/div><\/div><\/figure><\/div><\/li><li class=\"kadence-blocks-gallery-item\"><div class=\"kadence-blocks-gallery-item-inner\"><figure class=\"kb-gallery-figure kadence-blocks-gallery-item-hide-caption\"><div class=\"kb-gal-image-radius\" style=\"max-width:683px;\"><div class=\"kb-gallery-image-contain kadence-blocks-gallery-intrinsic\" style=\"padding-bottom:149%;\"><img loading=\"lazy\" decoding=\"async\" src=\"https:\/\/alejandro-gomez-weddings.com\/wp-content\/uploads\/2025\/11\/I2A0206-683x1024.jpg\" width=\"683\" height=\"1024\" alt=\"Villa Wenkenhof, Basel. Oldtimer with bride and groom\" data-full-image=\"https:\/\/alejandro-gomez-weddings.com\/wp-content\/uploads\/2025\/11\/I2A0206.jpg\" data-light-image=\"https:\/\/alejandro-gomez-weddings.com\/wp-content\/uploads\/2025\/11\/I2A0206.jpg\" data-id=\"15439\" class=\"wp-image-15439\" srcset=\"https:\/\/alejandro-gomez-weddings.com\/wp-content\/uploads\/2025\/11\/I2A0206-683x1024.jpg 683w, https:\/\/alejandro-gomez-weddings.com\/wp-content\/uploads\/2025\/11\/I2A0206-200x300.jpg 200w, https:\/\/alejandro-gomez-weddings.com\/wp-content\/uploads\/2025\/11\/I2A0206-768x1151.jpg 768w, https:\/\/alejandro-gomez-weddings.com\/wp-content\/uploads\/2025\/11\/I2A0206-1025x1536.jpg 1025w, https:\/\/alejandro-gomez-weddings.com\/wp-content\/uploads\/2025\/11\/I2A0206.jpg 1334w\" sizes=\"auto, (max-width: 683px) 100vw, 683px\" \/><\/div><\/div><\/figure><\/div><\/li><li class=\"kadence-blocks-gallery-item\"><div class=\"kadence-blocks-gallery-item-inner\"><figure class=\"kb-gallery-figure kadence-blocks-gallery-item-hide-caption\"><div class=\"kb-gal-image-radius\" style=\"max-width:1024px;\"><div class=\"kb-gallery-image-contain kadence-blocks-gallery-intrinsic\" style=\"padding-bottom:66%;\"><img loading=\"lazy\" decoding=\"async\" src=\"https:\/\/alejandro-gomez-weddings.com\/wp-content\/uploads\/2025\/11\/I2A0215-1024x683.jpg\" width=\"1024\" height=\"683\" alt=\"Villa Wenkenhof, Basel. Oldtimer with bride and groom\" data-full-image=\"https:\/\/alejandro-gomez-weddings.com\/wp-content\/uploads\/2025\/11\/I2A0215.jpg\" data-light-image=\"https:\/\/alejandro-gomez-weddings.com\/wp-content\/uploads\/2025\/11\/I2A0215.jpg\" data-id=\"15444\" class=\"wp-image-15444\" srcset=\"https:\/\/alejandro-gomez-weddings.com\/wp-content\/uploads\/2025\/11\/I2A0215-1024x683.jpg 1024w, https:\/\/alejandro-gomez-weddings.com\/wp-content\/uploads\/2025\/11\/I2A0215-300x200.jpg 300w, https:\/\/alejandro-gomez-weddings.com\/wp-content\/uploads\/2025\/11\/I2A0215-768x512.jpg 768w, https:\/\/alejandro-gomez-weddings.com\/wp-content\/uploads\/2025\/11\/I2A0215-1536x1025.jpg 1536w, https:\/\/alejandro-gomez-weddings.com\/wp-content\/uploads\/2025\/11\/I2A0215.jpg 2000w\" sizes=\"auto, (max-width: 1024px) 100vw, 1024px\" \/><\/div><\/div><\/figure><\/div><\/li><li class=\"kadence-blocks-gallery-item\"><div class=\"kadence-blocks-gallery-item-inner\"><figure class=\"kb-gallery-figure kadence-blocks-gallery-item-hide-caption\"><div class=\"kb-gal-image-radius\" style=\"max-width:1024px;\"><div class=\"kb-gallery-image-contain kadence-blocks-gallery-intrinsic\" style=\"padding-bottom:66%;\"><img loading=\"lazy\" decoding=\"async\" src=\"https:\/\/alejandro-gomez-weddings.com\/wp-content\/uploads\/2025\/11\/I2A0216-1024x683.jpg\" width=\"1024\" height=\"683\" alt=\"Villa Wenkenhof, Basel. Oldtimer with bride and groom\" data-full-image=\"https:\/\/alejandro-gomez-weddings.com\/wp-content\/uploads\/2025\/11\/I2A0216.jpg\" data-light-image=\"https:\/\/alejandro-gomez-weddings.com\/wp-content\/uploads\/2025\/11\/I2A0216.jpg\" data-id=\"15449\" class=\"wp-image-15449\" srcset=\"https:\/\/alejandro-gomez-weddings.com\/wp-content\/uploads\/2025\/11\/I2A0216-1024x683.jpg 1024w, https:\/\/alejandro-gomez-weddings.com\/wp-content\/uploads\/2025\/11\/I2A0216-300x200.jpg 300w, https:\/\/alejandro-gomez-weddings.com\/wp-content\/uploads\/2025\/11\/I2A0216-768x512.jpg 768w, https:\/\/alejandro-gomez-weddings.com\/wp-content\/uploads\/2025\/11\/I2A0216-1536x1025.jpg 1536w, https:\/\/alejandro-gomez-weddings.com\/wp-content\/uploads\/2025\/11\/I2A0216.jpg 2000w\" sizes=\"auto, (max-width: 1024px) 100vw, 1024px\" \/><\/div><\/div><\/figure><\/div><\/li><li class=\"kadence-blocks-gallery-item\"><div class=\"kadence-blocks-gallery-item-inner\"><figure class=\"kb-gallery-figure kadence-blocks-gallery-item-hide-caption\"><div class=\"kb-gal-image-radius\" style=\"max-width:1024px;\"><div class=\"kb-gallery-image-contain kadence-blocks-gallery-intrinsic\" style=\"padding-bottom:66%;\"><img loading=\"lazy\" decoding=\"async\" src=\"https:\/\/alejandro-gomez-weddings.com\/wp-content\/uploads\/2025\/11\/I2A0219-1024x683.jpg\" width=\"1024\" height=\"683\" alt=\"Villa Wenkenhof, Basel. Oldtimer with bride and groom\" data-full-image=\"https:\/\/alejandro-gomez-weddings.com\/wp-content\/uploads\/2025\/11\/I2A0219.jpg\" data-light-image=\"https:\/\/alejandro-gomez-weddings.com\/wp-content\/uploads\/2025\/11\/I2A0219.jpg\" data-id=\"15454\" class=\"wp-image-15454\" srcset=\"https:\/\/alejandro-gomez-weddings.com\/wp-content\/uploads\/2025\/11\/I2A0219-1024x683.jpg 1024w, https:\/\/alejandro-gomez-weddings.com\/wp-content\/uploads\/2025\/11\/I2A0219-300x200.jpg 300w, https:\/\/alejandro-gomez-weddings.com\/wp-content\/uploads\/2025\/11\/I2A0219-768x512.jpg 768w, https:\/\/alejandro-gomez-weddings.com\/wp-content\/uploads\/2025\/11\/I2A0219-1536x1025.jpg 1536w, https:\/\/alejandro-gomez-weddings.com\/wp-content\/uploads\/2025\/11\/I2A0219.jpg 2000w\" sizes=\"auto, (max-width: 1024px) 100vw, 1024px\" \/><\/div><\/div><\/figure><\/div><\/li><li class=\"kadence-blocks-gallery-item\"><div class=\"kadence-blocks-gallery-item-inner\"><figure class=\"kb-gallery-figure kadence-blocks-gallery-item-hide-caption\"><div class=\"kb-gal-image-radius\" style=\"max-width:1024px;\"><div class=\"kb-gallery-image-contain kadence-blocks-gallery-intrinsic\" style=\"padding-bottom:63%;\"><img loading=\"lazy\" decoding=\"async\" src=\"https:\/\/alejandro-gomez-weddings.com\/wp-content\/uploads\/2025\/11\/I2A0220-1024x655.jpg\" width=\"1024\" height=\"655\" alt=\"Villa Wenkenhof, Basel. Oldtimer with bride and groom\" data-full-image=\"https:\/\/alejandro-gomez-weddings.com\/wp-content\/uploads\/2025\/11\/I2A0220.jpg\" data-light-image=\"https:\/\/alejandro-gomez-weddings.com\/wp-content\/uploads\/2025\/11\/I2A0220.jpg\" data-id=\"15459\" class=\"wp-image-15459\" srcset=\"https:\/\/alejandro-gomez-weddings.com\/wp-content\/uploads\/2025\/11\/I2A0220-1024x655.jpg 1024w, https:\/\/alejandro-gomez-weddings.com\/wp-content\/uploads\/2025\/11\/I2A0220-300x192.jpg 300w, https:\/\/alejandro-gomez-weddings.com\/wp-content\/uploads\/2025\/11\/I2A0220-768x492.jpg 768w, https:\/\/alejandro-gomez-weddings.com\/wp-content\/uploads\/2025\/11\/I2A0220-1536x983.jpg 1536w, https:\/\/alejandro-gomez-weddings.com\/wp-content\/uploads\/2025\/11\/I2A0220.jpg 2000w\" sizes=\"auto, (max-width: 1024px) 100vw, 1024px\" \/><\/div><\/div><\/figure><\/div><\/li><li class=\"kadence-blocks-gallery-item\"><div class=\"kadence-blocks-gallery-item-inner\"><figure class=\"kb-gallery-figure kadence-blocks-gallery-item-hide-caption\"><div class=\"kb-gal-image-radius\" style=\"max-width:1024px;\"><div class=\"kb-gallery-image-contain kadence-blocks-gallery-intrinsic\" style=\"padding-bottom:64%;\"><img loading=\"lazy\" decoding=\"async\" src=\"https:\/\/alejandro-gomez-weddings.com\/wp-content\/uploads\/2025\/11\/I2A0223-1024x663.jpg\" width=\"1024\" height=\"663\" alt=\"Villa Wenkenhof, Basel. Oldtimer with bride and groom\" data-full-image=\"https:\/\/alejandro-gomez-weddings.com\/wp-content\/uploads\/2025\/11\/I2A0223.jpg\" data-light-image=\"https:\/\/alejandro-gomez-weddings.com\/wp-content\/uploads\/2025\/11\/I2A0223.jpg\" data-id=\"15464\" class=\"wp-image-15464\" srcset=\"https:\/\/alejandro-gomez-weddings.com\/wp-content\/uploads\/2025\/11\/I2A0223-1024x663.jpg 1024w, https:\/\/alejandro-gomez-weddings.com\/wp-content\/uploads\/2025\/11\/I2A0223-300x194.jpg 300w, https:\/\/alejandro-gomez-weddings.com\/wp-content\/uploads\/2025\/11\/I2A0223-768x497.jpg 768w, https:\/\/alejandro-gomez-weddings.com\/wp-content\/uploads\/2025\/11\/I2A0223-1536x995.jpg 1536w, https:\/\/alejandro-gomez-weddings.com\/wp-content\/uploads\/2025\/11\/I2A0223.jpg 2000w\" sizes=\"auto, (max-width: 1024px) 100vw, 1024px\" \/><\/div><\/div><\/figure><\/div><\/li><li class=\"kadence-blocks-gallery-item\"><div class=\"kadence-blocks-gallery-item-inner\"><figure class=\"kb-gallery-figure kadence-blocks-gallery-item-hide-caption\"><div class=\"kb-gal-image-radius\" style=\"max-width:1024px;\"><div class=\"kb-gallery-image-contain kadence-blocks-gallery-intrinsic\" style=\"padding-bottom:60%;\"><img loading=\"lazy\" decoding=\"async\" src=\"https:\/\/alejandro-gomez-weddings.com\/wp-content\/uploads\/2025\/11\/I2A0224-1024x620.jpg\" width=\"1024\" height=\"620\" alt=\"Villa Wenkenhof, Basel. Oldtimer with bride and groom\" data-full-image=\"https:\/\/alejandro-gomez-weddings.com\/wp-content\/uploads\/2025\/11\/I2A0224.jpg\" data-light-image=\"https:\/\/alejandro-gomez-weddings.com\/wp-content\/uploads\/2025\/11\/I2A0224.jpg\" data-id=\"15469\" class=\"wp-image-15469\" srcset=\"https:\/\/alejandro-gomez-weddings.com\/wp-content\/uploads\/2025\/11\/I2A0224-1024x620.jpg 1024w, https:\/\/alejandro-gomez-weddings.com\/wp-content\/uploads\/2025\/11\/I2A0224-300x182.jpg 300w, https:\/\/alejandro-gomez-weddings.com\/wp-content\/uploads\/2025\/11\/I2A0224-768x465.jpg 768w, https:\/\/alejandro-gomez-weddings.com\/wp-content\/uploads\/2025\/11\/I2A0224-1536x929.jpg 1536w, https:\/\/alejandro-gomez-weddings.com\/wp-content\/uploads\/2025\/11\/I2A0224.jpg 2000w\" sizes=\"auto, (max-width: 1024px) 100vw, 1024px\" \/><\/div><\/div><\/figure><\/div><\/li><li class=\"kadence-blocks-gallery-item\"><div class=\"kadence-blocks-gallery-item-inner\"><figure class=\"kb-gallery-figure kadence-blocks-gallery-item-hide-caption\"><div class=\"kb-gal-image-radius\" style=\"max-width:1024px;\"><div class=\"kb-gallery-image-contain kadence-blocks-gallery-intrinsic\" style=\"padding-bottom:66%;\"><img loading=\"lazy\" decoding=\"async\" src=\"https:\/\/alejandro-gomez-weddings.com\/wp-content\/uploads\/2025\/11\/I2A0236-1024x683.jpg\" width=\"1024\" height=\"683\" alt=\"Villa Wenkenhof, Basel. Oldtimer with bride and groom\" data-full-image=\"https:\/\/alejandro-gomez-weddings.com\/wp-content\/uploads\/2025\/11\/I2A0236.jpg\" data-light-image=\"https:\/\/alejandro-gomez-weddings.com\/wp-content\/uploads\/2025\/11\/I2A0236.jpg\" data-id=\"15474\" class=\"wp-image-15474\" srcset=\"https:\/\/alejandro-gomez-weddings.com\/wp-content\/uploads\/2025\/11\/I2A0236-1024x683.jpg 1024w, https:\/\/alejandro-gomez-weddings.com\/wp-content\/uploads\/2025\/11\/I2A0236-300x200.jpg 300w, https:\/\/alejandro-gomez-weddings.com\/wp-content\/uploads\/2025\/11\/I2A0236-768x512.jpg 768w, https:\/\/alejandro-gomez-weddings.com\/wp-content\/uploads\/2025\/11\/I2A0236-1536x1025.jpg 1536w, https:\/\/alejandro-gomez-weddings.com\/wp-content\/uploads\/2025\/11\/I2A0236.jpg 2000w\" sizes=\"auto, (max-width: 1024px) 100vw, 1024px\" \/><\/div><\/div><\/figure><\/div><\/li><li class=\"kadence-blocks-gallery-item\"><div class=\"kadence-blocks-gallery-item-inner\"><figure class=\"kb-gallery-figure kadence-blocks-gallery-item-hide-caption\"><div class=\"kb-gal-image-radius\" style=\"max-width:1024px;\"><div class=\"kb-gallery-image-contain kadence-blocks-gallery-intrinsic\" style=\"padding-bottom:66%;\"><img loading=\"lazy\" decoding=\"async\" src=\"https:\/\/alejandro-gomez-weddings.com\/wp-content\/uploads\/2025\/11\/I2A0237-1024x683.jpg\" width=\"1024\" height=\"683\" alt=\"Villa Wenkenhof, Basel. Oldtimer with bride and groom\" data-full-image=\"https:\/\/alejandro-gomez-weddings.com\/wp-content\/uploads\/2025\/11\/I2A0237.jpg\" data-light-image=\"https:\/\/alejandro-gomez-weddings.com\/wp-content\/uploads\/2025\/11\/I2A0237.jpg\" data-id=\"15479\" class=\"wp-image-15479\" srcset=\"https:\/\/alejandro-gomez-weddings.com\/wp-content\/uploads\/2025\/11\/I2A0237-1024x683.jpg 1024w, https:\/\/alejandro-gomez-weddings.com\/wp-content\/uploads\/2025\/11\/I2A0237-300x200.jpg 300w, https:\/\/alejandro-gomez-weddings.com\/wp-content\/uploads\/2025\/11\/I2A0237-768x512.jpg 768w, https:\/\/alejandro-gomez-weddings.com\/wp-content\/uploads\/2025\/11\/I2A0237-1536x1025.jpg 1536w, https:\/\/alejandro-gomez-weddings.com\/wp-content\/uploads\/2025\/11\/I2A0237.jpg 2000w\" sizes=\"auto, (max-width: 1024px) 100vw, 1024px\" \/><\/div><\/div><\/figure><\/div><\/li><li class=\"kadence-blocks-gallery-item\"><div class=\"kadence-blocks-gallery-item-inner\"><figure class=\"kb-gallery-figure kadence-blocks-gallery-item-hide-caption\"><div class=\"kb-gal-image-radius\" style=\"max-width:1024px;\"><div class=\"kb-gallery-image-contain kadence-blocks-gallery-intrinsic\" style=\"padding-bottom:66%;\"><img loading=\"lazy\" decoding=\"async\" src=\"https:\/\/alejandro-gomez-weddings.com\/wp-content\/uploads\/2025\/11\/I2A0242-1024x683.jpg\" width=\"1024\" height=\"683\" alt=\"Villa Wenkenhof, Basel. Oldtimer with bride and groom\" data-full-image=\"https:\/\/alejandro-gomez-weddings.com\/wp-content\/uploads\/2025\/11\/I2A0242.jpg\" data-light-image=\"https:\/\/alejandro-gomez-weddings.com\/wp-content\/uploads\/2025\/11\/I2A0242.jpg\" data-id=\"15484\" class=\"wp-image-15484\" srcset=\"https:\/\/alejandro-gomez-weddings.com\/wp-content\/uploads\/2025\/11\/I2A0242-1024x683.jpg 1024w, https:\/\/alejandro-gomez-weddings.com\/wp-content\/uploads\/2025\/11\/I2A0242-300x200.jpg 300w, https:\/\/alejandro-gomez-weddings.com\/wp-content\/uploads\/2025\/11\/I2A0242-768x512.jpg 768w, https:\/\/alejandro-gomez-weddings.com\/wp-content\/uploads\/2025\/11\/I2A0242-1536x1025.jpg 1536w, https:\/\/alejandro-gomez-weddings.com\/wp-content\/uploads\/2025\/11\/I2A0242.jpg 2000w\" sizes=\"auto, (max-width: 1024px) 100vw, 1024px\" \/><\/div><\/div><\/figure><\/div><\/li><li class=\"kadence-blocks-gallery-item\"><div class=\"kadence-blocks-gallery-item-inner\"><figure class=\"kb-gallery-figure kadence-blocks-gallery-item-hide-caption\"><div class=\"kb-gal-image-radius\" style=\"max-width:1024px;\"><div class=\"kb-gallery-image-contain kadence-blocks-gallery-intrinsic\" style=\"padding-bottom:66%;\"><img loading=\"lazy\" decoding=\"async\" src=\"https:\/\/alejandro-gomez-weddings.com\/wp-content\/uploads\/2025\/11\/I2A0244-1024x683.jpg\" width=\"1024\" height=\"683\" alt=\"Villa Wenkenhof, Basel. Oldtimer with bride and groom\" data-full-image=\"https:\/\/alejandro-gomez-weddings.com\/wp-content\/uploads\/2025\/11\/I2A0244.jpg\" data-light-image=\"https:\/\/alejandro-gomez-weddings.com\/wp-content\/uploads\/2025\/11\/I2A0244.jpg\" data-id=\"15489\" class=\"wp-image-15489\" srcset=\"https:\/\/alejandro-gomez-weddings.com\/wp-content\/uploads\/2025\/11\/I2A0244-1024x683.jpg 1024w, https:\/\/alejandro-gomez-weddings.com\/wp-content\/uploads\/2025\/11\/I2A0244-300x200.jpg 300w, https:\/\/alejandro-gomez-weddings.com\/wp-content\/uploads\/2025\/11\/I2A0244-768x512.jpg 768w, https:\/\/alejandro-gomez-weddings.com\/wp-content\/uploads\/2025\/11\/I2A0244-1536x1025.jpg 1536w, https:\/\/alejandro-gomez-weddings.com\/wp-content\/uploads\/2025\/11\/I2A0244.jpg 2000w\" sizes=\"auto, (max-width: 1024px) 100vw, 1024px\" \/><\/div><\/div><\/figure><\/div><\/li><li class=\"kadence-blocks-gallery-item\"><div class=\"kadence-blocks-gallery-item-inner\"><figure class=\"kb-gallery-figure kadence-blocks-gallery-item-hide-caption\"><div class=\"kb-gal-image-radius\" style=\"max-width:1024px;\"><div class=\"kb-gallery-image-contain kadence-blocks-gallery-intrinsic\" style=\"padding-bottom:66%;\"><img loading=\"lazy\" decoding=\"async\" src=\"https:\/\/alejandro-gomez-weddings.com\/wp-content\/uploads\/2025\/11\/I2A0251-1024x683.jpg\" width=\"1024\" height=\"683\" alt=\"Villa Wenkenhof, Basel. Oldtimer with bride and groom\" data-full-image=\"https:\/\/alejandro-gomez-weddings.com\/wp-content\/uploads\/2025\/11\/I2A0251.jpg\" data-light-image=\"https:\/\/alejandro-gomez-weddings.com\/wp-content\/uploads\/2025\/11\/I2A0251.jpg\" data-id=\"15494\" class=\"wp-image-15494\" srcset=\"https:\/\/alejandro-gomez-weddings.com\/wp-content\/uploads\/2025\/11\/I2A0251-1024x683.jpg 1024w, https:\/\/alejandro-gomez-weddings.com\/wp-content\/uploads\/2025\/11\/I2A0251-300x200.jpg 300w, https:\/\/alejandro-gomez-weddings.com\/wp-content\/uploads\/2025\/11\/I2A0251-768x512.jpg 768w, https:\/\/alejandro-gomez-weddings.com\/wp-content\/uploads\/2025\/11\/I2A0251-1536x1025.jpg 1536w, https:\/\/alejandro-gomez-weddings.com\/wp-content\/uploads\/2025\/11\/I2A0251.jpg 2000w\" sizes=\"auto, (max-width: 1024px) 100vw, 1024px\" \/><\/div><\/div><\/figure><\/div><\/li><li class=\"kadence-blocks-gallery-item\"><div class=\"kadence-blocks-gallery-item-inner\"><figure class=\"kb-gallery-figure kadence-blocks-gallery-item-hide-caption\"><div class=\"kb-gal-image-radius\" style=\"max-width:1024px;\"><div class=\"kb-gallery-image-contain kadence-blocks-gallery-intrinsic\" style=\"padding-bottom:66%;\"><img loading=\"lazy\" decoding=\"async\" src=\"https:\/\/alejandro-gomez-weddings.com\/wp-content\/uploads\/2025\/11\/I2A0253-1024x683.jpg\" width=\"1024\" height=\"683\" alt=\"Villa Wenkenhof, Basel. Oldtimer with bride and groom\" data-full-image=\"https:\/\/alejandro-gomez-weddings.com\/wp-content\/uploads\/2025\/11\/I2A0253.jpg\" data-light-image=\"https:\/\/alejandro-gomez-weddings.com\/wp-content\/uploads\/2025\/11\/I2A0253.jpg\" data-id=\"15499\" class=\"wp-image-15499\" srcset=\"https:\/\/alejandro-gomez-weddings.com\/wp-content\/uploads\/2025\/11\/I2A0253-1024x683.jpg 1024w, https:\/\/alejandro-gomez-weddings.com\/wp-content\/uploads\/2025\/11\/I2A0253-300x200.jpg 300w, https:\/\/alejandro-gomez-weddings.com\/wp-content\/uploads\/2025\/11\/I2A0253-768x512.jpg 768w, https:\/\/alejandro-gomez-weddings.com\/wp-content\/uploads\/2025\/11\/I2A0253-1536x1025.jpg 1536w, https:\/\/alejandro-gomez-weddings.com\/wp-content\/uploads\/2025\/11\/I2A0253.jpg 2000w\" sizes=\"auto, (max-width: 1024px) 100vw, 1024px\" \/><\/div><\/div><\/figure><\/div><\/li><li class=\"kadence-blocks-gallery-item\"><div class=\"kadence-blocks-gallery-item-inner\"><figure class=\"kb-gallery-figure kadence-blocks-gallery-item-hide-caption\"><div class=\"kb-gal-image-radius\" style=\"max-width:1024px;\"><div class=\"kb-gallery-image-contain kadence-blocks-gallery-intrinsic\" style=\"padding-bottom:66%;\"><img loading=\"lazy\" decoding=\"async\" src=\"https:\/\/alejandro-gomez-weddings.com\/wp-content\/uploads\/2025\/11\/I2A0259-1024x683.jpg\" width=\"1024\" height=\"683\" alt=\"Villa Wenkenhof, Basel. Oldtimer with bride and groom\" data-full-image=\"https:\/\/alejandro-gomez-weddings.com\/wp-content\/uploads\/2025\/11\/I2A0259.jpg\" data-light-image=\"https:\/\/alejandro-gomez-weddings.com\/wp-content\/uploads\/2025\/11\/I2A0259.jpg\" data-id=\"15504\" class=\"wp-image-15504\" srcset=\"https:\/\/alejandro-gomez-weddings.com\/wp-content\/uploads\/2025\/11\/I2A0259-1024x683.jpg 1024w, https:\/\/alejandro-gomez-weddings.com\/wp-content\/uploads\/2025\/11\/I2A0259-300x200.jpg 300w, https:\/\/alejandro-gomez-weddings.com\/wp-content\/uploads\/2025\/11\/I2A0259-768x512.jpg 768w, https:\/\/alejandro-gomez-weddings.com\/wp-content\/uploads\/2025\/11\/I2A0259-1536x1025.jpg 1536w, https:\/\/alejandro-gomez-weddings.com\/wp-content\/uploads\/2025\/11\/I2A0259.jpg 2000w\" sizes=\"auto, (max-width: 1024px) 100vw, 1024px\" \/><\/div><\/div><\/figure><\/div><\/li><li class=\"kadence-blocks-gallery-item\"><div class=\"kadence-blocks-gallery-item-inner\"><figure class=\"kb-gallery-figure kadence-blocks-gallery-item-hide-caption\"><div class=\"kb-gal-image-radius\" style=\"max-width:1024px;\"><div class=\"kb-gallery-image-contain kadence-blocks-gallery-intrinsic\" style=\"padding-bottom:66%;\"><img loading=\"lazy\" decoding=\"async\" src=\"https:\/\/alejandro-gomez-weddings.com\/wp-content\/uploads\/2025\/11\/I2A0260-1024x683.jpg\" width=\"1024\" height=\"683\" alt=\"Villa Wenkenhof, Basel. Oldtimer with bride and groom\" data-full-image=\"https:\/\/alejandro-gomez-weddings.com\/wp-content\/uploads\/2025\/11\/I2A0260.jpg\" data-light-image=\"https:\/\/alejandro-gomez-weddings.com\/wp-content\/uploads\/2025\/11\/I2A0260.jpg\" data-id=\"15509\" class=\"wp-image-15509\" srcset=\"https:\/\/alejandro-gomez-weddings.com\/wp-content\/uploads\/2025\/11\/I2A0260-1024x683.jpg 1024w, https:\/\/alejandro-gomez-weddings.com\/wp-content\/uploads\/2025\/11\/I2A0260-300x200.jpg 300w, https:\/\/alejandro-gomez-weddings.com\/wp-content\/uploads\/2025\/11\/I2A0260-768x512.jpg 768w, https:\/\/alejandro-gomez-weddings.com\/wp-content\/uploads\/2025\/11\/I2A0260-1536x1025.jpg 1536w, https:\/\/alejandro-gomez-weddings.com\/wp-content\/uploads\/2025\/11\/I2A0260.jpg 2000w\" sizes=\"auto, (max-width: 1024px) 100vw, 1024px\" \/><\/div><\/div><\/figure><\/div><\/li><li class=\"kadence-blocks-gallery-item\"><div class=\"kadence-blocks-gallery-item-inner\"><figure class=\"kb-gallery-figure kadence-blocks-gallery-item-hide-caption\"><div class=\"kb-gal-image-radius\" style=\"max-width:1024px;\"><div class=\"kb-gallery-image-contain kadence-blocks-gallery-intrinsic\" style=\"padding-bottom:66%;\"><img loading=\"lazy\" decoding=\"async\" src=\"https:\/\/alejandro-gomez-weddings.com\/wp-content\/uploads\/2025\/11\/I2A0268-1-1024x683.jpg\" width=\"1024\" height=\"683\" alt=\"Villa Wenkenhof, Basel. Oldtimer with bride and groom\" data-full-image=\"https:\/\/alejandro-gomez-weddings.com\/wp-content\/uploads\/2025\/11\/I2A0268-1.jpg\" data-light-image=\"https:\/\/alejandro-gomez-weddings.com\/wp-content\/uploads\/2025\/11\/I2A0268-1.jpg\" data-id=\"15514\" class=\"wp-image-15514\" srcset=\"https:\/\/alejandro-gomez-weddings.com\/wp-content\/uploads\/2025\/11\/I2A0268-1-1024x683.jpg 1024w, https:\/\/alejandro-gomez-weddings.com\/wp-content\/uploads\/2025\/11\/I2A0268-1-300x200.jpg 300w, https:\/\/alejandro-gomez-weddings.com\/wp-content\/uploads\/2025\/11\/I2A0268-1-768x512.jpg 768w, https:\/\/alejandro-gomez-weddings.com\/wp-content\/uploads\/2025\/11\/I2A0268-1-1536x1025.jpg 1536w, https:\/\/alejandro-gomez-weddings.com\/wp-content\/uploads\/2025\/11\/I2A0268-1.jpg 2000w\" sizes=\"auto, (max-width: 1024px) 100vw, 1024px\" \/><\/div><\/div><\/figure><\/div><\/li><li class=\"kadence-blocks-gallery-item\"><div class=\"kadence-blocks-gallery-item-inner\"><figure class=\"kb-gallery-figure kadence-blocks-gallery-item-hide-caption\"><div class=\"kb-gal-image-radius\" style=\"max-width:1024px;\"><div class=\"kb-gallery-image-contain kadence-blocks-gallery-intrinsic\" style=\"padding-bottom:66%;\"><img loading=\"lazy\" decoding=\"async\" src=\"https:\/\/alejandro-gomez-weddings.com\/wp-content\/uploads\/2025\/11\/I2A0270-1024x683.jpg\" width=\"1024\" height=\"683\" alt=\"Villa Wenkenhof, Basel. Oldtimer with bride and groom\" data-full-image=\"https:\/\/alejandro-gomez-weddings.com\/wp-content\/uploads\/2025\/11\/I2A0270.jpg\" data-light-image=\"https:\/\/alejandro-gomez-weddings.com\/wp-content\/uploads\/2025\/11\/I2A0270.jpg\" data-id=\"15519\" class=\"wp-image-15519\" srcset=\"https:\/\/alejandro-gomez-weddings.com\/wp-content\/uploads\/2025\/11\/I2A0270-1024x683.jpg 1024w, https:\/\/alejandro-gomez-weddings.com\/wp-content\/uploads\/2025\/11\/I2A0270-300x200.jpg 300w, https:\/\/alejandro-gomez-weddings.com\/wp-content\/uploads\/2025\/11\/I2A0270-768x512.jpg 768w, https:\/\/alejandro-gomez-weddings.com\/wp-content\/uploads\/2025\/11\/I2A0270-1536x1025.jpg 1536w, https:\/\/alejandro-gomez-weddings.com\/wp-content\/uploads\/2025\/11\/I2A0270.jpg 2000w\" sizes=\"auto, (max-width: 1024px) 100vw, 1024px\" \/><\/div><\/div><\/figure><\/div><\/li><li class=\"kadence-blocks-gallery-item\"><div class=\"kadence-blocks-gallery-item-inner\"><figure class=\"kb-gallery-figure kadence-blocks-gallery-item-hide-caption\"><div class=\"kb-gal-image-radius\" style=\"max-width:1024px;\"><div class=\"kb-gallery-image-contain kadence-blocks-gallery-intrinsic\" style=\"padding-bottom:54%;\"><img loading=\"lazy\" decoding=\"async\" src=\"https:\/\/alejandro-gomez-weddings.com\/wp-content\/uploads\/2025\/11\/I2A0285-1024x553.jpg\" width=\"1024\" height=\"553\" alt=\"Villa Wenkenhof, Basel. Oldtimer with bride and groom\" data-full-image=\"https:\/\/alejandro-gomez-weddings.com\/wp-content\/uploads\/2025\/11\/I2A0285.jpg\" data-light-image=\"https:\/\/alejandro-gomez-weddings.com\/wp-content\/uploads\/2025\/11\/I2A0285.jpg\" data-id=\"15524\" class=\"wp-image-15524\" srcset=\"https:\/\/alejandro-gomez-weddings.com\/wp-content\/uploads\/2025\/11\/I2A0285-1024x553.jpg 1024w, https:\/\/alejandro-gomez-weddings.com\/wp-content\/uploads\/2025\/11\/I2A0285-300x162.jpg 300w, https:\/\/alejandro-gomez-weddings.com\/wp-content\/uploads\/2025\/11\/I2A0285-768x415.jpg 768w, https:\/\/alejandro-gomez-weddings.com\/wp-content\/uploads\/2025\/11\/I2A0285-1536x830.jpg 1536w, https:\/\/alejandro-gomez-weddings.com\/wp-content\/uploads\/2025\/11\/I2A0285.jpg 2000w\" sizes=\"auto, (max-width: 1024px) 100vw, 1024px\" \/><\/div><\/div><\/figure><\/div><\/li><li class=\"kadence-blocks-gallery-item\"><div class=\"kadence-blocks-gallery-item-inner\"><figure class=\"kb-gallery-figure kadence-blocks-gallery-item-hide-caption\"><div class=\"kb-gal-image-radius\" style=\"max-width:1024px;\"><div class=\"kb-gallery-image-contain kadence-blocks-gallery-intrinsic\" style=\"padding-bottom:56%;\"><img loading=\"lazy\" decoding=\"async\" src=\"https:\/\/alejandro-gomez-weddings.com\/wp-content\/uploads\/2025\/11\/I2A0286-1024x576.jpg\" width=\"1024\" height=\"576\" alt=\"Villa Wenkenhof, Basel. Oldtimer with bride and groom\" data-full-image=\"https:\/\/alejandro-gomez-weddings.com\/wp-content\/uploads\/2025\/11\/I2A0286.jpg\" data-light-image=\"https:\/\/alejandro-gomez-weddings.com\/wp-content\/uploads\/2025\/11\/I2A0286.jpg\" data-id=\"15529\" class=\"wp-image-15529\" srcset=\"https:\/\/alejandro-gomez-weddings.com\/wp-content\/uploads\/2025\/11\/I2A0286-1024x576.jpg 1024w, https:\/\/alejandro-gomez-weddings.com\/wp-content\/uploads\/2025\/11\/I2A0286-300x169.jpg 300w, https:\/\/alejandro-gomez-weddings.com\/wp-content\/uploads\/2025\/11\/I2A0286-768x432.jpg 768w, https:\/\/alejandro-gomez-weddings.com\/wp-content\/uploads\/2025\/11\/I2A0286-1536x864.jpg 1536w, https:\/\/alejandro-gomez-weddings.com\/wp-content\/uploads\/2025\/11\/I2A0286.jpg 2000w\" sizes=\"auto, (max-width: 1024px) 100vw, 1024px\" \/><\/div><\/div><\/figure><\/div><\/li><li class=\"kadence-blocks-gallery-item\"><div class=\"kadence-blocks-gallery-item-inner\"><figure class=\"kb-gallery-figure kadence-blocks-gallery-item-hide-caption\"><div class=\"kb-gal-image-radius\" style=\"max-width:683px;\"><div class=\"kb-gallery-image-contain kadence-blocks-gallery-intrinsic\" style=\"padding-bottom:149%;\"><img loading=\"lazy\" decoding=\"async\" src=\"https:\/\/alejandro-gomez-weddings.com\/wp-content\/uploads\/2025\/11\/I2A0302-683x1024.jpg\" width=\"683\" height=\"1024\" alt=\"Villa Wenkenhof, Basel. Oldtimer with bride and groom\" data-full-image=\"https:\/\/alejandro-gomez-weddings.com\/wp-content\/uploads\/2025\/11\/I2A0302.jpg\" data-light-image=\"https:\/\/alejandro-gomez-weddings.com\/wp-content\/uploads\/2025\/11\/I2A0302.jpg\" data-id=\"15534\" class=\"wp-image-15534\" srcset=\"https:\/\/alejandro-gomez-weddings.com\/wp-content\/uploads\/2025\/11\/I2A0302-683x1024.jpg 683w, https:\/\/alejandro-gomez-weddings.com\/wp-content\/uploads\/2025\/11\/I2A0302-200x300.jpg 200w, https:\/\/alejandro-gomez-weddings.com\/wp-content\/uploads\/2025\/11\/I2A0302-768x1151.jpg 768w, https:\/\/alejandro-gomez-weddings.com\/wp-content\/uploads\/2025\/11\/I2A0302-1025x1536.jpg 1025w, https:\/\/alejandro-gomez-weddings.com\/wp-content\/uploads\/2025\/11\/I2A0302.jpg 1334w\" sizes=\"auto, (max-width: 683px) 100vw, 683px\" \/><\/div><\/div><\/figure><\/div><\/li><li class=\"kadence-blocks-gallery-item\"><div class=\"kadence-blocks-gallery-item-inner\"><figure class=\"kb-gallery-figure kadence-blocks-gallery-item-hide-caption\"><div class=\"kb-gal-image-radius\" style=\"max-width:683px;\"><div class=\"kb-gallery-image-contain kadence-blocks-gallery-intrinsic\" style=\"padding-bottom:149%;\"><img loading=\"lazy\" decoding=\"async\" src=\"https:\/\/alejandro-gomez-weddings.com\/wp-content\/uploads\/2025\/11\/I2A0304-683x1024.jpg\" width=\"683\" height=\"1024\" alt=\"Villa Wenkenhof, Basel. Oldtimer with bride and groom\" data-full-image=\"https:\/\/alejandro-gomez-weddings.com\/wp-content\/uploads\/2025\/11\/I2A0304.jpg\" data-light-image=\"https:\/\/alejandro-gomez-weddings.com\/wp-content\/uploads\/2025\/11\/I2A0304.jpg\" data-id=\"15539\" class=\"wp-image-15539\" srcset=\"https:\/\/alejandro-gomez-weddings.com\/wp-content\/uploads\/2025\/11\/I2A0304-683x1024.jpg 683w, https:\/\/alejandro-gomez-weddings.com\/wp-content\/uploads\/2025\/11\/I2A0304-200x300.jpg 200w, https:\/\/alejandro-gomez-weddings.com\/wp-content\/uploads\/2025\/11\/I2A0304-768x1151.jpg 768w, https:\/\/alejandro-gomez-weddings.com\/wp-content\/uploads\/2025\/11\/I2A0304-1025x1536.jpg 1025w, https:\/\/alejandro-gomez-weddings.com\/wp-content\/uploads\/2025\/11\/I2A0304.jpg 1334w\" sizes=\"auto, (max-width: 683px) 100vw, 683px\" \/><\/div><\/div><\/figure><\/div><\/li><li class=\"kadence-blocks-gallery-item\"><div class=\"kadence-blocks-gallery-item-inner\"><figure class=\"kb-gallery-figure kadence-blocks-gallery-item-hide-caption\"><div class=\"kb-gal-image-radius\" style=\"max-width:1024px;\"><div class=\"kb-gallery-image-contain kadence-blocks-gallery-intrinsic\" style=\"padding-bottom:66%;\"><img loading=\"lazy\" decoding=\"async\" src=\"https:\/\/alejandro-gomez-weddings.com\/wp-content\/uploads\/2025\/11\/2S6A3780-1024x683.jpg\" width=\"1024\" height=\"683\" alt=\"Villa Wenkenhof, Basel. Oldtimer with bride and groom\" data-full-image=\"https:\/\/alejandro-gomez-weddings.com\/wp-content\/uploads\/2025\/11\/2S6A3780.jpg\" data-light-image=\"https:\/\/alejandro-gomez-weddings.com\/wp-content\/uploads\/2025\/11\/2S6A3780.jpg\" data-id=\"15544\" class=\"wp-image-15544\" srcset=\"https:\/\/alejandro-gomez-weddings.com\/wp-content\/uploads\/2025\/11\/2S6A3780-1024x683.jpg 1024w, https:\/\/alejandro-gomez-weddings.com\/wp-content\/uploads\/2025\/11\/2S6A3780-300x200.jpg 300w, https:\/\/alejandro-gomez-weddings.com\/wp-content\/uploads\/2025\/11\/2S6A3780-768x512.jpg 768w, https:\/\/alejandro-gomez-weddings.com\/wp-content\/uploads\/2025\/11\/2S6A3780-1536x1025.jpg 1536w, https:\/\/alejandro-gomez-weddings.com\/wp-content\/uploads\/2025\/11\/2S6A3780.jpg 2000w\" sizes=\"auto, (max-width: 1024px) 100vw, 1024px\" \/><\/div><\/div><\/figure><\/div><\/li><li class=\"kadence-blocks-gallery-item\"><div class=\"kadence-blocks-gallery-item-inner\"><figure class=\"kb-gallery-figure kadence-blocks-gallery-item-hide-caption\"><div class=\"kb-gal-image-radius\" style=\"max-width:1024px;\"><div class=\"kb-gallery-image-contain kadence-blocks-gallery-intrinsic\" style=\"padding-bottom:66%;\"><img loading=\"lazy\" decoding=\"async\" src=\"https:\/\/alejandro-gomez-weddings.com\/wp-content\/uploads\/2025\/11\/2S6A3786-1024x683.jpg\" width=\"1024\" height=\"683\" alt=\"Villa Wenkenhof, Basel. Oldtimer with bride and groom\" data-full-image=\"https:\/\/alejandro-gomez-weddings.com\/wp-content\/uploads\/2025\/11\/2S6A3786.jpg\" data-light-image=\"https:\/\/alejandro-gomez-weddings.com\/wp-content\/uploads\/2025\/11\/2S6A3786.jpg\" data-id=\"15549\" class=\"wp-image-15549\" srcset=\"https:\/\/alejandro-gomez-weddings.com\/wp-content\/uploads\/2025\/11\/2S6A3786-1024x683.jpg 1024w, https:\/\/alejandro-gomez-weddings.com\/wp-content\/uploads\/2025\/11\/2S6A3786-300x200.jpg 300w, https:\/\/alejandro-gomez-weddings.com\/wp-content\/uploads\/2025\/11\/2S6A3786-768x512.jpg 768w, https:\/\/alejandro-gomez-weddings.com\/wp-content\/uploads\/2025\/11\/2S6A3786-1536x1025.jpg 1536w, https:\/\/alejandro-gomez-weddings.com\/wp-content\/uploads\/2025\/11\/2S6A3786.jpg 2000w\" sizes=\"auto, (max-width: 1024px) 100vw, 1024px\" \/><\/div><\/div><\/figure><\/div><\/li><li class=\"kadence-blocks-gallery-item\"><div class=\"kadence-blocks-gallery-item-inner\"><figure class=\"kb-gallery-figure kadence-blocks-gallery-item-hide-caption\"><div class=\"kb-gal-image-radius\" style=\"max-width:1024px;\"><div class=\"kb-gallery-image-contain kadence-blocks-gallery-intrinsic\" style=\"padding-bottom:66%;\"><img loading=\"lazy\" decoding=\"async\" src=\"https:\/\/alejandro-gomez-weddings.com\/wp-content\/uploads\/2025\/11\/2S6A3792-1024x683.jpg\" width=\"1024\" height=\"683\" alt=\"Villa Wenkenhof, Basel. Oldtimer with bride and groom\" data-full-image=\"https:\/\/alejandro-gomez-weddings.com\/wp-content\/uploads\/2025\/11\/2S6A3792.jpg\" data-light-image=\"https:\/\/alejandro-gomez-weddings.com\/wp-content\/uploads\/2025\/11\/2S6A3792.jpg\" data-id=\"15554\" class=\"wp-image-15554\" srcset=\"https:\/\/alejandro-gomez-weddings.com\/wp-content\/uploads\/2025\/11\/2S6A3792-1024x683.jpg 1024w, https:\/\/alejandro-gomez-weddings.com\/wp-content\/uploads\/2025\/11\/2S6A3792-300x200.jpg 300w, https:\/\/alejandro-gomez-weddings.com\/wp-content\/uploads\/2025\/11\/2S6A3792-768x512.jpg 768w, https:\/\/alejandro-gomez-weddings.com\/wp-content\/uploads\/2025\/11\/2S6A3792-1536x1025.jpg 1536w, https:\/\/alejandro-gomez-weddings.com\/wp-content\/uploads\/2025\/11\/2S6A3792.jpg 2000w\" sizes=\"auto, (max-width: 1024px) 100vw, 1024px\" \/><\/div><\/div><\/figure><\/div><\/li><li class=\"kadence-blocks-gallery-item\"><div class=\"kadence-blocks-gallery-item-inner\"><figure class=\"kb-gallery-figure kadence-blocks-gallery-item-hide-caption\"><div class=\"kb-gal-image-radius\" style=\"max-width:683px;\"><div class=\"kb-gallery-image-contain kadence-blocks-gallery-intrinsic\" style=\"padding-bottom:149%;\"><img loading=\"lazy\" decoding=\"async\" src=\"https:\/\/alejandro-gomez-weddings.com\/wp-content\/uploads\/2025\/11\/2S6A3794-683x1024.jpg\" width=\"683\" height=\"1024\" alt=\"Villa Wenkenhof, Basel. Oldtimer with bride and groom\" data-full-image=\"https:\/\/alejandro-gomez-weddings.com\/wp-content\/uploads\/2025\/11\/2S6A3794.jpg\" data-light-image=\"https:\/\/alejandro-gomez-weddings.com\/wp-content\/uploads\/2025\/11\/2S6A3794.jpg\" data-id=\"15559\" class=\"wp-image-15559\" srcset=\"https:\/\/alejandro-gomez-weddings.com\/wp-content\/uploads\/2025\/11\/2S6A3794-683x1024.jpg 683w, https:\/\/alejandro-gomez-weddings.com\/wp-content\/uploads\/2025\/11\/2S6A3794-200x300.jpg 200w, https:\/\/alejandro-gomez-weddings.com\/wp-content\/uploads\/2025\/11\/2S6A3794-768x1151.jpg 768w, https:\/\/alejandro-gomez-weddings.com\/wp-content\/uploads\/2025\/11\/2S6A3794-1025x1536.jpg 1025w, https:\/\/alejandro-gomez-weddings.com\/wp-content\/uploads\/2025\/11\/2S6A3794.jpg 1334w\" sizes=\"auto, (max-width: 683px) 100vw, 683px\" \/><\/div><\/div><\/figure><\/div><\/li><li class=\"kadence-blocks-gallery-item\"><div class=\"kadence-blocks-gallery-item-inner\"><figure class=\"kb-gallery-figure kadence-blocks-gallery-item-hide-caption\"><div class=\"kb-gal-image-radius\" style=\"max-width:683px;\"><div class=\"kb-gallery-image-contain kadence-blocks-gallery-intrinsic\" style=\"padding-bottom:149%;\"><img loading=\"lazy\" decoding=\"async\" src=\"https:\/\/alejandro-gomez-weddings.com\/wp-content\/uploads\/2025\/11\/2S6A3795-683x1024.jpg\" width=\"683\" height=\"1024\" alt=\"Villa Wenkenhof, Basel. Oldtimer with bride and groom\" data-full-image=\"https:\/\/alejandro-gomez-weddings.com\/wp-content\/uploads\/2025\/11\/2S6A3795.jpg\" data-light-image=\"https:\/\/alejandro-gomez-weddings.com\/wp-content\/uploads\/2025\/11\/2S6A3795.jpg\" data-id=\"15564\" class=\"wp-image-15564\" srcset=\"https:\/\/alejandro-gomez-weddings.com\/wp-content\/uploads\/2025\/11\/2S6A3795-683x1024.jpg 683w, https:\/\/alejandro-gomez-weddings.com\/wp-content\/uploads\/2025\/11\/2S6A3795-200x300.jpg 200w, https:\/\/alejandro-gomez-weddings.com\/wp-content\/uploads\/2025\/11\/2S6A3795-768x1151.jpg 768w, https:\/\/alejandro-gomez-weddings.com\/wp-content\/uploads\/2025\/11\/2S6A3795-1025x1536.jpg 1025w, https:\/\/alejandro-gomez-weddings.com\/wp-content\/uploads\/2025\/11\/2S6A3795.jpg 1334w\" sizes=\"auto, (max-width: 683px) 100vw, 683px\" \/><\/div><\/div><\/figure><\/div><\/li><\/ul><\/div><\/div><\/div>\n\n<div class=\"wp-block-group\"><div class=\"wp-block-group__inner-container is-layout-constrained wp-block-group-is-layout-constrained\">\n<p><\/p>\n\n\n\n<p><\/p>\n\n\n<style>.wp-block-kadence-advancedheading.kt-adv-heading15057_cf770c-83, .wp-block-kadence-advancedheading.kt-adv-heading15057_cf770c-83[data-kb-block=\"kb-adv-heading15057_cf770c-83\"]{text-align:center;font-size:60px;font-style:normal;text-transform:uppercase;}.wp-block-kadence-advancedheading.kt-adv-heading15057_cf770c-83 mark.kt-highlight, .wp-block-kadence-advancedheading.kt-adv-heading15057_cf770c-83[data-kb-block=\"kb-adv-heading15057_cf770c-83\"] mark.kt-highlight{font-style:normal;color:#f76a0c;-webkit-box-decoration-break:clone;box-decoration-break:clone;padding-top:0px;padding-right:0px;padding-bottom:0px;padding-left:0px;}@media all and (max-width: 767px){.wp-block-kadence-advancedheading.kt-adv-heading15057_cf770c-83, .wp-block-kadence-advancedheading.kt-adv-heading15057_cf770c-83[data-kb-block=\"kb-adv-heading15057_cf770c-83\"]{font-size:30px;}}<\/style>\n<h2 class=\"kt-adv-heading15057_cf770c-83 wp-block-kadence-advancedheading\" data-kb-block=\"kb-adv-heading15057_cf770c-83\">Sesi\u00f3n de fotos en pareja en los jardines: una pausa tranquila para los dos.<\/h2>\n\n\n<style>.wp-block-kadence-advancedheading.kt-adv-heading15057_f56c1d-05, .wp-block-kadence-advancedheading.kt-adv-heading15057_f56c1d-05[data-kb-block=\"kb-adv-heading15057_f56c1d-05\"]{text-align:center;font-size:40px;line-height:1.2;font-weight:400;font-style:normal;font-family:'Libre Caslon Display';border-top:30px solid transparent;border-right:30px solid transparent;border-bottom:30px solid transparent;border-left:30px solid transparent;}.wp-block-kadence-advancedheading.kt-adv-heading15057_f56c1d-05 mark.kt-highlight, .wp-block-kadence-advancedheading.kt-adv-heading15057_f56c1d-05[data-kb-block=\"kb-adv-heading15057_f56c1d-05\"] mark.kt-highlight{font-style:normal;color:#f76a0c;-webkit-box-decoration-break:clone;box-decoration-break:clone;padding-top:0px;padding-right:0px;padding-bottom:0px;padding-left:0px;}@media all and (max-width: 1024px){.wp-block-kadence-advancedheading.kt-adv-heading15057_f56c1d-05, .wp-block-kadence-advancedheading.kt-adv-heading15057_f56c1d-05[data-kb-block=\"kb-adv-heading15057_f56c1d-05\"]{border-top:30px solid transparent;border-right:30px solid transparent;border-bottom:30px solid transparent;border-left:30px solid transparent;}}@media all and (max-width: 767px){.wp-block-kadence-advancedheading.kt-adv-heading15057_f56c1d-05, .wp-block-kadence-advancedheading.kt-adv-heading15057_f56c1d-05[data-kb-block=\"kb-adv-heading15057_f56c1d-05\"]{font-size:20px;border-top:30px solid transparent;border-right:30px solid transparent;border-bottom:30px solid transparent;border-left:30px solid transparent;}}<\/style>\n<p class=\"kt-adv-heading15057_f56c1d-05 wp-block-kadence-advancedheading\" data-kb-block=\"kb-adv-heading15057_f56c1d-05\">Realizamos la sesi\u00f3n de fotos de pareja nada m\u00e1s llegar a Villa Wenkenhof. Este suele ser uno de mis momentos favoritos del d\u00eda, porque les brinda un breve y tranquilo momento a solas en medio de todo el ajetreo.<br\/>Paseamos por los jardines de la villa, utilizando la vegetaci\u00f3n, las estatuas y la fachada como tel\u00f3n de fondo. La luz era suave y favorecedora, entraba de lado y aportaba profundidad a las im\u00e1genes.  <\/p>\n\n\n<style>.wp-block-kadence-advancedheading.kt-adv-heading15057_69a71e-ac, .wp-block-kadence-advancedheading.kt-adv-heading15057_69a71e-ac[data-kb-block=\"kb-adv-heading15057_69a71e-ac\"]{text-align:center;font-size:40px;line-height:1.2;font-weight:400;font-style:normal;font-family:'Libre Caslon Display';border-top:30px solid transparent;border-right:30px solid transparent;border-bottom:30px solid transparent;border-left:30px solid transparent;}.wp-block-kadence-advancedheading.kt-adv-heading15057_69a71e-ac mark.kt-highlight, .wp-block-kadence-advancedheading.kt-adv-heading15057_69a71e-ac[data-kb-block=\"kb-adv-heading15057_69a71e-ac\"] mark.kt-highlight{font-style:normal;color:#f76a0c;-webkit-box-decoration-break:clone;box-decoration-break:clone;padding-top:0px;padding-right:0px;padding-bottom:0px;padding-left:0px;}@media all and (max-width: 1024px){.wp-block-kadence-advancedheading.kt-adv-heading15057_69a71e-ac, .wp-block-kadence-advancedheading.kt-adv-heading15057_69a71e-ac[data-kb-block=\"kb-adv-heading15057_69a71e-ac\"]{border-top:30px solid transparent;border-right:30px solid transparent;border-bottom:30px solid transparent;border-left:30px solid transparent;}}@media all and (max-width: 767px){.wp-block-kadence-advancedheading.kt-adv-heading15057_69a71e-ac, .wp-block-kadence-advancedheading.kt-adv-heading15057_69a71e-ac[data-kb-block=\"kb-adv-heading15057_69a71e-ac\"]{font-size:20px;border-top:30px solid transparent;border-right:30px solid transparent;border-bottom:30px solid transparent;border-left:30px solid transparent;}}<\/style>\n<p class=\"kt-adv-heading15057_69a71e-ac wp-block-kadence-advancedheading\" data-kb-block=\"kb-adv-heading15057_69a71e-ac\">Hubo momentos a solas entre Vivian y Santiago: tomados de la mano, riendo juntos, asimilando las emociones de la ceremonia. Y tambi\u00e9n hubo momentos muy especiales con su hija, sobre todo al atardecer, cuando ella corr\u00eda por el jard\u00edn. <\/p>\n\n\n<style>.wp-block-kadence-advancedheading.kt-adv-heading15057_21dbce-18, .wp-block-kadence-advancedheading.kt-adv-heading15057_21dbce-18[data-kb-block=\"kb-adv-heading15057_21dbce-18\"]{text-align:center;font-size:40px;line-height:1.2;font-weight:400;font-style:normal;font-family:'Libre Caslon Display';border-top:30px solid transparent;border-right:30px solid transparent;border-bottom:30px solid transparent;border-left:30px solid transparent;}.wp-block-kadence-advancedheading.kt-adv-heading15057_21dbce-18 mark.kt-highlight, .wp-block-kadence-advancedheading.kt-adv-heading15057_21dbce-18[data-kb-block=\"kb-adv-heading15057_21dbce-18\"] mark.kt-highlight{font-style:normal;color:#f76a0c;-webkit-box-decoration-break:clone;box-decoration-break:clone;padding-top:0px;padding-right:0px;padding-bottom:0px;padding-left:0px;}@media all and (max-width: 1024px){.wp-block-kadence-advancedheading.kt-adv-heading15057_21dbce-18, .wp-block-kadence-advancedheading.kt-adv-heading15057_21dbce-18[data-kb-block=\"kb-adv-heading15057_21dbce-18\"]{border-top:30px solid transparent;border-right:30px solid transparent;border-bottom:30px solid transparent;border-left:30px solid transparent;}}@media all and (max-width: 767px){.wp-block-kadence-advancedheading.kt-adv-heading15057_21dbce-18, .wp-block-kadence-advancedheading.kt-adv-heading15057_21dbce-18[data-kb-block=\"kb-adv-heading15057_21dbce-18\"]{font-size:20px;border-top:30px solid transparent;border-right:30px solid transparent;border-bottom:30px solid transparent;border-left:30px solid transparent;}}<\/style>\n<p class=\"kt-adv-heading15057_21dbce-18 wp-block-kadence-advancedheading\" data-kb-block=\"kb-adv-heading15057_21dbce-18\">Esas im\u00e1genes, con los tres bajo la luz radiante del jard\u00edn, son algunas de las m\u00e1s conmovedoras de toda la historia. Muestran no solo a una pareja enamorada, sino a una familia disfrutando de una velada \u00fanica e irrepetible. <\/p>\n\n\n<style>.wp-block-kadence-advancedheading.kt-adv-heading15057_64ef63-3b, .wp-block-kadence-advancedheading.kt-adv-heading15057_64ef63-3b[data-kb-block=\"kb-adv-heading15057_64ef63-3b\"]{text-align:center;font-size:40px;line-height:1.2;font-weight:400;font-style:normal;font-family:'Libre Caslon Display';border-top:30px solid transparent;border-right:30px solid transparent;border-bottom:30px solid transparent;border-left:30px solid transparent;}.wp-block-kadence-advancedheading.kt-adv-heading15057_64ef63-3b mark.kt-highlight, .wp-block-kadence-advancedheading.kt-adv-heading15057_64ef63-3b[data-kb-block=\"kb-adv-heading15057_64ef63-3b\"] mark.kt-highlight{font-style:normal;color:#f76a0c;-webkit-box-decoration-break:clone;box-decoration-break:clone;padding-top:0px;padding-right:0px;padding-bottom:0px;padding-left:0px;}@media all and (max-width: 1024px){.wp-block-kadence-advancedheading.kt-adv-heading15057_64ef63-3b, .wp-block-kadence-advancedheading.kt-adv-heading15057_64ef63-3b[data-kb-block=\"kb-adv-heading15057_64ef63-3b\"]{border-top:30px solid transparent;border-right:30px solid transparent;border-bottom:30px solid transparent;border-left:30px solid transparent;}}@media all and (max-width: 767px){.wp-block-kadence-advancedheading.kt-adv-heading15057_64ef63-3b, .wp-block-kadence-advancedheading.kt-adv-heading15057_64ef63-3b[data-kb-block=\"kb-adv-heading15057_64ef63-3b\"]{font-size:20px;border-top:30px solid transparent;border-right:30px solid transparent;border-bottom:30px solid transparent;border-left:30px solid transparent;}}<\/style>\n<p class=\"kt-adv-heading15057_64ef63-3b wp-block-kadence-advancedheading\" data-kb-block=\"kb-adv-heading15057_64ef63-3b\">Para m\u00ed, estas sesiones nunca se tratan de poses r\u00edgidas. Los gu\u00edo con delicadeza, pero siempre busco una conexi\u00f3n real: la forma en que se miran, las peque\u00f1as bromas, c\u00f3mo se relaja su cuerpo cuando se olvidan de la c\u00e1mara. <\/p>\n<\/div><\/div>\n\n<p><\/p>\n\n<p><\/p>\n\n<div class=\"wp-block-group\"><div class=\"wp-block-group__inner-container is-layout-constrained wp-block-group-is-layout-constrained\"><style>.wp-block-kadence-advancedgallery .kb-gallery-type-masonry.kb-gallery-id-15057_fadf11-66{margin:-1px;}.kb-gallery-type-masonry.kb-gallery-id-15057_fadf11-66 .kadence-blocks-gallery-item{padding:1px;}.kb-gallery-id-15057_fadf11-66 .kadence-blocks-gallery-item .kb-gal-image-radius, .kb-gallery-id-15057_fadf11-66 .kb-slide-item .kb-gal-image-radius img{border-radius:0px 0px 0px 0px;;}<\/style><div class=\"kb-gallery-wrap-id-15057_fadf11-66 alignnone wp-block-kadence-advancedgallery\"><ul class=\"kb-gallery-ul kb-gallery-non-static kb-gallery-type-masonry kb-masonry-init kb-gallery-id-15057_fadf11-66 kb-gallery-caption-style-bottom-hover kb-gallery-filter-none\" data-image-filter=\"none\" data-item-selector=\".kadence-blocks-gallery-item\" data-lightbox-caption=\"true\" data-columns-xxl=\"2\" data-columns-xl=\"2\" data-columns-md=\"2\" data-columns-sm=\"2\" data-columns-xs=\"1\" data-columns-ss=\"1\"><li class=\"kadence-blocks-gallery-item\"><div class=\"kadence-blocks-gallery-item-inner\"><figure class=\"kb-gallery-figure kadence-blocks-gallery-item-hide-caption\"><div class=\"kb-gal-image-radius\" style=\"max-width:683px;\"><div class=\"kb-gallery-image-contain kadence-blocks-gallery-intrinsic\" style=\"padding-bottom:149%;\"><img loading=\"lazy\" decoding=\"async\" src=\"https:\/\/alejandro-gomez-weddings.com\/wp-content\/uploads\/2025\/11\/I2A0313-683x1024.jpg\" width=\"683\" height=\"1024\" alt=\"Villa Wenkenhof, Basel. Couple session with bride and groom\" data-full-image=\"https:\/\/alejandro-gomez-weddings.com\/wp-content\/uploads\/2025\/11\/I2A0313.jpg\" data-light-image=\"https:\/\/alejandro-gomez-weddings.com\/wp-content\/uploads\/2025\/11\/I2A0313.jpg\" data-id=\"15569\" class=\"wp-image-15569\" srcset=\"https:\/\/alejandro-gomez-weddings.com\/wp-content\/uploads\/2025\/11\/I2A0313-683x1024.jpg 683w, https:\/\/alejandro-gomez-weddings.com\/wp-content\/uploads\/2025\/11\/I2A0313-200x300.jpg 200w, https:\/\/alejandro-gomez-weddings.com\/wp-content\/uploads\/2025\/11\/I2A0313-768x1151.jpg 768w, https:\/\/alejandro-gomez-weddings.com\/wp-content\/uploads\/2025\/11\/I2A0313-1025x1536.jpg 1025w, https:\/\/alejandro-gomez-weddings.com\/wp-content\/uploads\/2025\/11\/I2A0313.jpg 1334w\" sizes=\"auto, (max-width: 683px) 100vw, 683px\" \/><\/div><\/div><\/figure><\/div><\/li><li class=\"kadence-blocks-gallery-item\"><div class=\"kadence-blocks-gallery-item-inner\"><figure class=\"kb-gallery-figure kadence-blocks-gallery-item-hide-caption\"><div class=\"kb-gal-image-radius\" style=\"max-width:1024px;\"><div class=\"kb-gallery-image-contain kadence-blocks-gallery-intrinsic\" style=\"padding-bottom:66%;\"><img loading=\"lazy\" decoding=\"async\" src=\"https:\/\/alejandro-gomez-weddings.com\/wp-content\/uploads\/2025\/11\/I2A0319-1024x683.jpg\" width=\"1024\" height=\"683\" alt=\"Villa Wenkenhof, Basel. Couple session with bride and groom\" data-full-image=\"https:\/\/alejandro-gomez-weddings.com\/wp-content\/uploads\/2025\/11\/I2A0319.jpg\" data-light-image=\"https:\/\/alejandro-gomez-weddings.com\/wp-content\/uploads\/2025\/11\/I2A0319.jpg\" data-id=\"15574\" class=\"wp-image-15574\" srcset=\"https:\/\/alejandro-gomez-weddings.com\/wp-content\/uploads\/2025\/11\/I2A0319-1024x683.jpg 1024w, https:\/\/alejandro-gomez-weddings.com\/wp-content\/uploads\/2025\/11\/I2A0319-300x200.jpg 300w, https:\/\/alejandro-gomez-weddings.com\/wp-content\/uploads\/2025\/11\/I2A0319-768x512.jpg 768w, https:\/\/alejandro-gomez-weddings.com\/wp-content\/uploads\/2025\/11\/I2A0319-1536x1025.jpg 1536w, https:\/\/alejandro-gomez-weddings.com\/wp-content\/uploads\/2025\/11\/I2A0319.jpg 2000w\" sizes=\"auto, (max-width: 1024px) 100vw, 1024px\" \/><\/div><\/div><\/figure><\/div><\/li><li class=\"kadence-blocks-gallery-item\"><div class=\"kadence-blocks-gallery-item-inner\"><figure class=\"kb-gallery-figure kadence-blocks-gallery-item-hide-caption\"><div class=\"kb-gal-image-radius\" style=\"max-width:1024px;\"><div class=\"kb-gallery-image-contain kadence-blocks-gallery-intrinsic\" style=\"padding-bottom:62%;\"><img loading=\"lazy\" decoding=\"async\" src=\"https:\/\/alejandro-gomez-weddings.com\/wp-content\/uploads\/2025\/11\/I2A0329-1024x642.jpg\" width=\"1024\" height=\"642\" alt=\"Villa Wenkenhof, Basel. Couple session with bride and groom\" data-full-image=\"https:\/\/alejandro-gomez-weddings.com\/wp-content\/uploads\/2025\/11\/I2A0329.jpg\" data-light-image=\"https:\/\/alejandro-gomez-weddings.com\/wp-content\/uploads\/2025\/11\/I2A0329.jpg\" data-id=\"15579\" class=\"wp-image-15579\" srcset=\"https:\/\/alejandro-gomez-weddings.com\/wp-content\/uploads\/2025\/11\/I2A0329-1024x642.jpg 1024w, https:\/\/alejandro-gomez-weddings.com\/wp-content\/uploads\/2025\/11\/I2A0329-300x188.jpg 300w, https:\/\/alejandro-gomez-weddings.com\/wp-content\/uploads\/2025\/11\/I2A0329-768x482.jpg 768w, https:\/\/alejandro-gomez-weddings.com\/wp-content\/uploads\/2025\/11\/I2A0329-1536x963.jpg 1536w, https:\/\/alejandro-gomez-weddings.com\/wp-content\/uploads\/2025\/11\/I2A0329.jpg 2000w\" sizes=\"auto, (max-width: 1024px) 100vw, 1024px\" \/><\/div><\/div><\/figure><\/div><\/li><li class=\"kadence-blocks-gallery-item\"><div class=\"kadence-blocks-gallery-item-inner\"><figure class=\"kb-gallery-figure kadence-blocks-gallery-item-hide-caption\"><div class=\"kb-gal-image-radius\" style=\"max-width:1024px;\"><div class=\"kb-gallery-image-contain kadence-blocks-gallery-intrinsic\" style=\"padding-bottom:66%;\"><img loading=\"lazy\" decoding=\"async\" src=\"https:\/\/alejandro-gomez-weddings.com\/wp-content\/uploads\/2025\/11\/I2A0330-1024x683.jpg\" width=\"1024\" height=\"683\" alt=\"Villa Wenkenhof, Basel. Couple session with bride and groom\" data-full-image=\"https:\/\/alejandro-gomez-weddings.com\/wp-content\/uploads\/2025\/11\/I2A0330.jpg\" data-light-image=\"https:\/\/alejandro-gomez-weddings.com\/wp-content\/uploads\/2025\/11\/I2A0330.jpg\" data-id=\"15584\" class=\"wp-image-15584\" srcset=\"https:\/\/alejandro-gomez-weddings.com\/wp-content\/uploads\/2025\/11\/I2A0330-1024x683.jpg 1024w, https:\/\/alejandro-gomez-weddings.com\/wp-content\/uploads\/2025\/11\/I2A0330-300x200.jpg 300w, https:\/\/alejandro-gomez-weddings.com\/wp-content\/uploads\/2025\/11\/I2A0330-768x512.jpg 768w, https:\/\/alejandro-gomez-weddings.com\/wp-content\/uploads\/2025\/11\/I2A0330-1536x1025.jpg 1536w, https:\/\/alejandro-gomez-weddings.com\/wp-content\/uploads\/2025\/11\/I2A0330.jpg 2000w\" sizes=\"auto, (max-width: 1024px) 100vw, 1024px\" \/><\/div><\/div><\/figure><\/div><\/li><li class=\"kadence-blocks-gallery-item\"><div class=\"kadence-blocks-gallery-item-inner\"><figure class=\"kb-gallery-figure kadence-blocks-gallery-item-hide-caption\"><div class=\"kb-gal-image-radius\" style=\"max-width:1024px;\"><div class=\"kb-gallery-image-contain kadence-blocks-gallery-intrinsic\" style=\"padding-bottom:66%;\"><img loading=\"lazy\" decoding=\"async\" src=\"https:\/\/alejandro-gomez-weddings.com\/wp-content\/uploads\/2025\/11\/I2A0332-1024x683.jpg\" width=\"1024\" height=\"683\" alt=\"Villa Wenkenhof, Basel. Couple session with bride and groom\" data-full-image=\"https:\/\/alejandro-gomez-weddings.com\/wp-content\/uploads\/2025\/11\/I2A0332.jpg\" data-light-image=\"https:\/\/alejandro-gomez-weddings.com\/wp-content\/uploads\/2025\/11\/I2A0332.jpg\" data-id=\"15589\" class=\"wp-image-15589\" srcset=\"https:\/\/alejandro-gomez-weddings.com\/wp-content\/uploads\/2025\/11\/I2A0332-1024x683.jpg 1024w, https:\/\/alejandro-gomez-weddings.com\/wp-content\/uploads\/2025\/11\/I2A0332-300x200.jpg 300w, https:\/\/alejandro-gomez-weddings.com\/wp-content\/uploads\/2025\/11\/I2A0332-768x512.jpg 768w, https:\/\/alejandro-gomez-weddings.com\/wp-content\/uploads\/2025\/11\/I2A0332-1536x1025.jpg 1536w, https:\/\/alejandro-gomez-weddings.com\/wp-content\/uploads\/2025\/11\/I2A0332.jpg 2000w\" sizes=\"auto, (max-width: 1024px) 100vw, 1024px\" \/><\/div><\/div><\/figure><\/div><\/li><li class=\"kadence-blocks-gallery-item\"><div class=\"kadence-blocks-gallery-item-inner\"><figure class=\"kb-gallery-figure kadence-blocks-gallery-item-hide-caption\"><div class=\"kb-gal-image-radius\" style=\"max-width:1024px;\"><div class=\"kb-gallery-image-contain kadence-blocks-gallery-intrinsic\" style=\"padding-bottom:66%;\"><img loading=\"lazy\" decoding=\"async\" src=\"https:\/\/alejandro-gomez-weddings.com\/wp-content\/uploads\/2025\/11\/I2A0333-1024x683.jpg\" width=\"1024\" height=\"683\" alt=\"Villa Wenkenhof, Basel. Couple session with bride and groom\" data-full-image=\"https:\/\/alejandro-gomez-weddings.com\/wp-content\/uploads\/2025\/11\/I2A0333.jpg\" data-light-image=\"https:\/\/alejandro-gomez-weddings.com\/wp-content\/uploads\/2025\/11\/I2A0333.jpg\" data-id=\"15594\" class=\"wp-image-15594\" srcset=\"https:\/\/alejandro-gomez-weddings.com\/wp-content\/uploads\/2025\/11\/I2A0333-1024x683.jpg 1024w, https:\/\/alejandro-gomez-weddings.com\/wp-content\/uploads\/2025\/11\/I2A0333-300x200.jpg 300w, https:\/\/alejandro-gomez-weddings.com\/wp-content\/uploads\/2025\/11\/I2A0333-768x512.jpg 768w, https:\/\/alejandro-gomez-weddings.com\/wp-content\/uploads\/2025\/11\/I2A0333-1536x1025.jpg 1536w, https:\/\/alejandro-gomez-weddings.com\/wp-content\/uploads\/2025\/11\/I2A0333.jpg 2000w\" sizes=\"auto, (max-width: 1024px) 100vw, 1024px\" \/><\/div><\/div><\/figure><\/div><\/li><li class=\"kadence-blocks-gallery-item\"><div class=\"kadence-blocks-gallery-item-inner\"><figure class=\"kb-gallery-figure kadence-blocks-gallery-item-hide-caption\"><div class=\"kb-gal-image-radius\" style=\"max-width:1024px;\"><div class=\"kb-gallery-image-contain kadence-blocks-gallery-intrinsic\" style=\"padding-bottom:66%;\"><img loading=\"lazy\" decoding=\"async\" src=\"https:\/\/alejandro-gomez-weddings.com\/wp-content\/uploads\/2025\/11\/I2A0342-1024x683.jpg\" width=\"1024\" height=\"683\" alt=\"Villa Wenkenhof, Basel. Couple session with bride and groom\" data-full-image=\"https:\/\/alejandro-gomez-weddings.com\/wp-content\/uploads\/2025\/11\/I2A0342.jpg\" data-light-image=\"https:\/\/alejandro-gomez-weddings.com\/wp-content\/uploads\/2025\/11\/I2A0342.jpg\" data-id=\"15599\" class=\"wp-image-15599\" srcset=\"https:\/\/alejandro-gomez-weddings.com\/wp-content\/uploads\/2025\/11\/I2A0342-1024x683.jpg 1024w, https:\/\/alejandro-gomez-weddings.com\/wp-content\/uploads\/2025\/11\/I2A0342-300x200.jpg 300w, https:\/\/alejandro-gomez-weddings.com\/wp-content\/uploads\/2025\/11\/I2A0342-768x512.jpg 768w, https:\/\/alejandro-gomez-weddings.com\/wp-content\/uploads\/2025\/11\/I2A0342-1536x1025.jpg 1536w, https:\/\/alejandro-gomez-weddings.com\/wp-content\/uploads\/2025\/11\/I2A0342.jpg 2000w\" sizes=\"auto, (max-width: 1024px) 100vw, 1024px\" \/><\/div><\/div><\/figure><\/div><\/li><li class=\"kadence-blocks-gallery-item\"><div class=\"kadence-blocks-gallery-item-inner\"><figure class=\"kb-gallery-figure kadence-blocks-gallery-item-hide-caption\"><div class=\"kb-gal-image-radius\" style=\"max-width:1024px;\"><div class=\"kb-gallery-image-contain kadence-blocks-gallery-intrinsic\" style=\"padding-bottom:66%;\"><img loading=\"lazy\" decoding=\"async\" src=\"https:\/\/alejandro-gomez-weddings.com\/wp-content\/uploads\/2025\/11\/I2A0344-1024x683.jpg\" width=\"1024\" height=\"683\" alt=\"Villa Wenkenhof, Basel. Couple session with bride and groom\" data-full-image=\"https:\/\/alejandro-gomez-weddings.com\/wp-content\/uploads\/2025\/11\/I2A0344.jpg\" data-light-image=\"https:\/\/alejandro-gomez-weddings.com\/wp-content\/uploads\/2025\/11\/I2A0344.jpg\" data-id=\"15604\" class=\"wp-image-15604\" srcset=\"https:\/\/alejandro-gomez-weddings.com\/wp-content\/uploads\/2025\/11\/I2A0344-1024x683.jpg 1024w, https:\/\/alejandro-gomez-weddings.com\/wp-content\/uploads\/2025\/11\/I2A0344-300x200.jpg 300w, https:\/\/alejandro-gomez-weddings.com\/wp-content\/uploads\/2025\/11\/I2A0344-768x512.jpg 768w, https:\/\/alejandro-gomez-weddings.com\/wp-content\/uploads\/2025\/11\/I2A0344-1536x1025.jpg 1536w, https:\/\/alejandro-gomez-weddings.com\/wp-content\/uploads\/2025\/11\/I2A0344.jpg 2000w\" sizes=\"auto, (max-width: 1024px) 100vw, 1024px\" \/><\/div><\/div><\/figure><\/div><\/li><li class=\"kadence-blocks-gallery-item\"><div class=\"kadence-blocks-gallery-item-inner\"><figure class=\"kb-gallery-figure kadence-blocks-gallery-item-hide-caption\"><div class=\"kb-gal-image-radius\" style=\"max-width:683px;\"><div class=\"kb-gallery-image-contain kadence-blocks-gallery-intrinsic\" style=\"padding-bottom:149%;\"><img loading=\"lazy\" decoding=\"async\" src=\"https:\/\/alejandro-gomez-weddings.com\/wp-content\/uploads\/2025\/11\/I2A0345-683x1024.jpg\" width=\"683\" height=\"1024\" alt=\"Villa Wenkenhof, Basel. Couple session with bride and groom\" data-full-image=\"https:\/\/alejandro-gomez-weddings.com\/wp-content\/uploads\/2025\/11\/I2A0345.jpg\" data-light-image=\"https:\/\/alejandro-gomez-weddings.com\/wp-content\/uploads\/2025\/11\/I2A0345.jpg\" data-id=\"15609\" class=\"wp-image-15609\" srcset=\"https:\/\/alejandro-gomez-weddings.com\/wp-content\/uploads\/2025\/11\/I2A0345-683x1024.jpg 683w, https:\/\/alejandro-gomez-weddings.com\/wp-content\/uploads\/2025\/11\/I2A0345-200x300.jpg 200w, https:\/\/alejandro-gomez-weddings.com\/wp-content\/uploads\/2025\/11\/I2A0345-768x1151.jpg 768w, https:\/\/alejandro-gomez-weddings.com\/wp-content\/uploads\/2025\/11\/I2A0345-1025x1536.jpg 1025w, https:\/\/alejandro-gomez-weddings.com\/wp-content\/uploads\/2025\/11\/I2A0345.jpg 1334w\" sizes=\"auto, (max-width: 683px) 100vw, 683px\" \/><\/div><\/div><\/figure><\/div><\/li><li class=\"kadence-blocks-gallery-item\"><div class=\"kadence-blocks-gallery-item-inner\"><figure class=\"kb-gallery-figure kadence-blocks-gallery-item-hide-caption\"><div class=\"kb-gal-image-radius\" style=\"max-width:683px;\"><div class=\"kb-gallery-image-contain kadence-blocks-gallery-intrinsic\" style=\"padding-bottom:149%;\"><img loading=\"lazy\" decoding=\"async\" src=\"https:\/\/alejandro-gomez-weddings.com\/wp-content\/uploads\/2025\/11\/I2A0355-683x1024.jpg\" width=\"683\" height=\"1024\" alt=\"Villa Wenkenhof, Basel. Couple session with bride and groom\" data-full-image=\"https:\/\/alejandro-gomez-weddings.com\/wp-content\/uploads\/2025\/11\/I2A0355.jpg\" data-light-image=\"https:\/\/alejandro-gomez-weddings.com\/wp-content\/uploads\/2025\/11\/I2A0355.jpg\" data-id=\"15614\" class=\"wp-image-15614\" srcset=\"https:\/\/alejandro-gomez-weddings.com\/wp-content\/uploads\/2025\/11\/I2A0355-683x1024.jpg 683w, https:\/\/alejandro-gomez-weddings.com\/wp-content\/uploads\/2025\/11\/I2A0355-200x300.jpg 200w, https:\/\/alejandro-gomez-weddings.com\/wp-content\/uploads\/2025\/11\/I2A0355-768x1151.jpg 768w, https:\/\/alejandro-gomez-weddings.com\/wp-content\/uploads\/2025\/11\/I2A0355-1025x1536.jpg 1025w, https:\/\/alejandro-gomez-weddings.com\/wp-content\/uploads\/2025\/11\/I2A0355.jpg 1334w\" sizes=\"auto, (max-width: 683px) 100vw, 683px\" \/><\/div><\/div><\/figure><\/div><\/li><li class=\"kadence-blocks-gallery-item\"><div class=\"kadence-blocks-gallery-item-inner\"><figure class=\"kb-gallery-figure kadence-blocks-gallery-item-hide-caption\"><div class=\"kb-gal-image-radius\" style=\"max-width:1024px;\"><div class=\"kb-gallery-image-contain kadence-blocks-gallery-intrinsic\" style=\"padding-bottom:38%;\"><img loading=\"lazy\" decoding=\"async\" src=\"https:\/\/alejandro-gomez-weddings.com\/wp-content\/uploads\/2025\/11\/I2A0362-1024x390.jpg\" width=\"1024\" height=\"390\" alt=\"Villa Wenkenhof, Basel. Couple session with bride and groom\" data-full-image=\"https:\/\/alejandro-gomez-weddings.com\/wp-content\/uploads\/2025\/11\/I2A0362.jpg\" data-light-image=\"https:\/\/alejandro-gomez-weddings.com\/wp-content\/uploads\/2025\/11\/I2A0362.jpg\" data-id=\"15619\" class=\"wp-image-15619\" srcset=\"https:\/\/alejandro-gomez-weddings.com\/wp-content\/uploads\/2025\/11\/I2A0362-1024x390.jpg 1024w, https:\/\/alejandro-gomez-weddings.com\/wp-content\/uploads\/2025\/11\/I2A0362-300x114.jpg 300w, https:\/\/alejandro-gomez-weddings.com\/wp-content\/uploads\/2025\/11\/I2A0362-768x292.jpg 768w, https:\/\/alejandro-gomez-weddings.com\/wp-content\/uploads\/2025\/11\/I2A0362-1536x584.jpg 1536w, https:\/\/alejandro-gomez-weddings.com\/wp-content\/uploads\/2025\/11\/I2A0362.jpg 2000w\" sizes=\"auto, (max-width: 1024px) 100vw, 1024px\" \/><\/div><\/div><\/figure><\/div><\/li><li class=\"kadence-blocks-gallery-item\"><div class=\"kadence-blocks-gallery-item-inner\"><figure class=\"kb-gallery-figure kadence-blocks-gallery-item-hide-caption\"><div class=\"kb-gal-image-radius\" style=\"max-width:683px;\"><div class=\"kb-gallery-image-contain kadence-blocks-gallery-intrinsic\" style=\"padding-bottom:149%;\"><img loading=\"lazy\" decoding=\"async\" src=\"https:\/\/alejandro-gomez-weddings.com\/wp-content\/uploads\/2025\/11\/I2A0371-683x1024.jpg\" width=\"683\" height=\"1024\" alt=\"Villa Wenkenhof, Basel. Couple session with bride and groom\" data-full-image=\"https:\/\/alejandro-gomez-weddings.com\/wp-content\/uploads\/2025\/11\/I2A0371.jpg\" data-light-image=\"https:\/\/alejandro-gomez-weddings.com\/wp-content\/uploads\/2025\/11\/I2A0371.jpg\" data-id=\"15624\" class=\"wp-image-15624\" srcset=\"https:\/\/alejandro-gomez-weddings.com\/wp-content\/uploads\/2025\/11\/I2A0371-683x1024.jpg 683w, https:\/\/alejandro-gomez-weddings.com\/wp-content\/uploads\/2025\/11\/I2A0371-200x300.jpg 200w, https:\/\/alejandro-gomez-weddings.com\/wp-content\/uploads\/2025\/11\/I2A0371-768x1151.jpg 768w, https:\/\/alejandro-gomez-weddings.com\/wp-content\/uploads\/2025\/11\/I2A0371-1025x1536.jpg 1025w, https:\/\/alejandro-gomez-weddings.com\/wp-content\/uploads\/2025\/11\/I2A0371.jpg 1334w\" sizes=\"auto, (max-width: 683px) 100vw, 683px\" \/><\/div><\/div><\/figure><\/div><\/li><li class=\"kadence-blocks-gallery-item\"><div class=\"kadence-blocks-gallery-item-inner\"><figure class=\"kb-gallery-figure kadence-blocks-gallery-item-hide-caption\"><div class=\"kb-gal-image-radius\" style=\"max-width:649px;\"><div class=\"kb-gallery-image-contain kadence-blocks-gallery-intrinsic\" style=\"padding-bottom:157%;\"><img loading=\"lazy\" decoding=\"async\" src=\"https:\/\/alejandro-gomez-weddings.com\/wp-content\/uploads\/2025\/11\/I2A0377-649x1024.jpg\" width=\"649\" height=\"1024\" alt=\"Villa Wenkenhof, Basel. Couple session with bride and groom\" data-full-image=\"https:\/\/alejandro-gomez-weddings.com\/wp-content\/uploads\/2025\/11\/I2A0377.jpg\" data-light-image=\"https:\/\/alejandro-gomez-weddings.com\/wp-content\/uploads\/2025\/11\/I2A0377.jpg\" data-id=\"15629\" class=\"wp-image-15629\" srcset=\"https:\/\/alejandro-gomez-weddings.com\/wp-content\/uploads\/2025\/11\/I2A0377-649x1024.jpg 649w, https:\/\/alejandro-gomez-weddings.com\/wp-content\/uploads\/2025\/11\/I2A0377-190x300.jpg 190w, https:\/\/alejandro-gomez-weddings.com\/wp-content\/uploads\/2025\/11\/I2A0377-768x1212.jpg 768w, https:\/\/alejandro-gomez-weddings.com\/wp-content\/uploads\/2025\/11\/I2A0377-973x1536.jpg 973w, https:\/\/alejandro-gomez-weddings.com\/wp-content\/uploads\/2025\/11\/I2A0377.jpg 1267w\" sizes=\"auto, (max-width: 649px) 100vw, 649px\" \/><\/div><\/div><\/figure><\/div><\/li><li class=\"kadence-blocks-gallery-item\"><div class=\"kadence-blocks-gallery-item-inner\"><figure class=\"kb-gallery-figure kadence-blocks-gallery-item-hide-caption\"><div class=\"kb-gal-image-radius\" style=\"max-width:683px;\"><div class=\"kb-gallery-image-contain kadence-blocks-gallery-intrinsic\" style=\"padding-bottom:149%;\"><img loading=\"lazy\" decoding=\"async\" src=\"https:\/\/alejandro-gomez-weddings.com\/wp-content\/uploads\/2025\/11\/I2A0378-683x1024.jpg\" width=\"683\" height=\"1024\" alt=\"Villa Wenkenhof, Basel. Couple session with bride and groom\" data-full-image=\"https:\/\/alejandro-gomez-weddings.com\/wp-content\/uploads\/2025\/11\/I2A0378.jpg\" data-light-image=\"https:\/\/alejandro-gomez-weddings.com\/wp-content\/uploads\/2025\/11\/I2A0378.jpg\" data-id=\"15634\" class=\"wp-image-15634\" srcset=\"https:\/\/alejandro-gomez-weddings.com\/wp-content\/uploads\/2025\/11\/I2A0378-683x1024.jpg 683w, https:\/\/alejandro-gomez-weddings.com\/wp-content\/uploads\/2025\/11\/I2A0378-200x300.jpg 200w, https:\/\/alejandro-gomez-weddings.com\/wp-content\/uploads\/2025\/11\/I2A0378-768x1151.jpg 768w, https:\/\/alejandro-gomez-weddings.com\/wp-content\/uploads\/2025\/11\/I2A0378-1025x1536.jpg 1025w, https:\/\/alejandro-gomez-weddings.com\/wp-content\/uploads\/2025\/11\/I2A0378.jpg 1334w\" sizes=\"auto, (max-width: 683px) 100vw, 683px\" \/><\/div><\/div><\/figure><\/div><\/li><li class=\"kadence-blocks-gallery-item\"><div class=\"kadence-blocks-gallery-item-inner\"><figure class=\"kb-gallery-figure kadence-blocks-gallery-item-hide-caption\"><div class=\"kb-gal-image-radius\" style=\"max-width:683px;\"><div class=\"kb-gallery-image-contain kadence-blocks-gallery-intrinsic\" style=\"padding-bottom:149%;\"><img loading=\"lazy\" decoding=\"async\" src=\"https:\/\/alejandro-gomez-weddings.com\/wp-content\/uploads\/2025\/11\/I2A0379-683x1024.jpg\" width=\"683\" height=\"1024\" alt=\"Villa Wenkenhof, Basel. Couple session with bride and groom\" data-full-image=\"https:\/\/alejandro-gomez-weddings.com\/wp-content\/uploads\/2025\/11\/I2A0379.jpg\" data-light-image=\"https:\/\/alejandro-gomez-weddings.com\/wp-content\/uploads\/2025\/11\/I2A0379.jpg\" data-id=\"15639\" class=\"wp-image-15639\" srcset=\"https:\/\/alejandro-gomez-weddings.com\/wp-content\/uploads\/2025\/11\/I2A0379-683x1024.jpg 683w, https:\/\/alejandro-gomez-weddings.com\/wp-content\/uploads\/2025\/11\/I2A0379-200x300.jpg 200w, https:\/\/alejandro-gomez-weddings.com\/wp-content\/uploads\/2025\/11\/I2A0379-768x1151.jpg 768w, https:\/\/alejandro-gomez-weddings.com\/wp-content\/uploads\/2025\/11\/I2A0379-1025x1536.jpg 1025w, https:\/\/alejandro-gomez-weddings.com\/wp-content\/uploads\/2025\/11\/I2A0379.jpg 1334w\" sizes=\"auto, (max-width: 683px) 100vw, 683px\" \/><\/div><\/div><\/figure><\/div><\/li><li class=\"kadence-blocks-gallery-item\"><div class=\"kadence-blocks-gallery-item-inner\"><figure class=\"kb-gallery-figure kadence-blocks-gallery-item-hide-caption\"><div class=\"kb-gal-image-radius\" style=\"max-width:683px;\"><div class=\"kb-gallery-image-contain kadence-blocks-gallery-intrinsic\" style=\"padding-bottom:149%;\"><img loading=\"lazy\" decoding=\"async\" src=\"https:\/\/alejandro-gomez-weddings.com\/wp-content\/uploads\/2025\/11\/I2A0380-683x1024.jpg\" width=\"683\" height=\"1024\" alt=\"Villa Wenkenhof, Basel. Couple session with bride and groom\" data-full-image=\"https:\/\/alejandro-gomez-weddings.com\/wp-content\/uploads\/2025\/11\/I2A0380.jpg\" data-light-image=\"https:\/\/alejandro-gomez-weddings.com\/wp-content\/uploads\/2025\/11\/I2A0380.jpg\" data-id=\"15644\" class=\"wp-image-15644\" srcset=\"https:\/\/alejandro-gomez-weddings.com\/wp-content\/uploads\/2025\/11\/I2A0380-683x1024.jpg 683w, https:\/\/alejandro-gomez-weddings.com\/wp-content\/uploads\/2025\/11\/I2A0380-200x300.jpg 200w, https:\/\/alejandro-gomez-weddings.com\/wp-content\/uploads\/2025\/11\/I2A0380-768x1151.jpg 768w, https:\/\/alejandro-gomez-weddings.com\/wp-content\/uploads\/2025\/11\/I2A0380-1025x1536.jpg 1025w, https:\/\/alejandro-gomez-weddings.com\/wp-content\/uploads\/2025\/11\/I2A0380.jpg 1334w\" sizes=\"auto, (max-width: 683px) 100vw, 683px\" \/><\/div><\/div><\/figure><\/div><\/li><li class=\"kadence-blocks-gallery-item\"><div class=\"kadence-blocks-gallery-item-inner\"><figure class=\"kb-gallery-figure kadence-blocks-gallery-item-hide-caption\"><div class=\"kb-gal-image-radius\" style=\"max-width:683px;\"><div class=\"kb-gallery-image-contain kadence-blocks-gallery-intrinsic\" style=\"padding-bottom:149%;\"><img loading=\"lazy\" decoding=\"async\" src=\"https:\/\/alejandro-gomez-weddings.com\/wp-content\/uploads\/2025\/11\/I2A0383-683x1024.jpg\" width=\"683\" height=\"1024\" alt=\"Villa Wenkenhof, Basel. Couple session with bride and groom\" data-full-image=\"https:\/\/alejandro-gomez-weddings.com\/wp-content\/uploads\/2025\/11\/I2A0383.jpg\" data-light-image=\"https:\/\/alejandro-gomez-weddings.com\/wp-content\/uploads\/2025\/11\/I2A0383.jpg\" data-id=\"15649\" class=\"wp-image-15649\" srcset=\"https:\/\/alejandro-gomez-weddings.com\/wp-content\/uploads\/2025\/11\/I2A0383-683x1024.jpg 683w, https:\/\/alejandro-gomez-weddings.com\/wp-content\/uploads\/2025\/11\/I2A0383-200x300.jpg 200w, https:\/\/alejandro-gomez-weddings.com\/wp-content\/uploads\/2025\/11\/I2A0383-768x1151.jpg 768w, https:\/\/alejandro-gomez-weddings.com\/wp-content\/uploads\/2025\/11\/I2A0383-1025x1536.jpg 1025w, https:\/\/alejandro-gomez-weddings.com\/wp-content\/uploads\/2025\/11\/I2A0383.jpg 1334w\" sizes=\"auto, (max-width: 683px) 100vw, 683px\" \/><\/div><\/div><\/figure><\/div><\/li><li class=\"kadence-blocks-gallery-item\"><div class=\"kadence-blocks-gallery-item-inner\"><figure class=\"kb-gallery-figure kadence-blocks-gallery-item-hide-caption\"><div class=\"kb-gal-image-radius\" style=\"max-width:683px;\"><div class=\"kb-gallery-image-contain kadence-blocks-gallery-intrinsic\" style=\"padding-bottom:149%;\"><img loading=\"lazy\" decoding=\"async\" src=\"https:\/\/alejandro-gomez-weddings.com\/wp-content\/uploads\/2025\/11\/I2A0384-683x1024.jpg\" width=\"683\" height=\"1024\" alt=\"Villa Wenkenhof, Basel. Couple session with bride and groom\" data-full-image=\"https:\/\/alejandro-gomez-weddings.com\/wp-content\/uploads\/2025\/11\/I2A0384.jpg\" data-light-image=\"https:\/\/alejandro-gomez-weddings.com\/wp-content\/uploads\/2025\/11\/I2A0384.jpg\" data-id=\"15654\" class=\"wp-image-15654\" srcset=\"https:\/\/alejandro-gomez-weddings.com\/wp-content\/uploads\/2025\/11\/I2A0384-683x1024.jpg 683w, https:\/\/alejandro-gomez-weddings.com\/wp-content\/uploads\/2025\/11\/I2A0384-200x300.jpg 200w, https:\/\/alejandro-gomez-weddings.com\/wp-content\/uploads\/2025\/11\/I2A0384-768x1151.jpg 768w, https:\/\/alejandro-gomez-weddings.com\/wp-content\/uploads\/2025\/11\/I2A0384-1025x1536.jpg 1025w, https:\/\/alejandro-gomez-weddings.com\/wp-content\/uploads\/2025\/11\/I2A0384.jpg 1334w\" sizes=\"auto, (max-width: 683px) 100vw, 683px\" \/><\/div><\/div><\/figure><\/div><\/li><li class=\"kadence-blocks-gallery-item\"><div class=\"kadence-blocks-gallery-item-inner\"><figure class=\"kb-gallery-figure kadence-blocks-gallery-item-hide-caption\"><div class=\"kb-gal-image-radius\" style=\"max-width:683px;\"><div class=\"kb-gallery-image-contain kadence-blocks-gallery-intrinsic\" style=\"padding-bottom:149%;\"><img loading=\"lazy\" decoding=\"async\" src=\"https:\/\/alejandro-gomez-weddings.com\/wp-content\/uploads\/2025\/11\/I2A0387-683x1024.jpg\" width=\"683\" height=\"1024\" alt=\"Villa Wenkenhof, Basel. Couple session with bride and groom\" data-full-image=\"https:\/\/alejandro-gomez-weddings.com\/wp-content\/uploads\/2025\/11\/I2A0387.jpg\" data-light-image=\"https:\/\/alejandro-gomez-weddings.com\/wp-content\/uploads\/2025\/11\/I2A0387.jpg\" data-id=\"15659\" class=\"wp-image-15659\" srcset=\"https:\/\/alejandro-gomez-weddings.com\/wp-content\/uploads\/2025\/11\/I2A0387-683x1024.jpg 683w, https:\/\/alejandro-gomez-weddings.com\/wp-content\/uploads\/2025\/11\/I2A0387-200x300.jpg 200w, https:\/\/alejandro-gomez-weddings.com\/wp-content\/uploads\/2025\/11\/I2A0387-768x1151.jpg 768w, https:\/\/alejandro-gomez-weddings.com\/wp-content\/uploads\/2025\/11\/I2A0387-1025x1536.jpg 1025w, https:\/\/alejandro-gomez-weddings.com\/wp-content\/uploads\/2025\/11\/I2A0387.jpg 1334w\" sizes=\"auto, (max-width: 683px) 100vw, 683px\" \/><\/div><\/div><\/figure><\/div><\/li><li class=\"kadence-blocks-gallery-item\"><div class=\"kadence-blocks-gallery-item-inner\"><figure class=\"kb-gallery-figure kadence-blocks-gallery-item-hide-caption\"><div class=\"kb-gal-image-radius\" style=\"max-width:683px;\"><div class=\"kb-gallery-image-contain kadence-blocks-gallery-intrinsic\" style=\"padding-bottom:149%;\"><img loading=\"lazy\" decoding=\"async\" src=\"https:\/\/alejandro-gomez-weddings.com\/wp-content\/uploads\/2025\/11\/I2A0389-683x1024.jpg\" width=\"683\" height=\"1024\" alt=\"Villa Wenkenhof, Basel. Couple session with bride and groom\" data-full-image=\"https:\/\/alejandro-gomez-weddings.com\/wp-content\/uploads\/2025\/11\/I2A0389.jpg\" data-light-image=\"https:\/\/alejandro-gomez-weddings.com\/wp-content\/uploads\/2025\/11\/I2A0389.jpg\" data-id=\"15664\" class=\"wp-image-15664\" srcset=\"https:\/\/alejandro-gomez-weddings.com\/wp-content\/uploads\/2025\/11\/I2A0389-683x1024.jpg 683w, https:\/\/alejandro-gomez-weddings.com\/wp-content\/uploads\/2025\/11\/I2A0389-200x300.jpg 200w, https:\/\/alejandro-gomez-weddings.com\/wp-content\/uploads\/2025\/11\/I2A0389-768x1151.jpg 768w, https:\/\/alejandro-gomez-weddings.com\/wp-content\/uploads\/2025\/11\/I2A0389-1025x1536.jpg 1025w, https:\/\/alejandro-gomez-weddings.com\/wp-content\/uploads\/2025\/11\/I2A0389.jpg 1334w\" sizes=\"auto, (max-width: 683px) 100vw, 683px\" \/><\/div><\/div><\/figure><\/div><\/li><li class=\"kadence-blocks-gallery-item\"><div class=\"kadence-blocks-gallery-item-inner\"><figure class=\"kb-gallery-figure kadence-blocks-gallery-item-hide-caption\"><div class=\"kb-gal-image-radius\" style=\"max-width:683px;\"><div class=\"kb-gallery-image-contain kadence-blocks-gallery-intrinsic\" style=\"padding-bottom:149%;\"><img loading=\"lazy\" decoding=\"async\" src=\"https:\/\/alejandro-gomez-weddings.com\/wp-content\/uploads\/2025\/11\/I2A0391-683x1024.jpg\" width=\"683\" height=\"1024\" alt=\"Villa Wenkenhof, Basel. Couple session with bride and groom\" data-full-image=\"https:\/\/alejandro-gomez-weddings.com\/wp-content\/uploads\/2025\/11\/I2A0391.jpg\" data-light-image=\"https:\/\/alejandro-gomez-weddings.com\/wp-content\/uploads\/2025\/11\/I2A0391.jpg\" data-id=\"15669\" class=\"wp-image-15669\" srcset=\"https:\/\/alejandro-gomez-weddings.com\/wp-content\/uploads\/2025\/11\/I2A0391-683x1024.jpg 683w, https:\/\/alejandro-gomez-weddings.com\/wp-content\/uploads\/2025\/11\/I2A0391-200x300.jpg 200w, https:\/\/alejandro-gomez-weddings.com\/wp-content\/uploads\/2025\/11\/I2A0391-768x1151.jpg 768w, https:\/\/alejandro-gomez-weddings.com\/wp-content\/uploads\/2025\/11\/I2A0391-1025x1536.jpg 1025w, https:\/\/alejandro-gomez-weddings.com\/wp-content\/uploads\/2025\/11\/I2A0391.jpg 1334w\" sizes=\"auto, (max-width: 683px) 100vw, 683px\" \/><\/div><\/div><\/figure><\/div><\/li><li class=\"kadence-blocks-gallery-item\"><div class=\"kadence-blocks-gallery-item-inner\"><figure class=\"kb-gallery-figure kadence-blocks-gallery-item-hide-caption\"><div class=\"kb-gal-image-radius\" style=\"max-width:683px;\"><div class=\"kb-gallery-image-contain kadence-blocks-gallery-intrinsic\" style=\"padding-bottom:149%;\"><img loading=\"lazy\" decoding=\"async\" src=\"https:\/\/alejandro-gomez-weddings.com\/wp-content\/uploads\/2025\/11\/I2A0392-683x1024.jpg\" width=\"683\" height=\"1024\" alt=\"Villa Wenkenhof, Basel. Couple session with bride and groom\" data-full-image=\"https:\/\/alejandro-gomez-weddings.com\/wp-content\/uploads\/2025\/11\/I2A0392.jpg\" data-light-image=\"https:\/\/alejandro-gomez-weddings.com\/wp-content\/uploads\/2025\/11\/I2A0392.jpg\" data-id=\"15674\" class=\"wp-image-15674\" srcset=\"https:\/\/alejandro-gomez-weddings.com\/wp-content\/uploads\/2025\/11\/I2A0392-683x1024.jpg 683w, https:\/\/alejandro-gomez-weddings.com\/wp-content\/uploads\/2025\/11\/I2A0392-200x300.jpg 200w, https:\/\/alejandro-gomez-weddings.com\/wp-content\/uploads\/2025\/11\/I2A0392-768x1151.jpg 768w, https:\/\/alejandro-gomez-weddings.com\/wp-content\/uploads\/2025\/11\/I2A0392-1025x1536.jpg 1025w, https:\/\/alejandro-gomez-weddings.com\/wp-content\/uploads\/2025\/11\/I2A0392.jpg 1334w\" sizes=\"auto, (max-width: 683px) 100vw, 683px\" \/><\/div><\/div><\/figure><\/div><\/li><li class=\"kadence-blocks-gallery-item\"><div class=\"kadence-blocks-gallery-item-inner\"><figure class=\"kb-gallery-figure kadence-blocks-gallery-item-hide-caption\"><div class=\"kb-gal-image-radius\" style=\"max-width:683px;\"><div class=\"kb-gallery-image-contain kadence-blocks-gallery-intrinsic\" style=\"padding-bottom:149%;\"><img loading=\"lazy\" decoding=\"async\" src=\"https:\/\/alejandro-gomez-weddings.com\/wp-content\/uploads\/2025\/11\/I2A0399-683x1024.jpg\" width=\"683\" height=\"1024\" alt=\"Villa Wenkenhof, Basel. Couple session with bride and groom\" data-full-image=\"https:\/\/alejandro-gomez-weddings.com\/wp-content\/uploads\/2025\/11\/I2A0399.jpg\" data-light-image=\"https:\/\/alejandro-gomez-weddings.com\/wp-content\/uploads\/2025\/11\/I2A0399.jpg\" data-id=\"15679\" class=\"wp-image-15679\" srcset=\"https:\/\/alejandro-gomez-weddings.com\/wp-content\/uploads\/2025\/11\/I2A0399-683x1024.jpg 683w, https:\/\/alejandro-gomez-weddings.com\/wp-content\/uploads\/2025\/11\/I2A0399-200x300.jpg 200w, https:\/\/alejandro-gomez-weddings.com\/wp-content\/uploads\/2025\/11\/I2A0399-768x1151.jpg 768w, https:\/\/alejandro-gomez-weddings.com\/wp-content\/uploads\/2025\/11\/I2A0399-1025x1536.jpg 1025w, https:\/\/alejandro-gomez-weddings.com\/wp-content\/uploads\/2025\/11\/I2A0399.jpg 1334w\" sizes=\"auto, (max-width: 683px) 100vw, 683px\" \/><\/div><\/div><\/figure><\/div><\/li><li class=\"kadence-blocks-gallery-item\"><div class=\"kadence-blocks-gallery-item-inner\"><figure class=\"kb-gallery-figure kadence-blocks-gallery-item-hide-caption\"><div class=\"kb-gal-image-radius\" style=\"max-width:683px;\"><div class=\"kb-gallery-image-contain kadence-blocks-gallery-intrinsic\" style=\"padding-bottom:149%;\"><img loading=\"lazy\" decoding=\"async\" src=\"https:\/\/alejandro-gomez-weddings.com\/wp-content\/uploads\/2025\/11\/I2A0402-683x1024.jpg\" width=\"683\" height=\"1024\" alt=\"Villa Wenkenhof, Basel. Couple session with bride and groom\" data-full-image=\"https:\/\/alejandro-gomez-weddings.com\/wp-content\/uploads\/2025\/11\/I2A0402.jpg\" data-light-image=\"https:\/\/alejandro-gomez-weddings.com\/wp-content\/uploads\/2025\/11\/I2A0402.jpg\" data-id=\"15684\" class=\"wp-image-15684\" srcset=\"https:\/\/alejandro-gomez-weddings.com\/wp-content\/uploads\/2025\/11\/I2A0402-683x1024.jpg 683w, https:\/\/alejandro-gomez-weddings.com\/wp-content\/uploads\/2025\/11\/I2A0402-200x300.jpg 200w, https:\/\/alejandro-gomez-weddings.com\/wp-content\/uploads\/2025\/11\/I2A0402-768x1151.jpg 768w, https:\/\/alejandro-gomez-weddings.com\/wp-content\/uploads\/2025\/11\/I2A0402-1025x1536.jpg 1025w, https:\/\/alejandro-gomez-weddings.com\/wp-content\/uploads\/2025\/11\/I2A0402.jpg 1334w\" sizes=\"auto, (max-width: 683px) 100vw, 683px\" \/><\/div><\/div><\/figure><\/div><\/li><li class=\"kadence-blocks-gallery-item\"><div class=\"kadence-blocks-gallery-item-inner\"><figure class=\"kb-gallery-figure kadence-blocks-gallery-item-hide-caption\"><div class=\"kb-gal-image-radius\" style=\"max-width:683px;\"><div class=\"kb-gallery-image-contain kadence-blocks-gallery-intrinsic\" style=\"padding-bottom:149%;\"><img loading=\"lazy\" decoding=\"async\" src=\"https:\/\/alejandro-gomez-weddings.com\/wp-content\/uploads\/2025\/11\/I2A0406-683x1024.jpg\" width=\"683\" height=\"1024\" alt=\"Villa Wenkenhof, Basel. Couple session with bride and groom\" data-full-image=\"https:\/\/alejandro-gomez-weddings.com\/wp-content\/uploads\/2025\/11\/I2A0406.jpg\" data-light-image=\"https:\/\/alejandro-gomez-weddings.com\/wp-content\/uploads\/2025\/11\/I2A0406.jpg\" data-id=\"15689\" class=\"wp-image-15689\" srcset=\"https:\/\/alejandro-gomez-weddings.com\/wp-content\/uploads\/2025\/11\/I2A0406-683x1024.jpg 683w, https:\/\/alejandro-gomez-weddings.com\/wp-content\/uploads\/2025\/11\/I2A0406-200x300.jpg 200w, https:\/\/alejandro-gomez-weddings.com\/wp-content\/uploads\/2025\/11\/I2A0406-768x1151.jpg 768w, https:\/\/alejandro-gomez-weddings.com\/wp-content\/uploads\/2025\/11\/I2A0406-1025x1536.jpg 1025w, https:\/\/alejandro-gomez-weddings.com\/wp-content\/uploads\/2025\/11\/I2A0406.jpg 1334w\" sizes=\"auto, (max-width: 683px) 100vw, 683px\" \/><\/div><\/div><\/figure><\/div><\/li><li class=\"kadence-blocks-gallery-item\"><div class=\"kadence-blocks-gallery-item-inner\"><figure class=\"kb-gallery-figure kadence-blocks-gallery-item-hide-caption\"><div class=\"kb-gal-image-radius\" style=\"max-width:683px;\"><div class=\"kb-gallery-image-contain kadence-blocks-gallery-intrinsic\" style=\"padding-bottom:149%;\"><img loading=\"lazy\" decoding=\"async\" src=\"https:\/\/alejandro-gomez-weddings.com\/wp-content\/uploads\/2025\/11\/I2A0412-683x1024.jpg\" width=\"683\" height=\"1024\" alt=\"Villa Wenkenhof, Basel. Couple session with bride and groom\" data-full-image=\"https:\/\/alejandro-gomez-weddings.com\/wp-content\/uploads\/2025\/11\/I2A0412.jpg\" data-light-image=\"https:\/\/alejandro-gomez-weddings.com\/wp-content\/uploads\/2025\/11\/I2A0412.jpg\" data-id=\"15694\" class=\"wp-image-15694\" srcset=\"https:\/\/alejandro-gomez-weddings.com\/wp-content\/uploads\/2025\/11\/I2A0412-683x1024.jpg 683w, https:\/\/alejandro-gomez-weddings.com\/wp-content\/uploads\/2025\/11\/I2A0412-200x300.jpg 200w, https:\/\/alejandro-gomez-weddings.com\/wp-content\/uploads\/2025\/11\/I2A0412-768x1151.jpg 768w, https:\/\/alejandro-gomez-weddings.com\/wp-content\/uploads\/2025\/11\/I2A0412-1025x1536.jpg 1025w, https:\/\/alejandro-gomez-weddings.com\/wp-content\/uploads\/2025\/11\/I2A0412.jpg 1334w\" sizes=\"auto, (max-width: 683px) 100vw, 683px\" \/><\/div><\/div><\/figure><\/div><\/li><li class=\"kadence-blocks-gallery-item\"><div class=\"kadence-blocks-gallery-item-inner\"><figure class=\"kb-gallery-figure kadence-blocks-gallery-item-hide-caption\"><div class=\"kb-gal-image-radius\" style=\"max-width:683px;\"><div class=\"kb-gallery-image-contain kadence-blocks-gallery-intrinsic\" style=\"padding-bottom:149%;\"><img loading=\"lazy\" decoding=\"async\" src=\"https:\/\/alejandro-gomez-weddings.com\/wp-content\/uploads\/2025\/11\/I2A0414-683x1024.jpg\" width=\"683\" height=\"1024\" alt=\"Villa Wenkenhof, Basel. Couple session with bride and groom\" data-full-image=\"https:\/\/alejandro-gomez-weddings.com\/wp-content\/uploads\/2025\/11\/I2A0414.jpg\" data-light-image=\"https:\/\/alejandro-gomez-weddings.com\/wp-content\/uploads\/2025\/11\/I2A0414.jpg\" data-id=\"15699\" class=\"wp-image-15699\" srcset=\"https:\/\/alejandro-gomez-weddings.com\/wp-content\/uploads\/2025\/11\/I2A0414-683x1024.jpg 683w, https:\/\/alejandro-gomez-weddings.com\/wp-content\/uploads\/2025\/11\/I2A0414-200x300.jpg 200w, https:\/\/alejandro-gomez-weddings.com\/wp-content\/uploads\/2025\/11\/I2A0414-768x1151.jpg 768w, https:\/\/alejandro-gomez-weddings.com\/wp-content\/uploads\/2025\/11\/I2A0414-1025x1536.jpg 1025w, https:\/\/alejandro-gomez-weddings.com\/wp-content\/uploads\/2025\/11\/I2A0414.jpg 1334w\" sizes=\"auto, (max-width: 683px) 100vw, 683px\" \/><\/div><\/div><\/figure><\/div><\/li><li class=\"kadence-blocks-gallery-item\"><div class=\"kadence-blocks-gallery-item-inner\"><figure class=\"kb-gallery-figure kadence-blocks-gallery-item-hide-caption\"><div class=\"kb-gal-image-radius\" style=\"max-width:683px;\"><div class=\"kb-gallery-image-contain kadence-blocks-gallery-intrinsic\" style=\"padding-bottom:149%;\"><img loading=\"lazy\" decoding=\"async\" src=\"https:\/\/alejandro-gomez-weddings.com\/wp-content\/uploads\/2025\/11\/I2A0416-683x1024.jpg\" width=\"683\" height=\"1024\" alt=\"Villa Wenkenhof, Basel. Couple session with bride and groom\" data-full-image=\"https:\/\/alejandro-gomez-weddings.com\/wp-content\/uploads\/2025\/11\/I2A0416.jpg\" data-light-image=\"https:\/\/alejandro-gomez-weddings.com\/wp-content\/uploads\/2025\/11\/I2A0416.jpg\" data-id=\"15704\" class=\"wp-image-15704\" srcset=\"https:\/\/alejandro-gomez-weddings.com\/wp-content\/uploads\/2025\/11\/I2A0416-683x1024.jpg 683w, https:\/\/alejandro-gomez-weddings.com\/wp-content\/uploads\/2025\/11\/I2A0416-200x300.jpg 200w, https:\/\/alejandro-gomez-weddings.com\/wp-content\/uploads\/2025\/11\/I2A0416-768x1151.jpg 768w, https:\/\/alejandro-gomez-weddings.com\/wp-content\/uploads\/2025\/11\/I2A0416-1025x1536.jpg 1025w, https:\/\/alejandro-gomez-weddings.com\/wp-content\/uploads\/2025\/11\/I2A0416.jpg 1334w\" sizes=\"auto, (max-width: 683px) 100vw, 683px\" \/><\/div><\/div><\/figure><\/div><\/li><li class=\"kadence-blocks-gallery-item\"><div class=\"kadence-blocks-gallery-item-inner\"><figure class=\"kb-gallery-figure kadence-blocks-gallery-item-hide-caption\"><div class=\"kb-gal-image-radius\" style=\"max-width:683px;\"><div class=\"kb-gallery-image-contain kadence-blocks-gallery-intrinsic\" style=\"padding-bottom:149%;\"><img loading=\"lazy\" decoding=\"async\" src=\"https:\/\/alejandro-gomez-weddings.com\/wp-content\/uploads\/2025\/11\/I2A0417-683x1024.jpg\" width=\"683\" height=\"1024\" alt=\"Villa Wenkenhof, Basel. Couple session with bride and groom\" data-full-image=\"https:\/\/alejandro-gomez-weddings.com\/wp-content\/uploads\/2025\/11\/I2A0417.jpg\" data-light-image=\"https:\/\/alejandro-gomez-weddings.com\/wp-content\/uploads\/2025\/11\/I2A0417.jpg\" data-id=\"15709\" class=\"wp-image-15709\" srcset=\"https:\/\/alejandro-gomez-weddings.com\/wp-content\/uploads\/2025\/11\/I2A0417-683x1024.jpg 683w, https:\/\/alejandro-gomez-weddings.com\/wp-content\/uploads\/2025\/11\/I2A0417-200x300.jpg 200w, https:\/\/alejandro-gomez-weddings.com\/wp-content\/uploads\/2025\/11\/I2A0417-768x1151.jpg 768w, https:\/\/alejandro-gomez-weddings.com\/wp-content\/uploads\/2025\/11\/I2A0417-1025x1536.jpg 1025w, https:\/\/alejandro-gomez-weddings.com\/wp-content\/uploads\/2025\/11\/I2A0417.jpg 1334w\" sizes=\"auto, (max-width: 683px) 100vw, 683px\" \/><\/div><\/div><\/figure><\/div><\/li><li class=\"kadence-blocks-gallery-item\"><div class=\"kadence-blocks-gallery-item-inner\"><figure class=\"kb-gallery-figure kadence-blocks-gallery-item-hide-caption\"><div class=\"kb-gal-image-radius\" style=\"max-width:683px;\"><div class=\"kb-gallery-image-contain kadence-blocks-gallery-intrinsic\" style=\"padding-bottom:149%;\"><img loading=\"lazy\" decoding=\"async\" src=\"https:\/\/alejandro-gomez-weddings.com\/wp-content\/uploads\/2025\/11\/I2A0419-683x1024.jpg\" width=\"683\" height=\"1024\" alt=\"Villa Wenkenhof, Basel. Couple session with bride and groom\" data-full-image=\"https:\/\/alejandro-gomez-weddings.com\/wp-content\/uploads\/2025\/11\/I2A0419.jpg\" data-light-image=\"https:\/\/alejandro-gomez-weddings.com\/wp-content\/uploads\/2025\/11\/I2A0419.jpg\" data-id=\"15714\" class=\"wp-image-15714\" srcset=\"https:\/\/alejandro-gomez-weddings.com\/wp-content\/uploads\/2025\/11\/I2A0419-683x1024.jpg 683w, https:\/\/alejandro-gomez-weddings.com\/wp-content\/uploads\/2025\/11\/I2A0419-200x300.jpg 200w, https:\/\/alejandro-gomez-weddings.com\/wp-content\/uploads\/2025\/11\/I2A0419-768x1151.jpg 768w, https:\/\/alejandro-gomez-weddings.com\/wp-content\/uploads\/2025\/11\/I2A0419-1025x1536.jpg 1025w, https:\/\/alejandro-gomez-weddings.com\/wp-content\/uploads\/2025\/11\/I2A0419.jpg 1334w\" sizes=\"auto, (max-width: 683px) 100vw, 683px\" \/><\/div><\/div><\/figure><\/div><\/li><li class=\"kadence-blocks-gallery-item\"><div class=\"kadence-blocks-gallery-item-inner\"><figure class=\"kb-gallery-figure kadence-blocks-gallery-item-hide-caption\"><div class=\"kb-gal-image-radius\" style=\"max-width:683px;\"><div class=\"kb-gallery-image-contain kadence-blocks-gallery-intrinsic\" style=\"padding-bottom:149%;\"><img loading=\"lazy\" decoding=\"async\" src=\"https:\/\/alejandro-gomez-weddings.com\/wp-content\/uploads\/2025\/11\/I2A0426-683x1024.jpg\" width=\"683\" height=\"1024\" alt=\"Villa Wenkenhof, Basel. Couple session with bride and groom\" data-full-image=\"https:\/\/alejandro-gomez-weddings.com\/wp-content\/uploads\/2025\/11\/I2A0426.jpg\" data-light-image=\"https:\/\/alejandro-gomez-weddings.com\/wp-content\/uploads\/2025\/11\/I2A0426.jpg\" data-id=\"15719\" class=\"wp-image-15719\" srcset=\"https:\/\/alejandro-gomez-weddings.com\/wp-content\/uploads\/2025\/11\/I2A0426-683x1024.jpg 683w, https:\/\/alejandro-gomez-weddings.com\/wp-content\/uploads\/2025\/11\/I2A0426-200x300.jpg 200w, https:\/\/alejandro-gomez-weddings.com\/wp-content\/uploads\/2025\/11\/I2A0426-768x1151.jpg 768w, https:\/\/alejandro-gomez-weddings.com\/wp-content\/uploads\/2025\/11\/I2A0426-1025x1536.jpg 1025w, https:\/\/alejandro-gomez-weddings.com\/wp-content\/uploads\/2025\/11\/I2A0426.jpg 1334w\" sizes=\"auto, (max-width: 683px) 100vw, 683px\" \/><\/div><\/div><\/figure><\/div><\/li><li class=\"kadence-blocks-gallery-item\"><div class=\"kadence-blocks-gallery-item-inner\"><figure class=\"kb-gallery-figure kadence-blocks-gallery-item-hide-caption\"><div class=\"kb-gal-image-radius\" style=\"max-width:683px;\"><div class=\"kb-gallery-image-contain kadence-blocks-gallery-intrinsic\" style=\"padding-bottom:149%;\"><img loading=\"lazy\" decoding=\"async\" src=\"https:\/\/alejandro-gomez-weddings.com\/wp-content\/uploads\/2025\/11\/I2A0427-683x1024.jpg\" width=\"683\" height=\"1024\" alt=\"Villa Wenkenhof, Basel. Couple session with bride and groom\" data-full-image=\"https:\/\/alejandro-gomez-weddings.com\/wp-content\/uploads\/2025\/11\/I2A0427.jpg\" data-light-image=\"https:\/\/alejandro-gomez-weddings.com\/wp-content\/uploads\/2025\/11\/I2A0427.jpg\" data-id=\"15724\" class=\"wp-image-15724\" srcset=\"https:\/\/alejandro-gomez-weddings.com\/wp-content\/uploads\/2025\/11\/I2A0427-683x1024.jpg 683w, https:\/\/alejandro-gomez-weddings.com\/wp-content\/uploads\/2025\/11\/I2A0427-200x300.jpg 200w, https:\/\/alejandro-gomez-weddings.com\/wp-content\/uploads\/2025\/11\/I2A0427-768x1151.jpg 768w, https:\/\/alejandro-gomez-weddings.com\/wp-content\/uploads\/2025\/11\/I2A0427-1025x1536.jpg 1025w, https:\/\/alejandro-gomez-weddings.com\/wp-content\/uploads\/2025\/11\/I2A0427.jpg 1334w\" sizes=\"auto, (max-width: 683px) 100vw, 683px\" \/><\/div><\/div><\/figure><\/div><\/li><li class=\"kadence-blocks-gallery-item\"><div class=\"kadence-blocks-gallery-item-inner\"><figure class=\"kb-gallery-figure kadence-blocks-gallery-item-hide-caption\"><div class=\"kb-gal-image-radius\" style=\"max-width:683px;\"><div class=\"kb-gallery-image-contain kadence-blocks-gallery-intrinsic\" style=\"padding-bottom:149%;\"><img loading=\"lazy\" decoding=\"async\" src=\"https:\/\/alejandro-gomez-weddings.com\/wp-content\/uploads\/2025\/11\/I2A0431-683x1024.jpg\" width=\"683\" height=\"1024\" alt=\"Villa Wenkenhof, Basel. Couple session with bride and groom\" data-full-image=\"https:\/\/alejandro-gomez-weddings.com\/wp-content\/uploads\/2025\/11\/I2A0431.jpg\" data-light-image=\"https:\/\/alejandro-gomez-weddings.com\/wp-content\/uploads\/2025\/11\/I2A0431.jpg\" data-id=\"15729\" class=\"wp-image-15729\" srcset=\"https:\/\/alejandro-gomez-weddings.com\/wp-content\/uploads\/2025\/11\/I2A0431-683x1024.jpg 683w, https:\/\/alejandro-gomez-weddings.com\/wp-content\/uploads\/2025\/11\/I2A0431-200x300.jpg 200w, https:\/\/alejandro-gomez-weddings.com\/wp-content\/uploads\/2025\/11\/I2A0431-768x1151.jpg 768w, https:\/\/alejandro-gomez-weddings.com\/wp-content\/uploads\/2025\/11\/I2A0431-1025x1536.jpg 1025w, https:\/\/alejandro-gomez-weddings.com\/wp-content\/uploads\/2025\/11\/I2A0431.jpg 1334w\" sizes=\"auto, (max-width: 683px) 100vw, 683px\" \/><\/div><\/div><\/figure><\/div><\/li><li class=\"kadence-blocks-gallery-item\"><div class=\"kadence-blocks-gallery-item-inner\"><figure class=\"kb-gallery-figure kadence-blocks-gallery-item-hide-caption\"><div class=\"kb-gal-image-radius\" style=\"max-width:554px;\"><div class=\"kb-gallery-image-contain kadence-blocks-gallery-intrinsic\" style=\"padding-bottom:184%;\"><img loading=\"lazy\" decoding=\"async\" src=\"https:\/\/alejandro-gomez-weddings.com\/wp-content\/uploads\/2025\/11\/I2A0453-554x1024.jpg\" width=\"554\" height=\"1024\" alt=\"Villa Wenkenhof, Basel. Couple session with bride and groom\" data-full-image=\"https:\/\/alejandro-gomez-weddings.com\/wp-content\/uploads\/2025\/11\/I2A0453.jpg\" data-light-image=\"https:\/\/alejandro-gomez-weddings.com\/wp-content\/uploads\/2025\/11\/I2A0453.jpg\" data-id=\"15734\" class=\"wp-image-15734\" srcset=\"https:\/\/alejandro-gomez-weddings.com\/wp-content\/uploads\/2025\/11\/I2A0453-554x1024.jpg 554w, https:\/\/alejandro-gomez-weddings.com\/wp-content\/uploads\/2025\/11\/I2A0453-162x300.jpg 162w, https:\/\/alejandro-gomez-weddings.com\/wp-content\/uploads\/2025\/11\/I2A0453-768x1418.jpg 768w, https:\/\/alejandro-gomez-weddings.com\/wp-content\/uploads\/2025\/11\/I2A0453-832x1536.jpg 832w, https:\/\/alejandro-gomez-weddings.com\/wp-content\/uploads\/2025\/11\/I2A0453.jpg 1083w\" sizes=\"auto, (max-width: 554px) 100vw, 554px\" \/><\/div><\/div><\/figure><\/div><\/li><li class=\"kadence-blocks-gallery-item\"><div class=\"kadence-blocks-gallery-item-inner\"><figure class=\"kb-gallery-figure kadence-blocks-gallery-item-hide-caption\"><div class=\"kb-gal-image-radius\" style=\"max-width:683px;\"><div class=\"kb-gallery-image-contain kadence-blocks-gallery-intrinsic\" style=\"padding-bottom:149%;\"><img loading=\"lazy\" decoding=\"async\" src=\"https:\/\/alejandro-gomez-weddings.com\/wp-content\/uploads\/2025\/11\/I2A0458-683x1024.jpg\" width=\"683\" height=\"1024\" alt=\"Villa Wenkenhof, Basel. Couple session with bride and groom\" data-full-image=\"https:\/\/alejandro-gomez-weddings.com\/wp-content\/uploads\/2025\/11\/I2A0458.jpg\" data-light-image=\"https:\/\/alejandro-gomez-weddings.com\/wp-content\/uploads\/2025\/11\/I2A0458.jpg\" data-id=\"15739\" class=\"wp-image-15739\" srcset=\"https:\/\/alejandro-gomez-weddings.com\/wp-content\/uploads\/2025\/11\/I2A0458-683x1024.jpg 683w, https:\/\/alejandro-gomez-weddings.com\/wp-content\/uploads\/2025\/11\/I2A0458-200x300.jpg 200w, https:\/\/alejandro-gomez-weddings.com\/wp-content\/uploads\/2025\/11\/I2A0458-768x1151.jpg 768w, https:\/\/alejandro-gomez-weddings.com\/wp-content\/uploads\/2025\/11\/I2A0458-1025x1536.jpg 1025w, https:\/\/alejandro-gomez-weddings.com\/wp-content\/uploads\/2025\/11\/I2A0458.jpg 1334w\" sizes=\"auto, (max-width: 683px) 100vw, 683px\" \/><\/div><\/div><\/figure><\/div><\/li><li class=\"kadence-blocks-gallery-item\"><div class=\"kadence-blocks-gallery-item-inner\"><figure class=\"kb-gallery-figure kadence-blocks-gallery-item-hide-caption\"><div class=\"kb-gal-image-radius\" style=\"max-width:1024px;\"><div class=\"kb-gallery-image-contain kadence-blocks-gallery-intrinsic\" style=\"padding-bottom:66%;\"><img loading=\"lazy\" decoding=\"async\" src=\"https:\/\/alejandro-gomez-weddings.com\/wp-content\/uploads\/2025\/11\/I2A0504-1024x683.jpg\" width=\"1024\" height=\"683\" alt=\"Villa Wenkenhof, Basel. Couple session with bride and groom\" data-full-image=\"https:\/\/alejandro-gomez-weddings.com\/wp-content\/uploads\/2025\/11\/I2A0504.jpg\" data-light-image=\"https:\/\/alejandro-gomez-weddings.com\/wp-content\/uploads\/2025\/11\/I2A0504.jpg\" data-id=\"15744\" class=\"wp-image-15744\" srcset=\"https:\/\/alejandro-gomez-weddings.com\/wp-content\/uploads\/2025\/11\/I2A0504-1024x683.jpg 1024w, https:\/\/alejandro-gomez-weddings.com\/wp-content\/uploads\/2025\/11\/I2A0504-300x200.jpg 300w, https:\/\/alejandro-gomez-weddings.com\/wp-content\/uploads\/2025\/11\/I2A0504-768x512.jpg 768w, https:\/\/alejandro-gomez-weddings.com\/wp-content\/uploads\/2025\/11\/I2A0504-1536x1025.jpg 1536w, https:\/\/alejandro-gomez-weddings.com\/wp-content\/uploads\/2025\/11\/I2A0504.jpg 2000w\" sizes=\"auto, (max-width: 1024px) 100vw, 1024px\" \/><\/div><\/div><\/figure><\/div><\/li><li class=\"kadence-blocks-gallery-item\"><div class=\"kadence-blocks-gallery-item-inner\"><figure class=\"kb-gallery-figure kadence-blocks-gallery-item-hide-caption\"><div class=\"kb-gal-image-radius\" style=\"max-width:1024px;\"><div class=\"kb-gallery-image-contain kadence-blocks-gallery-intrinsic\" style=\"padding-bottom:66%;\"><img loading=\"lazy\" decoding=\"async\" src=\"https:\/\/alejandro-gomez-weddings.com\/wp-content\/uploads\/2025\/11\/I2A0510-1024x683.jpg\" width=\"1024\" height=\"683\" alt=\"Villa Wenkenhof, Basel. Couple session with bride and groom\" data-full-image=\"https:\/\/alejandro-gomez-weddings.com\/wp-content\/uploads\/2025\/11\/I2A0510.jpg\" data-light-image=\"https:\/\/alejandro-gomez-weddings.com\/wp-content\/uploads\/2025\/11\/I2A0510.jpg\" data-id=\"15749\" class=\"wp-image-15749\" srcset=\"https:\/\/alejandro-gomez-weddings.com\/wp-content\/uploads\/2025\/11\/I2A0510-1024x683.jpg 1024w, https:\/\/alejandro-gomez-weddings.com\/wp-content\/uploads\/2025\/11\/I2A0510-300x200.jpg 300w, https:\/\/alejandro-gomez-weddings.com\/wp-content\/uploads\/2025\/11\/I2A0510-768x512.jpg 768w, https:\/\/alejandro-gomez-weddings.com\/wp-content\/uploads\/2025\/11\/I2A0510-1536x1025.jpg 1536w, https:\/\/alejandro-gomez-weddings.com\/wp-content\/uploads\/2025\/11\/I2A0510.jpg 2000w\" sizes=\"auto, (max-width: 1024px) 100vw, 1024px\" \/><\/div><\/div><\/figure><\/div><\/li><li class=\"kadence-blocks-gallery-item\"><div class=\"kadence-blocks-gallery-item-inner\"><figure class=\"kb-gallery-figure kadence-blocks-gallery-item-hide-caption\"><div class=\"kb-gal-image-radius\" style=\"max-width:1024px;\"><div class=\"kb-gallery-image-contain kadence-blocks-gallery-intrinsic\" style=\"padding-bottom:66%;\"><img loading=\"lazy\" decoding=\"async\" src=\"https:\/\/alejandro-gomez-weddings.com\/wp-content\/uploads\/2025\/11\/I2A0514-1024x683.jpg\" width=\"1024\" height=\"683\" alt=\"Villa Wenkenhof, Basel. Couple session with bride and groom\" data-full-image=\"https:\/\/alejandro-gomez-weddings.com\/wp-content\/uploads\/2025\/11\/I2A0514.jpg\" data-light-image=\"https:\/\/alejandro-gomez-weddings.com\/wp-content\/uploads\/2025\/11\/I2A0514.jpg\" data-id=\"15754\" class=\"wp-image-15754\" srcset=\"https:\/\/alejandro-gomez-weddings.com\/wp-content\/uploads\/2025\/11\/I2A0514-1024x683.jpg 1024w, https:\/\/alejandro-gomez-weddings.com\/wp-content\/uploads\/2025\/11\/I2A0514-300x200.jpg 300w, https:\/\/alejandro-gomez-weddings.com\/wp-content\/uploads\/2025\/11\/I2A0514-768x512.jpg 768w, https:\/\/alejandro-gomez-weddings.com\/wp-content\/uploads\/2025\/11\/I2A0514-1536x1025.jpg 1536w, https:\/\/alejandro-gomez-weddings.com\/wp-content\/uploads\/2025\/11\/I2A0514.jpg 2000w\" sizes=\"auto, (max-width: 1024px) 100vw, 1024px\" \/><\/div><\/div><\/figure><\/div><\/li><li class=\"kadence-blocks-gallery-item\"><div class=\"kadence-blocks-gallery-item-inner\"><figure class=\"kb-gallery-figure kadence-blocks-gallery-item-hide-caption\"><div class=\"kb-gal-image-radius\" style=\"max-width:1024px;\"><div class=\"kb-gallery-image-contain kadence-blocks-gallery-intrinsic\" style=\"padding-bottom:52%;\"><img loading=\"lazy\" decoding=\"async\" src=\"https:\/\/alejandro-gomez-weddings.com\/wp-content\/uploads\/2025\/11\/I2A0561-1024x541.jpg\" width=\"1024\" height=\"541\" alt=\"Villa Wenkenhof, Basel. Couple session with bride and groom, and her daughter\" data-full-image=\"https:\/\/alejandro-gomez-weddings.com\/wp-content\/uploads\/2025\/11\/I2A0561.jpg\" data-light-image=\"https:\/\/alejandro-gomez-weddings.com\/wp-content\/uploads\/2025\/11\/I2A0561.jpg\" data-id=\"15759\" class=\"wp-image-15759\" srcset=\"https:\/\/alejandro-gomez-weddings.com\/wp-content\/uploads\/2025\/11\/I2A0561-1024x541.jpg 1024w, https:\/\/alejandro-gomez-weddings.com\/wp-content\/uploads\/2025\/11\/I2A0561-300x159.jpg 300w, https:\/\/alejandro-gomez-weddings.com\/wp-content\/uploads\/2025\/11\/I2A0561-768x406.jpg 768w, https:\/\/alejandro-gomez-weddings.com\/wp-content\/uploads\/2025\/11\/I2A0561-1536x812.jpg 1536w, https:\/\/alejandro-gomez-weddings.com\/wp-content\/uploads\/2025\/11\/I2A0561.jpg 2000w\" sizes=\"auto, (max-width: 1024px) 100vw, 1024px\" \/><\/div><\/div><\/figure><\/div><\/li><li class=\"kadence-blocks-gallery-item\"><div class=\"kadence-blocks-gallery-item-inner\"><figure class=\"kb-gallery-figure kadence-blocks-gallery-item-hide-caption\"><div class=\"kb-gal-image-radius\" style=\"max-width:1024px;\"><div class=\"kb-gallery-image-contain kadence-blocks-gallery-intrinsic\" style=\"padding-bottom:49%;\"><img loading=\"lazy\" decoding=\"async\" src=\"https:\/\/alejandro-gomez-weddings.com\/wp-content\/uploads\/2025\/11\/I2A0565-1024x508.jpg\" width=\"1024\" height=\"508\" alt=\"Villa Wenkenhof, Basel. Couple session with bride and groom, and her daughter\" data-full-image=\"https:\/\/alejandro-gomez-weddings.com\/wp-content\/uploads\/2025\/11\/I2A0565.jpg\" data-light-image=\"https:\/\/alejandro-gomez-weddings.com\/wp-content\/uploads\/2025\/11\/I2A0565.jpg\" data-id=\"15764\" class=\"wp-image-15764\" srcset=\"https:\/\/alejandro-gomez-weddings.com\/wp-content\/uploads\/2025\/11\/I2A0565-1024x508.jpg 1024w, https:\/\/alejandro-gomez-weddings.com\/wp-content\/uploads\/2025\/11\/I2A0565-300x149.jpg 300w, https:\/\/alejandro-gomez-weddings.com\/wp-content\/uploads\/2025\/11\/I2A0565-768x381.jpg 768w, https:\/\/alejandro-gomez-weddings.com\/wp-content\/uploads\/2025\/11\/I2A0565-1536x762.jpg 1536w, https:\/\/alejandro-gomez-weddings.com\/wp-content\/uploads\/2025\/11\/I2A0565.jpg 2000w\" sizes=\"auto, (max-width: 1024px) 100vw, 1024px\" \/><\/div><\/div><\/figure><\/div><\/li><li class=\"kadence-blocks-gallery-item\"><div class=\"kadence-blocks-gallery-item-inner\"><figure class=\"kb-gallery-figure kadence-blocks-gallery-item-hide-caption\"><div class=\"kb-gal-image-radius\" style=\"max-width:1024px;\"><div class=\"kb-gallery-image-contain kadence-blocks-gallery-intrinsic\" style=\"padding-bottom:48%;\"><img loading=\"lazy\" decoding=\"async\" src=\"https:\/\/alejandro-gomez-weddings.com\/wp-content\/uploads\/2025\/11\/I2A0567-1024x496.jpg\" width=\"1024\" height=\"496\" alt=\"Villa Wenkenhof, Basel. Couple session with bride and groom, and her daughter\" data-full-image=\"https:\/\/alejandro-gomez-weddings.com\/wp-content\/uploads\/2025\/11\/I2A0567.jpg\" data-light-image=\"https:\/\/alejandro-gomez-weddings.com\/wp-content\/uploads\/2025\/11\/I2A0567.jpg\" data-id=\"15769\" class=\"wp-image-15769\" srcset=\"https:\/\/alejandro-gomez-weddings.com\/wp-content\/uploads\/2025\/11\/I2A0567-1024x496.jpg 1024w, https:\/\/alejandro-gomez-weddings.com\/wp-content\/uploads\/2025\/11\/I2A0567-300x145.jpg 300w, https:\/\/alejandro-gomez-weddings.com\/wp-content\/uploads\/2025\/11\/I2A0567-768x372.jpg 768w, https:\/\/alejandro-gomez-weddings.com\/wp-content\/uploads\/2025\/11\/I2A0567-1536x744.jpg 1536w, https:\/\/alejandro-gomez-weddings.com\/wp-content\/uploads\/2025\/11\/I2A0567.jpg 2000w\" sizes=\"auto, (max-width: 1024px) 100vw, 1024px\" \/><\/div><\/div><\/figure><\/div><\/li><li class=\"kadence-blocks-gallery-item\"><div class=\"kadence-blocks-gallery-item-inner\"><figure class=\"kb-gallery-figure kadence-blocks-gallery-item-hide-caption\"><div class=\"kb-gal-image-radius\" style=\"max-width:1024px;\"><div class=\"kb-gallery-image-contain kadence-blocks-gallery-intrinsic\" style=\"padding-bottom:66%;\"><img loading=\"lazy\" decoding=\"async\" src=\"https:\/\/alejandro-gomez-weddings.com\/wp-content\/uploads\/2025\/11\/I2A0574-1024x683.jpg\" width=\"1024\" height=\"683\" alt=\"Villa Wenkenhof, Basel. Couple session with bride and groom, and her daughter\" data-full-image=\"https:\/\/alejandro-gomez-weddings.com\/wp-content\/uploads\/2025\/11\/I2A0574.jpg\" data-light-image=\"https:\/\/alejandro-gomez-weddings.com\/wp-content\/uploads\/2025\/11\/I2A0574.jpg\" data-id=\"15774\" class=\"wp-image-15774\" srcset=\"https:\/\/alejandro-gomez-weddings.com\/wp-content\/uploads\/2025\/11\/I2A0574-1024x683.jpg 1024w, https:\/\/alejandro-gomez-weddings.com\/wp-content\/uploads\/2025\/11\/I2A0574-300x200.jpg 300w, https:\/\/alejandro-gomez-weddings.com\/wp-content\/uploads\/2025\/11\/I2A0574-768x512.jpg 768w, https:\/\/alejandro-gomez-weddings.com\/wp-content\/uploads\/2025\/11\/I2A0574-1536x1025.jpg 1536w, https:\/\/alejandro-gomez-weddings.com\/wp-content\/uploads\/2025\/11\/I2A0574.jpg 2000w\" sizes=\"auto, (max-width: 1024px) 100vw, 1024px\" \/><\/div><\/div><\/figure><\/div><\/li><li class=\"kadence-blocks-gallery-item\"><div class=\"kadence-blocks-gallery-item-inner\"><figure class=\"kb-gallery-figure kadence-blocks-gallery-item-hide-caption\"><div class=\"kb-gal-image-radius\" style=\"max-width:1024px;\"><div class=\"kb-gallery-image-contain kadence-blocks-gallery-intrinsic\" style=\"padding-bottom:66%;\"><img loading=\"lazy\" decoding=\"async\" src=\"https:\/\/alejandro-gomez-weddings.com\/wp-content\/uploads\/2025\/11\/I2A0579-1024x683.jpg\" width=\"1024\" height=\"683\" alt=\"Villa Wenkenhof, Basel. Couple session with bride and groom, and her daughter\" data-full-image=\"https:\/\/alejandro-gomez-weddings.com\/wp-content\/uploads\/2025\/11\/I2A0579.jpg\" data-light-image=\"https:\/\/alejandro-gomez-weddings.com\/wp-content\/uploads\/2025\/11\/I2A0579.jpg\" data-id=\"15779\" class=\"wp-image-15779\" srcset=\"https:\/\/alejandro-gomez-weddings.com\/wp-content\/uploads\/2025\/11\/I2A0579-1024x683.jpg 1024w, https:\/\/alejandro-gomez-weddings.com\/wp-content\/uploads\/2025\/11\/I2A0579-300x200.jpg 300w, https:\/\/alejandro-gomez-weddings.com\/wp-content\/uploads\/2025\/11\/I2A0579-768x512.jpg 768w, https:\/\/alejandro-gomez-weddings.com\/wp-content\/uploads\/2025\/11\/I2A0579-1536x1025.jpg 1536w, https:\/\/alejandro-gomez-weddings.com\/wp-content\/uploads\/2025\/11\/I2A0579.jpg 2000w\" sizes=\"auto, (max-width: 1024px) 100vw, 1024px\" \/><\/div><\/div><\/figure><\/div><\/li><li class=\"kadence-blocks-gallery-item\"><div class=\"kadence-blocks-gallery-item-inner\"><figure class=\"kb-gallery-figure kadence-blocks-gallery-item-hide-caption\"><div class=\"kb-gal-image-radius\" style=\"max-width:1024px;\"><div class=\"kb-gallery-image-contain kadence-blocks-gallery-intrinsic\" style=\"padding-bottom:66%;\"><img loading=\"lazy\" decoding=\"async\" src=\"https:\/\/alejandro-gomez-weddings.com\/wp-content\/uploads\/2025\/11\/I2A0581-1024x683.jpg\" width=\"1024\" height=\"683\" alt=\"Villa Wenkenhof, Basel. Couple session with bride and groom, and her daughter\" data-full-image=\"https:\/\/alejandro-gomez-weddings.com\/wp-content\/uploads\/2025\/11\/I2A0581.jpg\" data-light-image=\"https:\/\/alejandro-gomez-weddings.com\/wp-content\/uploads\/2025\/11\/I2A0581.jpg\" data-id=\"15784\" class=\"wp-image-15784\" srcset=\"https:\/\/alejandro-gomez-weddings.com\/wp-content\/uploads\/2025\/11\/I2A0581-1024x683.jpg 1024w, https:\/\/alejandro-gomez-weddings.com\/wp-content\/uploads\/2025\/11\/I2A0581-300x200.jpg 300w, https:\/\/alejandro-gomez-weddings.com\/wp-content\/uploads\/2025\/11\/I2A0581-768x512.jpg 768w, https:\/\/alejandro-gomez-weddings.com\/wp-content\/uploads\/2025\/11\/I2A0581-1536x1025.jpg 1536w, https:\/\/alejandro-gomez-weddings.com\/wp-content\/uploads\/2025\/11\/I2A0581.jpg 2000w\" sizes=\"auto, (max-width: 1024px) 100vw, 1024px\" \/><\/div><\/div><\/figure><\/div><\/li><li class=\"kadence-blocks-gallery-item\"><div class=\"kadence-blocks-gallery-item-inner\"><figure class=\"kb-gallery-figure kadence-blocks-gallery-item-hide-caption\"><div class=\"kb-gal-image-radius\" style=\"max-width:1024px;\"><div class=\"kb-gallery-image-contain kadence-blocks-gallery-intrinsic\" style=\"padding-bottom:50%;\"><img loading=\"lazy\" decoding=\"async\" src=\"https:\/\/alejandro-gomez-weddings.com\/wp-content\/uploads\/2025\/11\/I2A0583-1024x520.jpg\" width=\"1024\" height=\"520\" alt=\"Villa Wenkenhof, Basel. Couple session with bride and groom, and her daughter\" data-full-image=\"https:\/\/alejandro-gomez-weddings.com\/wp-content\/uploads\/2025\/11\/I2A0583.jpg\" data-light-image=\"https:\/\/alejandro-gomez-weddings.com\/wp-content\/uploads\/2025\/11\/I2A0583.jpg\" data-id=\"15789\" class=\"wp-image-15789\" srcset=\"https:\/\/alejandro-gomez-weddings.com\/wp-content\/uploads\/2025\/11\/I2A0583-1024x520.jpg 1024w, https:\/\/alejandro-gomez-weddings.com\/wp-content\/uploads\/2025\/11\/I2A0583-300x152.jpg 300w, https:\/\/alejandro-gomez-weddings.com\/wp-content\/uploads\/2025\/11\/I2A0583-768x390.jpg 768w, https:\/\/alejandro-gomez-weddings.com\/wp-content\/uploads\/2025\/11\/I2A0583-1536x780.jpg 1536w, https:\/\/alejandro-gomez-weddings.com\/wp-content\/uploads\/2025\/11\/I2A0583.jpg 2000w\" sizes=\"auto, (max-width: 1024px) 100vw, 1024px\" \/><\/div><\/div><\/figure><\/div><\/li><li class=\"kadence-blocks-gallery-item\"><div class=\"kadence-blocks-gallery-item-inner\"><figure class=\"kb-gallery-figure kadence-blocks-gallery-item-hide-caption\"><div class=\"kb-gal-image-radius\" style=\"max-width:1024px;\"><div class=\"kb-gallery-image-contain kadence-blocks-gallery-intrinsic\" style=\"padding-bottom:57%;\"><img loading=\"lazy\" decoding=\"async\" src=\"https:\/\/alejandro-gomez-weddings.com\/wp-content\/uploads\/2025\/11\/I2A0589-1024x588.jpg\" width=\"1024\" height=\"588\" alt=\"Villa Wenkenhof, Basel. Couple session with bride and groom, and her daughter\" data-full-image=\"https:\/\/alejandro-gomez-weddings.com\/wp-content\/uploads\/2025\/11\/I2A0589.jpg\" data-light-image=\"https:\/\/alejandro-gomez-weddings.com\/wp-content\/uploads\/2025\/11\/I2A0589.jpg\" data-id=\"15794\" class=\"wp-image-15794\" srcset=\"https:\/\/alejandro-gomez-weddings.com\/wp-content\/uploads\/2025\/11\/I2A0589-1024x588.jpg 1024w, https:\/\/alejandro-gomez-weddings.com\/wp-content\/uploads\/2025\/11\/I2A0589-300x172.jpg 300w, https:\/\/alejandro-gomez-weddings.com\/wp-content\/uploads\/2025\/11\/I2A0589-768x441.jpg 768w, https:\/\/alejandro-gomez-weddings.com\/wp-content\/uploads\/2025\/11\/I2A0589-1536x882.jpg 1536w, https:\/\/alejandro-gomez-weddings.com\/wp-content\/uploads\/2025\/11\/I2A0589.jpg 2000w\" sizes=\"auto, (max-width: 1024px) 100vw, 1024px\" \/><\/div><\/div><\/figure><\/div><\/li><li class=\"kadence-blocks-gallery-item\"><div class=\"kadence-blocks-gallery-item-inner\"><figure class=\"kb-gallery-figure kadence-blocks-gallery-item-hide-caption\"><div class=\"kb-gal-image-radius\" style=\"max-width:1024px;\"><div class=\"kb-gallery-image-contain kadence-blocks-gallery-intrinsic\" style=\"padding-bottom:66%;\"><img loading=\"lazy\" decoding=\"async\" src=\"https:\/\/alejandro-gomez-weddings.com\/wp-content\/uploads\/2025\/11\/I2A0591-1024x683.jpg\" width=\"1024\" height=\"683\" alt=\"Villa Wenkenhof, Basel. Couple session with bride and groom, and her daughter\" data-full-image=\"https:\/\/alejandro-gomez-weddings.com\/wp-content\/uploads\/2025\/11\/I2A0591.jpg\" data-light-image=\"https:\/\/alejandro-gomez-weddings.com\/wp-content\/uploads\/2025\/11\/I2A0591.jpg\" data-id=\"15799\" class=\"wp-image-15799\" srcset=\"https:\/\/alejandro-gomez-weddings.com\/wp-content\/uploads\/2025\/11\/I2A0591-1024x683.jpg 1024w, https:\/\/alejandro-gomez-weddings.com\/wp-content\/uploads\/2025\/11\/I2A0591-300x200.jpg 300w, https:\/\/alejandro-gomez-weddings.com\/wp-content\/uploads\/2025\/11\/I2A0591-768x512.jpg 768w, https:\/\/alejandro-gomez-weddings.com\/wp-content\/uploads\/2025\/11\/I2A0591-1536x1025.jpg 1536w, https:\/\/alejandro-gomez-weddings.com\/wp-content\/uploads\/2025\/11\/I2A0591.jpg 2000w\" sizes=\"auto, (max-width: 1024px) 100vw, 1024px\" \/><\/div><\/div><\/figure><\/div><\/li><li class=\"kadence-blocks-gallery-item\"><div class=\"kadence-blocks-gallery-item-inner\"><figure class=\"kb-gallery-figure kadence-blocks-gallery-item-hide-caption\"><div class=\"kb-gal-image-radius\" style=\"max-width:1024px;\"><div class=\"kb-gallery-image-contain kadence-blocks-gallery-intrinsic\" style=\"padding-bottom:66%;\"><img loading=\"lazy\" decoding=\"async\" src=\"https:\/\/alejandro-gomez-weddings.com\/wp-content\/uploads\/2025\/11\/I2A0596-1024x683.jpg\" width=\"1024\" height=\"683\" alt=\"Villa Wenkenhof, Basel. Couple session with bride and groom, and her daughter\" data-full-image=\"https:\/\/alejandro-gomez-weddings.com\/wp-content\/uploads\/2025\/11\/I2A0596.jpg\" data-light-image=\"https:\/\/alejandro-gomez-weddings.com\/wp-content\/uploads\/2025\/11\/I2A0596.jpg\" data-id=\"15804\" class=\"wp-image-15804\" srcset=\"https:\/\/alejandro-gomez-weddings.com\/wp-content\/uploads\/2025\/11\/I2A0596-1024x683.jpg 1024w, https:\/\/alejandro-gomez-weddings.com\/wp-content\/uploads\/2025\/11\/I2A0596-300x200.jpg 300w, https:\/\/alejandro-gomez-weddings.com\/wp-content\/uploads\/2025\/11\/I2A0596-768x512.jpg 768w, https:\/\/alejandro-gomez-weddings.com\/wp-content\/uploads\/2025\/11\/I2A0596-1536x1025.jpg 1536w, https:\/\/alejandro-gomez-weddings.com\/wp-content\/uploads\/2025\/11\/I2A0596.jpg 2000w\" sizes=\"auto, (max-width: 1024px) 100vw, 1024px\" \/><\/div><\/div><\/figure><\/div><\/li><li class=\"kadence-blocks-gallery-item\"><div class=\"kadence-blocks-gallery-item-inner\"><figure class=\"kb-gallery-figure kadence-blocks-gallery-item-hide-caption\"><div class=\"kb-gal-image-radius\" style=\"max-width:1024px;\"><div class=\"kb-gallery-image-contain kadence-blocks-gallery-intrinsic\" style=\"padding-bottom:66%;\"><img loading=\"lazy\" decoding=\"async\" src=\"https:\/\/alejandro-gomez-weddings.com\/wp-content\/uploads\/2025\/11\/I2A0597-1024x683.jpg\" width=\"1024\" height=\"683\" alt=\"Villa Wenkenhof, Basel. Couple session with bride and groom, and her daughter\" data-full-image=\"https:\/\/alejandro-gomez-weddings.com\/wp-content\/uploads\/2025\/11\/I2A0597.jpg\" data-light-image=\"https:\/\/alejandro-gomez-weddings.com\/wp-content\/uploads\/2025\/11\/I2A0597.jpg\" data-id=\"15809\" class=\"wp-image-15809\" srcset=\"https:\/\/alejandro-gomez-weddings.com\/wp-content\/uploads\/2025\/11\/I2A0597-1024x683.jpg 1024w, https:\/\/alejandro-gomez-weddings.com\/wp-content\/uploads\/2025\/11\/I2A0597-300x200.jpg 300w, https:\/\/alejandro-gomez-weddings.com\/wp-content\/uploads\/2025\/11\/I2A0597-768x512.jpg 768w, https:\/\/alejandro-gomez-weddings.com\/wp-content\/uploads\/2025\/11\/I2A0597-1536x1025.jpg 1536w, https:\/\/alejandro-gomez-weddings.com\/wp-content\/uploads\/2025\/11\/I2A0597.jpg 2000w\" sizes=\"auto, (max-width: 1024px) 100vw, 1024px\" \/><\/div><\/div><\/figure><\/div><\/li><li class=\"kadence-blocks-gallery-item\"><div class=\"kadence-blocks-gallery-item-inner\"><figure class=\"kb-gallery-figure kadence-blocks-gallery-item-hide-caption\"><div class=\"kb-gal-image-radius\" style=\"max-width:1024px;\"><div class=\"kb-gallery-image-contain kadence-blocks-gallery-intrinsic\" style=\"padding-bottom:66%;\"><img loading=\"lazy\" decoding=\"async\" src=\"https:\/\/alejandro-gomez-weddings.com\/wp-content\/uploads\/2025\/11\/I2A0604-1024x683.jpg\" width=\"1024\" height=\"683\" alt=\"Villa Wenkenhof, Basel. Couple session with bride and groom, and her daughter\" data-full-image=\"https:\/\/alejandro-gomez-weddings.com\/wp-content\/uploads\/2025\/11\/I2A0604.jpg\" data-light-image=\"https:\/\/alejandro-gomez-weddings.com\/wp-content\/uploads\/2025\/11\/I2A0604.jpg\" data-id=\"15814\" class=\"wp-image-15814\" srcset=\"https:\/\/alejandro-gomez-weddings.com\/wp-content\/uploads\/2025\/11\/I2A0604-1024x683.jpg 1024w, https:\/\/alejandro-gomez-weddings.com\/wp-content\/uploads\/2025\/11\/I2A0604-300x200.jpg 300w, https:\/\/alejandro-gomez-weddings.com\/wp-content\/uploads\/2025\/11\/I2A0604-768x512.jpg 768w, https:\/\/alejandro-gomez-weddings.com\/wp-content\/uploads\/2025\/11\/I2A0604-1536x1025.jpg 1536w, https:\/\/alejandro-gomez-weddings.com\/wp-content\/uploads\/2025\/11\/I2A0604.jpg 2000w\" sizes=\"auto, (max-width: 1024px) 100vw, 1024px\" \/><\/div><\/div><\/figure><\/div><\/li><li class=\"kadence-blocks-gallery-item\"><div class=\"kadence-blocks-gallery-item-inner\"><figure class=\"kb-gallery-figure kadence-blocks-gallery-item-hide-caption\"><div class=\"kb-gal-image-radius\" style=\"max-width:1024px;\"><div class=\"kb-gallery-image-contain kadence-blocks-gallery-intrinsic\" style=\"padding-bottom:66%;\"><img loading=\"lazy\" decoding=\"async\" src=\"https:\/\/alejandro-gomez-weddings.com\/wp-content\/uploads\/2025\/11\/I2A0628-1024x683.jpg\" width=\"1024\" height=\"683\" alt=\"Villa Wenkenhof, Basel. Couple session with bride and groom, and her daughter\" data-full-image=\"https:\/\/alejandro-gomez-weddings.com\/wp-content\/uploads\/2025\/11\/I2A0628.jpg\" data-light-image=\"https:\/\/alejandro-gomez-weddings.com\/wp-content\/uploads\/2025\/11\/I2A0628.jpg\" data-id=\"15819\" class=\"wp-image-15819\" srcset=\"https:\/\/alejandro-gomez-weddings.com\/wp-content\/uploads\/2025\/11\/I2A0628-1024x683.jpg 1024w, https:\/\/alejandro-gomez-weddings.com\/wp-content\/uploads\/2025\/11\/I2A0628-300x200.jpg 300w, https:\/\/alejandro-gomez-weddings.com\/wp-content\/uploads\/2025\/11\/I2A0628-768x512.jpg 768w, https:\/\/alejandro-gomez-weddings.com\/wp-content\/uploads\/2025\/11\/I2A0628-1536x1025.jpg 1536w, https:\/\/alejandro-gomez-weddings.com\/wp-content\/uploads\/2025\/11\/I2A0628.jpg 2000w\" sizes=\"auto, (max-width: 1024px) 100vw, 1024px\" \/><\/div><\/div><\/figure><\/div><\/li><li class=\"kadence-blocks-gallery-item\"><div class=\"kadence-blocks-gallery-item-inner\"><figure class=\"kb-gallery-figure kadence-blocks-gallery-item-hide-caption\"><div class=\"kb-gal-image-radius\" style=\"max-width:1024px;\"><div class=\"kb-gallery-image-contain kadence-blocks-gallery-intrinsic\" style=\"padding-bottom:59%;\"><img loading=\"lazy\" decoding=\"async\" src=\"https:\/\/alejandro-gomez-weddings.com\/wp-content\/uploads\/2025\/11\/I2A0645-1024x613.jpg\" width=\"1024\" height=\"613\" alt=\"Villa Wenkenhof, Basel. Couple session with bride and groom, and her daughter\" data-full-image=\"https:\/\/alejandro-gomez-weddings.com\/wp-content\/uploads\/2025\/11\/I2A0645.jpg\" data-light-image=\"https:\/\/alejandro-gomez-weddings.com\/wp-content\/uploads\/2025\/11\/I2A0645.jpg\" data-id=\"15824\" class=\"wp-image-15824\" srcset=\"https:\/\/alejandro-gomez-weddings.com\/wp-content\/uploads\/2025\/11\/I2A0645-1024x613.jpg 1024w, https:\/\/alejandro-gomez-weddings.com\/wp-content\/uploads\/2025\/11\/I2A0645-300x180.jpg 300w, https:\/\/alejandro-gomez-weddings.com\/wp-content\/uploads\/2025\/11\/I2A0645-768x460.jpg 768w, https:\/\/alejandro-gomez-weddings.com\/wp-content\/uploads\/2025\/11\/I2A0645-1536x920.jpg 1536w, https:\/\/alejandro-gomez-weddings.com\/wp-content\/uploads\/2025\/11\/I2A0645.jpg 2000w\" sizes=\"auto, (max-width: 1024px) 100vw, 1024px\" \/><\/div><\/div><\/figure><\/div><\/li><li class=\"kadence-blocks-gallery-item\"><div class=\"kadence-blocks-gallery-item-inner\"><figure class=\"kb-gallery-figure kadence-blocks-gallery-item-hide-caption\"><div class=\"kb-gal-image-radius\" style=\"max-width:683px;\"><div class=\"kb-gallery-image-contain kadence-blocks-gallery-intrinsic\" style=\"padding-bottom:149%;\"><img loading=\"lazy\" decoding=\"async\" src=\"https:\/\/alejandro-gomez-weddings.com\/wp-content\/uploads\/2025\/11\/I2A0675-683x1024.jpg\" width=\"683\" height=\"1024\" alt=\"Villa Wenkenhof, Basel. Couple session with bride and groom, and her daughter\" data-full-image=\"https:\/\/alejandro-gomez-weddings.com\/wp-content\/uploads\/2025\/11\/I2A0675.jpg\" data-light-image=\"https:\/\/alejandro-gomez-weddings.com\/wp-content\/uploads\/2025\/11\/I2A0675.jpg\" data-id=\"15829\" class=\"wp-image-15829\" srcset=\"https:\/\/alejandro-gomez-weddings.com\/wp-content\/uploads\/2025\/11\/I2A0675-683x1024.jpg 683w, https:\/\/alejandro-gomez-weddings.com\/wp-content\/uploads\/2025\/11\/I2A0675-200x300.jpg 200w, https:\/\/alejandro-gomez-weddings.com\/wp-content\/uploads\/2025\/11\/I2A0675-768x1151.jpg 768w, https:\/\/alejandro-gomez-weddings.com\/wp-content\/uploads\/2025\/11\/I2A0675-1025x1536.jpg 1025w, https:\/\/alejandro-gomez-weddings.com\/wp-content\/uploads\/2025\/11\/I2A0675.jpg 1334w\" sizes=\"auto, (max-width: 683px) 100vw, 683px\" \/><\/div><\/div><\/figure><\/div><\/li><li class=\"kadence-blocks-gallery-item\"><div class=\"kadence-blocks-gallery-item-inner\"><figure class=\"kb-gallery-figure kadence-blocks-gallery-item-hide-caption\"><div class=\"kb-gal-image-radius\" style=\"max-width:1024px;\"><div class=\"kb-gallery-image-contain kadence-blocks-gallery-intrinsic\" style=\"padding-bottom:66%;\"><img loading=\"lazy\" decoding=\"async\" src=\"https:\/\/alejandro-gomez-weddings.com\/wp-content\/uploads\/2025\/11\/I2A0713-1024x683.jpg\" width=\"1024\" height=\"683\" alt=\"Villa Wenkenhof, Basel. Couple session with bride and groom, and her daughter\" data-full-image=\"https:\/\/alejandro-gomez-weddings.com\/wp-content\/uploads\/2025\/11\/I2A0713.jpg\" data-light-image=\"https:\/\/alejandro-gomez-weddings.com\/wp-content\/uploads\/2025\/11\/I2A0713.jpg\" data-id=\"15834\" class=\"wp-image-15834\" srcset=\"https:\/\/alejandro-gomez-weddings.com\/wp-content\/uploads\/2025\/11\/I2A0713-1024x683.jpg 1024w, https:\/\/alejandro-gomez-weddings.com\/wp-content\/uploads\/2025\/11\/I2A0713-300x200.jpg 300w, https:\/\/alejandro-gomez-weddings.com\/wp-content\/uploads\/2025\/11\/I2A0713-768x512.jpg 768w, https:\/\/alejandro-gomez-weddings.com\/wp-content\/uploads\/2025\/11\/I2A0713-1536x1025.jpg 1536w, https:\/\/alejandro-gomez-weddings.com\/wp-content\/uploads\/2025\/11\/I2A0713.jpg 2000w\" sizes=\"auto, (max-width: 1024px) 100vw, 1024px\" \/><\/div><\/div><\/figure><\/div><\/li><li class=\"kadence-blocks-gallery-item\"><div class=\"kadence-blocks-gallery-item-inner\"><figure class=\"kb-gallery-figure kadence-blocks-gallery-item-hide-caption\"><div class=\"kb-gal-image-radius\" style=\"max-width:683px;\"><div class=\"kb-gallery-image-contain kadence-blocks-gallery-intrinsic\" style=\"padding-bottom:149%;\"><img loading=\"lazy\" decoding=\"async\" src=\"https:\/\/alejandro-gomez-weddings.com\/wp-content\/uploads\/2025\/11\/I2A0723-683x1024.jpg\" width=\"683\" height=\"1024\" alt=\"Villa Wenkenhof, Basel. Couple session with bride and groom\" data-full-image=\"https:\/\/alejandro-gomez-weddings.com\/wp-content\/uploads\/2025\/11\/I2A0723.jpg\" data-light-image=\"https:\/\/alejandro-gomez-weddings.com\/wp-content\/uploads\/2025\/11\/I2A0723.jpg\" data-id=\"15839\" class=\"wp-image-15839\" srcset=\"https:\/\/alejandro-gomez-weddings.com\/wp-content\/uploads\/2025\/11\/I2A0723-683x1024.jpg 683w, https:\/\/alejandro-gomez-weddings.com\/wp-content\/uploads\/2025\/11\/I2A0723-200x300.jpg 200w, https:\/\/alejandro-gomez-weddings.com\/wp-content\/uploads\/2025\/11\/I2A0723-768x1151.jpg 768w, https:\/\/alejandro-gomez-weddings.com\/wp-content\/uploads\/2025\/11\/I2A0723-1025x1536.jpg 1025w, https:\/\/alejandro-gomez-weddings.com\/wp-content\/uploads\/2025\/11\/I2A0723.jpg 1334w\" sizes=\"auto, (max-width: 683px) 100vw, 683px\" \/><\/div><\/div><\/figure><\/div><\/li><li class=\"kadence-blocks-gallery-item\"><div class=\"kadence-blocks-gallery-item-inner\"><figure class=\"kb-gallery-figure kadence-blocks-gallery-item-hide-caption\"><div class=\"kb-gal-image-radius\" style=\"max-width:1024px;\"><div class=\"kb-gallery-image-contain kadence-blocks-gallery-intrinsic\" style=\"padding-bottom:66%;\"><img loading=\"lazy\" decoding=\"async\" src=\"https:\/\/alejandro-gomez-weddings.com\/wp-content\/uploads\/2025\/11\/I2A0739-1024x683.jpg\" width=\"1024\" height=\"683\" alt=\"Villa Wenkenhof, Basel. Couple session with bride and groom\" data-full-image=\"https:\/\/alejandro-gomez-weddings.com\/wp-content\/uploads\/2025\/11\/I2A0739.jpg\" data-light-image=\"https:\/\/alejandro-gomez-weddings.com\/wp-content\/uploads\/2025\/11\/I2A0739.jpg\" data-id=\"15844\" class=\"wp-image-15844\" srcset=\"https:\/\/alejandro-gomez-weddings.com\/wp-content\/uploads\/2025\/11\/I2A0739-1024x683.jpg 1024w, https:\/\/alejandro-gomez-weddings.com\/wp-content\/uploads\/2025\/11\/I2A0739-300x200.jpg 300w, https:\/\/alejandro-gomez-weddings.com\/wp-content\/uploads\/2025\/11\/I2A0739-768x512.jpg 768w, https:\/\/alejandro-gomez-weddings.com\/wp-content\/uploads\/2025\/11\/I2A0739-1536x1025.jpg 1536w, https:\/\/alejandro-gomez-weddings.com\/wp-content\/uploads\/2025\/11\/I2A0739.jpg 2000w\" sizes=\"auto, (max-width: 1024px) 100vw, 1024px\" \/><\/div><\/div><\/figure><\/div><\/li><li class=\"kadence-blocks-gallery-item\"><div class=\"kadence-blocks-gallery-item-inner\"><figure class=\"kb-gallery-figure kadence-blocks-gallery-item-hide-caption\"><div class=\"kb-gal-image-radius\" style=\"max-width:1024px;\"><div class=\"kb-gallery-image-contain kadence-blocks-gallery-intrinsic\" style=\"padding-bottom:66%;\"><img loading=\"lazy\" decoding=\"async\" src=\"https:\/\/alejandro-gomez-weddings.com\/wp-content\/uploads\/2025\/11\/2S6A3798-1024x683.jpg\" width=\"1024\" height=\"683\" alt=\"Villa Wenkenhof, Basel. Couple session with bride and groom\" data-full-image=\"https:\/\/alejandro-gomez-weddings.com\/wp-content\/uploads\/2025\/11\/2S6A3798.jpg\" data-light-image=\"https:\/\/alejandro-gomez-weddings.com\/wp-content\/uploads\/2025\/11\/2S6A3798.jpg\" data-id=\"15849\" class=\"wp-image-15849\" srcset=\"https:\/\/alejandro-gomez-weddings.com\/wp-content\/uploads\/2025\/11\/2S6A3798-1024x683.jpg 1024w, https:\/\/alejandro-gomez-weddings.com\/wp-content\/uploads\/2025\/11\/2S6A3798-300x200.jpg 300w, https:\/\/alejandro-gomez-weddings.com\/wp-content\/uploads\/2025\/11\/2S6A3798-768x512.jpg 768w, https:\/\/alejandro-gomez-weddings.com\/wp-content\/uploads\/2025\/11\/2S6A3798-1536x1025.jpg 1536w, https:\/\/alejandro-gomez-weddings.com\/wp-content\/uploads\/2025\/11\/2S6A3798.jpg 2000w\" sizes=\"auto, (max-width: 1024px) 100vw, 1024px\" \/><\/div><\/div><\/figure><\/div><\/li><li class=\"kadence-blocks-gallery-item\"><div class=\"kadence-blocks-gallery-item-inner\"><figure class=\"kb-gallery-figure kadence-blocks-gallery-item-hide-caption\"><div class=\"kb-gal-image-radius\" style=\"max-width:1024px;\"><div class=\"kb-gallery-image-contain kadence-blocks-gallery-intrinsic\" style=\"padding-bottom:66%;\"><img loading=\"lazy\" decoding=\"async\" src=\"https:\/\/alejandro-gomez-weddings.com\/wp-content\/uploads\/2025\/11\/2S6A3800-1024x683.jpg\" width=\"1024\" height=\"683\" alt=\"Villa Wenkenhof, Basel. Couple session with bride and groom\" data-full-image=\"https:\/\/alejandro-gomez-weddings.com\/wp-content\/uploads\/2025\/11\/2S6A3800.jpg\" data-light-image=\"https:\/\/alejandro-gomez-weddings.com\/wp-content\/uploads\/2025\/11\/2S6A3800.jpg\" data-id=\"15854\" class=\"wp-image-15854\" srcset=\"https:\/\/alejandro-gomez-weddings.com\/wp-content\/uploads\/2025\/11\/2S6A3800-1024x683.jpg 1024w, https:\/\/alejandro-gomez-weddings.com\/wp-content\/uploads\/2025\/11\/2S6A3800-300x200.jpg 300w, https:\/\/alejandro-gomez-weddings.com\/wp-content\/uploads\/2025\/11\/2S6A3800-768x512.jpg 768w, https:\/\/alejandro-gomez-weddings.com\/wp-content\/uploads\/2025\/11\/2S6A3800-1536x1025.jpg 1536w, https:\/\/alejandro-gomez-weddings.com\/wp-content\/uploads\/2025\/11\/2S6A3800.jpg 2000w\" sizes=\"auto, (max-width: 1024px) 100vw, 1024px\" \/><\/div><\/div><\/figure><\/div><\/li><li class=\"kadence-blocks-gallery-item\"><div class=\"kadence-blocks-gallery-item-inner\"><figure class=\"kb-gallery-figure kadence-blocks-gallery-item-hide-caption\"><div class=\"kb-gal-image-radius\" style=\"max-width:1024px;\"><div class=\"kb-gallery-image-contain kadence-blocks-gallery-intrinsic\" style=\"padding-bottom:66%;\"><img loading=\"lazy\" decoding=\"async\" src=\"https:\/\/alejandro-gomez-weddings.com\/wp-content\/uploads\/2025\/11\/2S6A3810-1024x683.jpg\" width=\"1024\" height=\"683\" alt=\"Villa Wenkenhof, Basel. Couple session with bride and groom\" data-full-image=\"https:\/\/alejandro-gomez-weddings.com\/wp-content\/uploads\/2025\/11\/2S6A3810.jpg\" data-light-image=\"https:\/\/alejandro-gomez-weddings.com\/wp-content\/uploads\/2025\/11\/2S6A3810.jpg\" data-id=\"15859\" class=\"wp-image-15859\" srcset=\"https:\/\/alejandro-gomez-weddings.com\/wp-content\/uploads\/2025\/11\/2S6A3810-1024x683.jpg 1024w, https:\/\/alejandro-gomez-weddings.com\/wp-content\/uploads\/2025\/11\/2S6A3810-300x200.jpg 300w, https:\/\/alejandro-gomez-weddings.com\/wp-content\/uploads\/2025\/11\/2S6A3810-768x512.jpg 768w, https:\/\/alejandro-gomez-weddings.com\/wp-content\/uploads\/2025\/11\/2S6A3810-1536x1025.jpg 1536w, https:\/\/alejandro-gomez-weddings.com\/wp-content\/uploads\/2025\/11\/2S6A3810.jpg 2000w\" sizes=\"auto, (max-width: 1024px) 100vw, 1024px\" \/><\/div><\/div><\/figure><\/div><\/li><li class=\"kadence-blocks-gallery-item\"><div class=\"kadence-blocks-gallery-item-inner\"><figure class=\"kb-gallery-figure kadence-blocks-gallery-item-hide-caption\"><div class=\"kb-gal-image-radius\" style=\"max-width:1024px;\"><div class=\"kb-gallery-image-contain kadence-blocks-gallery-intrinsic\" style=\"padding-bottom:66%;\"><img loading=\"lazy\" decoding=\"async\" src=\"https:\/\/alejandro-gomez-weddings.com\/wp-content\/uploads\/2025\/11\/2S6A3811-1024x683.jpg\" width=\"1024\" height=\"683\" alt=\"Villa Wenkenhof, Basel. Couple session with bride and groom\" data-full-image=\"https:\/\/alejandro-gomez-weddings.com\/wp-content\/uploads\/2025\/11\/2S6A3811.jpg\" data-light-image=\"https:\/\/alejandro-gomez-weddings.com\/wp-content\/uploads\/2025\/11\/2S6A3811.jpg\" data-id=\"15864\" class=\"wp-image-15864\" srcset=\"https:\/\/alejandro-gomez-weddings.com\/wp-content\/uploads\/2025\/11\/2S6A3811-1024x683.jpg 1024w, https:\/\/alejandro-gomez-weddings.com\/wp-content\/uploads\/2025\/11\/2S6A3811-300x200.jpg 300w, https:\/\/alejandro-gomez-weddings.com\/wp-content\/uploads\/2025\/11\/2S6A3811-768x512.jpg 768w, https:\/\/alejandro-gomez-weddings.com\/wp-content\/uploads\/2025\/11\/2S6A3811-1536x1025.jpg 1536w, https:\/\/alejandro-gomez-weddings.com\/wp-content\/uploads\/2025\/11\/2S6A3811.jpg 2000w\" sizes=\"auto, (max-width: 1024px) 100vw, 1024px\" \/><\/div><\/div><\/figure><\/div><\/li><li class=\"kadence-blocks-gallery-item\"><div class=\"kadence-blocks-gallery-item-inner\"><figure class=\"kb-gallery-figure kadence-blocks-gallery-item-hide-caption\"><div class=\"kb-gal-image-radius\" style=\"max-width:1024px;\"><div class=\"kb-gallery-image-contain kadence-blocks-gallery-intrinsic\" style=\"padding-bottom:66%;\"><img loading=\"lazy\" decoding=\"async\" src=\"https:\/\/alejandro-gomez-weddings.com\/wp-content\/uploads\/2025\/11\/2S6A3812-1024x683.jpg\" width=\"1024\" height=\"683\" alt=\"Villa Wenkenhof, Basel. Couple session with bride and groom\" data-full-image=\"https:\/\/alejandro-gomez-weddings.com\/wp-content\/uploads\/2025\/11\/2S6A3812.jpg\" data-light-image=\"https:\/\/alejandro-gomez-weddings.com\/wp-content\/uploads\/2025\/11\/2S6A3812.jpg\" data-id=\"15869\" class=\"wp-image-15869\" srcset=\"https:\/\/alejandro-gomez-weddings.com\/wp-content\/uploads\/2025\/11\/2S6A3812-1024x683.jpg 1024w, https:\/\/alejandro-gomez-weddings.com\/wp-content\/uploads\/2025\/11\/2S6A3812-300x200.jpg 300w, https:\/\/alejandro-gomez-weddings.com\/wp-content\/uploads\/2025\/11\/2S6A3812-768x512.jpg 768w, https:\/\/alejandro-gomez-weddings.com\/wp-content\/uploads\/2025\/11\/2S6A3812-1536x1025.jpg 1536w, https:\/\/alejandro-gomez-weddings.com\/wp-content\/uploads\/2025\/11\/2S6A3812.jpg 2000w\" sizes=\"auto, (max-width: 1024px) 100vw, 1024px\" \/><\/div><\/div><\/figure><\/div><\/li><li class=\"kadence-blocks-gallery-item\"><div class=\"kadence-blocks-gallery-item-inner\"><figure class=\"kb-gallery-figure kadence-blocks-gallery-item-hide-caption\"><div class=\"kb-gal-image-radius\" style=\"max-width:1024px;\"><div class=\"kb-gallery-image-contain kadence-blocks-gallery-intrinsic\" style=\"padding-bottom:66%;\"><img loading=\"lazy\" decoding=\"async\" src=\"https:\/\/alejandro-gomez-weddings.com\/wp-content\/uploads\/2025\/11\/2S6A3814-1024x683.jpg\" width=\"1024\" height=\"683\" alt=\"Villa Wenkenhof, Basel. Couple session with bride and groom\" data-full-image=\"https:\/\/alejandro-gomez-weddings.com\/wp-content\/uploads\/2025\/11\/2S6A3814.jpg\" data-light-image=\"https:\/\/alejandro-gomez-weddings.com\/wp-content\/uploads\/2025\/11\/2S6A3814.jpg\" data-id=\"15874\" class=\"wp-image-15874\" srcset=\"https:\/\/alejandro-gomez-weddings.com\/wp-content\/uploads\/2025\/11\/2S6A3814-1024x683.jpg 1024w, https:\/\/alejandro-gomez-weddings.com\/wp-content\/uploads\/2025\/11\/2S6A3814-300x200.jpg 300w, https:\/\/alejandro-gomez-weddings.com\/wp-content\/uploads\/2025\/11\/2S6A3814-768x512.jpg 768w, https:\/\/alejandro-gomez-weddings.com\/wp-content\/uploads\/2025\/11\/2S6A3814-1536x1025.jpg 1536w, https:\/\/alejandro-gomez-weddings.com\/wp-content\/uploads\/2025\/11\/2S6A3814.jpg 2000w\" sizes=\"auto, (max-width: 1024px) 100vw, 1024px\" \/><\/div><\/div><\/figure><\/div><\/li><li class=\"kadence-blocks-gallery-item\"><div class=\"kadence-blocks-gallery-item-inner\"><figure class=\"kb-gallery-figure kadence-blocks-gallery-item-hide-caption\"><div class=\"kb-gal-image-radius\" style=\"max-width:1024px;\"><div class=\"kb-gallery-image-contain kadence-blocks-gallery-intrinsic\" style=\"padding-bottom:66%;\"><img loading=\"lazy\" decoding=\"async\" src=\"https:\/\/alejandro-gomez-weddings.com\/wp-content\/uploads\/2025\/11\/2S6A3820-1024x683.jpg\" width=\"1024\" height=\"683\" alt=\"Villa Wenkenhof, Basel. Couple session with bride and groom\" data-full-image=\"https:\/\/alejandro-gomez-weddings.com\/wp-content\/uploads\/2025\/11\/2S6A3820.jpg\" data-light-image=\"https:\/\/alejandro-gomez-weddings.com\/wp-content\/uploads\/2025\/11\/2S6A3820.jpg\" data-id=\"15879\" class=\"wp-image-15879\" srcset=\"https:\/\/alejandro-gomez-weddings.com\/wp-content\/uploads\/2025\/11\/2S6A3820-1024x683.jpg 1024w, https:\/\/alejandro-gomez-weddings.com\/wp-content\/uploads\/2025\/11\/2S6A3820-300x200.jpg 300w, https:\/\/alejandro-gomez-weddings.com\/wp-content\/uploads\/2025\/11\/2S6A3820-768x512.jpg 768w, https:\/\/alejandro-gomez-weddings.com\/wp-content\/uploads\/2025\/11\/2S6A3820-1536x1025.jpg 1536w, https:\/\/alejandro-gomez-weddings.com\/wp-content\/uploads\/2025\/11\/2S6A3820.jpg 2000w\" sizes=\"auto, (max-width: 1024px) 100vw, 1024px\" \/><\/div><\/div><\/figure><\/div><\/li><li class=\"kadence-blocks-gallery-item\"><div class=\"kadence-blocks-gallery-item-inner\"><figure class=\"kb-gallery-figure kadence-blocks-gallery-item-hide-caption\"><div class=\"kb-gal-image-radius\" style=\"max-width:683px;\"><div class=\"kb-gallery-image-contain kadence-blocks-gallery-intrinsic\" style=\"padding-bottom:149%;\"><img loading=\"lazy\" decoding=\"async\" src=\"https:\/\/alejandro-gomez-weddings.com\/wp-content\/uploads\/2025\/11\/2S6A3824-683x1024.jpg\" width=\"683\" height=\"1024\" alt=\"Villa Wenkenhof, Basel. Couple session with bride and groom\" data-full-image=\"https:\/\/alejandro-gomez-weddings.com\/wp-content\/uploads\/2025\/11\/2S6A3824.jpg\" data-light-image=\"https:\/\/alejandro-gomez-weddings.com\/wp-content\/uploads\/2025\/11\/2S6A3824.jpg\" data-id=\"15884\" class=\"wp-image-15884\" srcset=\"https:\/\/alejandro-gomez-weddings.com\/wp-content\/uploads\/2025\/11\/2S6A3824-683x1024.jpg 683w, https:\/\/alejandro-gomez-weddings.com\/wp-content\/uploads\/2025\/11\/2S6A3824-200x300.jpg 200w, https:\/\/alejandro-gomez-weddings.com\/wp-content\/uploads\/2025\/11\/2S6A3824-768x1151.jpg 768w, https:\/\/alejandro-gomez-weddings.com\/wp-content\/uploads\/2025\/11\/2S6A3824-1025x1536.jpg 1025w, https:\/\/alejandro-gomez-weddings.com\/wp-content\/uploads\/2025\/11\/2S6A3824.jpg 1334w\" sizes=\"auto, (max-width: 683px) 100vw, 683px\" \/><\/div><\/div><\/figure><\/div><\/li><li class=\"kadence-blocks-gallery-item\"><div class=\"kadence-blocks-gallery-item-inner\"><figure class=\"kb-gallery-figure kadence-blocks-gallery-item-hide-caption\"><div class=\"kb-gal-image-radius\" style=\"max-width:1024px;\"><div class=\"kb-gallery-image-contain kadence-blocks-gallery-intrinsic\" style=\"padding-bottom:66%;\"><img loading=\"lazy\" decoding=\"async\" src=\"https:\/\/alejandro-gomez-weddings.com\/wp-content\/uploads\/2025\/11\/2S6A3826-1024x683.jpg\" width=\"1024\" height=\"683\" alt=\"Villa Wenkenhof, Basel. Couple session with bride and groom\" data-full-image=\"https:\/\/alejandro-gomez-weddings.com\/wp-content\/uploads\/2025\/11\/2S6A3826.jpg\" data-light-image=\"https:\/\/alejandro-gomez-weddings.com\/wp-content\/uploads\/2025\/11\/2S6A3826.jpg\" data-id=\"15889\" class=\"wp-image-15889\" srcset=\"https:\/\/alejandro-gomez-weddings.com\/wp-content\/uploads\/2025\/11\/2S6A3826-1024x683.jpg 1024w, https:\/\/alejandro-gomez-weddings.com\/wp-content\/uploads\/2025\/11\/2S6A3826-300x200.jpg 300w, https:\/\/alejandro-gomez-weddings.com\/wp-content\/uploads\/2025\/11\/2S6A3826-768x512.jpg 768w, https:\/\/alejandro-gomez-weddings.com\/wp-content\/uploads\/2025\/11\/2S6A3826-1536x1025.jpg 1536w, https:\/\/alejandro-gomez-weddings.com\/wp-content\/uploads\/2025\/11\/2S6A3826.jpg 2000w\" sizes=\"auto, (max-width: 1024px) 100vw, 1024px\" \/><\/div><\/div><\/figure><\/div><\/li><li class=\"kadence-blocks-gallery-item\"><div class=\"kadence-blocks-gallery-item-inner\"><figure class=\"kb-gallery-figure kadence-blocks-gallery-item-hide-caption\"><div class=\"kb-gal-image-radius\" style=\"max-width:1024px;\"><div class=\"kb-gallery-image-contain kadence-blocks-gallery-intrinsic\" style=\"padding-bottom:66%;\"><img loading=\"lazy\" decoding=\"async\" src=\"https:\/\/alejandro-gomez-weddings.com\/wp-content\/uploads\/2025\/11\/2S6A3827-1024x683.jpg\" width=\"1024\" height=\"683\" alt=\"Villa Wenkenhof, Basel. Couple session with bride and groom\" data-full-image=\"https:\/\/alejandro-gomez-weddings.com\/wp-content\/uploads\/2025\/11\/2S6A3827.jpg\" data-light-image=\"https:\/\/alejandro-gomez-weddings.com\/wp-content\/uploads\/2025\/11\/2S6A3827.jpg\" data-id=\"15894\" class=\"wp-image-15894\" srcset=\"https:\/\/alejandro-gomez-weddings.com\/wp-content\/uploads\/2025\/11\/2S6A3827-1024x683.jpg 1024w, https:\/\/alejandro-gomez-weddings.com\/wp-content\/uploads\/2025\/11\/2S6A3827-300x200.jpg 300w, https:\/\/alejandro-gomez-weddings.com\/wp-content\/uploads\/2025\/11\/2S6A3827-768x512.jpg 768w, https:\/\/alejandro-gomez-weddings.com\/wp-content\/uploads\/2025\/11\/2S6A3827-1536x1025.jpg 1536w, https:\/\/alejandro-gomez-weddings.com\/wp-content\/uploads\/2025\/11\/2S6A3827.jpg 2000w\" sizes=\"auto, (max-width: 1024px) 100vw, 1024px\" \/><\/div><\/div><\/figure><\/div><\/li><li class=\"kadence-blocks-gallery-item\"><div class=\"kadence-blocks-gallery-item-inner\"><figure class=\"kb-gallery-figure kadence-blocks-gallery-item-hide-caption\"><div class=\"kb-gal-image-radius\" style=\"max-width:1024px;\"><div class=\"kb-gallery-image-contain kadence-blocks-gallery-intrinsic\" style=\"padding-bottom:66%;\"><img loading=\"lazy\" decoding=\"async\" src=\"https:\/\/alejandro-gomez-weddings.com\/wp-content\/uploads\/2025\/11\/2S6A3830-1024x683.jpg\" width=\"1024\" height=\"683\" alt=\"Villa Wenkenhof, Basel. Couple session with bride and groom\" data-full-image=\"https:\/\/alejandro-gomez-weddings.com\/wp-content\/uploads\/2025\/11\/2S6A3830.jpg\" data-light-image=\"https:\/\/alejandro-gomez-weddings.com\/wp-content\/uploads\/2025\/11\/2S6A3830.jpg\" data-id=\"15899\" class=\"wp-image-15899\" srcset=\"https:\/\/alejandro-gomez-weddings.com\/wp-content\/uploads\/2025\/11\/2S6A3830-1024x683.jpg 1024w, https:\/\/alejandro-gomez-weddings.com\/wp-content\/uploads\/2025\/11\/2S6A3830-300x200.jpg 300w, https:\/\/alejandro-gomez-weddings.com\/wp-content\/uploads\/2025\/11\/2S6A3830-768x512.jpg 768w, https:\/\/alejandro-gomez-weddings.com\/wp-content\/uploads\/2025\/11\/2S6A3830-1536x1025.jpg 1536w, https:\/\/alejandro-gomez-weddings.com\/wp-content\/uploads\/2025\/11\/2S6A3830.jpg 2000w\" sizes=\"auto, (max-width: 1024px) 100vw, 1024px\" \/><\/div><\/div><\/figure><\/div><\/li><li class=\"kadence-blocks-gallery-item\"><div class=\"kadence-blocks-gallery-item-inner\"><figure class=\"kb-gallery-figure kadence-blocks-gallery-item-hide-caption\"><div class=\"kb-gal-image-radius\" style=\"max-width:1024px;\"><div class=\"kb-gallery-image-contain kadence-blocks-gallery-intrinsic\" style=\"padding-bottom:66%;\"><img loading=\"lazy\" decoding=\"async\" src=\"https:\/\/alejandro-gomez-weddings.com\/wp-content\/uploads\/2025\/11\/2S6A3831-1024x683.jpg\" width=\"1024\" height=\"683\" alt=\"Villa Wenkenhof, Basel. Couple session with bride and groom\" data-full-image=\"https:\/\/alejandro-gomez-weddings.com\/wp-content\/uploads\/2025\/11\/2S6A3831.jpg\" data-light-image=\"https:\/\/alejandro-gomez-weddings.com\/wp-content\/uploads\/2025\/11\/2S6A3831.jpg\" data-id=\"15904\" class=\"wp-image-15904\" srcset=\"https:\/\/alejandro-gomez-weddings.com\/wp-content\/uploads\/2025\/11\/2S6A3831-1024x683.jpg 1024w, https:\/\/alejandro-gomez-weddings.com\/wp-content\/uploads\/2025\/11\/2S6A3831-300x200.jpg 300w, https:\/\/alejandro-gomez-weddings.com\/wp-content\/uploads\/2025\/11\/2S6A3831-768x512.jpg 768w, https:\/\/alejandro-gomez-weddings.com\/wp-content\/uploads\/2025\/11\/2S6A3831-1536x1025.jpg 1536w, https:\/\/alejandro-gomez-weddings.com\/wp-content\/uploads\/2025\/11\/2S6A3831.jpg 2000w\" sizes=\"auto, (max-width: 1024px) 100vw, 1024px\" \/><\/div><\/div><\/figure><\/div><\/li><li class=\"kadence-blocks-gallery-item\"><div class=\"kadence-blocks-gallery-item-inner\"><figure class=\"kb-gallery-figure kadence-blocks-gallery-item-hide-caption\"><div class=\"kb-gal-image-radius\" style=\"max-width:1024px;\"><div class=\"kb-gallery-image-contain kadence-blocks-gallery-intrinsic\" style=\"padding-bottom:66%;\"><img loading=\"lazy\" decoding=\"async\" src=\"https:\/\/alejandro-gomez-weddings.com\/wp-content\/uploads\/2025\/11\/2S6A3832-1024x683.jpg\" width=\"1024\" height=\"683\" alt=\"Villa Wenkenhof, Basel. Couple session with bride and groom\" data-full-image=\"https:\/\/alejandro-gomez-weddings.com\/wp-content\/uploads\/2025\/11\/2S6A3832.jpg\" data-light-image=\"https:\/\/alejandro-gomez-weddings.com\/wp-content\/uploads\/2025\/11\/2S6A3832.jpg\" data-id=\"15909\" class=\"wp-image-15909\" srcset=\"https:\/\/alejandro-gomez-weddings.com\/wp-content\/uploads\/2025\/11\/2S6A3832-1024x683.jpg 1024w, https:\/\/alejandro-gomez-weddings.com\/wp-content\/uploads\/2025\/11\/2S6A3832-300x200.jpg 300w, https:\/\/alejandro-gomez-weddings.com\/wp-content\/uploads\/2025\/11\/2S6A3832-768x512.jpg 768w, https:\/\/alejandro-gomez-weddings.com\/wp-content\/uploads\/2025\/11\/2S6A3832-1536x1025.jpg 1536w, https:\/\/alejandro-gomez-weddings.com\/wp-content\/uploads\/2025\/11\/2S6A3832.jpg 2000w\" sizes=\"auto, (max-width: 1024px) 100vw, 1024px\" \/><\/div><\/div><\/figure><\/div><\/li><li class=\"kadence-blocks-gallery-item\"><div class=\"kadence-blocks-gallery-item-inner\"><figure class=\"kb-gallery-figure kadence-blocks-gallery-item-hide-caption\"><div class=\"kb-gal-image-radius\" style=\"max-width:1024px;\"><div class=\"kb-gallery-image-contain kadence-blocks-gallery-intrinsic\" style=\"padding-bottom:66%;\"><img loading=\"lazy\" decoding=\"async\" src=\"https:\/\/alejandro-gomez-weddings.com\/wp-content\/uploads\/2025\/11\/2S6A3834-1024x683.jpg\" width=\"1024\" height=\"683\" alt=\"Villa Wenkenhof, Basel. Couple session with bride and groom\" data-full-image=\"https:\/\/alejandro-gomez-weddings.com\/wp-content\/uploads\/2025\/11\/2S6A3834.jpg\" data-light-image=\"https:\/\/alejandro-gomez-weddings.com\/wp-content\/uploads\/2025\/11\/2S6A3834.jpg\" data-id=\"15914\" class=\"wp-image-15914\" srcset=\"https:\/\/alejandro-gomez-weddings.com\/wp-content\/uploads\/2025\/11\/2S6A3834-1024x683.jpg 1024w, https:\/\/alejandro-gomez-weddings.com\/wp-content\/uploads\/2025\/11\/2S6A3834-300x200.jpg 300w, https:\/\/alejandro-gomez-weddings.com\/wp-content\/uploads\/2025\/11\/2S6A3834-768x512.jpg 768w, https:\/\/alejandro-gomez-weddings.com\/wp-content\/uploads\/2025\/11\/2S6A3834-1536x1025.jpg 1536w, https:\/\/alejandro-gomez-weddings.com\/wp-content\/uploads\/2025\/11\/2S6A3834.jpg 2000w\" sizes=\"auto, (max-width: 1024px) 100vw, 1024px\" \/><\/div><\/div><\/figure><\/div><\/li><li class=\"kadence-blocks-gallery-item\"><div class=\"kadence-blocks-gallery-item-inner\"><figure class=\"kb-gallery-figure kadence-blocks-gallery-item-hide-caption\"><div class=\"kb-gal-image-radius\" style=\"max-width:683px;\"><div class=\"kb-gallery-image-contain kadence-blocks-gallery-intrinsic\" style=\"padding-bottom:149%;\"><img loading=\"lazy\" decoding=\"async\" src=\"https:\/\/alejandro-gomez-weddings.com\/wp-content\/uploads\/2025\/11\/2S6A3845-683x1024.jpg\" width=\"683\" height=\"1024\" alt=\"Villa Wenkenhof, Basel. Couple session with bride and groom\" data-full-image=\"https:\/\/alejandro-gomez-weddings.com\/wp-content\/uploads\/2025\/11\/2S6A3845.jpg\" data-light-image=\"https:\/\/alejandro-gomez-weddings.com\/wp-content\/uploads\/2025\/11\/2S6A3845.jpg\" data-id=\"15919\" class=\"wp-image-15919\" srcset=\"https:\/\/alejandro-gomez-weddings.com\/wp-content\/uploads\/2025\/11\/2S6A3845-683x1024.jpg 683w, https:\/\/alejandro-gomez-weddings.com\/wp-content\/uploads\/2025\/11\/2S6A3845-200x300.jpg 200w, https:\/\/alejandro-gomez-weddings.com\/wp-content\/uploads\/2025\/11\/2S6A3845-768x1151.jpg 768w, https:\/\/alejandro-gomez-weddings.com\/wp-content\/uploads\/2025\/11\/2S6A3845-1025x1536.jpg 1025w, https:\/\/alejandro-gomez-weddings.com\/wp-content\/uploads\/2025\/11\/2S6A3845.jpg 1334w\" sizes=\"auto, (max-width: 683px) 100vw, 683px\" \/><\/div><\/div><\/figure><\/div><\/li><li class=\"kadence-blocks-gallery-item\"><div class=\"kadence-blocks-gallery-item-inner\"><figure class=\"kb-gallery-figure kadence-blocks-gallery-item-hide-caption\"><div class=\"kb-gal-image-radius\" style=\"max-width:683px;\"><div class=\"kb-gallery-image-contain kadence-blocks-gallery-intrinsic\" style=\"padding-bottom:149%;\"><img loading=\"lazy\" decoding=\"async\" src=\"https:\/\/alejandro-gomez-weddings.com\/wp-content\/uploads\/2025\/11\/2S6A3855-683x1024.jpg\" width=\"683\" height=\"1024\" alt=\"Villa Wenkenhof, Basel. Couple session with bride and groom\" data-full-image=\"https:\/\/alejandro-gomez-weddings.com\/wp-content\/uploads\/2025\/11\/2S6A3855.jpg\" data-light-image=\"https:\/\/alejandro-gomez-weddings.com\/wp-content\/uploads\/2025\/11\/2S6A3855.jpg\" data-id=\"15924\" class=\"wp-image-15924\" srcset=\"https:\/\/alejandro-gomez-weddings.com\/wp-content\/uploads\/2025\/11\/2S6A3855-683x1024.jpg 683w, https:\/\/alejandro-gomez-weddings.com\/wp-content\/uploads\/2025\/11\/2S6A3855-200x300.jpg 200w, https:\/\/alejandro-gomez-weddings.com\/wp-content\/uploads\/2025\/11\/2S6A3855-768x1151.jpg 768w, https:\/\/alejandro-gomez-weddings.com\/wp-content\/uploads\/2025\/11\/2S6A3855-1025x1536.jpg 1025w, https:\/\/alejandro-gomez-weddings.com\/wp-content\/uploads\/2025\/11\/2S6A3855.jpg 1334w\" sizes=\"auto, (max-width: 683px) 100vw, 683px\" \/><\/div><\/div><\/figure><\/div><\/li><li class=\"kadence-blocks-gallery-item\"><div class=\"kadence-blocks-gallery-item-inner\"><figure class=\"kb-gallery-figure kadence-blocks-gallery-item-hide-caption\"><div class=\"kb-gal-image-radius\" style=\"max-width:1024px;\"><div class=\"kb-gallery-image-contain kadence-blocks-gallery-intrinsic\" style=\"padding-bottom:66%;\"><img loading=\"lazy\" decoding=\"async\" src=\"https:\/\/alejandro-gomez-weddings.com\/wp-content\/uploads\/2025\/11\/2S6A3865-1024x683.jpg\" width=\"1024\" height=\"683\" alt=\"Villa Wenkenhof, Basel. Couple session with bride and groom\" data-full-image=\"https:\/\/alejandro-gomez-weddings.com\/wp-content\/uploads\/2025\/11\/2S6A3865.jpg\" data-light-image=\"https:\/\/alejandro-gomez-weddings.com\/wp-content\/uploads\/2025\/11\/2S6A3865.jpg\" data-id=\"15929\" class=\"wp-image-15929\" srcset=\"https:\/\/alejandro-gomez-weddings.com\/wp-content\/uploads\/2025\/11\/2S6A3865-1024x683.jpg 1024w, https:\/\/alejandro-gomez-weddings.com\/wp-content\/uploads\/2025\/11\/2S6A3865-300x200.jpg 300w, https:\/\/alejandro-gomez-weddings.com\/wp-content\/uploads\/2025\/11\/2S6A3865-768x512.jpg 768w, https:\/\/alejandro-gomez-weddings.com\/wp-content\/uploads\/2025\/11\/2S6A3865-1536x1025.jpg 1536w, https:\/\/alejandro-gomez-weddings.com\/wp-content\/uploads\/2025\/11\/2S6A3865.jpg 2000w\" sizes=\"auto, (max-width: 1024px) 100vw, 1024px\" \/><\/div><\/div><\/figure><\/div><\/li><li class=\"kadence-blocks-gallery-item\"><div class=\"kadence-blocks-gallery-item-inner\"><figure class=\"kb-gallery-figure kadence-blocks-gallery-item-hide-caption\"><div class=\"kb-gal-image-radius\" style=\"max-width:683px;\"><div class=\"kb-gallery-image-contain kadence-blocks-gallery-intrinsic\" style=\"padding-bottom:149%;\"><img loading=\"lazy\" decoding=\"async\" src=\"https:\/\/alejandro-gomez-weddings.com\/wp-content\/uploads\/2025\/11\/2S6A3870-683x1024.jpg\" width=\"683\" height=\"1024\" alt=\"Villa Wenkenhof, Basel. Couple session with bride and groom\" data-full-image=\"https:\/\/alejandro-gomez-weddings.com\/wp-content\/uploads\/2025\/11\/2S6A3870.jpg\" data-light-image=\"https:\/\/alejandro-gomez-weddings.com\/wp-content\/uploads\/2025\/11\/2S6A3870.jpg\" data-id=\"15934\" class=\"wp-image-15934\" srcset=\"https:\/\/alejandro-gomez-weddings.com\/wp-content\/uploads\/2025\/11\/2S6A3870-683x1024.jpg 683w, https:\/\/alejandro-gomez-weddings.com\/wp-content\/uploads\/2025\/11\/2S6A3870-200x300.jpg 200w, https:\/\/alejandro-gomez-weddings.com\/wp-content\/uploads\/2025\/11\/2S6A3870-768x1151.jpg 768w, https:\/\/alejandro-gomez-weddings.com\/wp-content\/uploads\/2025\/11\/2S6A3870-1025x1536.jpg 1025w, https:\/\/alejandro-gomez-weddings.com\/wp-content\/uploads\/2025\/11\/2S6A3870.jpg 1334w\" sizes=\"auto, (max-width: 683px) 100vw, 683px\" \/><\/div><\/div><\/figure><\/div><\/li><li class=\"kadence-blocks-gallery-item\"><div class=\"kadence-blocks-gallery-item-inner\"><figure class=\"kb-gallery-figure kadence-blocks-gallery-item-hide-caption\"><div class=\"kb-gal-image-radius\" style=\"max-width:683px;\"><div class=\"kb-gallery-image-contain kadence-blocks-gallery-intrinsic\" style=\"padding-bottom:149%;\"><img loading=\"lazy\" decoding=\"async\" src=\"https:\/\/alejandro-gomez-weddings.com\/wp-content\/uploads\/2025\/11\/2S6A3871-683x1024.jpg\" width=\"683\" height=\"1024\" alt=\"Villa Wenkenhof, Basel. Couple session with bride and groom. Wedding rings\" data-full-image=\"https:\/\/alejandro-gomez-weddings.com\/wp-content\/uploads\/2025\/11\/2S6A3871.jpg\" data-light-image=\"https:\/\/alejandro-gomez-weddings.com\/wp-content\/uploads\/2025\/11\/2S6A3871.jpg\" data-id=\"15939\" class=\"wp-image-15939\" srcset=\"https:\/\/alejandro-gomez-weddings.com\/wp-content\/uploads\/2025\/11\/2S6A3871-683x1024.jpg 683w, https:\/\/alejandro-gomez-weddings.com\/wp-content\/uploads\/2025\/11\/2S6A3871-200x300.jpg 200w, https:\/\/alejandro-gomez-weddings.com\/wp-content\/uploads\/2025\/11\/2S6A3871-768x1151.jpg 768w, https:\/\/alejandro-gomez-weddings.com\/wp-content\/uploads\/2025\/11\/2S6A3871-1025x1536.jpg 1025w, https:\/\/alejandro-gomez-weddings.com\/wp-content\/uploads\/2025\/11\/2S6A3871.jpg 1334w\" sizes=\"auto, (max-width: 683px) 100vw, 683px\" \/><\/div><\/div><\/figure><\/div><\/li><li class=\"kadence-blocks-gallery-item\"><div class=\"kadence-blocks-gallery-item-inner\"><figure class=\"kb-gallery-figure kadence-blocks-gallery-item-hide-caption\"><div class=\"kb-gal-image-radius\" style=\"max-width:1024px;\"><div class=\"kb-gallery-image-contain kadence-blocks-gallery-intrinsic\" style=\"padding-bottom:54%;\"><img loading=\"lazy\" decoding=\"async\" src=\"https:\/\/alejandro-gomez-weddings.com\/wp-content\/uploads\/2025\/11\/2S6A3888-1024x555.jpg\" width=\"1024\" height=\"555\" alt=\"Villa Wenkenhof, Basel. Couple session with bride and groom\" data-full-image=\"https:\/\/alejandro-gomez-weddings.com\/wp-content\/uploads\/2025\/11\/2S6A3888.jpg\" data-light-image=\"https:\/\/alejandro-gomez-weddings.com\/wp-content\/uploads\/2025\/11\/2S6A3888.jpg\" data-id=\"15944\" class=\"wp-image-15944\" srcset=\"https:\/\/alejandro-gomez-weddings.com\/wp-content\/uploads\/2025\/11\/2S6A3888-1024x555.jpg 1024w, https:\/\/alejandro-gomez-weddings.com\/wp-content\/uploads\/2025\/11\/2S6A3888-300x163.jpg 300w, https:\/\/alejandro-gomez-weddings.com\/wp-content\/uploads\/2025\/11\/2S6A3888-768x416.jpg 768w, https:\/\/alejandro-gomez-weddings.com\/wp-content\/uploads\/2025\/11\/2S6A3888-1536x833.jpg 1536w, https:\/\/alejandro-gomez-weddings.com\/wp-content\/uploads\/2025\/11\/2S6A3888.jpg 2000w\" sizes=\"auto, (max-width: 1024px) 100vw, 1024px\" \/><\/div><\/div><\/figure><\/div><\/li><li class=\"kadence-blocks-gallery-item\"><div class=\"kadence-blocks-gallery-item-inner\"><figure class=\"kb-gallery-figure kadence-blocks-gallery-item-hide-caption\"><div class=\"kb-gal-image-radius\" style=\"max-width:1024px;\"><div class=\"kb-gallery-image-contain kadence-blocks-gallery-intrinsic\" style=\"padding-bottom:66%;\"><img loading=\"lazy\" decoding=\"async\" src=\"https:\/\/alejandro-gomez-weddings.com\/wp-content\/uploads\/2025\/11\/2S6A3893-1024x683.jpg\" width=\"1024\" height=\"683\" alt=\"Villa Wenkenhof, Basel. Couple session with bride and groom\" data-full-image=\"https:\/\/alejandro-gomez-weddings.com\/wp-content\/uploads\/2025\/11\/2S6A3893.jpg\" data-light-image=\"https:\/\/alejandro-gomez-weddings.com\/wp-content\/uploads\/2025\/11\/2S6A3893.jpg\" data-id=\"15949\" class=\"wp-image-15949\" srcset=\"https:\/\/alejandro-gomez-weddings.com\/wp-content\/uploads\/2025\/11\/2S6A3893-1024x683.jpg 1024w, https:\/\/alejandro-gomez-weddings.com\/wp-content\/uploads\/2025\/11\/2S6A3893-300x200.jpg 300w, https:\/\/alejandro-gomez-weddings.com\/wp-content\/uploads\/2025\/11\/2S6A3893-768x512.jpg 768w, https:\/\/alejandro-gomez-weddings.com\/wp-content\/uploads\/2025\/11\/2S6A3893-1536x1025.jpg 1536w, https:\/\/alejandro-gomez-weddings.com\/wp-content\/uploads\/2025\/11\/2S6A3893.jpg 2000w\" sizes=\"auto, (max-width: 1024px) 100vw, 1024px\" \/><\/div><\/div><\/figure><\/div><\/li><li class=\"kadence-blocks-gallery-item\"><div class=\"kadence-blocks-gallery-item-inner\"><figure class=\"kb-gallery-figure kadence-blocks-gallery-item-hide-caption\"><div class=\"kb-gal-image-radius\" style=\"max-width:1024px;\"><div class=\"kb-gallery-image-contain kadence-blocks-gallery-intrinsic\" style=\"padding-bottom:66%;\"><img loading=\"lazy\" decoding=\"async\" src=\"https:\/\/alejandro-gomez-weddings.com\/wp-content\/uploads\/2025\/11\/2S6A3894-1024x683.jpg\" width=\"1024\" height=\"683\" alt=\"Villa Wenkenhof, Basel. Couple session with bride and groom\" data-full-image=\"https:\/\/alejandro-gomez-weddings.com\/wp-content\/uploads\/2025\/11\/2S6A3894.jpg\" data-light-image=\"https:\/\/alejandro-gomez-weddings.com\/wp-content\/uploads\/2025\/11\/2S6A3894.jpg\" data-id=\"15954\" class=\"wp-image-15954\" srcset=\"https:\/\/alejandro-gomez-weddings.com\/wp-content\/uploads\/2025\/11\/2S6A3894-1024x683.jpg 1024w, https:\/\/alejandro-gomez-weddings.com\/wp-content\/uploads\/2025\/11\/2S6A3894-300x200.jpg 300w, https:\/\/alejandro-gomez-weddings.com\/wp-content\/uploads\/2025\/11\/2S6A3894-768x512.jpg 768w, https:\/\/alejandro-gomez-weddings.com\/wp-content\/uploads\/2025\/11\/2S6A3894-1536x1025.jpg 1536w, https:\/\/alejandro-gomez-weddings.com\/wp-content\/uploads\/2025\/11\/2S6A3894.jpg 2000w\" sizes=\"auto, (max-width: 1024px) 100vw, 1024px\" \/><\/div><\/div><\/figure><\/div><\/li><li class=\"kadence-blocks-gallery-item\"><div class=\"kadence-blocks-gallery-item-inner\"><figure class=\"kb-gallery-figure kadence-blocks-gallery-item-hide-caption\"><div class=\"kb-gal-image-radius\" style=\"max-width:1024px;\"><div class=\"kb-gallery-image-contain kadence-blocks-gallery-intrinsic\" style=\"padding-bottom:66%;\"><img loading=\"lazy\" decoding=\"async\" src=\"https:\/\/alejandro-gomez-weddings.com\/wp-content\/uploads\/2025\/11\/2S6A3895-1024x683.jpg\" width=\"1024\" height=\"683\" alt=\"Villa Wenkenhof, Basel. Couple session with bride and groom\" data-full-image=\"https:\/\/alejandro-gomez-weddings.com\/wp-content\/uploads\/2025\/11\/2S6A3895.jpg\" data-light-image=\"https:\/\/alejandro-gomez-weddings.com\/wp-content\/uploads\/2025\/11\/2S6A3895.jpg\" data-id=\"15959\" class=\"wp-image-15959\" srcset=\"https:\/\/alejandro-gomez-weddings.com\/wp-content\/uploads\/2025\/11\/2S6A3895-1024x683.jpg 1024w, https:\/\/alejandro-gomez-weddings.com\/wp-content\/uploads\/2025\/11\/2S6A3895-300x200.jpg 300w, https:\/\/alejandro-gomez-weddings.com\/wp-content\/uploads\/2025\/11\/2S6A3895-768x512.jpg 768w, https:\/\/alejandro-gomez-weddings.com\/wp-content\/uploads\/2025\/11\/2S6A3895-1536x1025.jpg 1536w, https:\/\/alejandro-gomez-weddings.com\/wp-content\/uploads\/2025\/11\/2S6A3895.jpg 2000w\" sizes=\"auto, (max-width: 1024px) 100vw, 1024px\" \/><\/div><\/div><\/figure><\/div><\/li><li class=\"kadence-blocks-gallery-item\"><div class=\"kadence-blocks-gallery-item-inner\"><figure class=\"kb-gallery-figure kadence-blocks-gallery-item-hide-caption\"><div class=\"kb-gal-image-radius\" style=\"max-width:1024px;\"><div class=\"kb-gallery-image-contain kadence-blocks-gallery-intrinsic\" style=\"padding-bottom:49%;\"><img loading=\"lazy\" decoding=\"async\" src=\"https:\/\/alejandro-gomez-weddings.com\/wp-content\/uploads\/2025\/11\/2S6A3896-1024x511.jpg\" width=\"1024\" height=\"511\" alt=\"Villa Wenkenhof, Basel. Couple session with bride and groom\" data-full-image=\"https:\/\/alejandro-gomez-weddings.com\/wp-content\/uploads\/2025\/11\/2S6A3896.jpg\" data-light-image=\"https:\/\/alejandro-gomez-weddings.com\/wp-content\/uploads\/2025\/11\/2S6A3896.jpg\" data-id=\"15964\" class=\"wp-image-15964\" srcset=\"https:\/\/alejandro-gomez-weddings.com\/wp-content\/uploads\/2025\/11\/2S6A3896-1024x511.jpg 1024w, https:\/\/alejandro-gomez-weddings.com\/wp-content\/uploads\/2025\/11\/2S6A3896-300x150.jpg 300w, https:\/\/alejandro-gomez-weddings.com\/wp-content\/uploads\/2025\/11\/2S6A3896-768x384.jpg 768w, https:\/\/alejandro-gomez-weddings.com\/wp-content\/uploads\/2025\/11\/2S6A3896-1536x767.jpg 1536w, https:\/\/alejandro-gomez-weddings.com\/wp-content\/uploads\/2025\/11\/2S6A3896.jpg 2000w\" sizes=\"auto, (max-width: 1024px) 100vw, 1024px\" \/><\/div><\/div><\/figure><\/div><\/li><li class=\"kadence-blocks-gallery-item\"><div class=\"kadence-blocks-gallery-item-inner\"><figure class=\"kb-gallery-figure kadence-blocks-gallery-item-hide-caption\"><div class=\"kb-gal-image-radius\" style=\"max-width:1024px;\"><div class=\"kb-gallery-image-contain kadence-blocks-gallery-intrinsic\" style=\"padding-bottom:66%;\"><img loading=\"lazy\" decoding=\"async\" src=\"https:\/\/alejandro-gomez-weddings.com\/wp-content\/uploads\/2025\/11\/2S6A3903-1024x683.jpg\" width=\"1024\" height=\"683\" alt=\"Villa Wenkenhof, Basel. Couple session with bride and groom\" data-full-image=\"https:\/\/alejandro-gomez-weddings.com\/wp-content\/uploads\/2025\/11\/2S6A3903.jpg\" data-light-image=\"https:\/\/alejandro-gomez-weddings.com\/wp-content\/uploads\/2025\/11\/2S6A3903.jpg\" data-id=\"15969\" class=\"wp-image-15969\" srcset=\"https:\/\/alejandro-gomez-weddings.com\/wp-content\/uploads\/2025\/11\/2S6A3903-1024x683.jpg 1024w, https:\/\/alejandro-gomez-weddings.com\/wp-content\/uploads\/2025\/11\/2S6A3903-300x200.jpg 300w, https:\/\/alejandro-gomez-weddings.com\/wp-content\/uploads\/2025\/11\/2S6A3903-768x512.jpg 768w, https:\/\/alejandro-gomez-weddings.com\/wp-content\/uploads\/2025\/11\/2S6A3903-1536x1025.jpg 1536w, https:\/\/alejandro-gomez-weddings.com\/wp-content\/uploads\/2025\/11\/2S6A3903.jpg 2000w\" sizes=\"auto, (max-width: 1024px) 100vw, 1024px\" \/><\/div><\/div><\/figure><\/div><\/li><li class=\"kadence-blocks-gallery-item\"><div class=\"kadence-blocks-gallery-item-inner\"><figure class=\"kb-gallery-figure kadence-blocks-gallery-item-hide-caption\"><div class=\"kb-gal-image-radius\" style=\"max-width:1024px;\"><div class=\"kb-gallery-image-contain kadence-blocks-gallery-intrinsic\" style=\"padding-bottom:66%;\"><img loading=\"lazy\" decoding=\"async\" src=\"https:\/\/alejandro-gomez-weddings.com\/wp-content\/uploads\/2025\/11\/2S6A3904-1024x683.jpg\" width=\"1024\" height=\"683\" alt=\"Villa Wenkenhof, Basel. Couple session with bride and groom\" data-full-image=\"https:\/\/alejandro-gomez-weddings.com\/wp-content\/uploads\/2025\/11\/2S6A3904.jpg\" data-light-image=\"https:\/\/alejandro-gomez-weddings.com\/wp-content\/uploads\/2025\/11\/2S6A3904.jpg\" data-id=\"15974\" class=\"wp-image-15974\" srcset=\"https:\/\/alejandro-gomez-weddings.com\/wp-content\/uploads\/2025\/11\/2S6A3904-1024x683.jpg 1024w, https:\/\/alejandro-gomez-weddings.com\/wp-content\/uploads\/2025\/11\/2S6A3904-300x200.jpg 300w, https:\/\/alejandro-gomez-weddings.com\/wp-content\/uploads\/2025\/11\/2S6A3904-768x512.jpg 768w, https:\/\/alejandro-gomez-weddings.com\/wp-content\/uploads\/2025\/11\/2S6A3904-1536x1025.jpg 1536w, https:\/\/alejandro-gomez-weddings.com\/wp-content\/uploads\/2025\/11\/2S6A3904.jpg 2000w\" sizes=\"auto, (max-width: 1024px) 100vw, 1024px\" \/><\/div><\/div><\/figure><\/div><\/li><li class=\"kadence-blocks-gallery-item\"><div class=\"kadence-blocks-gallery-item-inner\"><figure class=\"kb-gallery-figure kadence-blocks-gallery-item-hide-caption\"><div class=\"kb-gal-image-radius\" style=\"max-width:1024px;\"><div class=\"kb-gallery-image-contain kadence-blocks-gallery-intrinsic\" style=\"padding-bottom:54%;\"><img loading=\"lazy\" decoding=\"async\" src=\"https:\/\/alejandro-gomez-weddings.com\/wp-content\/uploads\/2025\/11\/2S6A3906-1024x559.jpg\" width=\"1024\" height=\"559\" alt=\"Villa Wenkenhof, Basel. Couple session with bride and groom\" data-full-image=\"https:\/\/alejandro-gomez-weddings.com\/wp-content\/uploads\/2025\/11\/2S6A3906.jpg\" data-light-image=\"https:\/\/alejandro-gomez-weddings.com\/wp-content\/uploads\/2025\/11\/2S6A3906.jpg\" data-id=\"15979\" class=\"wp-image-15979\" srcset=\"https:\/\/alejandro-gomez-weddings.com\/wp-content\/uploads\/2025\/11\/2S6A3906-1024x559.jpg 1024w, https:\/\/alejandro-gomez-weddings.com\/wp-content\/uploads\/2025\/11\/2S6A3906-300x164.jpg 300w, https:\/\/alejandro-gomez-weddings.com\/wp-content\/uploads\/2025\/11\/2S6A3906-768x419.jpg 768w, https:\/\/alejandro-gomez-weddings.com\/wp-content\/uploads\/2025\/11\/2S6A3906-1536x838.jpg 1536w, https:\/\/alejandro-gomez-weddings.com\/wp-content\/uploads\/2025\/11\/2S6A3906.jpg 2000w\" sizes=\"auto, (max-width: 1024px) 100vw, 1024px\" \/><\/div><\/div><\/figure><\/div><\/li><li class=\"kadence-blocks-gallery-item\"><div class=\"kadence-blocks-gallery-item-inner\"><figure class=\"kb-gallery-figure kadence-blocks-gallery-item-hide-caption\"><div class=\"kb-gal-image-radius\" style=\"max-width:1024px;\"><div class=\"kb-gallery-image-contain kadence-blocks-gallery-intrinsic\" style=\"padding-bottom:66%;\"><img loading=\"lazy\" decoding=\"async\" src=\"https:\/\/alejandro-gomez-weddings.com\/wp-content\/uploads\/2025\/11\/2S6A3907-1-1024x683.jpg\" width=\"1024\" height=\"683\" alt=\"Villa Wenkenhof, Basel. Couple session with bride and groom\" data-full-image=\"https:\/\/alejandro-gomez-weddings.com\/wp-content\/uploads\/2025\/11\/2S6A3907-1.jpg\" data-light-image=\"https:\/\/alejandro-gomez-weddings.com\/wp-content\/uploads\/2025\/11\/2S6A3907-1.jpg\" data-id=\"15984\" class=\"wp-image-15984\" srcset=\"https:\/\/alejandro-gomez-weddings.com\/wp-content\/uploads\/2025\/11\/2S6A3907-1-1024x683.jpg 1024w, https:\/\/alejandro-gomez-weddings.com\/wp-content\/uploads\/2025\/11\/2S6A3907-1-300x200.jpg 300w, https:\/\/alejandro-gomez-weddings.com\/wp-content\/uploads\/2025\/11\/2S6A3907-1-768x512.jpg 768w, https:\/\/alejandro-gomez-weddings.com\/wp-content\/uploads\/2025\/11\/2S6A3907-1-1536x1025.jpg 1536w, https:\/\/alejandro-gomez-weddings.com\/wp-content\/uploads\/2025\/11\/2S6A3907-1.jpg 2000w\" sizes=\"auto, (max-width: 1024px) 100vw, 1024px\" \/><\/div><\/div><\/figure><\/div><\/li><li class=\"kadence-blocks-gallery-item\"><div class=\"kadence-blocks-gallery-item-inner\"><figure class=\"kb-gallery-figure kadence-blocks-gallery-item-hide-caption\"><div class=\"kb-gal-image-radius\" style=\"max-width:683px;\"><div class=\"kb-gallery-image-contain kadence-blocks-gallery-intrinsic\" style=\"padding-bottom:149%;\"><img loading=\"lazy\" decoding=\"async\" src=\"https:\/\/alejandro-gomez-weddings.com\/wp-content\/uploads\/2025\/11\/2S6A3919-683x1024.jpg\" width=\"683\" height=\"1024\" alt=\"Villa Wenkenhof, Basel. Couple session with bride and groom\" data-full-image=\"https:\/\/alejandro-gomez-weddings.com\/wp-content\/uploads\/2025\/11\/2S6A3919.jpg\" data-light-image=\"https:\/\/alejandro-gomez-weddings.com\/wp-content\/uploads\/2025\/11\/2S6A3919.jpg\" data-id=\"15989\" class=\"wp-image-15989\" srcset=\"https:\/\/alejandro-gomez-weddings.com\/wp-content\/uploads\/2025\/11\/2S6A3919-683x1024.jpg 683w, https:\/\/alejandro-gomez-weddings.com\/wp-content\/uploads\/2025\/11\/2S6A3919-200x300.jpg 200w, https:\/\/alejandro-gomez-weddings.com\/wp-content\/uploads\/2025\/11\/2S6A3919-768x1151.jpg 768w, https:\/\/alejandro-gomez-weddings.com\/wp-content\/uploads\/2025\/11\/2S6A3919-1025x1536.jpg 1025w, https:\/\/alejandro-gomez-weddings.com\/wp-content\/uploads\/2025\/11\/2S6A3919.jpg 1334w\" sizes=\"auto, (max-width: 683px) 100vw, 683px\" \/><\/div><\/div><\/figure><\/div><\/li><li class=\"kadence-blocks-gallery-item\"><div class=\"kadence-blocks-gallery-item-inner\"><figure class=\"kb-gallery-figure kadence-blocks-gallery-item-hide-caption\"><div class=\"kb-gal-image-radius\" style=\"max-width:1024px;\"><div class=\"kb-gallery-image-contain kadence-blocks-gallery-intrinsic\" style=\"padding-bottom:66%;\"><img loading=\"lazy\" decoding=\"async\" src=\"https:\/\/alejandro-gomez-weddings.com\/wp-content\/uploads\/2025\/11\/2S6A3933-1024x683.jpg\" width=\"1024\" height=\"683\" alt=\"Villa Wenkenhof, Basel. Couple session with bride, groom and her daughter\" data-full-image=\"https:\/\/alejandro-gomez-weddings.com\/wp-content\/uploads\/2025\/11\/2S6A3933.jpg\" data-light-image=\"https:\/\/alejandro-gomez-weddings.com\/wp-content\/uploads\/2025\/11\/2S6A3933.jpg\" data-id=\"15994\" class=\"wp-image-15994\" srcset=\"https:\/\/alejandro-gomez-weddings.com\/wp-content\/uploads\/2025\/11\/2S6A3933-1024x683.jpg 1024w, https:\/\/alejandro-gomez-weddings.com\/wp-content\/uploads\/2025\/11\/2S6A3933-300x200.jpg 300w, https:\/\/alejandro-gomez-weddings.com\/wp-content\/uploads\/2025\/11\/2S6A3933-768x512.jpg 768w, https:\/\/alejandro-gomez-weddings.com\/wp-content\/uploads\/2025\/11\/2S6A3933-1536x1025.jpg 1536w, https:\/\/alejandro-gomez-weddings.com\/wp-content\/uploads\/2025\/11\/2S6A3933.jpg 2000w\" sizes=\"auto, (max-width: 1024px) 100vw, 1024px\" \/><\/div><\/div><\/figure><\/div><\/li><\/ul><\/div>\n\n\n<p><\/p>\n\n\n\n<p><\/p>\n\n\n<style>.wp-block-kadence-advancedheading.kt-adv-heading15057_b020db-03, .wp-block-kadence-advancedheading.kt-adv-heading15057_b020db-03[data-kb-block=\"kb-adv-heading15057_b020db-03\"]{text-align:center;font-size:60px;font-style:normal;text-transform:uppercase;}.wp-block-kadence-advancedheading.kt-adv-heading15057_b020db-03 mark.kt-highlight, .wp-block-kadence-advancedheading.kt-adv-heading15057_b020db-03[data-kb-block=\"kb-adv-heading15057_b020db-03\"] mark.kt-highlight{font-style:normal;color:#f76a0c;-webkit-box-decoration-break:clone;box-decoration-break:clone;padding-top:0px;padding-right:0px;padding-bottom:0px;padding-left:0px;}@media all and (max-width: 767px){.wp-block-kadence-advancedheading.kt-adv-heading15057_b020db-03, .wp-block-kadence-advancedheading.kt-adv-heading15057_b020db-03[data-kb-block=\"kb-adv-heading15057_b020db-03\"]{font-size:30px;}}<\/style>\n<h2 class=\"kt-adv-heading15057_b020db-03 wp-block-kadence-advancedheading\" data-kb-block=\"kb-adv-heading15057_b020db-03\">Una hermosa celebraci\u00f3n en Villa Wenkenhof<\/h2>\n\n\n<style>.wp-block-kadence-advancedheading.kt-adv-heading15057_85cee5-6c, .wp-block-kadence-advancedheading.kt-adv-heading15057_85cee5-6c[data-kb-block=\"kb-adv-heading15057_85cee5-6c\"]{text-align:center;font-size:40px;line-height:1.2;font-weight:400;font-style:normal;font-family:'Libre Caslon Display';border-top:30px solid transparent;border-right:30px solid transparent;border-bottom:30px solid transparent;border-left:30px solid transparent;}.wp-block-kadence-advancedheading.kt-adv-heading15057_85cee5-6c mark.kt-highlight, .wp-block-kadence-advancedheading.kt-adv-heading15057_85cee5-6c[data-kb-block=\"kb-adv-heading15057_85cee5-6c\"] mark.kt-highlight{font-style:normal;color:#f76a0c;-webkit-box-decoration-break:clone;box-decoration-break:clone;padding-top:0px;padding-right:0px;padding-bottom:0px;padding-left:0px;}@media all and (max-width: 1024px){.wp-block-kadence-advancedheading.kt-adv-heading15057_85cee5-6c, .wp-block-kadence-advancedheading.kt-adv-heading15057_85cee5-6c[data-kb-block=\"kb-adv-heading15057_85cee5-6c\"]{border-top:30px solid transparent;border-right:30px solid transparent;border-bottom:30px solid transparent;border-left:30px solid transparent;}}@media all and (max-width: 767px){.wp-block-kadence-advancedheading.kt-adv-heading15057_85cee5-6c, .wp-block-kadence-advancedheading.kt-adv-heading15057_85cee5-6c[data-kb-block=\"kb-adv-heading15057_85cee5-6c\"]{font-size:20px;border-top:30px solid transparent;border-right:30px solid transparent;border-bottom:30px solid transparent;border-left:30px solid transparent;}}<\/style>\n<p class=\"kt-adv-heading15057_85cee5-6c wp-block-kadence-advancedheading\" data-kb-block=\"kb-adv-heading15057_85cee5-6c\">En el jard\u00edn y dentro de la villa, capturamos muchos momentos entre amigos y familiares: ni\u00f1os jugando en el c\u00e9sped, grupos charlando bajo la luz del final del verano, parientes salud\u00e1ndose tras largos viajes. La villa al fondo a\u00f1adi\u00f3 un toque atemporal y cinematogr\u00e1fico a estas escenas. <\/p>\n\n\n\n<p><\/p>\n<\/div><\/div>\n\n<p><\/p>\n\n<div class=\"wp-block-group\"><div class=\"wp-block-group__inner-container is-layout-constrained wp-block-group-is-layout-constrained\"><style>.wp-block-kadence-advancedgallery .kb-gallery-type-masonry.kb-gallery-id-15057_40b91b-91{margin:-1px;}.kb-gallery-type-masonry.kb-gallery-id-15057_40b91b-91 .kadence-blocks-gallery-item{padding:1px;}.kb-gallery-id-15057_40b91b-91 .kadence-blocks-gallery-item .kb-gal-image-radius, .kb-gallery-id-15057_40b91b-91 .kb-slide-item .kb-gal-image-radius img{border-radius:0px 0px 0px 0px;;}<\/style><div class=\"kb-gallery-wrap-id-15057_40b91b-91 alignnone wp-block-kadence-advancedgallery\"><ul class=\"kb-gallery-ul kb-gallery-non-static kb-gallery-type-masonry kb-masonry-init kb-gallery-id-15057_40b91b-91 kb-gallery-caption-style-bottom-hover kb-gallery-filter-none\" data-image-filter=\"none\" data-item-selector=\".kadence-blocks-gallery-item\" data-lightbox-caption=\"true\" data-columns-xxl=\"2\" data-columns-xl=\"2\" data-columns-md=\"2\" data-columns-sm=\"2\" data-columns-xs=\"1\" data-columns-ss=\"1\"><li class=\"kadence-blocks-gallery-item\"><div class=\"kadence-blocks-gallery-item-inner\"><figure class=\"kb-gallery-figure kadence-blocks-gallery-item-hide-caption\"><div class=\"kb-gal-image-radius\" style=\"max-width:683px;\"><div class=\"kb-gallery-image-contain kadence-blocks-gallery-intrinsic\" style=\"padding-bottom:149%;\"><img loading=\"lazy\" decoding=\"async\" src=\"https:\/\/alejandro-gomez-weddings.com\/wp-content\/uploads\/2025\/11\/I2A0938-1-683x1024.jpg\" width=\"683\" height=\"1024\" alt=\"Group photo of bride, groom and friends in the gardens of Villa Wenkenhof, Switzerland.\" data-full-image=\"https:\/\/alejandro-gomez-weddings.com\/wp-content\/uploads\/2025\/11\/I2A0938-1.jpg\" data-light-image=\"https:\/\/alejandro-gomez-weddings.com\/wp-content\/uploads\/2025\/11\/I2A0938-1.jpg\" data-id=\"16074\" class=\"wp-image-16074\" srcset=\"https:\/\/alejandro-gomez-weddings.com\/wp-content\/uploads\/2025\/11\/I2A0938-1-683x1024.jpg 683w, https:\/\/alejandro-gomez-weddings.com\/wp-content\/uploads\/2025\/11\/I2A0938-1-200x300.jpg 200w, https:\/\/alejandro-gomez-weddings.com\/wp-content\/uploads\/2025\/11\/I2A0938-1-768x1151.jpg 768w, https:\/\/alejandro-gomez-weddings.com\/wp-content\/uploads\/2025\/11\/I2A0938-1-1025x1536.jpg 1025w, https:\/\/alejandro-gomez-weddings.com\/wp-content\/uploads\/2025\/11\/I2A0938-1.jpg 1334w\" sizes=\"auto, (max-width: 683px) 100vw, 683px\" \/><\/div><\/div><\/figure><\/div><\/li><li class=\"kadence-blocks-gallery-item\"><div class=\"kadence-blocks-gallery-item-inner\"><figure class=\"kb-gallery-figure kadence-blocks-gallery-item-hide-caption\"><div class=\"kb-gal-image-radius\" style=\"max-width:1024px;\"><div class=\"kb-gallery-image-contain kadence-blocks-gallery-intrinsic\" style=\"padding-bottom:66%;\"><img loading=\"lazy\" decoding=\"async\" src=\"https:\/\/alejandro-gomez-weddings.com\/wp-content\/uploads\/2025\/11\/I2A0951-1-1024x683.jpg\" width=\"1024\" height=\"683\" alt=\"Group photo of bride, groom and friends in the gardens of Villa Wenkenhof, Switzerland.\" data-full-image=\"https:\/\/alejandro-gomez-weddings.com\/wp-content\/uploads\/2025\/11\/I2A0951-1.jpg\" data-light-image=\"https:\/\/alejandro-gomez-weddings.com\/wp-content\/uploads\/2025\/11\/I2A0951-1.jpg\" data-id=\"16079\" class=\"wp-image-16079\" srcset=\"https:\/\/alejandro-gomez-weddings.com\/wp-content\/uploads\/2025\/11\/I2A0951-1-1024x683.jpg 1024w, https:\/\/alejandro-gomez-weddings.com\/wp-content\/uploads\/2025\/11\/I2A0951-1-300x200.jpg 300w, https:\/\/alejandro-gomez-weddings.com\/wp-content\/uploads\/2025\/11\/I2A0951-1-768x512.jpg 768w, https:\/\/alejandro-gomez-weddings.com\/wp-content\/uploads\/2025\/11\/I2A0951-1-1536x1025.jpg 1536w, https:\/\/alejandro-gomez-weddings.com\/wp-content\/uploads\/2025\/11\/I2A0951-1.jpg 2000w\" sizes=\"auto, (max-width: 1024px) 100vw, 1024px\" \/><\/div><\/div><\/figure><\/div><\/li><li class=\"kadence-blocks-gallery-item\"><div class=\"kadence-blocks-gallery-item-inner\"><figure class=\"kb-gallery-figure kadence-blocks-gallery-item-hide-caption\"><div class=\"kb-gal-image-radius\" style=\"max-width:1024px;\"><div class=\"kb-gallery-image-contain kadence-blocks-gallery-intrinsic\" style=\"padding-bottom:66%;\"><img loading=\"lazy\" decoding=\"async\" src=\"https:\/\/alejandro-gomez-weddings.com\/wp-content\/uploads\/2025\/11\/I2A1097-1-1024x683.jpg\" width=\"1024\" height=\"683\" alt=\"Group photo of bride, groom and friends in the gardens of Villa Wenkenhof, Switzerland. Saxophon player\" data-full-image=\"https:\/\/alejandro-gomez-weddings.com\/wp-content\/uploads\/2025\/11\/I2A1097-1.jpg\" data-light-image=\"https:\/\/alejandro-gomez-weddings.com\/wp-content\/uploads\/2025\/11\/I2A1097-1.jpg\" data-id=\"16089\" class=\"wp-image-16089\" srcset=\"https:\/\/alejandro-gomez-weddings.com\/wp-content\/uploads\/2025\/11\/I2A1097-1-1024x683.jpg 1024w, https:\/\/alejandro-gomez-weddings.com\/wp-content\/uploads\/2025\/11\/I2A1097-1-300x200.jpg 300w, https:\/\/alejandro-gomez-weddings.com\/wp-content\/uploads\/2025\/11\/I2A1097-1-768x512.jpg 768w, https:\/\/alejandro-gomez-weddings.com\/wp-content\/uploads\/2025\/11\/I2A1097-1-1536x1025.jpg 1536w, https:\/\/alejandro-gomez-weddings.com\/wp-content\/uploads\/2025\/11\/I2A1097-1.jpg 2000w\" sizes=\"auto, (max-width: 1024px) 100vw, 1024px\" \/><\/div><\/div><\/figure><\/div><\/li><li class=\"kadence-blocks-gallery-item\"><div class=\"kadence-blocks-gallery-item-inner\"><figure class=\"kb-gallery-figure kadence-blocks-gallery-item-hide-caption\"><div class=\"kb-gal-image-radius\" style=\"max-width:1024px;\"><div class=\"kb-gallery-image-contain kadence-blocks-gallery-intrinsic\" style=\"padding-bottom:55%;\"><img loading=\"lazy\" decoding=\"async\" src=\"https:\/\/alejandro-gomez-weddings.com\/wp-content\/uploads\/2025\/11\/I2A1096-2-1024x566.jpg\" width=\"1024\" height=\"566\" alt=\"Group photo of bride, groom and friends in the gardens of Villa Wenkenhof, Switzerland. Saxophon player\" data-full-image=\"https:\/\/alejandro-gomez-weddings.com\/wp-content\/uploads\/2025\/11\/I2A1096-2.jpg\" data-light-image=\"https:\/\/alejandro-gomez-weddings.com\/wp-content\/uploads\/2025\/11\/I2A1096-2.jpg\" data-id=\"16084\" class=\"wp-image-16084\" srcset=\"https:\/\/alejandro-gomez-weddings.com\/wp-content\/uploads\/2025\/11\/I2A1096-2-1024x566.jpg 1024w, https:\/\/alejandro-gomez-weddings.com\/wp-content\/uploads\/2025\/11\/I2A1096-2-300x166.jpg 300w, https:\/\/alejandro-gomez-weddings.com\/wp-content\/uploads\/2025\/11\/I2A1096-2-768x424.jpg 768w, https:\/\/alejandro-gomez-weddings.com\/wp-content\/uploads\/2025\/11\/I2A1096-2-1536x849.jpg 1536w, https:\/\/alejandro-gomez-weddings.com\/wp-content\/uploads\/2025\/11\/I2A1096-2.jpg 2000w\" sizes=\"auto, (max-width: 1024px) 100vw, 1024px\" \/><\/div><\/div><\/figure><\/div><\/li><li class=\"kadence-blocks-gallery-item\"><div class=\"kadence-blocks-gallery-item-inner\"><figure class=\"kb-gallery-figure kadence-blocks-gallery-item-hide-caption\"><div class=\"kb-gal-image-radius\" style=\"max-width:1024px;\"><div class=\"kb-gallery-image-contain kadence-blocks-gallery-intrinsic\" style=\"padding-bottom:66%;\"><img loading=\"lazy\" decoding=\"async\" src=\"https:\/\/alejandro-gomez-weddings.com\/wp-content\/uploads\/2025\/11\/2S6A3951-1-1024x683.jpg\" width=\"1024\" height=\"683\" alt=\"Group photo of bride, groom and friends in the gardens of Villa Wenkenhof, Switzerland. Saxophon player\" data-full-image=\"https:\/\/alejandro-gomez-weddings.com\/wp-content\/uploads\/2025\/11\/2S6A3951-1.jpg\" data-light-image=\"https:\/\/alejandro-gomez-weddings.com\/wp-content\/uploads\/2025\/11\/2S6A3951-1.jpg\" data-id=\"16094\" class=\"wp-image-16094\" srcset=\"https:\/\/alejandro-gomez-weddings.com\/wp-content\/uploads\/2025\/11\/2S6A3951-1-1024x683.jpg 1024w, https:\/\/alejandro-gomez-weddings.com\/wp-content\/uploads\/2025\/11\/2S6A3951-1-300x200.jpg 300w, https:\/\/alejandro-gomez-weddings.com\/wp-content\/uploads\/2025\/11\/2S6A3951-1-768x512.jpg 768w, https:\/\/alejandro-gomez-weddings.com\/wp-content\/uploads\/2025\/11\/2S6A3951-1-1536x1025.jpg 1536w, https:\/\/alejandro-gomez-weddings.com\/wp-content\/uploads\/2025\/11\/2S6A3951-1.jpg 2000w\" sizes=\"auto, (max-width: 1024px) 100vw, 1024px\" \/><\/div><\/div><\/figure><\/div><\/li><li class=\"kadence-blocks-gallery-item\"><div class=\"kadence-blocks-gallery-item-inner\"><figure class=\"kb-gallery-figure kadence-blocks-gallery-item-hide-caption\"><div class=\"kb-gal-image-radius\" style=\"max-width:1024px;\"><div class=\"kb-gallery-image-contain kadence-blocks-gallery-intrinsic\" style=\"padding-bottom:46%;\"><img loading=\"lazy\" decoding=\"async\" src=\"https:\/\/alejandro-gomez-weddings.com\/wp-content\/uploads\/2025\/11\/2S6A3954-1-1024x477.jpg\" width=\"1024\" height=\"477\" alt=\"Group photo of bride, groom and friends in the gardens of Villa Wenkenhof, Switzerland. Saxophon player\" data-full-image=\"https:\/\/alejandro-gomez-weddings.com\/wp-content\/uploads\/2025\/11\/2S6A3954-1.jpg\" data-light-image=\"https:\/\/alejandro-gomez-weddings.com\/wp-content\/uploads\/2025\/11\/2S6A3954-1.jpg\" data-id=\"16099\" class=\"wp-image-16099\" srcset=\"https:\/\/alejandro-gomez-weddings.com\/wp-content\/uploads\/2025\/11\/2S6A3954-1-1024x477.jpg 1024w, https:\/\/alejandro-gomez-weddings.com\/wp-content\/uploads\/2025\/11\/2S6A3954-1-300x140.jpg 300w, https:\/\/alejandro-gomez-weddings.com\/wp-content\/uploads\/2025\/11\/2S6A3954-1-768x358.jpg 768w, https:\/\/alejandro-gomez-weddings.com\/wp-content\/uploads\/2025\/11\/2S6A3954-1-1536x715.jpg 1536w, https:\/\/alejandro-gomez-weddings.com\/wp-content\/uploads\/2025\/11\/2S6A3954-1.jpg 2000w\" sizes=\"auto, (max-width: 1024px) 100vw, 1024px\" \/><\/div><\/div><\/figure><\/div><\/li><li class=\"kadence-blocks-gallery-item\"><div class=\"kadence-blocks-gallery-item-inner\"><figure class=\"kb-gallery-figure kadence-blocks-gallery-item-hide-caption\"><div class=\"kb-gal-image-radius\" style=\"max-width:1024px;\"><div class=\"kb-gallery-image-contain kadence-blocks-gallery-intrinsic\" style=\"padding-bottom:58%;\"><img loading=\"lazy\" decoding=\"async\" src=\"https:\/\/alejandro-gomez-weddings.com\/wp-content\/uploads\/2025\/11\/2S6A3956-1-1024x602.jpg\" width=\"1024\" height=\"602\" alt=\"Group photo of bride, groom and friends in the gardens of Villa Wenkenhof, Switzerland. Saxophon player\" data-full-image=\"https:\/\/alejandro-gomez-weddings.com\/wp-content\/uploads\/2025\/11\/2S6A3956-1.jpg\" data-light-image=\"https:\/\/alejandro-gomez-weddings.com\/wp-content\/uploads\/2025\/11\/2S6A3956-1.jpg\" data-id=\"16104\" class=\"wp-image-16104\" srcset=\"https:\/\/alejandro-gomez-weddings.com\/wp-content\/uploads\/2025\/11\/2S6A3956-1-1024x602.jpg 1024w, https:\/\/alejandro-gomez-weddings.com\/wp-content\/uploads\/2025\/11\/2S6A3956-1-300x176.jpg 300w, https:\/\/alejandro-gomez-weddings.com\/wp-content\/uploads\/2025\/11\/2S6A3956-1-768x451.jpg 768w, https:\/\/alejandro-gomez-weddings.com\/wp-content\/uploads\/2025\/11\/2S6A3956-1-1536x902.jpg 1536w, https:\/\/alejandro-gomez-weddings.com\/wp-content\/uploads\/2025\/11\/2S6A3956-1.jpg 2000w\" sizes=\"auto, (max-width: 1024px) 100vw, 1024px\" \/><\/div><\/div><\/figure><\/div><\/li><li class=\"kadence-blocks-gallery-item\"><div class=\"kadence-blocks-gallery-item-inner\"><figure class=\"kb-gallery-figure kadence-blocks-gallery-item-hide-caption\"><div class=\"kb-gal-image-radius\" style=\"max-width:1024px;\"><div class=\"kb-gallery-image-contain kadence-blocks-gallery-intrinsic\" style=\"padding-bottom:44%;\"><img loading=\"lazy\" decoding=\"async\" src=\"https:\/\/alejandro-gomez-weddings.com\/wp-content\/uploads\/2025\/11\/2S6A3968-1-1024x459.jpg\" width=\"1024\" height=\"459\" alt=\"Group photo of bride, groom and friends in the gardens of Villa Wenkenhof, Switzerland. Saxophon player\" data-full-image=\"https:\/\/alejandro-gomez-weddings.com\/wp-content\/uploads\/2025\/11\/2S6A3968-1.jpg\" data-light-image=\"https:\/\/alejandro-gomez-weddings.com\/wp-content\/uploads\/2025\/11\/2S6A3968-1.jpg\" data-id=\"16109\" class=\"wp-image-16109\" srcset=\"https:\/\/alejandro-gomez-weddings.com\/wp-content\/uploads\/2025\/11\/2S6A3968-1-1024x459.jpg 1024w, https:\/\/alejandro-gomez-weddings.com\/wp-content\/uploads\/2025\/11\/2S6A3968-1-300x135.jpg 300w, https:\/\/alejandro-gomez-weddings.com\/wp-content\/uploads\/2025\/11\/2S6A3968-1-768x344.jpg 768w, https:\/\/alejandro-gomez-weddings.com\/wp-content\/uploads\/2025\/11\/2S6A3968-1-1536x689.jpg 1536w, https:\/\/alejandro-gomez-weddings.com\/wp-content\/uploads\/2025\/11\/2S6A3968-1.jpg 2000w\" sizes=\"auto, (max-width: 1024px) 100vw, 1024px\" \/><\/div><\/div><\/figure><\/div><\/li><li class=\"kadence-blocks-gallery-item\"><div class=\"kadence-blocks-gallery-item-inner\"><figure class=\"kb-gallery-figure kadence-blocks-gallery-item-hide-caption\"><div class=\"kb-gal-image-radius\" style=\"max-width:1024px;\"><div class=\"kb-gallery-image-contain kadence-blocks-gallery-intrinsic\" style=\"padding-bottom:66%;\"><img loading=\"lazy\" decoding=\"async\" src=\"https:\/\/alejandro-gomez-weddings.com\/wp-content\/uploads\/2025\/11\/2S6A3982-1-1024x683.jpg\" width=\"1024\" height=\"683\" alt=\"Group photo of bride, groom and friends in the gardens of Villa Wenkenhof, Switzerland.\" data-full-image=\"https:\/\/alejandro-gomez-weddings.com\/wp-content\/uploads\/2025\/11\/2S6A3982-1.jpg\" data-light-image=\"https:\/\/alejandro-gomez-weddings.com\/wp-content\/uploads\/2025\/11\/2S6A3982-1.jpg\" data-id=\"16114\" class=\"wp-image-16114\" srcset=\"https:\/\/alejandro-gomez-weddings.com\/wp-content\/uploads\/2025\/11\/2S6A3982-1-1024x683.jpg 1024w, https:\/\/alejandro-gomez-weddings.com\/wp-content\/uploads\/2025\/11\/2S6A3982-1-300x200.jpg 300w, https:\/\/alejandro-gomez-weddings.com\/wp-content\/uploads\/2025\/11\/2S6A3982-1-768x512.jpg 768w, https:\/\/alejandro-gomez-weddings.com\/wp-content\/uploads\/2025\/11\/2S6A3982-1-1536x1025.jpg 1536w, https:\/\/alejandro-gomez-weddings.com\/wp-content\/uploads\/2025\/11\/2S6A3982-1.jpg 2000w\" sizes=\"auto, (max-width: 1024px) 100vw, 1024px\" \/><\/div><\/div><\/figure><\/div><\/li><li class=\"kadence-blocks-gallery-item\"><div class=\"kadence-blocks-gallery-item-inner\"><figure class=\"kb-gallery-figure kadence-blocks-gallery-item-hide-caption\"><div class=\"kb-gal-image-radius\" style=\"max-width:1024px;\"><div class=\"kb-gallery-image-contain kadence-blocks-gallery-intrinsic\" style=\"padding-bottom:66%;\"><img loading=\"lazy\" decoding=\"async\" src=\"https:\/\/alejandro-gomez-weddings.com\/wp-content\/uploads\/2025\/11\/2S6A3989-1-1024x683.jpg\" width=\"1024\" height=\"683\" alt=\"Group photo of bride and friends in Villa Wenkenhof, Switzerland.\" data-full-image=\"https:\/\/alejandro-gomez-weddings.com\/wp-content\/uploads\/2025\/11\/2S6A3989-1.jpg\" data-light-image=\"https:\/\/alejandro-gomez-weddings.com\/wp-content\/uploads\/2025\/11\/2S6A3989-1.jpg\" data-id=\"16119\" class=\"wp-image-16119\" srcset=\"https:\/\/alejandro-gomez-weddings.com\/wp-content\/uploads\/2025\/11\/2S6A3989-1-1024x683.jpg 1024w, https:\/\/alejandro-gomez-weddings.com\/wp-content\/uploads\/2025\/11\/2S6A3989-1-300x200.jpg 300w, https:\/\/alejandro-gomez-weddings.com\/wp-content\/uploads\/2025\/11\/2S6A3989-1-768x512.jpg 768w, https:\/\/alejandro-gomez-weddings.com\/wp-content\/uploads\/2025\/11\/2S6A3989-1-1536x1025.jpg 1536w, https:\/\/alejandro-gomez-weddings.com\/wp-content\/uploads\/2025\/11\/2S6A3989-1.jpg 2000w\" sizes=\"auto, (max-width: 1024px) 100vw, 1024px\" \/><\/div><\/div><\/figure><\/div><\/li><li class=\"kadence-blocks-gallery-item\"><div class=\"kadence-blocks-gallery-item-inner\"><figure class=\"kb-gallery-figure kadence-blocks-gallery-item-hide-caption\"><div class=\"kb-gal-image-radius\" style=\"max-width:1024px;\"><div class=\"kb-gallery-image-contain kadence-blocks-gallery-intrinsic\" style=\"padding-bottom:59%;\"><img loading=\"lazy\" decoding=\"async\" src=\"https:\/\/alejandro-gomez-weddings.com\/wp-content\/uploads\/2025\/11\/2S6A4031-1-1024x606.jpg\" width=\"1024\" height=\"606\" alt=\"Kids at the table of the wedding in Villa Wenkenhof\" data-full-image=\"https:\/\/alejandro-gomez-weddings.com\/wp-content\/uploads\/2025\/11\/2S6A4031-1.jpg\" data-light-image=\"https:\/\/alejandro-gomez-weddings.com\/wp-content\/uploads\/2025\/11\/2S6A4031-1.jpg\" data-id=\"16124\" class=\"wp-image-16124\" srcset=\"https:\/\/alejandro-gomez-weddings.com\/wp-content\/uploads\/2025\/11\/2S6A4031-1-1024x606.jpg 1024w, https:\/\/alejandro-gomez-weddings.com\/wp-content\/uploads\/2025\/11\/2S6A4031-1-300x177.jpg 300w, https:\/\/alejandro-gomez-weddings.com\/wp-content\/uploads\/2025\/11\/2S6A4031-1-768x454.jpg 768w, https:\/\/alejandro-gomez-weddings.com\/wp-content\/uploads\/2025\/11\/2S6A4031-1-1536x909.jpg 1536w, https:\/\/alejandro-gomez-weddings.com\/wp-content\/uploads\/2025\/11\/2S6A4031-1.jpg 2000w\" sizes=\"auto, (max-width: 1024px) 100vw, 1024px\" \/><\/div><\/div><\/figure><\/div><\/li><li class=\"kadence-blocks-gallery-item\"><div class=\"kadence-blocks-gallery-item-inner\"><figure class=\"kb-gallery-figure kadence-blocks-gallery-item-hide-caption\"><div class=\"kb-gal-image-radius\" style=\"max-width:1024px;\"><div class=\"kb-gallery-image-contain kadence-blocks-gallery-intrinsic\" style=\"padding-bottom:60%;\"><img loading=\"lazy\" decoding=\"async\" src=\"https:\/\/alejandro-gomez-weddings.com\/wp-content\/uploads\/2025\/11\/2S6A4033-1-1024x620.jpg\" width=\"1024\" height=\"620\" alt=\"Kids at the table of the wedding in Villa Wenkenhof\" data-full-image=\"https:\/\/alejandro-gomez-weddings.com\/wp-content\/uploads\/2025\/11\/2S6A4033-1.jpg\" data-light-image=\"https:\/\/alejandro-gomez-weddings.com\/wp-content\/uploads\/2025\/11\/2S6A4033-1.jpg\" data-id=\"16129\" class=\"wp-image-16129\" srcset=\"https:\/\/alejandro-gomez-weddings.com\/wp-content\/uploads\/2025\/11\/2S6A4033-1-1024x620.jpg 1024w, https:\/\/alejandro-gomez-weddings.com\/wp-content\/uploads\/2025\/11\/2S6A4033-1-300x182.jpg 300w, https:\/\/alejandro-gomez-weddings.com\/wp-content\/uploads\/2025\/11\/2S6A4033-1-768x465.jpg 768w, https:\/\/alejandro-gomez-weddings.com\/wp-content\/uploads\/2025\/11\/2S6A4033-1-1536x929.jpg 1536w, https:\/\/alejandro-gomez-weddings.com\/wp-content\/uploads\/2025\/11\/2S6A4033-1.jpg 2000w\" sizes=\"auto, (max-width: 1024px) 100vw, 1024px\" \/><\/div><\/div><\/figure><\/div><\/li><li class=\"kadence-blocks-gallery-item\"><div class=\"kadence-blocks-gallery-item-inner\"><figure class=\"kb-gallery-figure kadence-blocks-gallery-item-hide-caption\"><div class=\"kb-gal-image-radius\" style=\"max-width:1024px;\"><div class=\"kb-gallery-image-contain kadence-blocks-gallery-intrinsic\" style=\"padding-bottom:66%;\"><img loading=\"lazy\" decoding=\"async\" src=\"https:\/\/alejandro-gomez-weddings.com\/wp-content\/uploads\/2025\/11\/2S6A4042-1-1024x683.jpg\" width=\"1024\" height=\"683\" alt=\"Wedding in Villa Wenkenhof. Father with kid\" data-full-image=\"https:\/\/alejandro-gomez-weddings.com\/wp-content\/uploads\/2025\/11\/2S6A4042-1.jpg\" data-light-image=\"https:\/\/alejandro-gomez-weddings.com\/wp-content\/uploads\/2025\/11\/2S6A4042-1.jpg\" data-id=\"16134\" class=\"wp-image-16134\" srcset=\"https:\/\/alejandro-gomez-weddings.com\/wp-content\/uploads\/2025\/11\/2S6A4042-1-1024x683.jpg 1024w, https:\/\/alejandro-gomez-weddings.com\/wp-content\/uploads\/2025\/11\/2S6A4042-1-300x200.jpg 300w, https:\/\/alejandro-gomez-weddings.com\/wp-content\/uploads\/2025\/11\/2S6A4042-1-768x512.jpg 768w, https:\/\/alejandro-gomez-weddings.com\/wp-content\/uploads\/2025\/11\/2S6A4042-1-1536x1025.jpg 1536w, https:\/\/alejandro-gomez-weddings.com\/wp-content\/uploads\/2025\/11\/2S6A4042-1.jpg 2000w\" sizes=\"auto, (max-width: 1024px) 100vw, 1024px\" \/><\/div><\/div><\/figure><\/div><\/li><li class=\"kadence-blocks-gallery-item\"><div class=\"kadence-blocks-gallery-item-inner\"><figure class=\"kb-gallery-figure kadence-blocks-gallery-item-hide-caption\"><div class=\"kb-gal-image-radius\" style=\"max-width:1024px;\"><div class=\"kb-gallery-image-contain kadence-blocks-gallery-intrinsic\" style=\"padding-bottom:63%;\"><img loading=\"lazy\" decoding=\"async\" src=\"https:\/\/alejandro-gomez-weddings.com\/wp-content\/uploads\/2025\/11\/2S6A4057-1-1024x646.jpg\" width=\"1024\" height=\"646\" alt=\"Wedding in Villa Wenkenhof. Mother laughing\" data-full-image=\"https:\/\/alejandro-gomez-weddings.com\/wp-content\/uploads\/2025\/11\/2S6A4057-1.jpg\" data-light-image=\"https:\/\/alejandro-gomez-weddings.com\/wp-content\/uploads\/2025\/11\/2S6A4057-1.jpg\" data-id=\"16139\" class=\"wp-image-16139\" srcset=\"https:\/\/alejandro-gomez-weddings.com\/wp-content\/uploads\/2025\/11\/2S6A4057-1-1024x646.jpg 1024w, https:\/\/alejandro-gomez-weddings.com\/wp-content\/uploads\/2025\/11\/2S6A4057-1-300x189.jpg 300w, https:\/\/alejandro-gomez-weddings.com\/wp-content\/uploads\/2025\/11\/2S6A4057-1-768x485.jpg 768w, https:\/\/alejandro-gomez-weddings.com\/wp-content\/uploads\/2025\/11\/2S6A4057-1-1536x969.jpg 1536w, https:\/\/alejandro-gomez-weddings.com\/wp-content\/uploads\/2025\/11\/2S6A4057-1.jpg 2000w\" sizes=\"auto, (max-width: 1024px) 100vw, 1024px\" \/><\/div><\/div><\/figure><\/div><\/li><li class=\"kadence-blocks-gallery-item\"><div class=\"kadence-blocks-gallery-item-inner\"><figure class=\"kb-gallery-figure kadence-blocks-gallery-item-hide-caption\"><div class=\"kb-gal-image-radius\" style=\"max-width:1024px;\"><div class=\"kb-gallery-image-contain kadence-blocks-gallery-intrinsic\" style=\"padding-bottom:58%;\"><img loading=\"lazy\" decoding=\"async\" src=\"https:\/\/alejandro-gomez-weddings.com\/wp-content\/uploads\/2025\/11\/2S6A4063-1-1024x595.jpg\" width=\"1024\" height=\"595\" alt=\"Wedding in Villa Wenkenhof. Mother laughing with kid\" data-full-image=\"https:\/\/alejandro-gomez-weddings.com\/wp-content\/uploads\/2025\/11\/2S6A4063-1.jpg\" data-light-image=\"https:\/\/alejandro-gomez-weddings.com\/wp-content\/uploads\/2025\/11\/2S6A4063-1.jpg\" data-id=\"16144\" class=\"wp-image-16144\" srcset=\"https:\/\/alejandro-gomez-weddings.com\/wp-content\/uploads\/2025\/11\/2S6A4063-1-1024x595.jpg 1024w, https:\/\/alejandro-gomez-weddings.com\/wp-content\/uploads\/2025\/11\/2S6A4063-1-300x174.jpg 300w, https:\/\/alejandro-gomez-weddings.com\/wp-content\/uploads\/2025\/11\/2S6A4063-1-768x446.jpg 768w, https:\/\/alejandro-gomez-weddings.com\/wp-content\/uploads\/2025\/11\/2S6A4063-1-1536x892.jpg 1536w, https:\/\/alejandro-gomez-weddings.com\/wp-content\/uploads\/2025\/11\/2S6A4063-1.jpg 2000w\" sizes=\"auto, (max-width: 1024px) 100vw, 1024px\" \/><\/div><\/div><\/figure><\/div><\/li><\/ul><\/div>\n\n\n<p><\/p>\n\n\n\n<p><\/p>\n\n\n<style>.wp-block-kadence-advancedheading.kt-adv-heading15057_595f1f-03, .wp-block-kadence-advancedheading.kt-adv-heading15057_595f1f-03[data-kb-block=\"kb-adv-heading15057_595f1f-03\"]{text-align:center;font-size:60px;font-style:normal;text-transform:uppercase;}.wp-block-kadence-advancedheading.kt-adv-heading15057_595f1f-03 mark.kt-highlight, .wp-block-kadence-advancedheading.kt-adv-heading15057_595f1f-03[data-kb-block=\"kb-adv-heading15057_595f1f-03\"] mark.kt-highlight{font-style:normal;color:#f76a0c;-webkit-box-decoration-break:clone;box-decoration-break:clone;padding-top:0px;padding-right:0px;padding-bottom:0px;padding-left:0px;}@media all and (max-width: 767px){.wp-block-kadence-advancedheading.kt-adv-heading15057_595f1f-03, .wp-block-kadence-advancedheading.kt-adv-heading15057_595f1f-03[data-kb-block=\"kb-adv-heading15057_595f1f-03\"]{font-size:30px;}}<\/style>\n<h2 class=\"kt-adv-heading15057_595f1f-03 wp-block-kadence-advancedheading\" data-kb-block=\"kb-adv-heading15057_595f1f-03\">Pastel, emociones&#8230;<\/h2>\n\n\n<style>.wp-block-kadence-advancedheading.kt-adv-heading15057_f874a6-0b, .wp-block-kadence-advancedheading.kt-adv-heading15057_f874a6-0b[data-kb-block=\"kb-adv-heading15057_f874a6-0b\"]{text-align:center;font-size:40px;line-height:1.2;font-weight:400;font-style:normal;font-family:'Libre Caslon Display';border-top:30px solid transparent;border-right:30px solid transparent;border-bottom:30px solid transparent;border-left:30px solid transparent;}.wp-block-kadence-advancedheading.kt-adv-heading15057_f874a6-0b mark.kt-highlight, .wp-block-kadence-advancedheading.kt-adv-heading15057_f874a6-0b[data-kb-block=\"kb-adv-heading15057_f874a6-0b\"] mark.kt-highlight{font-style:normal;color:#f76a0c;-webkit-box-decoration-break:clone;box-decoration-break:clone;padding-top:0px;padding-right:0px;padding-bottom:0px;padding-left:0px;}@media all and (max-width: 1024px){.wp-block-kadence-advancedheading.kt-adv-heading15057_f874a6-0b, .wp-block-kadence-advancedheading.kt-adv-heading15057_f874a6-0b[data-kb-block=\"kb-adv-heading15057_f874a6-0b\"]{border-top:30px solid transparent;border-right:30px solid transparent;border-bottom:30px solid transparent;border-left:30px solid transparent;}}@media all and (max-width: 767px){.wp-block-kadence-advancedheading.kt-adv-heading15057_f874a6-0b, .wp-block-kadence-advancedheading.kt-adv-heading15057_f874a6-0b[data-kb-block=\"kb-adv-heading15057_f874a6-0b\"]{font-size:20px;border-top:30px solid transparent;border-right:30px solid transparent;border-bottom:30px solid transparent;border-left:30px solid transparent;}}<\/style>\n<p class=\"kt-adv-heading15057_f874a6-0b wp-block-kadence-advancedheading\" data-kb-block=\"kb-adv-heading15057_f874a6-0b\">M\u00e1s tarde, la celebraci\u00f3n se extendi\u00f3 hasta bien entrada la noche, con pastel, brindis&#8230; El momento del pastel estuvo lleno de sonrisas, v\u00edtores y c\u00e1maras en alto; un gesto sencillo, pero que siempre re\u00fane a todos alrededor de la pareja en un c\u00edrculo de alegr\u00eda.<\/p>\n<\/div><\/div>\n\n<p><\/p>\n\n<p><\/p>\n\n<div class=\"wp-block-group\"><div class=\"wp-block-group__inner-container is-layout-constrained wp-block-group-is-layout-constrained\"><style>.wp-block-kadence-advancedgallery .kb-gallery-type-masonry.kb-gallery-id-15057_092c5d-fb{margin:-1px;}.kb-gallery-type-masonry.kb-gallery-id-15057_092c5d-fb .kadence-blocks-gallery-item{padding:1px;}.kb-gallery-id-15057_092c5d-fb .kadence-blocks-gallery-item .kb-gal-image-radius, .kb-gallery-id-15057_092c5d-fb .kb-slide-item .kb-gal-image-radius img{border-radius:0px 0px 0px 0px;;}<\/style><div class=\"kb-gallery-wrap-id-15057_092c5d-fb alignnone wp-block-kadence-advancedgallery\"><ul class=\"kb-gallery-ul kb-gallery-non-static kb-gallery-type-masonry kb-masonry-init kb-gallery-id-15057_092c5d-fb kb-gallery-caption-style-bottom-hover kb-gallery-filter-none\" data-image-filter=\"none\" data-item-selector=\".kadence-blocks-gallery-item\" data-lightbox-caption=\"true\" data-columns-xxl=\"2\" data-columns-xl=\"2\" data-columns-md=\"2\" data-columns-sm=\"2\" data-columns-xs=\"1\" data-columns-ss=\"1\"><li class=\"kadence-blocks-gallery-item\"><div class=\"kadence-blocks-gallery-item-inner\"><figure class=\"kb-gallery-figure kadence-blocks-gallery-item-hide-caption\"><div class=\"kb-gal-image-radius\" style=\"max-width:683px;\"><div class=\"kb-gallery-image-contain kadence-blocks-gallery-intrinsic\" style=\"padding-bottom:149%;\"><img loading=\"lazy\" decoding=\"async\" src=\"https:\/\/alejandro-gomez-weddings.com\/wp-content\/uploads\/2025\/11\/2S6A4107-683x1024.jpg\" width=\"683\" height=\"1024\" alt=\"Emotional cake-cutting moment with bride and groom smiling at Villa Wenkenhof wedding in Switzerland.\" data-full-image=\"https:\/\/alejandro-gomez-weddings.com\/wp-content\/uploads\/2025\/11\/2S6A4107.jpg\" data-light-image=\"https:\/\/alejandro-gomez-weddings.com\/wp-content\/uploads\/2025\/11\/2S6A4107.jpg\" data-id=\"16149\" class=\"wp-image-16149\" srcset=\"https:\/\/alejandro-gomez-weddings.com\/wp-content\/uploads\/2025\/11\/2S6A4107-683x1024.jpg 683w, https:\/\/alejandro-gomez-weddings.com\/wp-content\/uploads\/2025\/11\/2S6A4107-200x300.jpg 200w, https:\/\/alejandro-gomez-weddings.com\/wp-content\/uploads\/2025\/11\/2S6A4107-768x1151.jpg 768w, https:\/\/alejandro-gomez-weddings.com\/wp-content\/uploads\/2025\/11\/2S6A4107-1025x1536.jpg 1025w, https:\/\/alejandro-gomez-weddings.com\/wp-content\/uploads\/2025\/11\/2S6A4107.jpg 1334w\" sizes=\"auto, (max-width: 683px) 100vw, 683px\" \/><\/div><\/div><\/figure><\/div><\/li><li class=\"kadence-blocks-gallery-item\"><div class=\"kadence-blocks-gallery-item-inner\"><figure class=\"kb-gallery-figure kadence-blocks-gallery-item-hide-caption\"><div class=\"kb-gal-image-radius\" style=\"max-width:1024px;\"><div class=\"kb-gallery-image-contain kadence-blocks-gallery-intrinsic\" style=\"padding-bottom:66%;\"><img loading=\"lazy\" decoding=\"async\" src=\"https:\/\/alejandro-gomez-weddings.com\/wp-content\/uploads\/2025\/11\/2S6A4109-1024x683.jpg\" width=\"1024\" height=\"683\" alt=\"Emotional cake-cutting moment with bride and groom smiling at Villa Wenkenhof wedding in Switzerland.\" data-full-image=\"https:\/\/alejandro-gomez-weddings.com\/wp-content\/uploads\/2025\/11\/2S6A4109.jpg\" data-light-image=\"https:\/\/alejandro-gomez-weddings.com\/wp-content\/uploads\/2025\/11\/2S6A4109.jpg\" data-id=\"16154\" class=\"wp-image-16154\" srcset=\"https:\/\/alejandro-gomez-weddings.com\/wp-content\/uploads\/2025\/11\/2S6A4109-1024x683.jpg 1024w, https:\/\/alejandro-gomez-weddings.com\/wp-content\/uploads\/2025\/11\/2S6A4109-300x200.jpg 300w, https:\/\/alejandro-gomez-weddings.com\/wp-content\/uploads\/2025\/11\/2S6A4109-768x512.jpg 768w, https:\/\/alejandro-gomez-weddings.com\/wp-content\/uploads\/2025\/11\/2S6A4109-1536x1025.jpg 1536w, https:\/\/alejandro-gomez-weddings.com\/wp-content\/uploads\/2025\/11\/2S6A4109.jpg 2000w\" sizes=\"auto, (max-width: 1024px) 100vw, 1024px\" \/><\/div><\/div><\/figure><\/div><\/li><li class=\"kadence-blocks-gallery-item\"><div class=\"kadence-blocks-gallery-item-inner\"><figure class=\"kb-gallery-figure kadence-blocks-gallery-item-hide-caption\"><div class=\"kb-gal-image-radius\" style=\"max-width:1024px;\"><div class=\"kb-gallery-image-contain kadence-blocks-gallery-intrinsic\" style=\"padding-bottom:61%;\"><img loading=\"lazy\" decoding=\"async\" src=\"https:\/\/alejandro-gomez-weddings.com\/wp-content\/uploads\/2025\/11\/2S6A4110-1024x630.jpg\" width=\"1024\" height=\"630\" alt=\"Emotional cake-cutting moment with bride and groom smiling at Villa Wenkenhof wedding in Switzerland.\" data-full-image=\"https:\/\/alejandro-gomez-weddings.com\/wp-content\/uploads\/2025\/11\/2S6A4110.jpg\" data-light-image=\"https:\/\/alejandro-gomez-weddings.com\/wp-content\/uploads\/2025\/11\/2S6A4110.jpg\" data-id=\"16159\" class=\"wp-image-16159\" srcset=\"https:\/\/alejandro-gomez-weddings.com\/wp-content\/uploads\/2025\/11\/2S6A4110-1024x630.jpg 1024w, https:\/\/alejandro-gomez-weddings.com\/wp-content\/uploads\/2025\/11\/2S6A4110-300x185.jpg 300w, https:\/\/alejandro-gomez-weddings.com\/wp-content\/uploads\/2025\/11\/2S6A4110-768x473.jpg 768w, https:\/\/alejandro-gomez-weddings.com\/wp-content\/uploads\/2025\/11\/2S6A4110-1536x945.jpg 1536w, https:\/\/alejandro-gomez-weddings.com\/wp-content\/uploads\/2025\/11\/2S6A4110.jpg 2000w\" sizes=\"auto, (max-width: 1024px) 100vw, 1024px\" \/><\/div><\/div><\/figure><\/div><\/li><li class=\"kadence-blocks-gallery-item\"><div class=\"kadence-blocks-gallery-item-inner\"><figure class=\"kb-gallery-figure kadence-blocks-gallery-item-hide-caption\"><div class=\"kb-gal-image-radius\" style=\"max-width:1024px;\"><div class=\"kb-gallery-image-contain kadence-blocks-gallery-intrinsic\" style=\"padding-bottom:66%;\"><img loading=\"lazy\" decoding=\"async\" src=\"https:\/\/alejandro-gomez-weddings.com\/wp-content\/uploads\/2025\/11\/2S6A4111-1024x683.jpg\" width=\"1024\" height=\"683\" alt=\"Emotional cake-cutting moment with bride and groom smiling at Villa Wenkenhof wedding in Switzerland.\" data-full-image=\"https:\/\/alejandro-gomez-weddings.com\/wp-content\/uploads\/2025\/11\/2S6A4111.jpg\" data-light-image=\"https:\/\/alejandro-gomez-weddings.com\/wp-content\/uploads\/2025\/11\/2S6A4111.jpg\" data-id=\"16164\" class=\"wp-image-16164\" srcset=\"https:\/\/alejandro-gomez-weddings.com\/wp-content\/uploads\/2025\/11\/2S6A4111-1024x683.jpg 1024w, https:\/\/alejandro-gomez-weddings.com\/wp-content\/uploads\/2025\/11\/2S6A4111-300x200.jpg 300w, https:\/\/alejandro-gomez-weddings.com\/wp-content\/uploads\/2025\/11\/2S6A4111-768x512.jpg 768w, https:\/\/alejandro-gomez-weddings.com\/wp-content\/uploads\/2025\/11\/2S6A4111-1536x1025.jpg 1536w, https:\/\/alejandro-gomez-weddings.com\/wp-content\/uploads\/2025\/11\/2S6A4111.jpg 2000w\" sizes=\"auto, (max-width: 1024px) 100vw, 1024px\" \/><\/div><\/div><\/figure><\/div><\/li><li class=\"kadence-blocks-gallery-item\"><div class=\"kadence-blocks-gallery-item-inner\"><figure class=\"kb-gallery-figure kadence-blocks-gallery-item-hide-caption\"><div class=\"kb-gal-image-radius\" style=\"max-width:754px;\"><div class=\"kb-gallery-image-contain kadence-blocks-gallery-intrinsic\" style=\"padding-bottom:135%;\"><img loading=\"lazy\" decoding=\"async\" src=\"https:\/\/alejandro-gomez-weddings.com\/wp-content\/uploads\/2025\/11\/2S6A4115-754x1024.jpg\" width=\"754\" height=\"1024\" alt=\"Emotional cake-cutting moment with bride and groom smiling at Villa Wenkenhof wedding in Switzerland.\" data-full-image=\"https:\/\/alejandro-gomez-weddings.com\/wp-content\/uploads\/2025\/11\/2S6A4115.jpg\" data-light-image=\"https:\/\/alejandro-gomez-weddings.com\/wp-content\/uploads\/2025\/11\/2S6A4115.jpg\" data-id=\"16169\" class=\"wp-image-16169\" srcset=\"https:\/\/alejandro-gomez-weddings.com\/wp-content\/uploads\/2025\/11\/2S6A4115-754x1024.jpg 754w, https:\/\/alejandro-gomez-weddings.com\/wp-content\/uploads\/2025\/11\/2S6A4115-221x300.jpg 221w, https:\/\/alejandro-gomez-weddings.com\/wp-content\/uploads\/2025\/11\/2S6A4115-768x1043.jpg 768w, https:\/\/alejandro-gomez-weddings.com\/wp-content\/uploads\/2025\/11\/2S6A4115-1130x1536.jpg 1130w, https:\/\/alejandro-gomez-weddings.com\/wp-content\/uploads\/2025\/11\/2S6A4115.jpg 1472w\" sizes=\"auto, (max-width: 754px) 100vw, 754px\" \/><\/div><\/div><\/figure><\/div><\/li><li class=\"kadence-blocks-gallery-item\"><div class=\"kadence-blocks-gallery-item-inner\"><figure class=\"kb-gallery-figure kadence-blocks-gallery-item-hide-caption\"><div class=\"kb-gal-image-radius\" style=\"max-width:683px;\"><div class=\"kb-gallery-image-contain kadence-blocks-gallery-intrinsic\" style=\"padding-bottom:149%;\"><img loading=\"lazy\" decoding=\"async\" src=\"https:\/\/alejandro-gomez-weddings.com\/wp-content\/uploads\/2025\/11\/2S6A4156-683x1024.jpg\" width=\"683\" height=\"1024\" alt=\"Emotional cake-cutting moment with bride and groom smiling at Villa Wenkenhof wedding in Switzerland.\" data-full-image=\"https:\/\/alejandro-gomez-weddings.com\/wp-content\/uploads\/2025\/11\/2S6A4156.jpg\" data-light-image=\"https:\/\/alejandro-gomez-weddings.com\/wp-content\/uploads\/2025\/11\/2S6A4156.jpg\" data-id=\"16174\" class=\"wp-image-16174\" srcset=\"https:\/\/alejandro-gomez-weddings.com\/wp-content\/uploads\/2025\/11\/2S6A4156-683x1024.jpg 683w, https:\/\/alejandro-gomez-weddings.com\/wp-content\/uploads\/2025\/11\/2S6A4156-200x300.jpg 200w, https:\/\/alejandro-gomez-weddings.com\/wp-content\/uploads\/2025\/11\/2S6A4156-768x1151.jpg 768w, https:\/\/alejandro-gomez-weddings.com\/wp-content\/uploads\/2025\/11\/2S6A4156-1025x1536.jpg 1025w, https:\/\/alejandro-gomez-weddings.com\/wp-content\/uploads\/2025\/11\/2S6A4156.jpg 1334w\" sizes=\"auto, (max-width: 683px) 100vw, 683px\" \/><\/div><\/div><\/figure><\/div><\/li><li class=\"kadence-blocks-gallery-item\"><div class=\"kadence-blocks-gallery-item-inner\"><figure class=\"kb-gallery-figure kadence-blocks-gallery-item-hide-caption\"><div class=\"kb-gal-image-radius\" style=\"max-width:1024px;\"><div class=\"kb-gallery-image-contain kadence-blocks-gallery-intrinsic\" style=\"padding-bottom:66%;\"><img loading=\"lazy\" decoding=\"async\" src=\"https:\/\/alejandro-gomez-weddings.com\/wp-content\/uploads\/2025\/11\/2S6A4166-1024x683.jpg\" width=\"1024\" height=\"683\" alt=\"Emotional cake-cutting moment with bride and groom smiling at Villa Wenkenhof wedding in Switzerland.\" data-full-image=\"https:\/\/alejandro-gomez-weddings.com\/wp-content\/uploads\/2025\/11\/2S6A4166.jpg\" data-light-image=\"https:\/\/alejandro-gomez-weddings.com\/wp-content\/uploads\/2025\/11\/2S6A4166.jpg\" data-id=\"16179\" class=\"wp-image-16179\" srcset=\"https:\/\/alejandro-gomez-weddings.com\/wp-content\/uploads\/2025\/11\/2S6A4166-1024x683.jpg 1024w, https:\/\/alejandro-gomez-weddings.com\/wp-content\/uploads\/2025\/11\/2S6A4166-300x200.jpg 300w, https:\/\/alejandro-gomez-weddings.com\/wp-content\/uploads\/2025\/11\/2S6A4166-768x512.jpg 768w, https:\/\/alejandro-gomez-weddings.com\/wp-content\/uploads\/2025\/11\/2S6A4166-1536x1025.jpg 1536w, https:\/\/alejandro-gomez-weddings.com\/wp-content\/uploads\/2025\/11\/2S6A4166.jpg 2000w\" sizes=\"auto, (max-width: 1024px) 100vw, 1024px\" \/><\/div><\/div><\/figure><\/div><\/li><li class=\"kadence-blocks-gallery-item\"><div class=\"kadence-blocks-gallery-item-inner\"><figure class=\"kb-gallery-figure kadence-blocks-gallery-item-hide-caption\"><div class=\"kb-gal-image-radius\" style=\"max-width:1024px;\"><div class=\"kb-gallery-image-contain kadence-blocks-gallery-intrinsic\" style=\"padding-bottom:64%;\"><img loading=\"lazy\" decoding=\"async\" src=\"https:\/\/alejandro-gomez-weddings.com\/wp-content\/uploads\/2025\/11\/2S6A4167-1024x659.jpg\" width=\"1024\" height=\"659\" alt=\"Emotional cake-cutting moment with bride and groom smiling at Villa Wenkenhof wedding in Switzerland.\" data-full-image=\"https:\/\/alejandro-gomez-weddings.com\/wp-content\/uploads\/2025\/11\/2S6A4167.jpg\" data-light-image=\"https:\/\/alejandro-gomez-weddings.com\/wp-content\/uploads\/2025\/11\/2S6A4167.jpg\" data-id=\"16184\" class=\"wp-image-16184\" srcset=\"https:\/\/alejandro-gomez-weddings.com\/wp-content\/uploads\/2025\/11\/2S6A4167-1024x659.jpg 1024w, https:\/\/alejandro-gomez-weddings.com\/wp-content\/uploads\/2025\/11\/2S6A4167-300x193.jpg 300w, https:\/\/alejandro-gomez-weddings.com\/wp-content\/uploads\/2025\/11\/2S6A4167-768x495.jpg 768w, https:\/\/alejandro-gomez-weddings.com\/wp-content\/uploads\/2025\/11\/2S6A4167-1536x989.jpg 1536w, https:\/\/alejandro-gomez-weddings.com\/wp-content\/uploads\/2025\/11\/2S6A4167.jpg 2000w\" sizes=\"auto, (max-width: 1024px) 100vw, 1024px\" \/><\/div><\/div><\/figure><\/div><\/li><li class=\"kadence-blocks-gallery-item\"><div class=\"kadence-blocks-gallery-item-inner\"><figure class=\"kb-gallery-figure kadence-blocks-gallery-item-hide-caption\"><div class=\"kb-gal-image-radius\" style=\"max-width:1024px;\"><div class=\"kb-gallery-image-contain kadence-blocks-gallery-intrinsic\" style=\"padding-bottom:66%;\"><img loading=\"lazy\" decoding=\"async\" src=\"https:\/\/alejandro-gomez-weddings.com\/wp-content\/uploads\/2025\/11\/2S6A4169-1024x683.jpg\" width=\"1024\" height=\"683\" alt=\"Emotional cake-cutting moment with bride and groom smiling at Villa Wenkenhof wedding in Switzerland.\" data-full-image=\"https:\/\/alejandro-gomez-weddings.com\/wp-content\/uploads\/2025\/11\/2S6A4169.jpg\" data-light-image=\"https:\/\/alejandro-gomez-weddings.com\/wp-content\/uploads\/2025\/11\/2S6A4169.jpg\" data-id=\"16189\" class=\"wp-image-16189\" srcset=\"https:\/\/alejandro-gomez-weddings.com\/wp-content\/uploads\/2025\/11\/2S6A4169-1024x683.jpg 1024w, https:\/\/alejandro-gomez-weddings.com\/wp-content\/uploads\/2025\/11\/2S6A4169-300x200.jpg 300w, https:\/\/alejandro-gomez-weddings.com\/wp-content\/uploads\/2025\/11\/2S6A4169-768x512.jpg 768w, https:\/\/alejandro-gomez-weddings.com\/wp-content\/uploads\/2025\/11\/2S6A4169-1536x1025.jpg 1536w, https:\/\/alejandro-gomez-weddings.com\/wp-content\/uploads\/2025\/11\/2S6A4169.jpg 2000w\" sizes=\"auto, (max-width: 1024px) 100vw, 1024px\" \/><\/div><\/div><\/figure><\/div><\/li><li class=\"kadence-blocks-gallery-item\"><div class=\"kadence-blocks-gallery-item-inner\"><figure class=\"kb-gallery-figure kadence-blocks-gallery-item-hide-caption\"><div class=\"kb-gal-image-radius\" style=\"max-width:1024px;\"><div class=\"kb-gallery-image-contain kadence-blocks-gallery-intrinsic\" style=\"padding-bottom:66%;\"><img loading=\"lazy\" decoding=\"async\" src=\"https:\/\/alejandro-gomez-weddings.com\/wp-content\/uploads\/2025\/11\/2S6A4177-1024x683.jpg\" width=\"1024\" height=\"683\" alt=\"Emotional cake-cutting moment with bride and groom smiling at Villa Wenkenhof wedding in Switzerland.\" data-full-image=\"https:\/\/alejandro-gomez-weddings.com\/wp-content\/uploads\/2025\/11\/2S6A4177.jpg\" data-light-image=\"https:\/\/alejandro-gomez-weddings.com\/wp-content\/uploads\/2025\/11\/2S6A4177.jpg\" data-id=\"16194\" class=\"wp-image-16194\" srcset=\"https:\/\/alejandro-gomez-weddings.com\/wp-content\/uploads\/2025\/11\/2S6A4177-1024x683.jpg 1024w, https:\/\/alejandro-gomez-weddings.com\/wp-content\/uploads\/2025\/11\/2S6A4177-300x200.jpg 300w, https:\/\/alejandro-gomez-weddings.com\/wp-content\/uploads\/2025\/11\/2S6A4177-768x512.jpg 768w, https:\/\/alejandro-gomez-weddings.com\/wp-content\/uploads\/2025\/11\/2S6A4177-1536x1025.jpg 1536w, https:\/\/alejandro-gomez-weddings.com\/wp-content\/uploads\/2025\/11\/2S6A4177.jpg 2000w\" sizes=\"auto, (max-width: 1024px) 100vw, 1024px\" \/><\/div><\/div><\/figure><\/div><\/li><li class=\"kadence-blocks-gallery-item\"><div class=\"kadence-blocks-gallery-item-inner\"><figure class=\"kb-gallery-figure kadence-blocks-gallery-item-hide-caption\"><div class=\"kb-gal-image-radius\" style=\"max-width:1024px;\"><div class=\"kb-gallery-image-contain kadence-blocks-gallery-intrinsic\" style=\"padding-bottom:66%;\"><img loading=\"lazy\" decoding=\"async\" src=\"https:\/\/alejandro-gomez-weddings.com\/wp-content\/uploads\/2025\/11\/2S6A4178-1024x683.jpg\" width=\"1024\" height=\"683\" alt=\"Emotional cake-cutting moment with bride and groom smiling at Villa Wenkenhof wedding in Switzerland.\" data-full-image=\"https:\/\/alejandro-gomez-weddings.com\/wp-content\/uploads\/2025\/11\/2S6A4178.jpg\" data-light-image=\"https:\/\/alejandro-gomez-weddings.com\/wp-content\/uploads\/2025\/11\/2S6A4178.jpg\" data-id=\"16199\" class=\"wp-image-16199\" srcset=\"https:\/\/alejandro-gomez-weddings.com\/wp-content\/uploads\/2025\/11\/2S6A4178-1024x683.jpg 1024w, https:\/\/alejandro-gomez-weddings.com\/wp-content\/uploads\/2025\/11\/2S6A4178-300x200.jpg 300w, https:\/\/alejandro-gomez-weddings.com\/wp-content\/uploads\/2025\/11\/2S6A4178-768x512.jpg 768w, https:\/\/alejandro-gomez-weddings.com\/wp-content\/uploads\/2025\/11\/2S6A4178-1536x1025.jpg 1536w, https:\/\/alejandro-gomez-weddings.com\/wp-content\/uploads\/2025\/11\/2S6A4178.jpg 2000w\" sizes=\"auto, (max-width: 1024px) 100vw, 1024px\" \/><\/div><\/div><\/figure><\/div><\/li><li class=\"kadence-blocks-gallery-item\"><div class=\"kadence-blocks-gallery-item-inner\"><figure class=\"kb-gallery-figure kadence-blocks-gallery-item-hide-caption\"><div class=\"kb-gal-image-radius\" style=\"max-width:1024px;\"><div class=\"kb-gallery-image-contain kadence-blocks-gallery-intrinsic\" style=\"padding-bottom:66%;\"><img loading=\"lazy\" decoding=\"async\" src=\"https:\/\/alejandro-gomez-weddings.com\/wp-content\/uploads\/2025\/11\/2S6A4188-1024x683.jpg\" width=\"1024\" height=\"683\" alt=\"Emotional cake-cutting moment with bride and groom smiling at Villa Wenkenhof wedding in Switzerland.\" data-full-image=\"https:\/\/alejandro-gomez-weddings.com\/wp-content\/uploads\/2025\/11\/2S6A4188.jpg\" data-light-image=\"https:\/\/alejandro-gomez-weddings.com\/wp-content\/uploads\/2025\/11\/2S6A4188.jpg\" data-id=\"16204\" class=\"wp-image-16204\" srcset=\"https:\/\/alejandro-gomez-weddings.com\/wp-content\/uploads\/2025\/11\/2S6A4188-1024x683.jpg 1024w, https:\/\/alejandro-gomez-weddings.com\/wp-content\/uploads\/2025\/11\/2S6A4188-300x200.jpg 300w, https:\/\/alejandro-gomez-weddings.com\/wp-content\/uploads\/2025\/11\/2S6A4188-768x512.jpg 768w, https:\/\/alejandro-gomez-weddings.com\/wp-content\/uploads\/2025\/11\/2S6A4188-1536x1025.jpg 1536w, https:\/\/alejandro-gomez-weddings.com\/wp-content\/uploads\/2025\/11\/2S6A4188.jpg 2000w\" sizes=\"auto, (max-width: 1024px) 100vw, 1024px\" \/><\/div><\/div><\/figure><\/div><\/li><li class=\"kadence-blocks-gallery-item\"><div class=\"kadence-blocks-gallery-item-inner\"><figure class=\"kb-gallery-figure kadence-blocks-gallery-item-hide-caption\"><div class=\"kb-gal-image-radius\" style=\"max-width:1024px;\"><div class=\"kb-gallery-image-contain kadence-blocks-gallery-intrinsic\" style=\"padding-bottom:66%;\"><img loading=\"lazy\" decoding=\"async\" src=\"https:\/\/alejandro-gomez-weddings.com\/wp-content\/uploads\/2025\/11\/2S6A4197-1024x683.jpg\" width=\"1024\" height=\"683\" alt=\"Emotional cake-cutting moment with bride and groom smiling at Villa Wenkenhof wedding in Switzerland.\" data-full-image=\"https:\/\/alejandro-gomez-weddings.com\/wp-content\/uploads\/2025\/11\/2S6A4197.jpg\" data-light-image=\"https:\/\/alejandro-gomez-weddings.com\/wp-content\/uploads\/2025\/11\/2S6A4197.jpg\" data-id=\"16209\" class=\"wp-image-16209\" srcset=\"https:\/\/alejandro-gomez-weddings.com\/wp-content\/uploads\/2025\/11\/2S6A4197-1024x683.jpg 1024w, https:\/\/alejandro-gomez-weddings.com\/wp-content\/uploads\/2025\/11\/2S6A4197-300x200.jpg 300w, https:\/\/alejandro-gomez-weddings.com\/wp-content\/uploads\/2025\/11\/2S6A4197-768x512.jpg 768w, https:\/\/alejandro-gomez-weddings.com\/wp-content\/uploads\/2025\/11\/2S6A4197-1536x1025.jpg 1536w, https:\/\/alejandro-gomez-weddings.com\/wp-content\/uploads\/2025\/11\/2S6A4197.jpg 2000w\" sizes=\"auto, (max-width: 1024px) 100vw, 1024px\" \/><\/div><\/div><\/figure><\/div><\/li><li class=\"kadence-blocks-gallery-item\"><div class=\"kadence-blocks-gallery-item-inner\"><figure class=\"kb-gallery-figure kadence-blocks-gallery-item-hide-caption\"><div class=\"kb-gal-image-radius\" style=\"max-width:1024px;\"><div class=\"kb-gallery-image-contain kadence-blocks-gallery-intrinsic\" style=\"padding-bottom:66%;\"><img loading=\"lazy\" decoding=\"async\" src=\"https:\/\/alejandro-gomez-weddings.com\/wp-content\/uploads\/2025\/11\/2S6A4204-1024x683.jpg\" width=\"1024\" height=\"683\" alt=\"Emotional cake-cutting moment with bride and groom smiling at Villa Wenkenhof wedding in Switzerland.\" data-full-image=\"https:\/\/alejandro-gomez-weddings.com\/wp-content\/uploads\/2025\/11\/2S6A4204.jpg\" data-light-image=\"https:\/\/alejandro-gomez-weddings.com\/wp-content\/uploads\/2025\/11\/2S6A4204.jpg\" data-id=\"16214\" class=\"wp-image-16214\" srcset=\"https:\/\/alejandro-gomez-weddings.com\/wp-content\/uploads\/2025\/11\/2S6A4204-1024x683.jpg 1024w, https:\/\/alejandro-gomez-weddings.com\/wp-content\/uploads\/2025\/11\/2S6A4204-300x200.jpg 300w, https:\/\/alejandro-gomez-weddings.com\/wp-content\/uploads\/2025\/11\/2S6A4204-768x512.jpg 768w, https:\/\/alejandro-gomez-weddings.com\/wp-content\/uploads\/2025\/11\/2S6A4204-1536x1025.jpg 1536w, https:\/\/alejandro-gomez-weddings.com\/wp-content\/uploads\/2025\/11\/2S6A4204.jpg 2000w\" sizes=\"auto, (max-width: 1024px) 100vw, 1024px\" \/><\/div><\/div><\/figure><\/div><\/li><li class=\"kadence-blocks-gallery-item\"><div class=\"kadence-blocks-gallery-item-inner\"><figure class=\"kb-gallery-figure kadence-blocks-gallery-item-hide-caption\"><div class=\"kb-gal-image-radius\" style=\"max-width:1024px;\"><div class=\"kb-gallery-image-contain kadence-blocks-gallery-intrinsic\" style=\"padding-bottom:66%;\"><img loading=\"lazy\" decoding=\"async\" src=\"https:\/\/alejandro-gomez-weddings.com\/wp-content\/uploads\/2025\/11\/2S6A4205-1024x683.jpg\" width=\"1024\" height=\"683\" alt=\"Emotional cake-cutting moment with bride and groom smiling at Villa Wenkenhof wedding in Switzerland.\" data-full-image=\"https:\/\/alejandro-gomez-weddings.com\/wp-content\/uploads\/2025\/11\/2S6A4205.jpg\" data-light-image=\"https:\/\/alejandro-gomez-weddings.com\/wp-content\/uploads\/2025\/11\/2S6A4205.jpg\" data-id=\"16219\" class=\"wp-image-16219\" srcset=\"https:\/\/alejandro-gomez-weddings.com\/wp-content\/uploads\/2025\/11\/2S6A4205-1024x683.jpg 1024w, https:\/\/alejandro-gomez-weddings.com\/wp-content\/uploads\/2025\/11\/2S6A4205-300x200.jpg 300w, https:\/\/alejandro-gomez-weddings.com\/wp-content\/uploads\/2025\/11\/2S6A4205-768x512.jpg 768w, https:\/\/alejandro-gomez-weddings.com\/wp-content\/uploads\/2025\/11\/2S6A4205-1536x1025.jpg 1536w, https:\/\/alejandro-gomez-weddings.com\/wp-content\/uploads\/2025\/11\/2S6A4205.jpg 2000w\" sizes=\"auto, (max-width: 1024px) 100vw, 1024px\" \/><\/div><\/div><\/figure><\/div><\/li><li class=\"kadence-blocks-gallery-item\"><div class=\"kadence-blocks-gallery-item-inner\"><figure class=\"kb-gallery-figure kadence-blocks-gallery-item-hide-caption\"><div class=\"kb-gal-image-radius\" style=\"max-width:1024px;\"><div class=\"kb-gallery-image-contain kadence-blocks-gallery-intrinsic\" style=\"padding-bottom:66%;\"><img loading=\"lazy\" decoding=\"async\" src=\"https:\/\/alejandro-gomez-weddings.com\/wp-content\/uploads\/2025\/11\/2S6A4209-1024x683.jpg\" width=\"1024\" height=\"683\" alt=\"Emotional cake-cutting moment with bride and groom smiling at Villa Wenkenhof wedding in Switzerland.\" data-full-image=\"https:\/\/alejandro-gomez-weddings.com\/wp-content\/uploads\/2025\/11\/2S6A4209.jpg\" data-light-image=\"https:\/\/alejandro-gomez-weddings.com\/wp-content\/uploads\/2025\/11\/2S6A4209.jpg\" data-id=\"16224\" class=\"wp-image-16224\" srcset=\"https:\/\/alejandro-gomez-weddings.com\/wp-content\/uploads\/2025\/11\/2S6A4209-1024x683.jpg 1024w, https:\/\/alejandro-gomez-weddings.com\/wp-content\/uploads\/2025\/11\/2S6A4209-300x200.jpg 300w, https:\/\/alejandro-gomez-weddings.com\/wp-content\/uploads\/2025\/11\/2S6A4209-768x512.jpg 768w, https:\/\/alejandro-gomez-weddings.com\/wp-content\/uploads\/2025\/11\/2S6A4209-1536x1025.jpg 1536w, https:\/\/alejandro-gomez-weddings.com\/wp-content\/uploads\/2025\/11\/2S6A4209.jpg 2000w\" sizes=\"auto, (max-width: 1024px) 100vw, 1024px\" \/><\/div><\/div><\/figure><\/div><\/li><li class=\"kadence-blocks-gallery-item\"><div class=\"kadence-blocks-gallery-item-inner\"><figure class=\"kb-gallery-figure kadence-blocks-gallery-item-hide-caption\"><div class=\"kb-gal-image-radius\" style=\"max-width:1024px;\"><div class=\"kb-gallery-image-contain kadence-blocks-gallery-intrinsic\" style=\"padding-bottom:66%;\"><img loading=\"lazy\" decoding=\"async\" src=\"https:\/\/alejandro-gomez-weddings.com\/wp-content\/uploads\/2025\/11\/2S6A4210-1024x683.jpg\" width=\"1024\" height=\"683\" alt=\"Emotional cake-cutting moment with bride and groom smiling at Villa Wenkenhof wedding in Switzerland.\" data-full-image=\"https:\/\/alejandro-gomez-weddings.com\/wp-content\/uploads\/2025\/11\/2S6A4210.jpg\" data-light-image=\"https:\/\/alejandro-gomez-weddings.com\/wp-content\/uploads\/2025\/11\/2S6A4210.jpg\" data-id=\"16229\" class=\"wp-image-16229\" srcset=\"https:\/\/alejandro-gomez-weddings.com\/wp-content\/uploads\/2025\/11\/2S6A4210-1024x683.jpg 1024w, https:\/\/alejandro-gomez-weddings.com\/wp-content\/uploads\/2025\/11\/2S6A4210-300x200.jpg 300w, https:\/\/alejandro-gomez-weddings.com\/wp-content\/uploads\/2025\/11\/2S6A4210-768x512.jpg 768w, https:\/\/alejandro-gomez-weddings.com\/wp-content\/uploads\/2025\/11\/2S6A4210-1536x1025.jpg 1536w, https:\/\/alejandro-gomez-weddings.com\/wp-content\/uploads\/2025\/11\/2S6A4210.jpg 2000w\" sizes=\"auto, (max-width: 1024px) 100vw, 1024px\" \/><\/div><\/div><\/figure><\/div><\/li><li class=\"kadence-blocks-gallery-item\"><div class=\"kadence-blocks-gallery-item-inner\"><figure class=\"kb-gallery-figure kadence-blocks-gallery-item-hide-caption\"><div class=\"kb-gal-image-radius\" style=\"max-width:1024px;\"><div class=\"kb-gallery-image-contain kadence-blocks-gallery-intrinsic\" style=\"padding-bottom:66%;\"><img loading=\"lazy\" decoding=\"async\" src=\"https:\/\/alejandro-gomez-weddings.com\/wp-content\/uploads\/2025\/11\/2S6A4211-1024x683.jpg\" width=\"1024\" height=\"683\" alt=\"Emotional cake-cutting moment with bride and groom smiling at Villa Wenkenhof wedding in Switzerland.\" data-full-image=\"https:\/\/alejandro-gomez-weddings.com\/wp-content\/uploads\/2025\/11\/2S6A4211.jpg\" data-light-image=\"https:\/\/alejandro-gomez-weddings.com\/wp-content\/uploads\/2025\/11\/2S6A4211.jpg\" data-id=\"16234\" class=\"wp-image-16234\" srcset=\"https:\/\/alejandro-gomez-weddings.com\/wp-content\/uploads\/2025\/11\/2S6A4211-1024x683.jpg 1024w, https:\/\/alejandro-gomez-weddings.com\/wp-content\/uploads\/2025\/11\/2S6A4211-300x200.jpg 300w, https:\/\/alejandro-gomez-weddings.com\/wp-content\/uploads\/2025\/11\/2S6A4211-768x512.jpg 768w, https:\/\/alejandro-gomez-weddings.com\/wp-content\/uploads\/2025\/11\/2S6A4211-1536x1025.jpg 1536w, https:\/\/alejandro-gomez-weddings.com\/wp-content\/uploads\/2025\/11\/2S6A4211.jpg 2000w\" sizes=\"auto, (max-width: 1024px) 100vw, 1024px\" \/><\/div><\/div><\/figure><\/div><\/li><li class=\"kadence-blocks-gallery-item\"><div class=\"kadence-blocks-gallery-item-inner\"><figure class=\"kb-gallery-figure kadence-blocks-gallery-item-hide-caption\"><div class=\"kb-gal-image-radius\" style=\"max-width:1024px;\"><div class=\"kb-gallery-image-contain kadence-blocks-gallery-intrinsic\" style=\"padding-bottom:64%;\"><img loading=\"lazy\" decoding=\"async\" src=\"https:\/\/alejandro-gomez-weddings.com\/wp-content\/uploads\/2025\/11\/2S6A4229-1024x658.jpg\" width=\"1024\" height=\"658\" alt=\"Emotional cake-cutting moment with bride and groom smiling at Villa Wenkenhof wedding in Switzerland.\" data-full-image=\"https:\/\/alejandro-gomez-weddings.com\/wp-content\/uploads\/2025\/11\/2S6A4229.jpg\" data-light-image=\"https:\/\/alejandro-gomez-weddings.com\/wp-content\/uploads\/2025\/11\/2S6A4229.jpg\" data-id=\"16239\" class=\"wp-image-16239\" srcset=\"https:\/\/alejandro-gomez-weddings.com\/wp-content\/uploads\/2025\/11\/2S6A4229-1024x658.jpg 1024w, https:\/\/alejandro-gomez-weddings.com\/wp-content\/uploads\/2025\/11\/2S6A4229-300x193.jpg 300w, https:\/\/alejandro-gomez-weddings.com\/wp-content\/uploads\/2025\/11\/2S6A4229-768x493.jpg 768w, https:\/\/alejandro-gomez-weddings.com\/wp-content\/uploads\/2025\/11\/2S6A4229-1536x987.jpg 1536w, https:\/\/alejandro-gomez-weddings.com\/wp-content\/uploads\/2025\/11\/2S6A4229.jpg 2000w\" sizes=\"auto, (max-width: 1024px) 100vw, 1024px\" \/><\/div><\/div><\/figure><\/div><\/li><li class=\"kadence-blocks-gallery-item\"><div class=\"kadence-blocks-gallery-item-inner\"><figure class=\"kb-gallery-figure kadence-blocks-gallery-item-hide-caption\"><div class=\"kb-gal-image-radius\" style=\"max-width:1024px;\"><div class=\"kb-gallery-image-contain kadence-blocks-gallery-intrinsic\" style=\"padding-bottom:66%;\"><img loading=\"lazy\" decoding=\"async\" src=\"https:\/\/alejandro-gomez-weddings.com\/wp-content\/uploads\/2025\/11\/2S6A4236-1024x683.jpg\" width=\"1024\" height=\"683\" alt=\"Emotional cake-cutting moment with bride and groom smiling at Villa Wenkenhof wedding in Switzerland.\" data-full-image=\"https:\/\/alejandro-gomez-weddings.com\/wp-content\/uploads\/2025\/11\/2S6A4236.jpg\" data-light-image=\"https:\/\/alejandro-gomez-weddings.com\/wp-content\/uploads\/2025\/11\/2S6A4236.jpg\" data-id=\"16244\" class=\"wp-image-16244\" srcset=\"https:\/\/alejandro-gomez-weddings.com\/wp-content\/uploads\/2025\/11\/2S6A4236-1024x683.jpg 1024w, https:\/\/alejandro-gomez-weddings.com\/wp-content\/uploads\/2025\/11\/2S6A4236-300x200.jpg 300w, https:\/\/alejandro-gomez-weddings.com\/wp-content\/uploads\/2025\/11\/2S6A4236-768x512.jpg 768w, https:\/\/alejandro-gomez-weddings.com\/wp-content\/uploads\/2025\/11\/2S6A4236-1536x1025.jpg 1536w, https:\/\/alejandro-gomez-weddings.com\/wp-content\/uploads\/2025\/11\/2S6A4236.jpg 2000w\" sizes=\"auto, (max-width: 1024px) 100vw, 1024px\" \/><\/div><\/div><\/figure><\/div><\/li><li class=\"kadence-blocks-gallery-item\"><div class=\"kadence-blocks-gallery-item-inner\"><figure class=\"kb-gallery-figure kadence-blocks-gallery-item-hide-caption\"><div class=\"kb-gal-image-radius\" style=\"max-width:1024px;\"><div class=\"kb-gallery-image-contain kadence-blocks-gallery-intrinsic\" style=\"padding-bottom:66%;\"><img loading=\"lazy\" decoding=\"async\" src=\"https:\/\/alejandro-gomez-weddings.com\/wp-content\/uploads\/2025\/11\/2S6A4258-1024x683.jpg\" width=\"1024\" height=\"683\" alt=\"Toast with bride, groom and guests at Villa Wenkenhof wedding in Switzerland.\" data-full-image=\"https:\/\/alejandro-gomez-weddings.com\/wp-content\/uploads\/2025\/11\/2S6A4258.jpg\" data-light-image=\"https:\/\/alejandro-gomez-weddings.com\/wp-content\/uploads\/2025\/11\/2S6A4258.jpg\" data-id=\"16249\" class=\"wp-image-16249\" srcset=\"https:\/\/alejandro-gomez-weddings.com\/wp-content\/uploads\/2025\/11\/2S6A4258-1024x683.jpg 1024w, https:\/\/alejandro-gomez-weddings.com\/wp-content\/uploads\/2025\/11\/2S6A4258-300x200.jpg 300w, https:\/\/alejandro-gomez-weddings.com\/wp-content\/uploads\/2025\/11\/2S6A4258-768x512.jpg 768w, https:\/\/alejandro-gomez-weddings.com\/wp-content\/uploads\/2025\/11\/2S6A4258-1536x1025.jpg 1536w, https:\/\/alejandro-gomez-weddings.com\/wp-content\/uploads\/2025\/11\/2S6A4258.jpg 2000w\" sizes=\"auto, (max-width: 1024px) 100vw, 1024px\" \/><\/div><\/div><\/figure><\/div><\/li><li class=\"kadence-blocks-gallery-item\"><div class=\"kadence-blocks-gallery-item-inner\"><figure class=\"kb-gallery-figure kadence-blocks-gallery-item-hide-caption\"><div class=\"kb-gal-image-radius\" style=\"max-width:1024px;\"><div class=\"kb-gallery-image-contain kadence-blocks-gallery-intrinsic\" style=\"padding-bottom:66%;\"><img loading=\"lazy\" decoding=\"async\" src=\"https:\/\/alejandro-gomez-weddings.com\/wp-content\/uploads\/2025\/11\/2S6A4259-1024x683.jpg\" width=\"1024\" height=\"683\" alt=\"Toast with bride, groom and guests at Villa Wenkenhof wedding in Switzerland.\" data-full-image=\"https:\/\/alejandro-gomez-weddings.com\/wp-content\/uploads\/2025\/11\/2S6A4259.jpg\" data-light-image=\"https:\/\/alejandro-gomez-weddings.com\/wp-content\/uploads\/2025\/11\/2S6A4259.jpg\" data-id=\"16254\" class=\"wp-image-16254\" srcset=\"https:\/\/alejandro-gomez-weddings.com\/wp-content\/uploads\/2025\/11\/2S6A4259-1024x683.jpg 1024w, https:\/\/alejandro-gomez-weddings.com\/wp-content\/uploads\/2025\/11\/2S6A4259-300x200.jpg 300w, https:\/\/alejandro-gomez-weddings.com\/wp-content\/uploads\/2025\/11\/2S6A4259-768x512.jpg 768w, https:\/\/alejandro-gomez-weddings.com\/wp-content\/uploads\/2025\/11\/2S6A4259-1536x1025.jpg 1536w, https:\/\/alejandro-gomez-weddings.com\/wp-content\/uploads\/2025\/11\/2S6A4259.jpg 2000w\" sizes=\"auto, (max-width: 1024px) 100vw, 1024px\" \/><\/div><\/div><\/figure><\/div><\/li><\/ul><\/div>\n\n\n<p><\/p>\n\n\n\n<p><\/p>\n\n\n<style>.wp-block-kadence-advancedheading.kt-adv-heading15057_b68316-6c, .wp-block-kadence-advancedheading.kt-adv-heading15057_b68316-6c[data-kb-block=\"kb-adv-heading15057_b68316-6c\"]{text-align:center;font-size:60px;font-style:normal;text-transform:uppercase;}.wp-block-kadence-advancedheading.kt-adv-heading15057_b68316-6c mark.kt-highlight, .wp-block-kadence-advancedheading.kt-adv-heading15057_b68316-6c[data-kb-block=\"kb-adv-heading15057_b68316-6c\"] mark.kt-highlight{font-style:normal;color:#f76a0c;-webkit-box-decoration-break:clone;box-decoration-break:clone;padding-top:0px;padding-right:0px;padding-bottom:0px;padding-left:0px;}@media all and (max-width: 767px){.wp-block-kadence-advancedheading.kt-adv-heading15057_b68316-6c, .wp-block-kadence-advancedheading.kt-adv-heading15057_b68316-6c[data-kb-block=\"kb-adv-heading15057_b68316-6c\"]{font-size:30px;}}<\/style>\n<h2 class=\"kt-adv-heading15057_b68316-6c wp-block-kadence-advancedheading\" data-kb-block=\"kb-adv-heading15057_b68316-6c\">Una animada fiesta latino-italiana<\/h2>\n\n\n<style>.wp-block-kadence-advancedheading.kt-adv-heading15057_9b872b-e1, .wp-block-kadence-advancedheading.kt-adv-heading15057_9b872b-e1[data-kb-block=\"kb-adv-heading15057_9b872b-e1\"]{text-align:center;font-size:40px;line-height:1.2;font-weight:400;font-style:normal;font-family:'Libre Caslon Display';border-top:30px solid transparent;border-right:30px solid transparent;border-bottom:30px solid transparent;border-left:30px solid transparent;}.wp-block-kadence-advancedheading.kt-adv-heading15057_9b872b-e1 mark.kt-highlight, .wp-block-kadence-advancedheading.kt-adv-heading15057_9b872b-e1[data-kb-block=\"kb-adv-heading15057_9b872b-e1\"] mark.kt-highlight{font-style:normal;color:#f76a0c;-webkit-box-decoration-break:clone;box-decoration-break:clone;padding-top:0px;padding-right:0px;padding-bottom:0px;padding-left:0px;}@media all and (max-width: 1024px){.wp-block-kadence-advancedheading.kt-adv-heading15057_9b872b-e1, .wp-block-kadence-advancedheading.kt-adv-heading15057_9b872b-e1[data-kb-block=\"kb-adv-heading15057_9b872b-e1\"]{border-top:30px solid transparent;border-right:30px solid transparent;border-bottom:30px solid transparent;border-left:30px solid transparent;}}@media all and (max-width: 767px){.wp-block-kadence-advancedheading.kt-adv-heading15057_9b872b-e1, .wp-block-kadence-advancedheading.kt-adv-heading15057_9b872b-e1[data-kb-block=\"kb-adv-heading15057_9b872b-e1\"]{font-size:20px;border-top:30px solid transparent;border-right:30px solid transparent;border-bottom:30px solid transparent;border-left:30px solid transparent;}}<\/style>\n<p class=\"kt-adv-heading15057_9b872b-e1 wp-block-kadence-advancedheading\" data-kb-block=\"kb-adv-heading15057_9b872b-e1\">Y luego, la fiesta!<br\/>Con invitados chilenos, espa\u00f1oles e italianos, no fue ninguna sorpresa que la pista de baile se animara enseguida. La m\u00fasica, el ritmo, la energ\u00eda contagiosa que se creaba entre la gente para bailar&#8230; todo contribuy\u00f3 a crear un ambiente c\u00e1lido, divertido y con un toque mediterr\u00e1neo-latino. <\/p>\n\n\n<style>.wp-block-kadence-advancedheading.kt-adv-heading15057_dfd09d-8e, .wp-block-kadence-advancedheading.kt-adv-heading15057_dfd09d-8e[data-kb-block=\"kb-adv-heading15057_dfd09d-8e\"]{text-align:center;font-size:40px;line-height:1.2;font-weight:400;font-style:normal;font-family:'Libre Caslon Display';border-top:30px solid transparent;border-right:30px solid transparent;border-bottom:30px solid transparent;border-left:30px solid transparent;}.wp-block-kadence-advancedheading.kt-adv-heading15057_dfd09d-8e mark.kt-highlight, .wp-block-kadence-advancedheading.kt-adv-heading15057_dfd09d-8e[data-kb-block=\"kb-adv-heading15057_dfd09d-8e\"] mark.kt-highlight{font-style:normal;color:#f76a0c;-webkit-box-decoration-break:clone;box-decoration-break:clone;padding-top:0px;padding-right:0px;padding-bottom:0px;padding-left:0px;}@media all and (max-width: 1024px){.wp-block-kadence-advancedheading.kt-adv-heading15057_dfd09d-8e, .wp-block-kadence-advancedheading.kt-adv-heading15057_dfd09d-8e[data-kb-block=\"kb-adv-heading15057_dfd09d-8e\"]{border-top:30px solid transparent;border-right:30px solid transparent;border-bottom:30px solid transparent;border-left:30px solid transparent;}}@media all and (max-width: 767px){.wp-block-kadence-advancedheading.kt-adv-heading15057_dfd09d-8e, .wp-block-kadence-advancedheading.kt-adv-heading15057_dfd09d-8e[data-kb-block=\"kb-adv-heading15057_dfd09d-8e\"]{font-size:20px;border-top:30px solid transparent;border-right:30px solid transparent;border-bottom:30px solid transparent;border-left:30px solid transparent;}}<\/style>\n<p class=\"kt-adv-heading15057_dfd09d-8e wp-block-kadence-advancedheading\" data-kb-block=\"kb-adv-heading15057_dfd09d-8e\">Como fot\u00f3grafo y cineasta, me encantan estos momentos del d\u00eda: el movimiento, la luz, las sombras, los brazos en alto, los ojos cerrados mientras se canta\u2026 Es cuando realmente se puede sentir la felicidad de la gente. Para Vivian y Santiago, la fiesta fue una extensi\u00f3n natural de su personalidad: alegres, cari\u00f1osos y rodeados de personas que los quieren. <\/p>\n<\/div><\/div>\n\n<p><\/p>\n\n<p><\/p>\n\n<div class=\"wp-block-group\"><div class=\"wp-block-group__inner-container is-layout-constrained wp-block-group-is-layout-constrained\"><style>.wp-block-kadence-advancedgallery .kb-gallery-type-masonry.kb-gallery-id-15057_919c99-e0{margin:-1px;}.kb-gallery-type-masonry.kb-gallery-id-15057_919c99-e0 .kadence-blocks-gallery-item{padding:1px;}.kb-gallery-id-15057_919c99-e0 .kadence-blocks-gallery-item .kb-gal-image-radius, .kb-gallery-id-15057_919c99-e0 .kb-slide-item .kb-gal-image-radius img{border-radius:0px 0px 0px 0px;;}<\/style><div class=\"kb-gallery-wrap-id-15057_919c99-e0 alignnone wp-block-kadence-advancedgallery\"><ul class=\"kb-gallery-ul kb-gallery-non-static kb-gallery-type-masonry kb-masonry-init kb-gallery-id-15057_919c99-e0 kb-gallery-caption-style-bottom-hover kb-gallery-filter-none\" data-image-filter=\"none\" data-item-selector=\".kadence-blocks-gallery-item\" data-lightbox-caption=\"true\" data-columns-xxl=\"2\" data-columns-xl=\"2\" data-columns-md=\"2\" data-columns-sm=\"2\" data-columns-xs=\"1\" data-columns-ss=\"1\"><li class=\"kadence-blocks-gallery-item\"><div class=\"kadence-blocks-gallery-item-inner\"><figure class=\"kb-gallery-figure kadence-blocks-gallery-item-hide-caption\"><div class=\"kb-gal-image-radius\" style=\"max-width:1024px;\"><div class=\"kb-gallery-image-contain kadence-blocks-gallery-intrinsic\" style=\"padding-bottom:66%;\"><img loading=\"lazy\" decoding=\"async\" src=\"https:\/\/alejandro-gomez-weddings.com\/wp-content\/uploads\/2025\/11\/2S6A4278-1024x683.jpg\" width=\"1024\" height=\"683\" alt=\"Kid laughing during the wedding party at Villa Wenkenhof in Basel.\" data-full-image=\"https:\/\/alejandro-gomez-weddings.com\/wp-content\/uploads\/2025\/11\/2S6A4278.jpg\" data-light-image=\"https:\/\/alejandro-gomez-weddings.com\/wp-content\/uploads\/2025\/11\/2S6A4278.jpg\" data-id=\"16259\" class=\"wp-image-16259\" srcset=\"https:\/\/alejandro-gomez-weddings.com\/wp-content\/uploads\/2025\/11\/2S6A4278-1024x683.jpg 1024w, https:\/\/alejandro-gomez-weddings.com\/wp-content\/uploads\/2025\/11\/2S6A4278-300x200.jpg 300w, https:\/\/alejandro-gomez-weddings.com\/wp-content\/uploads\/2025\/11\/2S6A4278-768x512.jpg 768w, https:\/\/alejandro-gomez-weddings.com\/wp-content\/uploads\/2025\/11\/2S6A4278-1536x1025.jpg 1536w, https:\/\/alejandro-gomez-weddings.com\/wp-content\/uploads\/2025\/11\/2S6A4278.jpg 2000w\" sizes=\"auto, (max-width: 1024px) 100vw, 1024px\" \/><\/div><\/div><\/figure><\/div><\/li><li class=\"kadence-blocks-gallery-item\"><div class=\"kadence-blocks-gallery-item-inner\"><figure class=\"kb-gallery-figure kadence-blocks-gallery-item-hide-caption\"><div class=\"kb-gal-image-radius\" style=\"max-width:1024px;\"><div class=\"kb-gallery-image-contain kadence-blocks-gallery-intrinsic\" style=\"padding-bottom:66%;\"><img loading=\"lazy\" decoding=\"async\" src=\"https:\/\/alejandro-gomez-weddings.com\/wp-content\/uploads\/2025\/11\/2S6A4288-2-1024x683.jpg\" width=\"1024\" height=\"683\" alt=\"Bride dancing and celebrating during the wedding party at Villa Wenkenhof in Basel.\" data-full-image=\"https:\/\/alejandro-gomez-weddings.com\/wp-content\/uploads\/2025\/11\/2S6A4288-2.jpg\" data-light-image=\"https:\/\/alejandro-gomez-weddings.com\/wp-content\/uploads\/2025\/11\/2S6A4288-2.jpg\" data-id=\"16264\" class=\"wp-image-16264\" srcset=\"https:\/\/alejandro-gomez-weddings.com\/wp-content\/uploads\/2025\/11\/2S6A4288-2-1024x683.jpg 1024w, https:\/\/alejandro-gomez-weddings.com\/wp-content\/uploads\/2025\/11\/2S6A4288-2-300x200.jpg 300w, https:\/\/alejandro-gomez-weddings.com\/wp-content\/uploads\/2025\/11\/2S6A4288-2-768x512.jpg 768w, https:\/\/alejandro-gomez-weddings.com\/wp-content\/uploads\/2025\/11\/2S6A4288-2-1536x1025.jpg 1536w, https:\/\/alejandro-gomez-weddings.com\/wp-content\/uploads\/2025\/11\/2S6A4288-2.jpg 2000w\" sizes=\"auto, (max-width: 1024px) 100vw, 1024px\" \/><\/div><\/div><\/figure><\/div><\/li><li class=\"kadence-blocks-gallery-item\"><div class=\"kadence-blocks-gallery-item-inner\"><figure class=\"kb-gallery-figure kadence-blocks-gallery-item-hide-caption\"><div class=\"kb-gal-image-radius\" style=\"max-width:1024px;\"><div class=\"kb-gallery-image-contain kadence-blocks-gallery-intrinsic\" style=\"padding-bottom:66%;\"><img loading=\"lazy\" decoding=\"async\" src=\"https:\/\/alejandro-gomez-weddings.com\/wp-content\/uploads\/2025\/11\/2S6A4289-1024x683.jpg\" width=\"1024\" height=\"683\" alt=\"Bride dancing and celebrating during the wedding party at Villa Wenkenhof in Basel.\" data-full-image=\"https:\/\/alejandro-gomez-weddings.com\/wp-content\/uploads\/2025\/11\/2S6A4289.jpg\" data-light-image=\"https:\/\/alejandro-gomez-weddings.com\/wp-content\/uploads\/2025\/11\/2S6A4289.jpg\" data-id=\"16269\" class=\"wp-image-16269\" srcset=\"https:\/\/alejandro-gomez-weddings.com\/wp-content\/uploads\/2025\/11\/2S6A4289-1024x683.jpg 1024w, https:\/\/alejandro-gomez-weddings.com\/wp-content\/uploads\/2025\/11\/2S6A4289-300x200.jpg 300w, https:\/\/alejandro-gomez-weddings.com\/wp-content\/uploads\/2025\/11\/2S6A4289-768x512.jpg 768w, https:\/\/alejandro-gomez-weddings.com\/wp-content\/uploads\/2025\/11\/2S6A4289-1536x1025.jpg 1536w, https:\/\/alejandro-gomez-weddings.com\/wp-content\/uploads\/2025\/11\/2S6A4289.jpg 2000w\" sizes=\"auto, (max-width: 1024px) 100vw, 1024px\" \/><\/div><\/div><\/figure><\/div><\/li><li class=\"kadence-blocks-gallery-item\"><div class=\"kadence-blocks-gallery-item-inner\"><figure class=\"kb-gallery-figure kadence-blocks-gallery-item-hide-caption\"><div class=\"kb-gal-image-radius\" style=\"max-width:1024px;\"><div class=\"kb-gallery-image-contain kadence-blocks-gallery-intrinsic\" style=\"padding-bottom:65%;\"><img loading=\"lazy\" decoding=\"async\" src=\"https:\/\/alejandro-gomez-weddings.com\/wp-content\/uploads\/2025\/11\/2S6A4301-1024x668.jpg\" width=\"1024\" height=\"668\" alt=\"Bride dancing and celebrating during the wedding party at Villa Wenkenhof in Basel.\" data-full-image=\"https:\/\/alejandro-gomez-weddings.com\/wp-content\/uploads\/2025\/11\/2S6A4301.jpg\" data-light-image=\"https:\/\/alejandro-gomez-weddings.com\/wp-content\/uploads\/2025\/11\/2S6A4301.jpg\" data-id=\"16274\" class=\"wp-image-16274\" srcset=\"https:\/\/alejandro-gomez-weddings.com\/wp-content\/uploads\/2025\/11\/2S6A4301-1024x668.jpg 1024w, https:\/\/alejandro-gomez-weddings.com\/wp-content\/uploads\/2025\/11\/2S6A4301-300x196.jpg 300w, https:\/\/alejandro-gomez-weddings.com\/wp-content\/uploads\/2025\/11\/2S6A4301-768x501.jpg 768w, https:\/\/alejandro-gomez-weddings.com\/wp-content\/uploads\/2025\/11\/2S6A4301-1536x1001.jpg 1536w, https:\/\/alejandro-gomez-weddings.com\/wp-content\/uploads\/2025\/11\/2S6A4301.jpg 2000w\" sizes=\"auto, (max-width: 1024px) 100vw, 1024px\" \/><\/div><\/div><\/figure><\/div><\/li><li class=\"kadence-blocks-gallery-item\"><div class=\"kadence-blocks-gallery-item-inner\"><figure class=\"kb-gallery-figure kadence-blocks-gallery-item-hide-caption\"><div class=\"kb-gal-image-radius\" style=\"max-width:1024px;\"><div class=\"kb-gallery-image-contain kadence-blocks-gallery-intrinsic\" style=\"padding-bottom:66%;\"><img loading=\"lazy\" decoding=\"async\" src=\"https:\/\/alejandro-gomez-weddings.com\/wp-content\/uploads\/2025\/11\/2S6A4302-1024x683.jpg\" width=\"1024\" height=\"683\" alt=\"Bride dancing and celebrating during the wedding party at Villa Wenkenhof in Basel.\" data-full-image=\"https:\/\/alejandro-gomez-weddings.com\/wp-content\/uploads\/2025\/11\/2S6A4302.jpg\" data-light-image=\"https:\/\/alejandro-gomez-weddings.com\/wp-content\/uploads\/2025\/11\/2S6A4302.jpg\" data-id=\"16279\" class=\"wp-image-16279\" srcset=\"https:\/\/alejandro-gomez-weddings.com\/wp-content\/uploads\/2025\/11\/2S6A4302-1024x683.jpg 1024w, https:\/\/alejandro-gomez-weddings.com\/wp-content\/uploads\/2025\/11\/2S6A4302-300x200.jpg 300w, https:\/\/alejandro-gomez-weddings.com\/wp-content\/uploads\/2025\/11\/2S6A4302-768x512.jpg 768w, https:\/\/alejandro-gomez-weddings.com\/wp-content\/uploads\/2025\/11\/2S6A4302-1536x1025.jpg 1536w, https:\/\/alejandro-gomez-weddings.com\/wp-content\/uploads\/2025\/11\/2S6A4302.jpg 2000w\" sizes=\"auto, (max-width: 1024px) 100vw, 1024px\" \/><\/div><\/div><\/figure><\/div><\/li><li class=\"kadence-blocks-gallery-item\"><div class=\"kadence-blocks-gallery-item-inner\"><figure class=\"kb-gallery-figure kadence-blocks-gallery-item-hide-caption\"><div class=\"kb-gal-image-radius\" style=\"max-width:1024px;\"><div class=\"kb-gallery-image-contain kadence-blocks-gallery-intrinsic\" style=\"padding-bottom:63%;\"><img loading=\"lazy\" decoding=\"async\" src=\"https:\/\/alejandro-gomez-weddings.com\/wp-content\/uploads\/2025\/11\/2S6A4305-1024x648.jpg\" width=\"1024\" height=\"648\" alt=\"Bride dancing and celebrating during the wedding party at Villa Wenkenhof in Basel.\" data-full-image=\"https:\/\/alejandro-gomez-weddings.com\/wp-content\/uploads\/2025\/11\/2S6A4305.jpg\" data-light-image=\"https:\/\/alejandro-gomez-weddings.com\/wp-content\/uploads\/2025\/11\/2S6A4305.jpg\" data-id=\"16284\" class=\"wp-image-16284\" srcset=\"https:\/\/alejandro-gomez-weddings.com\/wp-content\/uploads\/2025\/11\/2S6A4305-1024x648.jpg 1024w, https:\/\/alejandro-gomez-weddings.com\/wp-content\/uploads\/2025\/11\/2S6A4305-300x190.jpg 300w, https:\/\/alejandro-gomez-weddings.com\/wp-content\/uploads\/2025\/11\/2S6A4305-768x486.jpg 768w, https:\/\/alejandro-gomez-weddings.com\/wp-content\/uploads\/2025\/11\/2S6A4305-1536x972.jpg 1536w, https:\/\/alejandro-gomez-weddings.com\/wp-content\/uploads\/2025\/11\/2S6A4305.jpg 2000w\" sizes=\"auto, (max-width: 1024px) 100vw, 1024px\" \/><\/div><\/div><\/figure><\/div><\/li><li class=\"kadence-blocks-gallery-item\"><div class=\"kadence-blocks-gallery-item-inner\"><figure class=\"kb-gallery-figure kadence-blocks-gallery-item-hide-caption\"><div class=\"kb-gal-image-radius\" style=\"max-width:1024px;\"><div class=\"kb-gallery-image-contain kadence-blocks-gallery-intrinsic\" style=\"padding-bottom:66%;\"><img loading=\"lazy\" decoding=\"async\" src=\"https:\/\/alejandro-gomez-weddings.com\/wp-content\/uploads\/2025\/11\/2S6A4314-1024x683.jpg\" width=\"1024\" height=\"683\" alt=\"Bride dancing and celebrating during the wedding party at Villa Wenkenhof in Basel.\" data-full-image=\"https:\/\/alejandro-gomez-weddings.com\/wp-content\/uploads\/2025\/11\/2S6A4314.jpg\" data-light-image=\"https:\/\/alejandro-gomez-weddings.com\/wp-content\/uploads\/2025\/11\/2S6A4314.jpg\" data-id=\"16289\" class=\"wp-image-16289\" srcset=\"https:\/\/alejandro-gomez-weddings.com\/wp-content\/uploads\/2025\/11\/2S6A4314-1024x683.jpg 1024w, https:\/\/alejandro-gomez-weddings.com\/wp-content\/uploads\/2025\/11\/2S6A4314-300x200.jpg 300w, https:\/\/alejandro-gomez-weddings.com\/wp-content\/uploads\/2025\/11\/2S6A4314-768x512.jpg 768w, https:\/\/alejandro-gomez-weddings.com\/wp-content\/uploads\/2025\/11\/2S6A4314-1536x1025.jpg 1536w, https:\/\/alejandro-gomez-weddings.com\/wp-content\/uploads\/2025\/11\/2S6A4314.jpg 2000w\" sizes=\"auto, (max-width: 1024px) 100vw, 1024px\" \/><\/div><\/div><\/figure><\/div><\/li><li class=\"kadence-blocks-gallery-item\"><div class=\"kadence-blocks-gallery-item-inner\"><figure class=\"kb-gallery-figure kadence-blocks-gallery-item-hide-caption\"><div class=\"kb-gal-image-radius\" style=\"max-width:1024px;\"><div class=\"kb-gallery-image-contain kadence-blocks-gallery-intrinsic\" style=\"padding-bottom:66%;\"><img loading=\"lazy\" decoding=\"async\" src=\"https:\/\/alejandro-gomez-weddings.com\/wp-content\/uploads\/2025\/11\/2S6A4324-1-1024x683.jpg\" width=\"1024\" height=\"683\" alt=\"Bride dancing and celebrating during the wedding party at Villa Wenkenhof in Basel.\" data-full-image=\"https:\/\/alejandro-gomez-weddings.com\/wp-content\/uploads\/2025\/11\/2S6A4324-1.jpg\" data-light-image=\"https:\/\/alejandro-gomez-weddings.com\/wp-content\/uploads\/2025\/11\/2S6A4324-1.jpg\" data-id=\"16294\" class=\"wp-image-16294\" srcset=\"https:\/\/alejandro-gomez-weddings.com\/wp-content\/uploads\/2025\/11\/2S6A4324-1-1024x683.jpg 1024w, https:\/\/alejandro-gomez-weddings.com\/wp-content\/uploads\/2025\/11\/2S6A4324-1-300x200.jpg 300w, https:\/\/alejandro-gomez-weddings.com\/wp-content\/uploads\/2025\/11\/2S6A4324-1-768x512.jpg 768w, https:\/\/alejandro-gomez-weddings.com\/wp-content\/uploads\/2025\/11\/2S6A4324-1-1536x1025.jpg 1536w, https:\/\/alejandro-gomez-weddings.com\/wp-content\/uploads\/2025\/11\/2S6A4324-1.jpg 2000w\" sizes=\"auto, (max-width: 1024px) 100vw, 1024px\" \/><\/div><\/div><\/figure><\/div><\/li><li class=\"kadence-blocks-gallery-item\"><div class=\"kadence-blocks-gallery-item-inner\"><figure class=\"kb-gallery-figure kadence-blocks-gallery-item-hide-caption\"><div class=\"kb-gal-image-radius\" style=\"max-width:1024px;\"><div class=\"kb-gallery-image-contain kadence-blocks-gallery-intrinsic\" style=\"padding-bottom:66%;\"><img loading=\"lazy\" decoding=\"async\" src=\"https:\/\/alejandro-gomez-weddings.com\/wp-content\/uploads\/2025\/11\/2S6A4350-1024x683.jpg\" width=\"1024\" height=\"683\" alt=\"Bride dancing and celebrating during the wedding party at Villa Wenkenhof in Basel.\" data-full-image=\"https:\/\/alejandro-gomez-weddings.com\/wp-content\/uploads\/2025\/11\/2S6A4350.jpg\" data-light-image=\"https:\/\/alejandro-gomez-weddings.com\/wp-content\/uploads\/2025\/11\/2S6A4350.jpg\" data-id=\"16299\" class=\"wp-image-16299\" srcset=\"https:\/\/alejandro-gomez-weddings.com\/wp-content\/uploads\/2025\/11\/2S6A4350-1024x683.jpg 1024w, https:\/\/alejandro-gomez-weddings.com\/wp-content\/uploads\/2025\/11\/2S6A4350-300x200.jpg 300w, https:\/\/alejandro-gomez-weddings.com\/wp-content\/uploads\/2025\/11\/2S6A4350-768x512.jpg 768w, https:\/\/alejandro-gomez-weddings.com\/wp-content\/uploads\/2025\/11\/2S6A4350-1536x1025.jpg 1536w, https:\/\/alejandro-gomez-weddings.com\/wp-content\/uploads\/2025\/11\/2S6A4350.jpg 2000w\" sizes=\"auto, (max-width: 1024px) 100vw, 1024px\" \/><\/div><\/div><\/figure><\/div><\/li><li class=\"kadence-blocks-gallery-item\"><div class=\"kadence-blocks-gallery-item-inner\"><figure class=\"kb-gallery-figure kadence-blocks-gallery-item-hide-caption\"><div class=\"kb-gal-image-radius\" style=\"max-width:1024px;\"><div class=\"kb-gallery-image-contain kadence-blocks-gallery-intrinsic\" style=\"padding-bottom:66%;\"><img loading=\"lazy\" decoding=\"async\" src=\"https:\/\/alejandro-gomez-weddings.com\/wp-content\/uploads\/2025\/11\/2S6A4351-1024x683.jpg\" width=\"1024\" height=\"683\" alt=\"Bride dancing and celebrating during the wedding party at Villa Wenkenhof in Basel.\" data-full-image=\"https:\/\/alejandro-gomez-weddings.com\/wp-content\/uploads\/2025\/11\/2S6A4351.jpg\" data-light-image=\"https:\/\/alejandro-gomez-weddings.com\/wp-content\/uploads\/2025\/11\/2S6A4351.jpg\" data-id=\"16304\" class=\"wp-image-16304\" srcset=\"https:\/\/alejandro-gomez-weddings.com\/wp-content\/uploads\/2025\/11\/2S6A4351-1024x683.jpg 1024w, https:\/\/alejandro-gomez-weddings.com\/wp-content\/uploads\/2025\/11\/2S6A4351-300x200.jpg 300w, https:\/\/alejandro-gomez-weddings.com\/wp-content\/uploads\/2025\/11\/2S6A4351-768x512.jpg 768w, https:\/\/alejandro-gomez-weddings.com\/wp-content\/uploads\/2025\/11\/2S6A4351-1536x1025.jpg 1536w, https:\/\/alejandro-gomez-weddings.com\/wp-content\/uploads\/2025\/11\/2S6A4351.jpg 2000w\" sizes=\"auto, (max-width: 1024px) 100vw, 1024px\" \/><\/div><\/div><\/figure><\/div><\/li><li class=\"kadence-blocks-gallery-item\"><div class=\"kadence-blocks-gallery-item-inner\"><figure class=\"kb-gallery-figure kadence-blocks-gallery-item-hide-caption\"><div class=\"kb-gal-image-radius\" style=\"max-width:1024px;\"><div class=\"kb-gallery-image-contain kadence-blocks-gallery-intrinsic\" style=\"padding-bottom:62%;\"><img loading=\"lazy\" decoding=\"async\" src=\"https:\/\/alejandro-gomez-weddings.com\/wp-content\/uploads\/2025\/11\/2S6A4363-1024x644.jpg\" width=\"1024\" height=\"644\" alt=\"Bride dancing and celebrating during the wedding party at Villa Wenkenhof in Basel.\" data-full-image=\"https:\/\/alejandro-gomez-weddings.com\/wp-content\/uploads\/2025\/11\/2S6A4363.jpg\" data-light-image=\"https:\/\/alejandro-gomez-weddings.com\/wp-content\/uploads\/2025\/11\/2S6A4363.jpg\" data-id=\"16309\" class=\"wp-image-16309\" srcset=\"https:\/\/alejandro-gomez-weddings.com\/wp-content\/uploads\/2025\/11\/2S6A4363-1024x644.jpg 1024w, https:\/\/alejandro-gomez-weddings.com\/wp-content\/uploads\/2025\/11\/2S6A4363-300x189.jpg 300w, https:\/\/alejandro-gomez-weddings.com\/wp-content\/uploads\/2025\/11\/2S6A4363-768x483.jpg 768w, https:\/\/alejandro-gomez-weddings.com\/wp-content\/uploads\/2025\/11\/2S6A4363-1536x965.jpg 1536w, https:\/\/alejandro-gomez-weddings.com\/wp-content\/uploads\/2025\/11\/2S6A4363.jpg 2000w\" sizes=\"auto, (max-width: 1024px) 100vw, 1024px\" \/><\/div><\/div><\/figure><\/div><\/li><li class=\"kadence-blocks-gallery-item\"><div class=\"kadence-blocks-gallery-item-inner\"><figure class=\"kb-gallery-figure kadence-blocks-gallery-item-hide-caption\"><div class=\"kb-gal-image-radius\" style=\"max-width:1024px;\"><div class=\"kb-gallery-image-contain kadence-blocks-gallery-intrinsic\" style=\"padding-bottom:66%;\"><img loading=\"lazy\" decoding=\"async\" src=\"https:\/\/alejandro-gomez-weddings.com\/wp-content\/uploads\/2025\/11\/2S6A4392-1024x683.jpg\" width=\"1024\" height=\"683\" alt=\"Groom dancing with her mum and celebrating during the wedding party at Villa Wenkenhof in Basel.\" data-full-image=\"https:\/\/alejandro-gomez-weddings.com\/wp-content\/uploads\/2025\/11\/2S6A4392.jpg\" data-light-image=\"https:\/\/alejandro-gomez-weddings.com\/wp-content\/uploads\/2025\/11\/2S6A4392.jpg\" data-id=\"16314\" class=\"wp-image-16314\" srcset=\"https:\/\/alejandro-gomez-weddings.com\/wp-content\/uploads\/2025\/11\/2S6A4392-1024x683.jpg 1024w, https:\/\/alejandro-gomez-weddings.com\/wp-content\/uploads\/2025\/11\/2S6A4392-300x200.jpg 300w, https:\/\/alejandro-gomez-weddings.com\/wp-content\/uploads\/2025\/11\/2S6A4392-768x512.jpg 768w, https:\/\/alejandro-gomez-weddings.com\/wp-content\/uploads\/2025\/11\/2S6A4392-1536x1025.jpg 1536w, https:\/\/alejandro-gomez-weddings.com\/wp-content\/uploads\/2025\/11\/2S6A4392.jpg 2000w\" sizes=\"auto, (max-width: 1024px) 100vw, 1024px\" \/><\/div><\/div><\/figure><\/div><\/li><li class=\"kadence-blocks-gallery-item\"><div class=\"kadence-blocks-gallery-item-inner\"><figure class=\"kb-gallery-figure kadence-blocks-gallery-item-hide-caption\"><div class=\"kb-gal-image-radius\" style=\"max-width:1024px;\"><div class=\"kb-gallery-image-contain kadence-blocks-gallery-intrinsic\" style=\"padding-bottom:57%;\"><img loading=\"lazy\" decoding=\"async\" src=\"https:\/\/alejandro-gomez-weddings.com\/wp-content\/uploads\/2025\/11\/2S6A4411-1-1024x587.jpg\" width=\"1024\" height=\"587\" alt=\"Groom dancing with her mum and celebrating during the wedding party at Villa Wenkenhof in Basel.\" data-full-image=\"https:\/\/alejandro-gomez-weddings.com\/wp-content\/uploads\/2025\/11\/2S6A4411-1.jpg\" data-light-image=\"https:\/\/alejandro-gomez-weddings.com\/wp-content\/uploads\/2025\/11\/2S6A4411-1.jpg\" data-id=\"16319\" class=\"wp-image-16319\" srcset=\"https:\/\/alejandro-gomez-weddings.com\/wp-content\/uploads\/2025\/11\/2S6A4411-1-1024x587.jpg 1024w, https:\/\/alejandro-gomez-weddings.com\/wp-content\/uploads\/2025\/11\/2S6A4411-1-300x172.jpg 300w, https:\/\/alejandro-gomez-weddings.com\/wp-content\/uploads\/2025\/11\/2S6A4411-1-768x440.jpg 768w, https:\/\/alejandro-gomez-weddings.com\/wp-content\/uploads\/2025\/11\/2S6A4411-1-1536x880.jpg 1536w, https:\/\/alejandro-gomez-weddings.com\/wp-content\/uploads\/2025\/11\/2S6A4411-1.jpg 2000w\" sizes=\"auto, (max-width: 1024px) 100vw, 1024px\" \/><\/div><\/div><\/figure><\/div><\/li><li class=\"kadence-blocks-gallery-item\"><div class=\"kadence-blocks-gallery-item-inner\"><figure class=\"kb-gallery-figure kadence-blocks-gallery-item-hide-caption\"><div class=\"kb-gal-image-radius\" style=\"max-width:1024px;\"><div class=\"kb-gallery-image-contain kadence-blocks-gallery-intrinsic\" style=\"padding-bottom:66%;\"><img loading=\"lazy\" decoding=\"async\" src=\"https:\/\/alejandro-gomez-weddings.com\/wp-content\/uploads\/2025\/11\/2S6A4432-1-1024x683.jpg\" width=\"1024\" height=\"683\" alt=\"Bride dancing and celebrating during the wedding party at Villa Wenkenhof in Basel.\" data-full-image=\"https:\/\/alejandro-gomez-weddings.com\/wp-content\/uploads\/2025\/11\/2S6A4432-1.jpg\" data-light-image=\"https:\/\/alejandro-gomez-weddings.com\/wp-content\/uploads\/2025\/11\/2S6A4432-1.jpg\" data-id=\"16324\" class=\"wp-image-16324\" srcset=\"https:\/\/alejandro-gomez-weddings.com\/wp-content\/uploads\/2025\/11\/2S6A4432-1-1024x683.jpg 1024w, https:\/\/alejandro-gomez-weddings.com\/wp-content\/uploads\/2025\/11\/2S6A4432-1-300x200.jpg 300w, https:\/\/alejandro-gomez-weddings.com\/wp-content\/uploads\/2025\/11\/2S6A4432-1-768x512.jpg 768w, https:\/\/alejandro-gomez-weddings.com\/wp-content\/uploads\/2025\/11\/2S6A4432-1-1536x1025.jpg 1536w, https:\/\/alejandro-gomez-weddings.com\/wp-content\/uploads\/2025\/11\/2S6A4432-1.jpg 2000w\" sizes=\"auto, (max-width: 1024px) 100vw, 1024px\" \/><\/div><\/div><\/figure><\/div><\/li><li class=\"kadence-blocks-gallery-item\"><div class=\"kadence-blocks-gallery-item-inner\"><figure class=\"kb-gallery-figure kadence-blocks-gallery-item-hide-caption\"><div class=\"kb-gal-image-radius\" style=\"max-width:1024px;\"><div class=\"kb-gallery-image-contain kadence-blocks-gallery-intrinsic\" style=\"padding-bottom:66%;\"><img loading=\"lazy\" decoding=\"async\" src=\"https:\/\/alejandro-gomez-weddings.com\/wp-content\/uploads\/2025\/11\/2S6A4480-1024x683.jpg\" width=\"1024\" height=\"683\" alt=\"Guests kissing and celebrating during the wedding party at Villa Wenkenhof in Basel.\" data-full-image=\"https:\/\/alejandro-gomez-weddings.com\/wp-content\/uploads\/2025\/11\/2S6A4480.jpg\" data-light-image=\"https:\/\/alejandro-gomez-weddings.com\/wp-content\/uploads\/2025\/11\/2S6A4480.jpg\" data-id=\"16329\" class=\"wp-image-16329\" srcset=\"https:\/\/alejandro-gomez-weddings.com\/wp-content\/uploads\/2025\/11\/2S6A4480-1024x683.jpg 1024w, https:\/\/alejandro-gomez-weddings.com\/wp-content\/uploads\/2025\/11\/2S6A4480-300x200.jpg 300w, https:\/\/alejandro-gomez-weddings.com\/wp-content\/uploads\/2025\/11\/2S6A4480-768x512.jpg 768w, https:\/\/alejandro-gomez-weddings.com\/wp-content\/uploads\/2025\/11\/2S6A4480-1536x1025.jpg 1536w, https:\/\/alejandro-gomez-weddings.com\/wp-content\/uploads\/2025\/11\/2S6A4480.jpg 2000w\" sizes=\"auto, (max-width: 1024px) 100vw, 1024px\" \/><\/div><\/div><\/figure><\/div><\/li><li class=\"kadence-blocks-gallery-item\"><div class=\"kadence-blocks-gallery-item-inner\"><figure class=\"kb-gallery-figure kadence-blocks-gallery-item-hide-caption\"><div class=\"kb-gal-image-radius\" style=\"max-width:1024px;\"><div class=\"kb-gallery-image-contain kadence-blocks-gallery-intrinsic\" style=\"padding-bottom:66%;\"><img loading=\"lazy\" decoding=\"async\" src=\"https:\/\/alejandro-gomez-weddings.com\/wp-content\/uploads\/2025\/11\/2S6A4481-1024x683.jpg\" width=\"1024\" height=\"683\" alt=\"Guests kissing and celebrating during the wedding party at Villa Wenkenhof in Basel.\" data-full-image=\"https:\/\/alejandro-gomez-weddings.com\/wp-content\/uploads\/2025\/11\/2S6A4481.jpg\" data-light-image=\"https:\/\/alejandro-gomez-weddings.com\/wp-content\/uploads\/2025\/11\/2S6A4481.jpg\" data-id=\"16334\" class=\"wp-image-16334\" srcset=\"https:\/\/alejandro-gomez-weddings.com\/wp-content\/uploads\/2025\/11\/2S6A4481-1024x683.jpg 1024w, https:\/\/alejandro-gomez-weddings.com\/wp-content\/uploads\/2025\/11\/2S6A4481-300x200.jpg 300w, https:\/\/alejandro-gomez-weddings.com\/wp-content\/uploads\/2025\/11\/2S6A4481-768x512.jpg 768w, https:\/\/alejandro-gomez-weddings.com\/wp-content\/uploads\/2025\/11\/2S6A4481-1536x1025.jpg 1536w, https:\/\/alejandro-gomez-weddings.com\/wp-content\/uploads\/2025\/11\/2S6A4481.jpg 2000w\" sizes=\"auto, (max-width: 1024px) 100vw, 1024px\" \/><\/div><\/div><\/figure><\/div><\/li><li class=\"kadence-blocks-gallery-item\"><div class=\"kadence-blocks-gallery-item-inner\"><figure class=\"kb-gallery-figure kadence-blocks-gallery-item-hide-caption\"><div class=\"kb-gal-image-radius\" style=\"max-width:1024px;\"><div class=\"kb-gallery-image-contain kadence-blocks-gallery-intrinsic\" style=\"padding-bottom:66%;\"><img loading=\"lazy\" decoding=\"async\" src=\"https:\/\/alejandro-gomez-weddings.com\/wp-content\/uploads\/2025\/11\/2S6A4498-1024x683.jpg\" width=\"1024\" height=\"683\" alt=\"Groom dancing with her mum and celebrating during the wedding party at Villa Wenkenhof in Basel.\" data-full-image=\"https:\/\/alejandro-gomez-weddings.com\/wp-content\/uploads\/2025\/11\/2S6A4498.jpg\" data-light-image=\"https:\/\/alejandro-gomez-weddings.com\/wp-content\/uploads\/2025\/11\/2S6A4498.jpg\" data-id=\"16339\" class=\"wp-image-16339\" srcset=\"https:\/\/alejandro-gomez-weddings.com\/wp-content\/uploads\/2025\/11\/2S6A4498-1024x683.jpg 1024w, https:\/\/alejandro-gomez-weddings.com\/wp-content\/uploads\/2025\/11\/2S6A4498-300x200.jpg 300w, https:\/\/alejandro-gomez-weddings.com\/wp-content\/uploads\/2025\/11\/2S6A4498-768x512.jpg 768w, https:\/\/alejandro-gomez-weddings.com\/wp-content\/uploads\/2025\/11\/2S6A4498-1536x1025.jpg 1536w, https:\/\/alejandro-gomez-weddings.com\/wp-content\/uploads\/2025\/11\/2S6A4498.jpg 2000w\" sizes=\"auto, (max-width: 1024px) 100vw, 1024px\" \/><\/div><\/div><\/figure><\/div><\/li><li class=\"kadence-blocks-gallery-item\"><div class=\"kadence-blocks-gallery-item-inner\"><figure class=\"kb-gallery-figure kadence-blocks-gallery-item-hide-caption\"><div class=\"kb-gal-image-radius\" style=\"max-width:1024px;\"><div class=\"kb-gallery-image-contain kadence-blocks-gallery-intrinsic\" style=\"padding-bottom:66%;\"><img loading=\"lazy\" decoding=\"async\" src=\"https:\/\/alejandro-gomez-weddings.com\/wp-content\/uploads\/2025\/11\/2S6A4548-1024x683.jpg\" width=\"1024\" height=\"683\" alt=\"Bride dancing and celebrating during the wedding party at Villa Wenkenhof in Basel.\" data-full-image=\"https:\/\/alejandro-gomez-weddings.com\/wp-content\/uploads\/2025\/11\/2S6A4548.jpg\" data-light-image=\"https:\/\/alejandro-gomez-weddings.com\/wp-content\/uploads\/2025\/11\/2S6A4548.jpg\" data-id=\"16344\" class=\"wp-image-16344\" srcset=\"https:\/\/alejandro-gomez-weddings.com\/wp-content\/uploads\/2025\/11\/2S6A4548-1024x683.jpg 1024w, https:\/\/alejandro-gomez-weddings.com\/wp-content\/uploads\/2025\/11\/2S6A4548-300x200.jpg 300w, https:\/\/alejandro-gomez-weddings.com\/wp-content\/uploads\/2025\/11\/2S6A4548-768x512.jpg 768w, https:\/\/alejandro-gomez-weddings.com\/wp-content\/uploads\/2025\/11\/2S6A4548-1536x1025.jpg 1536w, https:\/\/alejandro-gomez-weddings.com\/wp-content\/uploads\/2025\/11\/2S6A4548.jpg 2000w\" sizes=\"auto, (max-width: 1024px) 100vw, 1024px\" \/><\/div><\/div><\/figure><\/div><\/li><li class=\"kadence-blocks-gallery-item\"><div class=\"kadence-blocks-gallery-item-inner\"><figure class=\"kb-gallery-figure kadence-blocks-gallery-item-hide-caption\"><div class=\"kb-gal-image-radius\" style=\"max-width:1024px;\"><div class=\"kb-gallery-image-contain kadence-blocks-gallery-intrinsic\" style=\"padding-bottom:63%;\"><img loading=\"lazy\" decoding=\"async\" src=\"https:\/\/alejandro-gomez-weddings.com\/wp-content\/uploads\/2025\/11\/2S6A4554-1024x647.jpg\" width=\"1024\" height=\"647\" alt=\"Bride dancing and celebrating during the wedding party at Villa Wenkenhof in Basel.\" data-full-image=\"https:\/\/alejandro-gomez-weddings.com\/wp-content\/uploads\/2025\/11\/2S6A4554.jpg\" data-light-image=\"https:\/\/alejandro-gomez-weddings.com\/wp-content\/uploads\/2025\/11\/2S6A4554.jpg\" data-id=\"16349\" class=\"wp-image-16349\" srcset=\"https:\/\/alejandro-gomez-weddings.com\/wp-content\/uploads\/2025\/11\/2S6A4554-1024x647.jpg 1024w, https:\/\/alejandro-gomez-weddings.com\/wp-content\/uploads\/2025\/11\/2S6A4554-300x190.jpg 300w, https:\/\/alejandro-gomez-weddings.com\/wp-content\/uploads\/2025\/11\/2S6A4554-768x485.jpg 768w, https:\/\/alejandro-gomez-weddings.com\/wp-content\/uploads\/2025\/11\/2S6A4554-1536x971.jpg 1536w, https:\/\/alejandro-gomez-weddings.com\/wp-content\/uploads\/2025\/11\/2S6A4554.jpg 2000w\" sizes=\"auto, (max-width: 1024px) 100vw, 1024px\" \/><\/div><\/div><\/figure><\/div><\/li><li class=\"kadence-blocks-gallery-item\"><div class=\"kadence-blocks-gallery-item-inner\"><figure class=\"kb-gallery-figure kadence-blocks-gallery-item-hide-caption\"><div class=\"kb-gal-image-radius\" style=\"max-width:1024px;\"><div class=\"kb-gallery-image-contain kadence-blocks-gallery-intrinsic\" style=\"padding-bottom:66%;\"><img loading=\"lazy\" decoding=\"async\" src=\"https:\/\/alejandro-gomez-weddings.com\/wp-content\/uploads\/2025\/11\/2S6A4555-1024x683.jpg\" width=\"1024\" height=\"683\" alt=\"Bride dancing and celebrating during the wedding party at Villa Wenkenhof in Basel.\" data-full-image=\"https:\/\/alejandro-gomez-weddings.com\/wp-content\/uploads\/2025\/11\/2S6A4555.jpg\" data-light-image=\"https:\/\/alejandro-gomez-weddings.com\/wp-content\/uploads\/2025\/11\/2S6A4555.jpg\" data-id=\"16354\" class=\"wp-image-16354\" srcset=\"https:\/\/alejandro-gomez-weddings.com\/wp-content\/uploads\/2025\/11\/2S6A4555-1024x683.jpg 1024w, https:\/\/alejandro-gomez-weddings.com\/wp-content\/uploads\/2025\/11\/2S6A4555-300x200.jpg 300w, https:\/\/alejandro-gomez-weddings.com\/wp-content\/uploads\/2025\/11\/2S6A4555-768x512.jpg 768w, https:\/\/alejandro-gomez-weddings.com\/wp-content\/uploads\/2025\/11\/2S6A4555-1536x1025.jpg 1536w, https:\/\/alejandro-gomez-weddings.com\/wp-content\/uploads\/2025\/11\/2S6A4555.jpg 2000w\" sizes=\"auto, (max-width: 1024px) 100vw, 1024px\" \/><\/div><\/div><\/figure><\/div><\/li><li class=\"kadence-blocks-gallery-item\"><div class=\"kadence-blocks-gallery-item-inner\"><figure class=\"kb-gallery-figure kadence-blocks-gallery-item-hide-caption\"><div class=\"kb-gal-image-radius\" style=\"max-width:1024px;\"><div class=\"kb-gallery-image-contain kadence-blocks-gallery-intrinsic\" style=\"padding-bottom:66%;\"><img loading=\"lazy\" decoding=\"async\" src=\"https:\/\/alejandro-gomez-weddings.com\/wp-content\/uploads\/2025\/11\/2S6A4636-1024x683.jpg\" width=\"1024\" height=\"683\" alt=\"Groom dancing and celebrating during the wedding party at Villa Wenkenhof in Basel.\" data-full-image=\"https:\/\/alejandro-gomez-weddings.com\/wp-content\/uploads\/2025\/11\/2S6A4636.jpg\" data-light-image=\"https:\/\/alejandro-gomez-weddings.com\/wp-content\/uploads\/2025\/11\/2S6A4636.jpg\" data-id=\"16359\" class=\"wp-image-16359\" srcset=\"https:\/\/alejandro-gomez-weddings.com\/wp-content\/uploads\/2025\/11\/2S6A4636-1024x683.jpg 1024w, https:\/\/alejandro-gomez-weddings.com\/wp-content\/uploads\/2025\/11\/2S6A4636-300x200.jpg 300w, https:\/\/alejandro-gomez-weddings.com\/wp-content\/uploads\/2025\/11\/2S6A4636-768x512.jpg 768w, https:\/\/alejandro-gomez-weddings.com\/wp-content\/uploads\/2025\/11\/2S6A4636-1536x1025.jpg 1536w, https:\/\/alejandro-gomez-weddings.com\/wp-content\/uploads\/2025\/11\/2S6A4636.jpg 2000w\" sizes=\"auto, (max-width: 1024px) 100vw, 1024px\" \/><\/div><\/div><\/figure><\/div><\/li><li class=\"kadence-blocks-gallery-item\"><div class=\"kadence-blocks-gallery-item-inner\"><figure class=\"kb-gallery-figure kadence-blocks-gallery-item-hide-caption\"><div class=\"kb-gal-image-radius\" style=\"max-width:1024px;\"><div class=\"kb-gallery-image-contain kadence-blocks-gallery-intrinsic\" style=\"padding-bottom:63%;\"><img loading=\"lazy\" decoding=\"async\" src=\"https:\/\/alejandro-gomez-weddings.com\/wp-content\/uploads\/2025\/11\/2S6A4654-1024x655.jpg\" width=\"1024\" height=\"655\" alt=\"Kid playing and celebrating during the wedding party at Villa Wenkenhof in Basel.\" data-full-image=\"https:\/\/alejandro-gomez-weddings.com\/wp-content\/uploads\/2025\/11\/2S6A4654.jpg\" data-light-image=\"https:\/\/alejandro-gomez-weddings.com\/wp-content\/uploads\/2025\/11\/2S6A4654.jpg\" data-id=\"16364\" class=\"wp-image-16364\" srcset=\"https:\/\/alejandro-gomez-weddings.com\/wp-content\/uploads\/2025\/11\/2S6A4654-1024x655.jpg 1024w, https:\/\/alejandro-gomez-weddings.com\/wp-content\/uploads\/2025\/11\/2S6A4654-300x192.jpg 300w, https:\/\/alejandro-gomez-weddings.com\/wp-content\/uploads\/2025\/11\/2S6A4654-768x492.jpg 768w, https:\/\/alejandro-gomez-weddings.com\/wp-content\/uploads\/2025\/11\/2S6A4654-1536x983.jpg 1536w, https:\/\/alejandro-gomez-weddings.com\/wp-content\/uploads\/2025\/11\/2S6A4654.jpg 2000w\" sizes=\"auto, (max-width: 1024px) 100vw, 1024px\" \/><\/div><\/div><\/figure><\/div><\/li><li class=\"kadence-blocks-gallery-item\"><div class=\"kadence-blocks-gallery-item-inner\"><figure class=\"kb-gallery-figure kadence-blocks-gallery-item-hide-caption\"><div class=\"kb-gal-image-radius\" style=\"max-width:1024px;\"><div class=\"kb-gallery-image-contain kadence-blocks-gallery-intrinsic\" style=\"padding-bottom:66%;\"><img loading=\"lazy\" decoding=\"async\" src=\"https:\/\/alejandro-gomez-weddings.com\/wp-content\/uploads\/2025\/11\/2S6A4667-1024x683.jpg\" width=\"1024\" height=\"683\" alt=\"Kid playing and celebrating during the wedding party at Villa Wenkenhof in Basel.\" data-full-image=\"https:\/\/alejandro-gomez-weddings.com\/wp-content\/uploads\/2025\/11\/2S6A4667.jpg\" data-light-image=\"https:\/\/alejandro-gomez-weddings.com\/wp-content\/uploads\/2025\/11\/2S6A4667.jpg\" data-id=\"16369\" class=\"wp-image-16369\" srcset=\"https:\/\/alejandro-gomez-weddings.com\/wp-content\/uploads\/2025\/11\/2S6A4667-1024x683.jpg 1024w, https:\/\/alejandro-gomez-weddings.com\/wp-content\/uploads\/2025\/11\/2S6A4667-300x200.jpg 300w, https:\/\/alejandro-gomez-weddings.com\/wp-content\/uploads\/2025\/11\/2S6A4667-768x512.jpg 768w, https:\/\/alejandro-gomez-weddings.com\/wp-content\/uploads\/2025\/11\/2S6A4667-1536x1025.jpg 1536w, https:\/\/alejandro-gomez-weddings.com\/wp-content\/uploads\/2025\/11\/2S6A4667.jpg 2000w\" sizes=\"auto, (max-width: 1024px) 100vw, 1024px\" \/><\/div><\/div><\/figure><\/div><\/li><li class=\"kadence-blocks-gallery-item\"><div class=\"kadence-blocks-gallery-item-inner\"><figure class=\"kb-gallery-figure kadence-blocks-gallery-item-hide-caption\"><div class=\"kb-gal-image-radius\" style=\"max-width:1024px;\"><div class=\"kb-gallery-image-contain kadence-blocks-gallery-intrinsic\" style=\"padding-bottom:66%;\"><img loading=\"lazy\" decoding=\"async\" src=\"https:\/\/alejandro-gomez-weddings.com\/wp-content\/uploads\/2025\/11\/2S6A4686-1024x683.jpg\" width=\"1024\" height=\"683\" alt=\"Guests dancing and celebrating during the wedding party at Villa Wenkenhof in Basel.\" data-full-image=\"https:\/\/alejandro-gomez-weddings.com\/wp-content\/uploads\/2025\/11\/2S6A4686.jpg\" data-light-image=\"https:\/\/alejandro-gomez-weddings.com\/wp-content\/uploads\/2025\/11\/2S6A4686.jpg\" data-id=\"16374\" class=\"wp-image-16374\" srcset=\"https:\/\/alejandro-gomez-weddings.com\/wp-content\/uploads\/2025\/11\/2S6A4686-1024x683.jpg 1024w, https:\/\/alejandro-gomez-weddings.com\/wp-content\/uploads\/2025\/11\/2S6A4686-300x200.jpg 300w, https:\/\/alejandro-gomez-weddings.com\/wp-content\/uploads\/2025\/11\/2S6A4686-768x512.jpg 768w, https:\/\/alejandro-gomez-weddings.com\/wp-content\/uploads\/2025\/11\/2S6A4686-1536x1025.jpg 1536w, https:\/\/alejandro-gomez-weddings.com\/wp-content\/uploads\/2025\/11\/2S6A4686.jpg 2000w\" sizes=\"auto, (max-width: 1024px) 100vw, 1024px\" \/><\/div><\/div><\/figure><\/div><\/li><li class=\"kadence-blocks-gallery-item\"><div class=\"kadence-blocks-gallery-item-inner\"><figure class=\"kb-gallery-figure kadence-blocks-gallery-item-hide-caption\"><div class=\"kb-gal-image-radius\" style=\"max-width:1024px;\"><div class=\"kb-gallery-image-contain kadence-blocks-gallery-intrinsic\" style=\"padding-bottom:57%;\"><img loading=\"lazy\" decoding=\"async\" src=\"https:\/\/alejandro-gomez-weddings.com\/wp-content\/uploads\/2025\/11\/2S6A4697-1024x589.jpg\" width=\"1024\" height=\"589\" alt=\"Guests dancing and celebrating during the wedding party at Villa Wenkenhof in Basel.\" data-full-image=\"https:\/\/alejandro-gomez-weddings.com\/wp-content\/uploads\/2025\/11\/2S6A4697.jpg\" data-light-image=\"https:\/\/alejandro-gomez-weddings.com\/wp-content\/uploads\/2025\/11\/2S6A4697.jpg\" data-id=\"16379\" class=\"wp-image-16379\" srcset=\"https:\/\/alejandro-gomez-weddings.com\/wp-content\/uploads\/2025\/11\/2S6A4697-1024x589.jpg 1024w, https:\/\/alejandro-gomez-weddings.com\/wp-content\/uploads\/2025\/11\/2S6A4697-300x173.jpg 300w, https:\/\/alejandro-gomez-weddings.com\/wp-content\/uploads\/2025\/11\/2S6A4697-768x442.jpg 768w, https:\/\/alejandro-gomez-weddings.com\/wp-content\/uploads\/2025\/11\/2S6A4697-1536x884.jpg 1536w, https:\/\/alejandro-gomez-weddings.com\/wp-content\/uploads\/2025\/11\/2S6A4697.jpg 2000w\" sizes=\"auto, (max-width: 1024px) 100vw, 1024px\" \/><\/div><\/div><\/figure><\/div><\/li><li class=\"kadence-blocks-gallery-item\"><div class=\"kadence-blocks-gallery-item-inner\"><figure class=\"kb-gallery-figure kadence-blocks-gallery-item-hide-caption\"><div class=\"kb-gal-image-radius\" style=\"max-width:1024px;\"><div class=\"kb-gallery-image-contain kadence-blocks-gallery-intrinsic\" style=\"padding-bottom:66%;\"><img loading=\"lazy\" decoding=\"async\" src=\"https:\/\/alejandro-gomez-weddings.com\/wp-content\/uploads\/2025\/11\/2S6A4719-1024x683.jpg\" width=\"1024\" height=\"683\" alt=\"Kids playing and celebrating during the wedding party at Villa Wenkenhof in Basel.\" data-full-image=\"https:\/\/alejandro-gomez-weddings.com\/wp-content\/uploads\/2025\/11\/2S6A4719.jpg\" data-light-image=\"https:\/\/alejandro-gomez-weddings.com\/wp-content\/uploads\/2025\/11\/2S6A4719.jpg\" data-id=\"16384\" class=\"wp-image-16384\" srcset=\"https:\/\/alejandro-gomez-weddings.com\/wp-content\/uploads\/2025\/11\/2S6A4719-1024x683.jpg 1024w, https:\/\/alejandro-gomez-weddings.com\/wp-content\/uploads\/2025\/11\/2S6A4719-300x200.jpg 300w, https:\/\/alejandro-gomez-weddings.com\/wp-content\/uploads\/2025\/11\/2S6A4719-768x512.jpg 768w, https:\/\/alejandro-gomez-weddings.com\/wp-content\/uploads\/2025\/11\/2S6A4719-1536x1025.jpg 1536w, https:\/\/alejandro-gomez-weddings.com\/wp-content\/uploads\/2025\/11\/2S6A4719.jpg 2000w\" sizes=\"auto, (max-width: 1024px) 100vw, 1024px\" \/><\/div><\/div><\/figure><\/div><\/li><li class=\"kadence-blocks-gallery-item\"><div class=\"kadence-blocks-gallery-item-inner\"><figure class=\"kb-gallery-figure kadence-blocks-gallery-item-hide-caption\"><div class=\"kb-gal-image-radius\" style=\"max-width:1024px;\"><div class=\"kb-gallery-image-contain kadence-blocks-gallery-intrinsic\" style=\"padding-bottom:66%;\"><img loading=\"lazy\" decoding=\"async\" src=\"https:\/\/alejandro-gomez-weddings.com\/wp-content\/uploads\/2025\/11\/2S6A4737-1024x683.jpg\" width=\"1024\" height=\"683\" alt=\"Bride and groom dancing and celebrating during the wedding party at Villa Wenkenhof in Basel.\" data-full-image=\"https:\/\/alejandro-gomez-weddings.com\/wp-content\/uploads\/2025\/11\/2S6A4737.jpg\" data-light-image=\"https:\/\/alejandro-gomez-weddings.com\/wp-content\/uploads\/2025\/11\/2S6A4737.jpg\" data-id=\"16389\" class=\"wp-image-16389\" srcset=\"https:\/\/alejandro-gomez-weddings.com\/wp-content\/uploads\/2025\/11\/2S6A4737-1024x683.jpg 1024w, https:\/\/alejandro-gomez-weddings.com\/wp-content\/uploads\/2025\/11\/2S6A4737-300x200.jpg 300w, https:\/\/alejandro-gomez-weddings.com\/wp-content\/uploads\/2025\/11\/2S6A4737-768x512.jpg 768w, https:\/\/alejandro-gomez-weddings.com\/wp-content\/uploads\/2025\/11\/2S6A4737-1536x1025.jpg 1536w, https:\/\/alejandro-gomez-weddings.com\/wp-content\/uploads\/2025\/11\/2S6A4737.jpg 2000w\" sizes=\"auto, (max-width: 1024px) 100vw, 1024px\" \/><\/div><\/div><\/figure><\/div><\/li><li class=\"kadence-blocks-gallery-item\"><div class=\"kadence-blocks-gallery-item-inner\"><figure class=\"kb-gallery-figure kadence-blocks-gallery-item-hide-caption\"><div class=\"kb-gal-image-radius\" style=\"max-width:1024px;\"><div class=\"kb-gallery-image-contain kadence-blocks-gallery-intrinsic\" style=\"padding-bottom:66%;\"><img loading=\"lazy\" decoding=\"async\" src=\"https:\/\/alejandro-gomez-weddings.com\/wp-content\/uploads\/2025\/11\/2S6A4751-1024x683.jpg\" width=\"1024\" height=\"683\" alt=\"Bride and groom dancing and celebrating during the wedding party at Villa Wenkenhof in Basel.\" data-full-image=\"https:\/\/alejandro-gomez-weddings.com\/wp-content\/uploads\/2025\/11\/2S6A4751.jpg\" data-light-image=\"https:\/\/alejandro-gomez-weddings.com\/wp-content\/uploads\/2025\/11\/2S6A4751.jpg\" data-id=\"16394\" class=\"wp-image-16394\" srcset=\"https:\/\/alejandro-gomez-weddings.com\/wp-content\/uploads\/2025\/11\/2S6A4751-1024x683.jpg 1024w, https:\/\/alejandro-gomez-weddings.com\/wp-content\/uploads\/2025\/11\/2S6A4751-300x200.jpg 300w, https:\/\/alejandro-gomez-weddings.com\/wp-content\/uploads\/2025\/11\/2S6A4751-768x512.jpg 768w, https:\/\/alejandro-gomez-weddings.com\/wp-content\/uploads\/2025\/11\/2S6A4751-1536x1025.jpg 1536w, https:\/\/alejandro-gomez-weddings.com\/wp-content\/uploads\/2025\/11\/2S6A4751.jpg 2000w\" sizes=\"auto, (max-width: 1024px) 100vw, 1024px\" \/><\/div><\/div><\/figure><\/div><\/li><\/ul><\/div>\n\n\n<p><\/p>\n\n\n\n<p><\/p>\n\n\n\n<p><\/p>\n\n\n<style>.wp-block-kadence-advancedheading.kt-adv-heading15057_7b40f4-8e, .wp-block-kadence-advancedheading.kt-adv-heading15057_7b40f4-8e[data-kb-block=\"kb-adv-heading15057_7b40f4-8e\"]{text-align:center;font-size:60px;font-style:normal;text-transform:uppercase;}.wp-block-kadence-advancedheading.kt-adv-heading15057_7b40f4-8e mark.kt-highlight, .wp-block-kadence-advancedheading.kt-adv-heading15057_7b40f4-8e[data-kb-block=\"kb-adv-heading15057_7b40f4-8e\"] mark.kt-highlight{font-style:normal;color:#f76a0c;-webkit-box-decoration-break:clone;box-decoration-break:clone;padding-top:0px;padding-right:0px;padding-bottom:0px;padding-left:0px;}@media all and (max-width: 767px){.wp-block-kadence-advancedheading.kt-adv-heading15057_7b40f4-8e, .wp-block-kadence-advancedheading.kt-adv-heading15057_7b40f4-8e[data-kb-block=\"kb-adv-heading15057_7b40f4-8e\"]{font-size:30px;}}<\/style>\n<h2 class=\"kt-adv-heading15057_7b40f4-8e wp-block-kadence-advancedheading\" data-kb-block=\"kb-adv-heading15057_7b40f4-8e\">Vivian y Santiago: amor, risas y gratitud<\/h2>\n\n\n<style>.wp-block-kadence-advancedheading.kt-adv-heading15057_77316c-9b, .wp-block-kadence-advancedheading.kt-adv-heading15057_77316c-9b[data-kb-block=\"kb-adv-heading15057_77316c-9b\"]{text-align:center;font-size:40px;line-height:1.2;font-weight:400;font-style:normal;font-family:'Libre Caslon Display';border-top:30px solid transparent;border-right:30px solid transparent;border-bottom:30px solid transparent;border-left:30px solid transparent;}.wp-block-kadence-advancedheading.kt-adv-heading15057_77316c-9b mark.kt-highlight, .wp-block-kadence-advancedheading.kt-adv-heading15057_77316c-9b[data-kb-block=\"kb-adv-heading15057_77316c-9b\"] mark.kt-highlight{font-style:normal;color:#f76a0c;-webkit-box-decoration-break:clone;box-decoration-break:clone;padding-top:0px;padding-right:0px;padding-bottom:0px;padding-left:0px;}@media all and (max-width: 1024px){.wp-block-kadence-advancedheading.kt-adv-heading15057_77316c-9b, .wp-block-kadence-advancedheading.kt-adv-heading15057_77316c-9b[data-kb-block=\"kb-adv-heading15057_77316c-9b\"]{border-top:30px solid transparent;border-right:30px solid transparent;border-bottom:30px solid transparent;border-left:30px solid transparent;}}@media all and (max-width: 767px){.wp-block-kadence-advancedheading.kt-adv-heading15057_77316c-9b, .wp-block-kadence-advancedheading.kt-adv-heading15057_77316c-9b[data-kb-block=\"kb-adv-heading15057_77316c-9b\"]{font-size:20px;border-top:30px solid transparent;border-right:30px solid transparent;border-bottom:30px solid transparent;border-left:30px solid transparent;}}<\/style>\n<p class=\"kt-adv-heading15057_77316c-9b wp-block-kadence-advancedheading\" data-kb-block=\"kb-adv-heading15057_77316c-9b\">Vivian y Santiago son una pareja encantadora.<br\/>Se quieren much\u00edsimo, y se nota en la forma en que se miran, en lo mucho que se r\u00eden juntos y en el cari\u00f1o con que cuidan a su hija.<br\/>Durante todo el d\u00eda, se mostraron muy agradecidos y cari\u00f1osos conmigo. Agradecieron mi forma de comunicarme, c\u00f3mo me mov\u00eda a su alrededor y lo presente pero discreto que fui. <\/p>\n\n\n<style>.wp-block-kadence-advancedheading.kt-adv-heading15057_31ccc6-b3, .wp-block-kadence-advancedheading.kt-adv-heading15057_31ccc6-b3[data-kb-block=\"kb-adv-heading15057_31ccc6-b3\"]{text-align:center;font-size:40px;line-height:1.2;font-weight:400;font-style:normal;font-family:'Libre Caslon Display';border-top:30px solid transparent;border-right:30px solid transparent;border-bottom:30px solid transparent;border-left:30px solid transparent;}.wp-block-kadence-advancedheading.kt-adv-heading15057_31ccc6-b3 mark.kt-highlight, .wp-block-kadence-advancedheading.kt-adv-heading15057_31ccc6-b3[data-kb-block=\"kb-adv-heading15057_31ccc6-b3\"] mark.kt-highlight{font-style:normal;color:#f76a0c;-webkit-box-decoration-break:clone;box-decoration-break:clone;padding-top:0px;padding-right:0px;padding-bottom:0px;padding-left:0px;}@media all and (max-width: 1024px){.wp-block-kadence-advancedheading.kt-adv-heading15057_31ccc6-b3, .wp-block-kadence-advancedheading.kt-adv-heading15057_31ccc6-b3[data-kb-block=\"kb-adv-heading15057_31ccc6-b3\"]{border-top:30px solid transparent;border-right:30px solid transparent;border-bottom:30px solid transparent;border-left:30px solid transparent;}}@media all and (max-width: 767px){.wp-block-kadence-advancedheading.kt-adv-heading15057_31ccc6-b3, .wp-block-kadence-advancedheading.kt-adv-heading15057_31ccc6-b3[data-kb-block=\"kb-adv-heading15057_31ccc6-b3\"]{font-size:20px;border-top:30px solid transparent;border-right:30px solid transparent;border-bottom:30px solid transparent;border-left:30px solid transparent;}}<\/style>\n<p class=\"kt-adv-heading15057_31ccc6-b3 wp-block-kadence-advancedheading\" data-kb-block=\"kb-adv-heading15057_31ccc6-b3\">Despu\u00e9s de la boda, al ver las fotos y el v\u00eddeo, se emocionaron mucho y se sintieron muy agradecidos, impresionados por c\u00f3mo se hab\u00eda capturado todo y por c\u00f3mo las im\u00e1genes reflejaban no solo los grandes momentos, sino tambi\u00e9n los detalles sutiles y emotivos.<br\/>Para m\u00ed, trabajar con parejas como ellos es precisamente la raz\u00f3n por la que me dedico a esto: para presenciar y preservar estas conexiones de una manera honesta y aut\u00e9ntica.<\/p>\n\n\n<style>.wp-block-kadence-advancedheading.kt-adv-heading15057_c6cc23-9c, .wp-block-kadence-advancedheading.kt-adv-heading15057_c6cc23-9c[data-kb-block=\"kb-adv-heading15057_c6cc23-9c\"]{text-align:center;font-size:60px;font-style:normal;text-transform:uppercase;}.wp-block-kadence-advancedheading.kt-adv-heading15057_c6cc23-9c mark.kt-highlight, .wp-block-kadence-advancedheading.kt-adv-heading15057_c6cc23-9c[data-kb-block=\"kb-adv-heading15057_c6cc23-9c\"] mark.kt-highlight{font-style:normal;color:#f76a0c;-webkit-box-decoration-break:clone;box-decoration-break:clone;padding-top:0px;padding-right:0px;padding-bottom:0px;padding-left:0px;}@media all and (max-width: 767px){.wp-block-kadence-advancedheading.kt-adv-heading15057_c6cc23-9c, .wp-block-kadence-advancedheading.kt-adv-heading15057_c6cc23-9c[data-kb-block=\"kb-adv-heading15057_c6cc23-9c\"]{font-size:30px;}}<\/style>\n<h2 class=\"kt-adv-heading15057_c6cc23-9c wp-block-kadence-advancedheading\" data-kb-block=\"kb-adv-heading15057_c6cc23-9c\">Por qu\u00e9 Villa Wenkenhof es un lugar maravilloso para una boda?<\/h2>\n<\/div><\/div>\n\n<p><\/p>\n\n<div class=\"wp-block-group\"><div class=\"wp-block-group__inner-container is-layout-constrained wp-block-group-is-layout-constrained\"><div class=\"wp-block-image\">\n<figure class=\"aligncenter size-large is-resized\"><img loading=\"lazy\" decoding=\"async\" width=\"1024\" height=\"683\" src=\"https:\/\/alejandro-gomez-weddings.com\/wp-content\/uploads\/2025\/11\/2S6A3982-1-1024x683.jpg\" alt=\"Foto de grupo en el jard&#xED;n durante la boda en Villa Wenkenhof en Basilea\" class=\"wp-image-16114\" style=\"width:1033px;height:auto\" srcset=\"https:\/\/alejandro-gomez-weddings.com\/wp-content\/uploads\/2025\/11\/2S6A3982-1-1024x683.jpg 1024w, https:\/\/alejandro-gomez-weddings.com\/wp-content\/uploads\/2025\/11\/2S6A3982-1-300x200.jpg 300w, https:\/\/alejandro-gomez-weddings.com\/wp-content\/uploads\/2025\/11\/2S6A3982-1-768x512.jpg 768w, https:\/\/alejandro-gomez-weddings.com\/wp-content\/uploads\/2025\/11\/2S6A3982-1-1536x1025.jpg 1536w, https:\/\/alejandro-gomez-weddings.com\/wp-content\/uploads\/2025\/11\/2S6A3982-1.jpg 2000w\" sizes=\"auto, (max-width: 1024px) 100vw, 1024px\" \/><\/figure>\n<\/div>\n\n<style>.wp-block-kadence-advancedheading.kt-adv-heading15057_2536e0-6c, .wp-block-kadence-advancedheading.kt-adv-heading15057_2536e0-6c[data-kb-block=\"kb-adv-heading15057_2536e0-6c\"]{text-align:center;font-size:40px;line-height:1.2;font-weight:400;font-style:normal;font-family:'Libre Caslon Display';border-top:30px solid transparent;border-right:30px solid transparent;border-bottom:30px solid transparent;border-left:30px solid transparent;}.wp-block-kadence-advancedheading.kt-adv-heading15057_2536e0-6c mark.kt-highlight, .wp-block-kadence-advancedheading.kt-adv-heading15057_2536e0-6c[data-kb-block=\"kb-adv-heading15057_2536e0-6c\"] mark.kt-highlight{font-style:normal;color:#f76a0c;-webkit-box-decoration-break:clone;box-decoration-break:clone;padding-top:0px;padding-right:0px;padding-bottom:0px;padding-left:0px;}@media all and (max-width: 1024px){.wp-block-kadence-advancedheading.kt-adv-heading15057_2536e0-6c, .wp-block-kadence-advancedheading.kt-adv-heading15057_2536e0-6c[data-kb-block=\"kb-adv-heading15057_2536e0-6c\"]{border-top:30px solid transparent;border-right:30px solid transparent;border-bottom:30px solid transparent;border-left:30px solid transparent;}}@media all and (max-width: 767px){.wp-block-kadence-advancedheading.kt-adv-heading15057_2536e0-6c, .wp-block-kadence-advancedheading.kt-adv-heading15057_2536e0-6c[data-kb-block=\"kb-adv-heading15057_2536e0-6c\"]{font-size:20px;border-top:30px solid transparent;border-right:30px solid transparent;border-bottom:30px solid transparent;border-left:30px solid transparent;}}<\/style>\n<p class=\"kt-adv-heading15057_2536e0-6c wp-block-kadence-advancedheading\" data-kb-block=\"kb-adv-heading15057_2536e0-6c\">Desde la perspectiva de un fot\u00f3grafo y cineasta, Villa Wenkenhof es un lugar excepcional para celebrar una boda cerca de Basilea:<br\/>&#8211; Los jardines est\u00e1n impecablemente cuidados: el c\u00e9sped verde, las estatuas, los senderos y las vistas despejadas hacia la villa crean un sinf\u00edn de oportunidades para retratos y momentos espont\u00e1neos.<br\/>&#8211; La luz del mediod\u00eda y del atardecer es maravillosa, incidiendo lateralmente sobre el jard\u00edn y la fachada de la villa. Esto crea un brillo suave y favorecedor, perfecto para im\u00e1genes emotivas y cinematogr\u00e1ficas (tambi\u00e9n con dron!).<br\/>&#8211; En el interior, la villa ofrece habitaciones llenas de color, paredes pintadas, obras de arte y muebles antiguos: un escenario de ensue\u00f1o para capturar los preparativos, escenas de grupos peque\u00f1os y retratos \u00edntimos.<br\/>Mi consejo para las parejas que est\u00e9n considerando Villa Wenkenhof es que aprovechen ambos espacios:<br\/>disfruten del jard\u00edn para fotos de grupo, el aperitivo y las fotos de pareja con la villa de fondo, y tambi\u00e9n reserven tiempo para usar las singulares y coloridas habitaciones interiores para escenas m\u00e1s \u00edntimas. <\/p>\n\n\n<style>.wp-block-kadence-advancedheading.kt-adv-heading15057_390335-bc, .wp-block-kadence-advancedheading.kt-adv-heading15057_390335-bc[data-kb-block=\"kb-adv-heading15057_390335-bc\"]{text-align:center;font-size:60px;font-style:normal;text-transform:uppercase;}.wp-block-kadence-advancedheading.kt-adv-heading15057_390335-bc mark.kt-highlight, .wp-block-kadence-advancedheading.kt-adv-heading15057_390335-bc[data-kb-block=\"kb-adv-heading15057_390335-bc\"] mark.kt-highlight{font-style:normal;color:#f76a0c;-webkit-box-decoration-break:clone;box-decoration-break:clone;padding-top:0px;padding-right:0px;padding-bottom:0px;padding-left:0px;}@media all and (max-width: 767px){.wp-block-kadence-advancedheading.kt-adv-heading15057_390335-bc, .wp-block-kadence-advancedheading.kt-adv-heading15057_390335-bc[data-kb-block=\"kb-adv-heading15057_390335-bc\"]{font-size:30px;}}<\/style>\n<h2 class=\"kt-adv-heading15057_390335-bc wp-block-kadence-advancedheading\" data-kb-block=\"kb-adv-heading15057_390335-bc\">C\u00f3mo me gusta contar historias de boda<\/h2>\n\n\n<style>.wp-block-kadence-advancedheading.kt-adv-heading15057_2932ba-00, .wp-block-kadence-advancedheading.kt-adv-heading15057_2932ba-00[data-kb-block=\"kb-adv-heading15057_2932ba-00\"]{text-align:center;font-size:40px;line-height:1.2;font-weight:400;font-style:normal;font-family:'Libre Caslon Display';border-top:30px solid transparent;border-right:30px solid transparent;border-bottom:30px solid transparent;border-left:30px solid transparent;}.wp-block-kadence-advancedheading.kt-adv-heading15057_2932ba-00 mark.kt-highlight, .wp-block-kadence-advancedheading.kt-adv-heading15057_2932ba-00[data-kb-block=\"kb-adv-heading15057_2932ba-00\"] mark.kt-highlight{font-style:normal;color:#f76a0c;-webkit-box-decoration-break:clone;box-decoration-break:clone;padding-top:0px;padding-right:0px;padding-bottom:0px;padding-left:0px;}@media all and (max-width: 1024px){.wp-block-kadence-advancedheading.kt-adv-heading15057_2932ba-00, .wp-block-kadence-advancedheading.kt-adv-heading15057_2932ba-00[data-kb-block=\"kb-adv-heading15057_2932ba-00\"]{border-top:30px solid transparent;border-right:30px solid transparent;border-bottom:30px solid transparent;border-left:30px solid transparent;}}@media all and (max-width: 767px){.wp-block-kadence-advancedheading.kt-adv-heading15057_2932ba-00, .wp-block-kadence-advancedheading.kt-adv-heading15057_2932ba-00[data-kb-block=\"kb-adv-heading15057_2932ba-00\"]{font-size:20px;border-top:30px solid transparent;border-right:30px solid transparent;border-bottom:30px solid transparent;border-left:30px solid transparent;}}<\/style>\n<p class=\"kt-adv-heading15057_2932ba-00 wp-block-kadence-advancedheading\" data-kb-block=\"kb-adv-heading15057_2932ba-00\">Estuve con Vivian y Santiago desde que se prepararon en casa hasta el final de la fiesta, capturando todo el desarrollo del d\u00eda.<br\/>Mi enfoque consiste en combinar:<br\/>&#8211; Momentos naturales y espont\u00e1neos: las sonrisas nerviosas al vestirse, la mano de un ni\u00f1o en la de sus padres, una mirada fugaz al altar, un abrazo que se prolonga, las risas de los amigos durante el aperitivo\u2026<br\/>&#8211; Momentos guiados con delicadeza: sesiones de pareja y familiares que transmiten una sensaci\u00f3n de relajaci\u00f3n y autenticidad, en lugar de rigidez o poses forzadas.<br\/>Lo que m\u00e1s me importa es que, al mirar tus fotos y v\u00eddeos, puedas revivir ese d\u00eda.<\/p>\n\n\n<style>.wp-block-kadence-advancedheading.kt-adv-heading15057_b89fc6-d4, .wp-block-kadence-advancedheading.kt-adv-heading15057_b89fc6-d4[data-kb-block=\"kb-adv-heading15057_b89fc6-d4\"]{text-align:center;font-size:60px;font-style:normal;text-transform:uppercase;}.wp-block-kadence-advancedheading.kt-adv-heading15057_b89fc6-d4 mark.kt-highlight, .wp-block-kadence-advancedheading.kt-adv-heading15057_b89fc6-d4[data-kb-block=\"kb-adv-heading15057_b89fc6-d4\"] mark.kt-highlight{font-style:normal;color:#f76a0c;-webkit-box-decoration-break:clone;box-decoration-break:clone;padding-top:0px;padding-right:0px;padding-bottom:0px;padding-left:0px;}@media all and (max-width: 767px){.wp-block-kadence-advancedheading.kt-adv-heading15057_b89fc6-d4, .wp-block-kadence-advancedheading.kt-adv-heading15057_b89fc6-d4[data-kb-block=\"kb-adv-heading15057_b89fc6-d4\"]{font-size:30px;}}<\/style>\n<h2 class=\"kt-adv-heading15057_b89fc6-d4 wp-block-kadence-advancedheading\" data-kb-block=\"kb-adv-heading15057_b89fc6-d4\">Est\u00e1s pensando en casarte en Villa Wenkenhof?<\/h2>\n\n\n<style>.wp-block-kadence-advancedheading.kt-adv-heading15057_38a9c5-3b, .wp-block-kadence-advancedheading.kt-adv-heading15057_38a9c5-3b[data-kb-block=\"kb-adv-heading15057_38a9c5-3b\"]{text-align:center;font-size:40px;line-height:1.2;font-weight:400;font-style:normal;font-family:'Libre Caslon Display';border-top:30px solid transparent;border-right:30px solid transparent;border-bottom:30px solid transparent;border-left:30px solid transparent;}.wp-block-kadence-advancedheading.kt-adv-heading15057_38a9c5-3b mark.kt-highlight, .wp-block-kadence-advancedheading.kt-adv-heading15057_38a9c5-3b[data-kb-block=\"kb-adv-heading15057_38a9c5-3b\"] mark.kt-highlight{font-style:normal;color:#f76a0c;-webkit-box-decoration-break:clone;box-decoration-break:clone;padding-top:0px;padding-right:0px;padding-bottom:0px;padding-left:0px;}@media all and (max-width: 1024px){.wp-block-kadence-advancedheading.kt-adv-heading15057_38a9c5-3b, .wp-block-kadence-advancedheading.kt-adv-heading15057_38a9c5-3b[data-kb-block=\"kb-adv-heading15057_38a9c5-3b\"]{border-top:30px solid transparent;border-right:30px solid transparent;border-bottom:30px solid transparent;border-left:30px solid transparent;}}@media all and (max-width: 767px){.wp-block-kadence-advancedheading.kt-adv-heading15057_38a9c5-3b, .wp-block-kadence-advancedheading.kt-adv-heading15057_38a9c5-3b[data-kb-block=\"kb-adv-heading15057_38a9c5-3b\"]{font-size:20px;border-top:30px solid transparent;border-right:30px solid transparent;border-bottom:30px solid transparent;border-left:30px solid transparent;}}<\/style>\n<p class=\"kt-adv-heading15057_38a9c5-3b wp-block-kadence-advancedheading\" data-kb-block=\"kb-adv-heading15057_38a9c5-3b\">Si planeas tu boda en Villa Wenkenhof (o en una villa hist\u00f3rica similar en Suiza) y buscas a alguien que capture no solo la est\u00e9tica, sino tambi\u00e9n la atm\u00f3sfera, me encantar\u00eda saber de ti.<br\/>Juntos, podemos crear una historia fotogr\u00e1fica y cinematogr\u00e1fica que se convertir\u00e1 en un tesoro para tu futuro: para ti, tus familias y las generaciones venideras.<\/p>\n\n\n<style>.kb-row-layout-id15057_2e9eb8-27 > .kt-row-column-wrap{align-content:start;}:where(.kb-row-layout-id15057_2e9eb8-27 > .kt-row-column-wrap) > .wp-block-kadence-column{justify-content:start;}.kb-row-layout-id15057_2e9eb8-27 > .kt-row-column-wrap{column-gap:var(--global-kb-gap-lg, 4rem);row-gap:var(--global-kb-gap-md, 2rem);max-width:var( --global-content-width, 1600px );padding-left:var(--global-content-edge-padding);padding-right:var(--global-content-edge-padding);padding-top:var(--global-kb-spacing-xxl, 5rem);padding-right:var(--global-kb-spacing-lg, 3rem);padding-bottom:var(--global-kb-spacing-xxl, 5rem);padding-left:var(--global-kb-spacing-lg, 3rem);grid-template-columns:repeat(2, minmax(0, 1fr));}.kb-row-layout-id15057_2e9eb8-27 > .kt-row-layout-overlay{opacity:0.30;}@media all and (max-width: 1024px){.kb-row-layout-id15057_2e9eb8-27 > .kt-row-column-wrap{padding-top:var(--global-kb-spacing-lg, 3rem);padding-bottom:var(--global-kb-spacing-3xl, 6.5rem);grid-template-columns:repeat(2, minmax(0, 1fr));}}@media all and (max-width: 767px){.kb-row-layout-id15057_2e9eb8-27 > .kt-row-column-wrap{padding-right:var(--global-kb-spacing-xxs, 0.5rem);padding-bottom:var(--global-kb-spacing-xl, 4rem);padding-left:var(--global-kb-spacing-xxs, 0.5rem);grid-template-columns:minmax(0, 1fr);}}<\/style><div class=\"kb-row-layout-wrap kb-row-layout-id15057_2e9eb8-27 alignfull has-theme-palette9-background-color kt-row-has-bg wp-block-kadence-rowlayout\"><div class=\"kt-row-column-wrap kt-has-2-columns kt-row-layout-equal kt-tab-layout-inherit kt-mobile-layout-row kt-row-valign-top kb-theme-content-width\">\n<style>.kadence-column15057_a0a364-c8 > .kt-inside-inner-col,.kadence-column15057_a0a364-c8 > .kt-inside-inner-col:before{border-top-left-radius:0px;border-top-right-radius:0px;border-bottom-right-radius:0px;border-bottom-left-radius:0px;}.kadence-column15057_a0a364-c8 > .kt-inside-inner-col{column-gap:var(--global-kb-gap-sm, 1rem);}.kadence-column15057_a0a364-c8 > .kt-inside-inner-col{flex-direction:column;}.kadence-column15057_a0a364-c8 > .kt-inside-inner-col > .aligncenter{width:100%;}.kadence-column15057_a0a364-c8 > .kt-inside-inner-col:before{opacity:0.3;}.kadence-column15057_a0a364-c8{position:relative;}@media all and (max-width: 1024px){.kadence-column15057_a0a364-c8 > .kt-inside-inner-col{padding-bottom:var(--global-kb-spacing-xs, 1rem);flex-direction:column;justify-content:center;}}@media all and (max-width: 767px){.kadence-column15057_a0a364-c8 > .kt-inside-inner-col{padding-bottom:var(--global-kb-spacing-xs, 1rem);flex-direction:column;justify-content:center;}}<\/style>\n<div class=\"wp-block-kadence-column kadence-column15057_a0a364-c8\"><div class=\"kt-inside-inner-col\"><style>.kb-image15057_359714-c7 .kb-image-has-overlay:after{opacity:0.3;}<\/style>\n<figure class=\"wp-block-kadence-image kb-image15057_359714-c7 kb-image-is-ratio-size\"><div class=\"kb-is-ratio-image kb-image-ratio-land43\"><img loading=\"lazy\" decoding=\"async\" width=\"2000\" height=\"1252\" src=\"https:\/\/alejandro-gomez-weddings.com\/wp-content\/uploads\/2025\/03\/I2A7126-comprimida.jpg\" alt=\"Fotograf\u00eda y film de bodas - Alejandro G\u00f3mez Photography\" class=\"kb-img wp-image-10144\" srcset=\"https:\/\/alejandro-gomez-weddings.com\/wp-content\/uploads\/2025\/03\/I2A7126-comprimida.jpg 2000w, https:\/\/alejandro-gomez-weddings.com\/wp-content\/uploads\/2025\/03\/I2A7126-comprimida-300x188.jpg 300w, https:\/\/alejandro-gomez-weddings.com\/wp-content\/uploads\/2025\/03\/I2A7126-comprimida-1024x641.jpg 1024w, https:\/\/alejandro-gomez-weddings.com\/wp-content\/uploads\/2025\/03\/I2A7126-comprimida-768x481.jpg 768w, https:\/\/alejandro-gomez-weddings.com\/wp-content\/uploads\/2025\/03\/I2A7126-comprimida-1536x962.jpg 1536w\" sizes=\"auto, (max-width: 2000px) 100vw, 2000px\" \/><\/div><\/figure>\n<\/div><\/div>\n\n\n<style>.kadence-column15057_66c8aa-eb > .kt-inside-inner-col,.kadence-column15057_66c8aa-eb > .kt-inside-inner-col:before{border-top-left-radius:0px;border-top-right-radius:0px;border-bottom-right-radius:0px;border-bottom-left-radius:0px;}.kadence-column15057_66c8aa-eb > .kt-inside-inner-col{column-gap:var(--global-kb-gap-sm, 1rem);}.kadence-column15057_66c8aa-eb > .kt-inside-inner-col{flex-direction:column;}.kadence-column15057_66c8aa-eb > .kt-inside-inner-col > .aligncenter{width:100%;}.kadence-column15057_66c8aa-eb > .kt-inside-inner-col:before{opacity:0.3;}.kadence-column15057_66c8aa-eb{position:relative;}@media all and (max-width: 1024px){.kadence-column15057_66c8aa-eb > .kt-inside-inner-col{flex-direction:column;justify-content:center;}}@media all and (max-width: 767px){.kadence-column15057_66c8aa-eb > .kt-inside-inner-col{flex-direction:column;justify-content:center;}}<\/style>\n<div class=\"wp-block-kadence-column kadence-column15057_66c8aa-eb\"><div class=\"kt-inside-inner-col\"><style>.wp-block-kadence-advancedheading.kt-adv-heading15057_784250-c1, .wp-block-kadence-advancedheading.kt-adv-heading15057_784250-c1[data-kb-block=\"kb-adv-heading15057_784250-c1\"]{padding-bottom:0px;font-size:var(--global-kb-font-size-sm, 0.9rem);font-style:normal;letter-spacing:2px;}.wp-block-kadence-advancedheading.kt-adv-heading15057_784250-c1 mark.kt-highlight, .wp-block-kadence-advancedheading.kt-adv-heading15057_784250-c1[data-kb-block=\"kb-adv-heading15057_784250-c1\"] mark.kt-highlight{font-style:normal;color:#f76a0c;-webkit-box-decoration-break:clone;box-decoration-break:clone;padding-top:0px;padding-right:0px;padding-bottom:0px;padding-left:0px;}<\/style>\n<h3 class=\"kt-adv-heading15057_784250-c1 wp-block-kadence-advancedheading\" data-kb-block=\"kb-adv-heading15057_784250-c1\">CONTACTO<\/h3>\n\n\n<style>.wp-block-kadence-advancedheading.kt-adv-heading15057_991305-2c, .wp-block-kadence-advancedheading.kt-adv-heading15057_991305-2c[data-kb-block=\"kb-adv-heading15057_991305-2c\"]{font-size:var(--global-kb-font-size-xl, 3rem);font-style:normal;}.wp-block-kadence-advancedheading.kt-adv-heading15057_991305-2c mark.kt-highlight, .wp-block-kadence-advancedheading.kt-adv-heading15057_991305-2c[data-kb-block=\"kb-adv-heading15057_991305-2c\"] mark.kt-highlight{font-style:normal;color:#f76a0c;-webkit-box-decoration-break:clone;box-decoration-break:clone;padding-top:0px;padding-right:0px;padding-bottom:0px;padding-left:0px;}<\/style>\n<h2 class=\"kt-adv-heading15057_991305-2c wp-block-kadence-advancedheading\" data-kb-block=\"kb-adv-heading15057_991305-2c\">Espero vuestro mensaje!<\/h2>\n\n\n<style>.wp-block-kadence-advancedheading.kt-adv-heading15057_5b4cb5-1b, .wp-block-kadence-advancedheading.kt-adv-heading15057_5b4cb5-1b[data-kb-block=\"kb-adv-heading15057_5b4cb5-1b\"]{padding-bottom:var(--global-kb-spacing-xs, 1rem);font-style:normal;}.wp-block-kadence-advancedheading.kt-adv-heading15057_5b4cb5-1b mark.kt-highlight, .wp-block-kadence-advancedheading.kt-adv-heading15057_5b4cb5-1b[data-kb-block=\"kb-adv-heading15057_5b4cb5-1b\"] mark.kt-highlight{font-style:normal;color:#f76a0c;-webkit-box-decoration-break:clone;box-decoration-break:clone;padding-top:0px;padding-right:0px;padding-bottom:0px;padding-left:0px;}<\/style>\n<p class=\"kt-adv-heading15057_5b4cb5-1b wp-block-kadence-advancedheading\" data-kb-block=\"kb-adv-heading15057_5b4cb5-1b\">Me encantar\u00eda saber m\u00e1s sobre vuestros planes.<br\/>Contadme c\u00f3mo es vuestro d\u00eda, c\u00f3mo son vuestras familias y qu\u00e9 es lo m\u00e1s importante para vosotros, y juntos crearemos fotos y un film que os permitir\u00e1n revivir esos momentos durante el resto de vuestra vida<\/p>\n\n\n<style>.wp-block-kadence-advancedbtn.kb-btns15057_60841d-ea{gap:var(--global-kb-gap-xs, 0.5rem );justify-content:flex-start;align-items:center;}.kt-btns15057_60841d-ea .kt-button{font-weight:normal;font-style:normal;}.kt-btns15057_60841d-ea .kt-btn-wrap-0{margin-right:5px;}.wp-block-kadence-advancedbtn.kt-btns15057_60841d-ea .kt-btn-wrap-0 .kt-button{color:#555555;border-color:#555555;}.wp-block-kadence-advancedbtn.kt-btns15057_60841d-ea .kt-btn-wrap-0 .kt-button:hover, .wp-block-kadence-advancedbtn.kt-btns15057_60841d-ea .kt-btn-wrap-0 .kt-button:focus{color:#ffffff;border-color:#444444;}.wp-block-kadence-advancedbtn.kt-btns15057_60841d-ea .kt-btn-wrap-0 .kt-button::before{display:none;}.wp-block-kadence-advancedbtn.kt-btns15057_60841d-ea .kt-btn-wrap-0 .kt-button:hover, .wp-block-kadence-advancedbtn.kt-btns15057_60841d-ea .kt-btn-wrap-0 .kt-button:focus{background:#444444;}<\/style>\n<div class=\"wp-block-kadence-advancedbtn kb-buttons-wrap kb-btns15057_60841d-ea\"><style>ul.menu .wp-block-kadence-advancedbtn .kb-btn15057_24c9fd-e2.kb-button{width:initial;}<\/style><a class=\"kb-button kt-button button kb-btn15057_24c9fd-e2 kt-btn-size-large kt-btn-width-type-auto kb-btn-global-fill  kt-btn-has-text-true kt-btn-has-svg-false  wp-block-kadence-singlebtn\" href=\"https:\/\/alejandro-gomez-weddings.com\/es\/contacto\/\"><span class=\"kt-btn-inner-text\">Contacto<\/span><\/a><\/div>\n<\/div><\/div>\n\n<\/div><\/div><\/div><\/div>\n<style>.wp-block-kadence-advancedheading.kt-adv-heading15057_9ff8c6-29, .wp-block-kadence-advancedheading.kt-adv-heading15057_9ff8c6-29[data-kb-block=\"kb-adv-heading15057_9ff8c6-29\"]{text-align:center;font-size:40px;font-style:normal;}.wp-block-kadence-advancedheading.kt-adv-heading15057_9ff8c6-29 mark.kt-highlight, .wp-block-kadence-advancedheading.kt-adv-heading15057_9ff8c6-29[data-kb-block=\"kb-adv-heading15057_9ff8c6-29\"] mark.kt-highlight{font-style:normal;color:#f76a0c;-webkit-box-decoration-break:clone;box-decoration-break:clone;padding-top:0px;padding-right:0px;padding-bottom:0px;padding-left:0px;}<\/style>\n<h3 class=\"kt-adv-heading15057_9ff8c6-29 wp-block-kadence-advancedheading\" data-kb-block=\"kb-adv-heading15057_9ff8c6-29\"><\/h3>\n","protected":false},"excerpt":{"rendered":"<p>BODA EN VILLA WENKENHOF, BASILEA Algunas bodas se sienten como una c\u00e1lida noche de finales de verano que nunca quieres que termine.La celebraci\u00f3n chilena-espa\u00f1ola-italiana de Vivian y Santiago en Villa Wenkenhof fue precisamente as\u00ed: un d\u00eda lleno de luz, emoci\u00f3n, alegr\u00eda y con una pista de baile que nunca par\u00f3. Una ceremonia religiosa en la&#8230;<\/p>\n","protected":false},"author":1,"featured_media":0,"parent":0,"menu_order":0,"comment_status":"closed","ping_status":"closed","template":"","meta":{"_seopress_robots_primary_cat":"","_seopress_titles_title":"Boda en Villa Wenkenhof en Basilea \u2013 Lugar con jard\u00edn en Suiza","_seopress_titles_desc":"Sue\u00f1as con una boda en Villa Wenkenhof, Basilea? Descubre esta boda en un jard\u00edn suizo con inspiraci\u00f3n para tu ceremonia, recepci\u00f3n y fotos de pareja. ","_seopress_robots_index":"","_kadence_starter_templates_imported_post":false,"_kad_post_transparent":"","_kad_post_title":"","_kad_post_layout":"","_kad_post_sidebar_id":"","_kad_post_content_style":"","_kad_post_vertical_padding":"","_kad_post_feature":"","_kad_post_feature_position":"","_kad_post_header":false,"_kad_post_footer":false,"_kad_post_classname":"","footnotes":""},"class_list":["post-16445","page","type-page","status-publish","hentry"],"_links":{"self":[{"href":"https:\/\/alejandro-gomez-weddings.com\/es\/wp-json\/wp\/v2\/pages\/16445","targetHints":{"allow":["GET"]}}],"collection":[{"href":"https:\/\/alejandro-gomez-weddings.com\/es\/wp-json\/wp\/v2\/pages"}],"about":[{"href":"https:\/\/alejandro-gomez-weddings.com\/es\/wp-json\/wp\/v2\/types\/page"}],"author":[{"embeddable":true,"href":"https:\/\/alejandro-gomez-weddings.com\/es\/wp-json\/wp\/v2\/users\/1"}],"replies":[{"embeddable":true,"href":"https:\/\/alejandro-gomez-weddings.com\/es\/wp-json\/wp\/v2\/comments?post=16445"}],"version-history":[{"count":4,"href":"https:\/\/alejandro-gomez-weddings.com\/es\/wp-json\/wp\/v2\/pages\/16445\/revisions"}],"predecessor-version":[{"id":18904,"href":"https:\/\/alejandro-gomez-weddings.com\/es\/wp-json\/wp\/v2\/pages\/16445\/revisions\/18904"}],"wp:attachment":[{"href":"https:\/\/alejandro-gomez-weddings.com\/es\/wp-json\/wp\/v2\/media?parent=16445"}],"curies":[{"name":"wp","href":"https:\/\/api.w.org\/{rel}","templated":true}]}}